{"id":35,"date":"2016-02-11T06:03:46","date_gmt":"2016-02-11T05:03:46","guid":{"rendered":"http:\/\/designova.net\/themes\/wordpress\/signature\/gozzo\/?page_id=2"},"modified":"2022-12-02T11:26:13","modified_gmt":"2022-12-02T10:26:13","slug":"referenzen","status":"publish","type":"page","link":"http:\/\/www.gerriets-acoustics.com\/es\/referencias\/","title":{"rendered":"Referencias"},"content":{"rendered":"<section class=\"wpb-content-wrapper\"><div id=\"referenzen\" class=\"section-row kunden\" ><div class=\"section-row-bg-container section-row-bg-container-referenzen\"><div class=\"section-row-bg section-row-bg-color\"  ><\/div><\/div><div class=\"container\"><div class=\"vc_row vc_row_fluid\"><div id=\"agni-column-15612\" class=\"wpb_column agni_column_container agni_column vc_column_container vc_col-sm-12\"><div class=\"agni_column-inner vc_column-inner text-left\" style=\"padding-top: 30px; padding-bottom: 30px; \" ><div class=\"section-column-bg-container section-column-bg-container-agni-column-15612\" ><div class=\"section-column-bg section-column-bg-color\"  ><\/div><\/div><div class=\"wpb_wrapper\">    <div id=\"primary-portfolio\" class=\"page-portfolio content-area shortcode-page-portfolio\">\r\n        <div id=\"main-portfolio\" class=\"page-portfolio-container container-fluid  site-main\">\r\n\r\n            <div class=\"portfolio-filter container-fluid text-center\"><span class=\"filter-button\"><i class=\"pe-7f-filter\"><\/i><\/span><ul id=\"filters\" class=\"filter list-inline\"><li><a class=\"active\" href=\"#all\" data-filter=\".all\" title=\"Todos\">Todos<\/a><\/li><li><a href=\"#aussenvorhaenge\" data-filter=\".aussenvorhaenge\" title=\"Cortinas de exterior\">Cortinas de exterior<\/a><\/li><li><a href=\"#bildung-und-lehre\" data-filter=\".bildung-und-lehre\" title=\"Educaci\u00f3n y ense\u00f1anza\">Educaci\u00f3n y ense\u00f1anza<\/a><\/li><li><a href=\"#buerowelten\" data-filter=\".buerowelten\" title=\"Mundos de oficina\">Mundos de oficina<\/a><\/li><li><a href=\"#design-und-schmuckvorhaenge\" data-filter=\".design-und-schmuckvorhaenge\" title=\"Cortinas de dise\u00f1o y decoraci\u00f3n\">Cortinas de dise\u00f1o y decoraci\u00f3n<\/a><\/li><li><a href=\"#gastronomie-und-handel\" data-filter=\".gastronomie-und-handel\" title=\"Gastronom\u00eda y comercio\">Gastronom\u00eda y comercio<\/a><\/li><li><a href=\"#kulturbauten\" data-filter=\".kulturbauten\" title=\"Edificios culturales\">Edificios culturales<\/a><\/li><li><a href=\"#lichtdurchlaessige-stoffe\" data-filter=\".lichtdurchlaessige-stoffe\" title=\"Tejidos trasl\u00facidos\">Tejidos trasl\u00facidos<\/a><\/li><li><a href=\"#metallgewebe-g-mesh\" data-filter=\".metallgewebe-g-mesh\" title=\"Malla met\u00e1lica G-MESH\">Malla met\u00e1lica G-MESH<\/a><\/li><li><a href=\"#oeffentlicher-aum\" data-filter=\".oeffentlicher-aum\" title=\"Espacio p\u00fablico\">Espacio p\u00fablico<\/a><\/li><li><a href=\"#schallvorhang-office\" data-filter=\".schallvorhang-office\" title=\"Cortina ac\u00fastica OFFICE\">Cortina ac\u00fastica OFFICE<\/a><\/li><li><a href=\"#schallvorhang-office-elegance\" data-filter=\".schallvorhang-office-elegance\" title=\"Cortina ac\u00fastica OFFICE ELEGANCE\">Cortina ac\u00fastica OFFICE ELEGANCE<\/a><\/li><li><a href=\"#schallvorhang-office-window\" data-filter=\".schallvorhang-office-window\" title=\"Cortina ac\u00fastica OFFICE WINDOW\">Cortina ac\u00fastica OFFICE WINDOW<\/a><\/li><li><a href=\"#schienensystem-elegance\" data-filter=\".schienensystem-elegance\" title=\"Sistema de carriles ELEGANCE\">Sistema de carriles ELEGANCE<\/a><\/li><li><a href=\"#schienensystem-studio-office\" data-filter=\".schienensystem-studio-office\" title=\"Sistema de carriles OFFICE STUDIO\">Sistema de carriles OFFICE STUDIO<\/a><\/li><li><a href=\"#schienensystem-trumpf-95\" data-filter=\".schienensystem-trumpf-95\" title=\"Sistema de carriles TRUMPF 95\">Sistema de carriles TRUMPF 95<\/a><\/li><li><a href=\"#variable-raumakustik\" data-filter=\".variable-raumakustik\" title=\"Ac\u00fastica variable\">Ac\u00fastica variable<\/a><\/li><\/ul><\/div>            <div class=\"portfolio-container portfolio-fullwidth\">\r\n                <div class=\"row portfolio-row\" style=\"margin: 0 -15px; margin: 0 15px; \" data-gutter=\"30\"  data-grid=\"fitRows\"  data-posttype-autoplay=\"true\" data-posttype-autoplay-timeout=\"4000\" data-posttype-autoplay-speed=\"700\" data-posttype-autoplay-hover=\"true\" data-posttype-loop=\"true\" data-posttype-pagination=\"true\" data-posttype-navigation=\"false\">\r\n                    <div id=\"portfolio-post-10938\" class=\"portfolio-column portfolio-post portfolio-hover-style-5 all buerowelten schallvorhang-office schallvorhang-office-window  width1x height1x col-xs-12 col-sm-6 col-md-4 animate\"  data-animation=\"fadeInUp\" data-animation-offset=\"90%\" style=\"margin: 15px 0; padding: 0 15px; -webkit-animation-duration: 0.8s; -webkit-animation-delay: 0.4s; animation-duration: 0.8s; animation-delay: 0.4s;\">\r\n                            <div class=\"portfolio-content-container\" >\r\n                                <div class=\"portfolio-thumbnail\">\r\n                                    <img loading=\"lazy\" decoding=\"async\" width=\"1707\" height=\"1707\" src=\"https:\/\/www.gerriets-acoustics.com\/wp-content\/uploads\/2025\/10\/Interstuhl-2OG-Juni2025-1970-scaled-e1760948396568.jpg\" class=\"attachment-post-thumbnail size-post-thumbnail wp-post-image\" alt=\"\" \/>                                <\/div> \r\n                                <div class=\"portfolio-caption-content\">\r\n                                    <a class=\"portfolio-content-link\" href=\"http:\/\/www.gerriets-acoustics.com\/es\/portfolio\/sala-de-estar-interstuhl-messstetten-alemania\/\" target=\"_self\"><\/a>\r\n                                    <div class=\"portfolio-content\">\r\n                                        <div class=\"portfolio-content-details\">\r\n                                            <a class=\"portfolio-content-link\" href=\"http:\/\/www.gerriets-acoustics.com\/es\/portfolio\/sala-de-estar-interstuhl-messstetten-alemania\/\" target=\"_self\">\r\n                                                <div class=\"portfolio-content-inner\" >\r\n                                                    <h5 class=\"portfolio-title\">Sala de conciertos Interstuhl <br> Me\u00dfstetten \/ Alemania<\/h5><ul class=\"portfolio-category list-inline\"><li>Mundos de oficina<\/li><li>Cortina ac\u00fastica OFFICE<\/li><li>Cortina ac\u00fastica OFFICE WINDOW<\/li><\/ul>                                                <\/div>\r\n                                            <\/a>\r\n                                                                                   <\/div>\r\n                                    <\/div>\r\n                                <\/div>\r\n                            <\/div>\r\n                                                    <\/div><div id=\"portfolio-post-10767\" class=\"portfolio-column portfolio-post portfolio-hover-style-5 all kulturbauten variable-raumakustik  width1x height1x col-xs-12 col-sm-6 col-md-4 animate\"  data-animation=\"fadeInUp\" data-animation-offset=\"90%\" style=\"margin: 15px 0; padding: 0 15px; -webkit-animation-duration: 0.8s; -webkit-animation-delay: 0.8s; animation-duration: 0.8s; animation-delay: 0.8s;\">\r\n                            <div class=\"portfolio-content-container\" >\r\n                                <div class=\"portfolio-thumbnail\">\r\n                                    <img loading=\"lazy\" decoding=\"async\" width=\"1200\" height=\"1200\" src=\"https:\/\/www.gerriets-acoustics.com\/wp-content\/uploads\/2025\/05\/2024-Berlin-Komische-Oper-aQflex-11-e1747916551231.jpg\" class=\"attachment-post-thumbnail size-post-thumbnail wp-post-image\" alt=\"\" \/>                                <\/div> \r\n                                <div class=\"portfolio-caption-content\">\r\n                                    <a class=\"portfolio-content-link\" href=\"http:\/\/www.gerriets-acoustics.com\/es\/portfolio\/hangar-opera-comica-berlin\/\" target=\"_self\"><\/a>\r\n                                    <div class=\"portfolio-content\">\r\n                                        <div class=\"portfolio-content-details\">\r\n                                            <a class=\"portfolio-content-link\" href=\"http:\/\/www.gerriets-acoustics.com\/es\/portfolio\/hangar-opera-comica-berlin\/\" target=\"_self\">\r\n                                                <div class=\"portfolio-content-inner\" >\r\n                                                    <h5 class=\"portfolio-title\">Hangar 4 - \u00d3pera c\u00f3mica <br> Berl\u00edn \/ Alemania<\/h5><ul class=\"portfolio-category list-inline\"><li>Edificios culturales<\/li><li>Ac\u00fastica variable<\/li><\/ul>                                                <\/div>\r\n                                            <\/a>\r\n                                                                                   <\/div>\r\n                                    <\/div>\r\n                                <\/div>\r\n                            <\/div>\r\n                                                    <\/div><div id=\"portfolio-post-10762\" class=\"portfolio-column portfolio-post portfolio-hover-style-5 all buerowelten schallvorhang-office schienensystem-trumpf-95  width1x height1x col-xs-12 col-sm-6 col-md-4 animate\"  data-animation=\"fadeInUp\" data-animation-offset=\"90%\" style=\"margin: 15px 0; padding: 0 15px; -webkit-animation-duration: 0.8s; -webkit-animation-delay: 1.2s; animation-duration: 0.8s; animation-delay: 1.2s;\">\r\n                            <div class=\"portfolio-content-container\" >\r\n                                <div class=\"portfolio-thumbnail\">\r\n                                    <img loading=\"lazy\" decoding=\"async\" width=\"748\" height=\"748\" src=\"https:\/\/www.gerriets-acoustics.com\/wp-content\/uploads\/2025\/04\/2025-Bad-Homburg-Mainmetall-SVO-1-e1744199097418.jpg\" class=\"attachment-post-thumbnail size-post-thumbnail wp-post-image\" alt=\"Oficinas modernas con mesa y cortinas en azul oscuro\" \/>                                <\/div> \r\n                                <div class=\"portfolio-caption-content\">\r\n                                    <a class=\"portfolio-content-link\" href=\"http:\/\/www.gerriets-acoustics.com\/es\/portfolio\/mainmetall-cortina-acustica-badhomburg-alemania\/\" target=\"_self\"><\/a>\r\n                                    <div class=\"portfolio-content\">\r\n                                        <div class=\"portfolio-content-details\">\r\n                                            <a class=\"portfolio-content-link\" href=\"http:\/\/www.gerriets-acoustics.com\/es\/portfolio\/mainmetall-cortina-acustica-badhomburg-alemania\/\" target=\"_self\">\r\n                                                <div class=\"portfolio-content-inner\" >\r\n                                                    <h5 class=\"portfolio-title\">Metal principal <br> Bad Homburg \/ Alemania<\/h5><ul class=\"portfolio-category list-inline\"><li>Mundos de oficina<\/li><li>Cortina ac\u00fastica OFFICE<\/li><li>Sistema de carriles TRUMPF 95<\/li><\/ul>                                                <\/div>\r\n                                            <\/a>\r\n                                                                                   <\/div>\r\n                                    <\/div>\r\n                                <\/div>\r\n                            <\/div>\r\n                                                    <\/div><div id=\"portfolio-post-10713\" class=\"portfolio-column portfolio-post portfolio-hover-style-5 all buerowelten lichtdurchlaessige-stoffe schallvorhang-office schallvorhang-office-window schienensystem-trumpf-95  width1x height1x col-xs-12 col-sm-6 col-md-4 animate\"  data-animation=\"fadeInUp\" data-animation-offset=\"90%\" style=\"margin: 15px 0; padding: 0 15px; -webkit-animation-duration: 0.8s; -webkit-animation-delay: 0.4s; animation-duration: 0.8s; animation-delay: 0.4s;\">\r\n                            <div class=\"portfolio-content-container\" >\r\n                                <div class=\"portfolio-thumbnail\">\r\n                                    <img loading=\"lazy\" decoding=\"async\" width=\"1707\" height=\"1707\" src=\"https:\/\/www.gerriets-acoustics.com\/wp-content\/uploads\/2025\/03\/241127_LP2_5724-1-scaled-e1742378181407.jpg\" class=\"attachment-post-thumbnail size-post-thumbnail wp-post-image\" alt=\"Moderner Besprechungsraum mit Stehtisch, St\u00fchlen und Akustikvorhang OFFICE Window bei Sonnenschein\" \/>                                <\/div> \r\n                                <div class=\"portfolio-caption-content\">\r\n                                    <a class=\"portfolio-content-link\" href=\"http:\/\/www.gerriets-acoustics.com\/es\/portfolio\/servusotto-munich-alemania\/\" target=\"_self\"><\/a>\r\n                                    <div class=\"portfolio-content\">\r\n                                        <div class=\"portfolio-content-details\">\r\n                                            <a class=\"portfolio-content-link\" href=\"http:\/\/www.gerriets-acoustics.com\/es\/portfolio\/servusotto-munich-alemania\/\" target=\"_self\">\r\n                                                <div class=\"portfolio-content-inner\" >\r\n                                                    <h5 class=\"portfolio-title\">servusotto <br> M\u00fanich \/ Alemania<\/h5><ul class=\"portfolio-category list-inline\"><li>Mundos de oficina<\/li><li>Tejidos trasl\u00facidos<\/li><li>Cortina ac\u00fastica OFFICE<\/li><li>Cortina ac\u00fastica OFFICE WINDOW<\/li><li>Sistema de carriles TRUMPF 95<\/li><\/ul>                                                <\/div>\r\n                                            <\/a>\r\n                                                                                   <\/div>\r\n                                    <\/div>\r\n                                <\/div>\r\n                            <\/div>\r\n                                                    <\/div><div id=\"portfolio-post-10690\" class=\"portfolio-column portfolio-post portfolio-hover-style-5 all buerowelten schallvorhang-office schallvorhang-office-elegance schienensystem-trumpf-95  width1x height1x col-xs-12 col-sm-6 col-md-4 animate\"  data-animation=\"fadeInUp\" data-animation-offset=\"90%\" style=\"margin: 15px 0; padding: 0 15px; -webkit-animation-duration: 0.8s; -webkit-animation-delay: 0.8s; animation-duration: 0.8s; animation-delay: 0.8s;\">\r\n                            <div class=\"portfolio-content-container\" >\r\n                                <div class=\"portfolio-thumbnail\">\r\n                                    <img loading=\"lazy\" decoding=\"async\" width=\"929\" height=\"929\" src=\"https:\/\/www.gerriets-acoustics.com\/wp-content\/uploads\/2024\/12\/Krefeld_Fressnapf_6-quadratisch.jpg\" class=\"attachment-post-thumbnail size-post-thumbnail wp-post-image\" alt=\"lexibles salas de reuniones con cortinas verdes\" \/>                                <\/div> \r\n                                <div class=\"portfolio-caption-content\">\r\n                                    <a class=\"portfolio-content-link\" href=\"http:\/\/www.gerriets-acoustics.com\/es\/portfolio\/cortinas-acusticas-tienda-minorista-fressnapf-krefeld-alemania\/\" target=\"_self\"><\/a>\r\n                                    <div class=\"portfolio-content\">\r\n                                        <div class=\"portfolio-content-details\">\r\n                                            <a class=\"portfolio-content-link\" href=\"http:\/\/www.gerriets-acoustics.com\/es\/portfolio\/cortinas-acusticas-tienda-minorista-fressnapf-krefeld-alemania\/\" target=\"_self\">\r\n                                                <div class=\"portfolio-content-inner\" >\r\n                                                    <h5 class=\"portfolio-title\">Retail LAB - Fressnapf Tiernahrungs GmbH <br> Krefeld \/ Alemania<\/h5><ul class=\"portfolio-category list-inline\"><li>Mundos de oficina<\/li><li>Cortina ac\u00fastica OFFICE<\/li><li>Cortina ac\u00fastica OFFICE ELEGANCE<\/li><li>Sistema de carriles TRUMPF 95<\/li><\/ul>                                                <\/div>\r\n                                            <\/a>\r\n                                                                                   <\/div>\r\n                                    <\/div>\r\n                                <\/div>\r\n                            <\/div>\r\n                                                    <\/div><div id=\"portfolio-post-10241\" class=\"portfolio-column portfolio-post portfolio-hover-style-5 all variable-raumakustik  width1x height1x col-xs-12 col-sm-6 col-md-4 animate\"  data-animation=\"fadeInUp\" data-animation-offset=\"90%\" style=\"margin: 15px 0; padding: 0 15px; -webkit-animation-duration: 0.8s; -webkit-animation-delay: 1.2s; animation-duration: 0.8s; animation-delay: 1.2s;\">\r\n                            <div class=\"portfolio-content-container\" >\r\n                                <div class=\"portfolio-thumbnail\">\r\n                                    <img loading=\"lazy\" decoding=\"async\" width=\"532\" height=\"532\" src=\"https:\/\/www.gerriets-acoustics.com\/wp-content\/uploads\/2023\/07\/2019-Berlin-Georg-Friedrich-Haendel-Saal-rollbanner-absorber-cs-small.jpg\" class=\"attachment-post-thumbnail size-post-thumbnail wp-post-image\" alt=\"Berl\u00edn Georg-Friedrich-Haendel-Saal, pancarta enrollable de ABSORBER CS 450\" \/>                                <\/div> \r\n                                <div class=\"portfolio-caption-content\">\r\n                                    <a class=\"portfolio-content-link\" href=\"http:\/\/www.gerriets-acoustics.com\/es\/portfolio\/concierto-hall-georg-friedrich-haendel-gymnasium-berlin-alemania\/\" target=\"_self\"><\/a>\r\n                                    <div class=\"portfolio-content\">\r\n                                        <div class=\"portfolio-content-details\">\r\n                                            <a class=\"portfolio-content-link\" href=\"http:\/\/www.gerriets-acoustics.com\/es\/portfolio\/concierto-hall-georg-friedrich-haendel-gymnasium-berlin-alemania\/\" target=\"_self\">\r\n                                                <div class=\"portfolio-content-inner\" >\r\n                                                    <h5 class=\"portfolio-title\">Sala de conciertos - Georg-Friedrich-H\u00e4ndel-Gymnasium, <br> Berl\u00edn \/ Alemania<\/h5><ul class=\"portfolio-category list-inline\"><li>Ac\u00fastica variable<\/li><\/ul>                                                <\/div>\r\n                                            <\/a>\r\n                                                                                   <\/div>\r\n                                    <\/div>\r\n                                <\/div>\r\n                            <\/div>\r\n                                                    <\/div><div id=\"portfolio-post-10163\" class=\"portfolio-column portfolio-post portfolio-hover-style-5 all buerowelten schallvorhang-office  width1x height1x col-xs-12 col-sm-6 col-md-4 animate\"  data-animation=\"fadeInUp\" data-animation-offset=\"90%\" style=\"margin: 15px 0; padding: 0 15px; -webkit-animation-duration: 0.8s; -webkit-animation-delay: 0.4s; animation-duration: 0.8s; animation-delay: 0.4s;\">\r\n                            <div class=\"portfolio-content-container\" >\r\n                                <div class=\"portfolio-thumbnail\">\r\n                                    <img loading=\"lazy\" decoding=\"async\" width=\"532\" height=\"532\" src=\"https:\/\/www.gerriets-acoustics.com\/wp-content\/uploads\/2023\/07\/2023-Freiburg-5CMilestone-Hochbauamt-SVO-small.jpg\" class=\"attachment-post-thumbnail size-post-thumbnail wp-post-image\" alt=\"\" \/>                                <\/div> \r\n                                <div class=\"portfolio-caption-content\">\r\n                                    <a class=\"portfolio-content-link\" href=\"http:\/\/www.gerriets-acoustics.com\/es\/portfolio\/bundesbau-bw-milestone-5c-freiburg-alemania\/\" target=\"_self\"><\/a>\r\n                                    <div class=\"portfolio-content\">\r\n                                        <div class=\"portfolio-content-details\">\r\n                                            <a class=\"portfolio-content-link\" href=\"http:\/\/www.gerriets-acoustics.com\/es\/portfolio\/bundesbau-bw-milestone-5c-freiburg-alemania\/\" target=\"_self\">\r\n                                                <div class=\"portfolio-content-inner\" >\r\n                                                    <h5 class=\"portfolio-title\">Federal Construction BW -<br>Hito 5c, <br>Friburgo \/ Alemania<\/h5><ul class=\"portfolio-category list-inline\"><li>Mundos de oficina<\/li><li>Cortina ac\u00fastica OFFICE<\/li><\/ul>                                                <\/div>\r\n                                            <\/a>\r\n                                                                                   <\/div>\r\n                                    <\/div>\r\n                                <\/div>\r\n                            <\/div>\r\n                                                    <\/div><div id=\"portfolio-post-10137\" class=\"portfolio-column portfolio-post portfolio-hover-style-5 all buerowelten oeffentlicher-aum schallvorhang-office schienensystem-studio-office schienensystem-trumpf-95  width1x height1x col-xs-12 col-sm-6 col-md-4 animate\"  data-animation=\"fadeInUp\" data-animation-offset=\"90%\" style=\"margin: 15px 0; padding: 0 15px; -webkit-animation-duration: 0.8s; -webkit-animation-delay: 0.8s; animation-duration: 0.8s; animation-delay: 0.8s;\">\r\n                            <div class=\"portfolio-content-container\" >\r\n                                <div class=\"portfolio-thumbnail\">\r\n                                    <img loading=\"lazy\" decoding=\"async\" width=\"532\" height=\"532\" src=\"https:\/\/www.gerriets-acoustics.com\/wp-content\/uploads\/2023\/06\/2023-Freiburg-Jobrad-SVO_small.jpg\" class=\"attachment-post-thumbnail size-post-thumbnail wp-post-image\" alt=\"\" \/>                                <\/div> \r\n                                <div class=\"portfolio-caption-content\">\r\n                                    <a class=\"portfolio-content-link\" href=\"http:\/\/www.gerriets-acoustics.com\/es\/portfolio\/jobrad-friburgo-cortina-acustica-office\/\" target=\"_self\"><\/a>\r\n                                    <div class=\"portfolio-content\">\r\n                                        <div class=\"portfolio-content-details\">\r\n                                            <a class=\"portfolio-content-link\" href=\"http:\/\/www.gerriets-acoustics.com\/es\/portfolio\/jobrad-friburgo-cortina-acustica-office\/\" target=\"_self\">\r\n                                                <div class=\"portfolio-content-inner\" >\r\n                                                    <h5 class=\"portfolio-title\">Jobbike - Hito 4<br> Friburgo \/ Alemania<\/h5><ul class=\"portfolio-category list-inline\"><li>Mundos de oficina<\/li><li>Espacio p\u00fablico<\/li><li>Cortina ac\u00fastica OFFICE<\/li><li>Sistema de carriles OFFICE STUDIO<\/li><li>Sistema de carriles TRUMPF 95<\/li><\/ul>                                                <\/div>\r\n                                            <\/a>\r\n                                                                                   <\/div>\r\n                                    <\/div>\r\n                                <\/div>\r\n                            <\/div>\r\n                                                    <\/div><div id=\"portfolio-post-10053\" class=\"portfolio-column portfolio-post portfolio-hover-style-5 all buerowelten lichtdurchlaessige-stoffe oeffentlicher-aum schallvorhang-office schienensystem-studio-office schienensystem-trumpf-95 variable-raumakustik  width1x height1x col-xs-12 col-sm-6 col-md-4 animate\"  data-animation=\"fadeInUp\" data-animation-offset=\"90%\" style=\"margin: 15px 0; padding: 0 15px; -webkit-animation-duration: 0.8s; -webkit-animation-delay: 1.2s; animation-duration: 0.8s; animation-delay: 1.2s;\">\r\n                            <div class=\"portfolio-content-container\" >\r\n                                <div class=\"portfolio-thumbnail\">\r\n                                    <img loading=\"lazy\" decoding=\"async\" width=\"532\" height=\"532\" src=\"https:\/\/www.gerriets-acoustics.com\/wp-content\/uploads\/2023\/03\/2022-Duesseldorf-CitizenOffice-SVO-small.jpg\" class=\"attachment-post-thumbnail size-post-thumbnail wp-post-image\" alt=\"Cortina curva de 3 piezas de SNAIL CS en color blanco con sistema de rieles STUDIO\" \/>                                <\/div> \r\n                                <div class=\"portfolio-caption-content\">\r\n                                    <a class=\"portfolio-content-link\" href=\"http:\/\/www.gerriets-acoustics.com\/es\/portfolio\/citizen-office-duesseldorf-alemania\/\" target=\"_self\"><\/a>\r\n                                    <div class=\"portfolio-content\">\r\n                                        <div class=\"portfolio-content-details\">\r\n                                            <a class=\"portfolio-content-link\" href=\"http:\/\/www.gerriets-acoustics.com\/es\/portfolio\/citizen-office-duesseldorf-alemania\/\" target=\"_self\">\r\n                                                <div class=\"portfolio-content-inner\" >\r\n                                                    <h5 class=\"portfolio-title\">Oficina del Ciudadano<br> D\u00fcsseldorf \/ Alemania<\/h5><ul class=\"portfolio-category list-inline\"><li>Mundos de oficina<\/li><li>Tejidos trasl\u00facidos<\/li><li>Espacio p\u00fablico<\/li><li>Cortina ac\u00fastica OFFICE<\/li><li>Sistema de carriles OFFICE STUDIO<\/li><li>Sistema de carriles TRUMPF 95<\/li><li>Ac\u00fastica variable<\/li><\/ul>                                                <\/div>\r\n                                            <\/a>\r\n                                                                                   <\/div>\r\n                                    <\/div>\r\n                                <\/div>\r\n                            <\/div>\r\n                                                    <\/div><div id=\"portfolio-post-10052\" class=\"portfolio-column portfolio-post portfolio-hover-style-5 all bildung-und-lehre buerowelten schallvorhang-office schallvorhang-office-window schienensystem-trumpf-95 variable-raumakustik  width1x height1x col-xs-12 col-sm-6 col-md-4 animate\"  data-animation=\"fadeInUp\" data-animation-offset=\"90%\" style=\"margin: 15px 0; padding: 0 15px; -webkit-animation-duration: 0.8s; -webkit-animation-delay: 0.4s; animation-duration: 0.8s; animation-delay: 0.4s;\">\r\n                            <div class=\"portfolio-content-container\" >\r\n                                <div class=\"portfolio-thumbnail\">\r\n                                    <img loading=\"lazy\" decoding=\"async\" width=\"532\" height=\"532\" src=\"https:\/\/www.gerriets-acoustics.com\/wp-content\/uploads\/2023\/03\/2023-Gueby-Louisenlund-SVO-Window-small.jpg\" class=\"attachment-post-thumbnail size-post-thumbnail wp-post-image\" alt=\"OFFICE WINDOW cortinas de sonido en 5 y 7 capas, capas exteriores de WOOLSERGE en varias combinaciones de colores\" \/>                                <\/div> \r\n                                <div class=\"portfolio-caption-content\">\r\n                                    <a class=\"portfolio-content-link\" href=\"http:\/\/www.gerriets-acoustics.com\/es\/portfolio\/fundacion-louisenlund-gueby-alemania\/\" target=\"_self\"><\/a>\r\n                                    <div class=\"portfolio-content\">\r\n                                        <div class=\"portfolio-content-details\">\r\n                                            <a class=\"portfolio-content-link\" href=\"http:\/\/www.gerriets-acoustics.com\/es\/portfolio\/fundacion-louisenlund-gueby-alemania\/\" target=\"_self\">\r\n                                                <div class=\"portfolio-content-inner\" >\r\n                                                    <h5 class=\"portfolio-title\">Fundaci\u00f3n Louisenlund<br> G\u00fcby \/ Alemania<\/h5><ul class=\"portfolio-category list-inline\"><li>Educaci\u00f3n y ense\u00f1anza<\/li><li>Mundos de oficina<\/li><li>Cortina ac\u00fastica OFFICE<\/li><li>Cortina ac\u00fastica OFFICE WINDOW<\/li><li>Sistema de carriles TRUMPF 95<\/li><li>Ac\u00fastica variable<\/li><\/ul>                                                <\/div>\r\n                                            <\/a>\r\n                                                                                   <\/div>\r\n                                    <\/div>\r\n                                <\/div>\r\n                            <\/div>\r\n                                                    <\/div><div id=\"portfolio-post-9890\" class=\"portfolio-column portfolio-post portfolio-hover-style-5 all buerowelten schallvorhang-office schallvorhang-office-elegance schallvorhang-office-window schienensystem-trumpf-95 variable-raumakustik  width1x height1x col-xs-12 col-sm-6 col-md-4 animate\"  data-animation=\"fadeInUp\" data-animation-offset=\"90%\" style=\"margin: 15px 0; padding: 0 15px; -webkit-animation-duration: 0.8s; -webkit-animation-delay: 0.8s; animation-duration: 0.8s; animation-delay: 0.8s;\">\r\n                            <div class=\"portfolio-content-container\" >\r\n                                <div class=\"portfolio-thumbnail\">\r\n                                    <img loading=\"lazy\" decoding=\"async\" width=\"532\" height=\"532\" src=\"https:\/\/www.gerriets-acoustics.com\/wp-content\/uploads\/2023\/02\/2022_Koeln_Orgatec-roocs-small.jpg\" class=\"attachment-post-thumbnail size-post-thumbnail wp-post-image\" alt=\"\" \/>                                <\/div> \r\n                                <div class=\"portfolio-caption-content\">\r\n                                    <a class=\"portfolio-content-link\" href=\"http:\/\/www.gerriets-acoustics.com\/es\/portfolio\/roocs-room-separation-system-stand-orgatec-colonia-alemania\/\" target=\"_self\"><\/a>\r\n                                    <div class=\"portfolio-content\">\r\n                                        <div class=\"portfolio-content-details\">\r\n                                            <a class=\"portfolio-content-link\" href=\"http:\/\/www.gerriets-acoustics.com\/es\/portfolio\/roocs-room-separation-system-stand-orgatec-colonia-alemania\/\" target=\"_self\">\r\n                                                <div class=\"portfolio-content-inner\" >\r\n                                                    <h5 class=\"portfolio-title\">roocs sistema separador de ambientes stand Orgatec<br> Colonia \/ Alemania<\/h5><ul class=\"portfolio-category list-inline\"><li>Mundos de oficina<\/li><li>Cortina ac\u00fastica OFFICE<\/li><li>Cortina ac\u00fastica OFFICE ELEGANCE<\/li><li>Cortina ac\u00fastica OFFICE WINDOW<\/li><li>Sistema de carriles TRUMPF 95<\/li><li>Ac\u00fastica variable<\/li><\/ul>                                                <\/div>\r\n                                            <\/a>\r\n                                                                                   <\/div>\r\n                                    <\/div>\r\n                                <\/div>\r\n                            <\/div>\r\n                                                    <\/div><div id=\"portfolio-post-9552\" class=\"portfolio-column portfolio-post portfolio-hover-style-5 all buerowelten schallvorhang-office schallvorhang-office-elegance schienensystem-elegance schienensystem-trumpf-95  width1x height1x col-xs-12 col-sm-6 col-md-4 animate\"  data-animation=\"fadeInUp\" data-animation-offset=\"90%\" style=\"margin: 15px 0; padding: 0 15px; -webkit-animation-duration: 0.8s; -webkit-animation-delay: 1.2s; animation-duration: 0.8s; animation-delay: 1.2s;\">\r\n                            <div class=\"portfolio-content-container\" >\r\n                                <div class=\"portfolio-thumbnail\">\r\n                                    <img loading=\"lazy\" decoding=\"async\" width=\"532\" height=\"532\" src=\"https:\/\/www.gerriets-acoustics.com\/wp-content\/uploads\/2022\/11\/2022-Stuttgart-Studio-Hans-SVO-small.jpg\" class=\"attachment-post-thumbnail size-post-thumbnail wp-post-image\" alt=\"\" \/>                                <\/div> \r\n                                <div class=\"portfolio-caption-content\">\r\n                                    <a class=\"portfolio-content-link\" href=\"http:\/\/www.gerriets-acoustics.com\/es\/portfolio\/studio-hans-stuttgart-cortina-acustica-office\/\" target=\"_self\"><\/a>\r\n                                    <div class=\"portfolio-content\">\r\n                                        <div class=\"portfolio-content-details\">\r\n                                            <a class=\"portfolio-content-link\" href=\"http:\/\/www.gerriets-acoustics.com\/es\/portfolio\/studio-hans-stuttgart-cortina-acustica-office\/\" target=\"_self\">\r\n                                                <div class=\"portfolio-content-inner\" >\r\n                                                    <h5 class=\"portfolio-title\">Estudio HANS<br> Stuttgart \/ Alemania<\/h5><ul class=\"portfolio-category list-inline\"><li>Mundos de oficina<\/li><li>Cortina ac\u00fastica OFFICE<\/li><li>Cortina ac\u00fastica OFFICE ELEGANCE<\/li><li>Sistema de carriles ELEGANCE<\/li><li>Sistema de carriles TRUMPF 95<\/li><\/ul>                                                <\/div>\r\n                                            <\/a>\r\n                                                                                   <\/div>\r\n                                    <\/div>\r\n                                <\/div>\r\n                            <\/div>\r\n                                                    <\/div><div id=\"portfolio-post-9276\" class=\"portfolio-column portfolio-post portfolio-hover-style-5 all buerowelten schallvorhang-office schienensystem-trumpf-95  width1x height1x col-xs-12 col-sm-6 col-md-4 animate\"  data-animation=\"fadeInUp\" data-animation-offset=\"90%\" style=\"margin: 15px 0; padding: 0 15px; -webkit-animation-duration: 0.8s; -webkit-animation-delay: 0.4s; animation-duration: 0.8s; animation-delay: 0.4s;\">\r\n                            <div class=\"portfolio-content-container\" >\r\n                                <div class=\"portfolio-thumbnail\">\r\n                                    <img loading=\"lazy\" decoding=\"async\" width=\"532\" height=\"532\" src=\"https:\/\/www.gerriets-acoustics.com\/wp-content\/uploads\/2022\/07\/2021-gerriets-reutlingen-bueckle-und-partner-akustik-schallvorhang-office-small.jpg\" class=\"attachment-post-thumbnail size-post-thumbnail wp-post-image\" alt=\"Despacho y zona tranquila al estilo Simpsons, separados con cortinas ac\u00fasticas\" \/>                                <\/div> \r\n                                <div class=\"portfolio-caption-content\">\r\n                                    <a class=\"portfolio-content-link\" href=\"http:\/\/www.gerriets-acoustics.com\/es\/portfolio\/bueckle-partner-gmbh-reutlingen-alemania\/\" target=\"_self\"><\/a>\r\n                                    <div class=\"portfolio-content\">\r\n                                        <div class=\"portfolio-content-details\">\r\n                                            <a class=\"portfolio-content-link\" href=\"http:\/\/www.gerriets-acoustics.com\/es\/portfolio\/bueckle-partner-gmbh-reutlingen-alemania\/\" target=\"_self\">\r\n                                                <div class=\"portfolio-content-inner\" >\r\n                                                    <h5 class=\"portfolio-title\">B\u00fcckle &amp; Partner GmbH<br> Reutlingen \/ Alemania<\/h5><ul class=\"portfolio-category list-inline\"><li>Mundos de oficina<\/li><li>Cortina ac\u00fastica OFFICE<\/li><li>Sistema de carriles TRUMPF 95<\/li><\/ul>                                                <\/div>\r\n                                            <\/a>\r\n                                                                                   <\/div>\r\n                                    <\/div>\r\n                                <\/div>\r\n                            <\/div>\r\n                                                    <\/div><div id=\"portfolio-post-9129\" class=\"portfolio-column portfolio-post portfolio-hover-style-5 all buerowelten design-und-schmuckvorhaenge schienensystem-elegance schienensystem-trumpf-95  width1x height1x col-xs-12 col-sm-6 col-md-4 animate\"  data-animation=\"fadeInUp\" data-animation-offset=\"90%\" style=\"margin: 15px 0; padding: 0 15px; -webkit-animation-duration: 0.8s; -webkit-animation-delay: 0.8s; animation-duration: 0.8s; animation-delay: 0.8s;\">\r\n                            <div class=\"portfolio-content-container\" >\r\n                                <div class=\"portfolio-thumbnail\">\r\n                                    <img loading=\"lazy\" decoding=\"async\" width=\"532\" height=\"532\" src=\"https:\/\/www.gerriets-acoustics.com\/wp-content\/uploads\/2022\/06\/2022-gerriets-axel-springer-vorhang-design-raumtrennung-small.jpg\" class=\"attachment-post-thumbnail size-post-thumbnail wp-post-image\" alt=\"Vista exterior del nuevo edificio Axel Springer SE en Berl\u00edn, cubo con fachada futurista de cristal\" \/>                                <\/div> \r\n                                <div class=\"portfolio-caption-content\">\r\n                                    <a class=\"portfolio-content-link\" href=\"http:\/\/www.gerriets-acoustics.com\/es\/portfolio\/axel-springer-se-berlin-germany\/\" target=\"_self\"><\/a>\r\n                                    <div class=\"portfolio-content\">\r\n                                        <div class=\"portfolio-content-details\">\r\n                                            <a class=\"portfolio-content-link\" href=\"http:\/\/www.gerriets-acoustics.com\/es\/portfolio\/axel-springer-se-berlin-germany\/\" target=\"_self\">\r\n                                                <div class=\"portfolio-content-inner\" >\r\n                                                    <h5 class=\"portfolio-title\">Axel Springer SE<br> Berl\u00edn \/ Alemania<\/h5><ul class=\"portfolio-category list-inline\"><li>Mundos de oficina<\/li><li>Cortinas de dise\u00f1o y decoraci\u00f3n<\/li><li>Sistema de carriles ELEGANCE<\/li><li>Sistema de carriles TRUMPF 95<\/li><\/ul>                                                <\/div>\r\n                                            <\/a>\r\n                                                                                   <\/div>\r\n                                    <\/div>\r\n                                <\/div>\r\n                            <\/div>\r\n                                                    <\/div><div id=\"portfolio-post-8551\" class=\"portfolio-column portfolio-post portfolio-hover-style-5 all buerowelten schallvorhang-office  width1x height1x col-xs-12 col-sm-6 col-md-4 animate\"  data-animation=\"fadeInUp\" data-animation-offset=\"90%\" style=\"margin: 15px 0; padding: 0 15px; -webkit-animation-duration: 0.8s; -webkit-animation-delay: 1.2s; animation-duration: 0.8s; animation-delay: 1.2s;\">\r\n                            <div class=\"portfolio-content-container\" >\r\n                                <div class=\"portfolio-thumbnail\">\r\n                                    <img loading=\"lazy\" decoding=\"async\" width=\"532\" height=\"532\" src=\"https:\/\/www.gerriets-acoustics.com\/wp-content\/uploads\/2022\/06\/2022-Uster-CH-foryouandyourcustomers-Gerriets-Schallvorhang-small.jpg\" class=\"attachment-post-thumbnail size-post-thumbnail wp-post-image\" alt=\"Oficina di\u00e1fana con sala de reuniones separada visual y ac\u00fasticamente\" \/>                                <\/div> \r\n                                <div class=\"portfolio-caption-content\">\r\n                                    <a class=\"portfolio-content-link\" href=\"http:\/\/www.gerriets-acoustics.com\/es\/portfolio\/foryouandyourcustomer-ag-uster-switzerland-2\/\" target=\"_self\"><\/a>\r\n                                    <div class=\"portfolio-content\">\r\n                                        <div class=\"portfolio-content-details\">\r\n                                            <a class=\"portfolio-content-link\" href=\"http:\/\/www.gerriets-acoustics.com\/es\/portfolio\/foryouandyourcustomer-ag-uster-switzerland-2\/\" target=\"_self\">\r\n                                                <div class=\"portfolio-content-inner\" >\r\n                                                    <h5 class=\"portfolio-title\">foryouandyourcustomer AG<br> Uster \/ Suiza<\/h5><ul class=\"portfolio-category list-inline\"><li>Mundos de oficina<\/li><li>Cortina ac\u00fastica OFFICE<\/li><\/ul>                                                <\/div>\r\n                                            <\/a>\r\n                                                                                   <\/div>\r\n                                    <\/div>\r\n                                <\/div>\r\n                            <\/div>\r\n                                                    <\/div><div id=\"portfolio-post-8541\" class=\"portfolio-column portfolio-post portfolio-hover-style-5 all buerowelten lichtdurchlaessige-stoffe schienensystem-trumpf-95  width1x height1x col-xs-12 col-sm-6 col-md-4 animate\"  data-animation=\"fadeInUp\" data-animation-offset=\"90%\" style=\"margin: 15px 0; padding: 0 15px; -webkit-animation-duration: 0.8s; -webkit-animation-delay: 0.4s; animation-duration: 0.8s; animation-delay: 0.4s;\">\r\n                            <div class=\"portfolio-content-container\" >\r\n                                <div class=\"portfolio-thumbnail\">\r\n                                    <img loading=\"lazy\" decoding=\"async\" width=\"532\" height=\"532\" src=\"https:\/\/www.gerriets-acoustics.com\/wp-content\/uploads\/2022\/06\/2021-gerriets-neu-ulm-carl-goetz-gmbh-vorhangschiene-small.jpg\" class=\"attachment-post-thumbnail size-post-thumbnail wp-post-image\" alt=\"cortina transl\u00facida sobre carril oval para \u00e1rea de descanso separada\" \/>                                <\/div> \r\n                                <div class=\"portfolio-caption-content\">\r\n                                    <a class=\"portfolio-content-link\" href=\"http:\/\/www.gerriets-acoustics.com\/es\/portfolio\/carl-goetz-gmbh-neu-ulm-alemania-2\/\" target=\"_self\"><\/a>\r\n                                    <div class=\"portfolio-content\">\r\n                                        <div class=\"portfolio-content-details\">\r\n                                            <a class=\"portfolio-content-link\" href=\"http:\/\/www.gerriets-acoustics.com\/es\/portfolio\/carl-goetz-gmbh-neu-ulm-alemania-2\/\" target=\"_self\">\r\n                                                <div class=\"portfolio-content-inner\" >\r\n                                                    <h5 class=\"portfolio-title\">Carl G\u00f6tz GmbH<br> Neu-Ulm \/ Alemania<\/h5><ul class=\"portfolio-category list-inline\"><li>Mundos de oficina<\/li><li>Tejidos trasl\u00facidos<\/li><li>Sistema de carriles TRUMPF 95<\/li><\/ul>                                                <\/div>\r\n                                            <\/a>\r\n                                                                                   <\/div>\r\n                                    <\/div>\r\n                                <\/div>\r\n                            <\/div>\r\n                                                    <\/div><div id=\"portfolio-post-7455\" class=\"portfolio-column portfolio-post portfolio-hover-style-5 all aussenvorhaenge gastronomie-und-handel schienensystem-trumpf-95  width1x height1x col-xs-12 col-sm-6 col-md-4 animate\"  data-animation=\"fadeInUp\" data-animation-offset=\"90%\" style=\"margin: 15px 0; padding: 0 15px; -webkit-animation-duration: 0.8s; -webkit-animation-delay: 0.8s; animation-duration: 0.8s; animation-delay: 0.8s;\">\r\n                            <div class=\"portfolio-content-container\" >\r\n                                <div class=\"portfolio-thumbnail\">\r\n                                    <img loading=\"lazy\" decoding=\"async\" width=\"532\" height=\"532\" src=\"https:\/\/www.gerriets-acoustics.com\/wp-content\/uploads\/2022\/04\/gw-2019-pavillion-gurten-small.jpg\" class=\"attachment-post-thumbnail size-post-thumbnail wp-post-image\" alt=\"Cubo con entrada dorada y cortinas exteriores\" \/>                                <\/div> \r\n                                <div class=\"portfolio-caption-content\">\r\n                                    <a class=\"portfolio-content-link\" href=\"http:\/\/www.gerriets-acoustics.com\/es\/portfolio\/gurten-pavillon-wabern-suiza\/\" target=\"_self\"><\/a>\r\n                                    <div class=\"portfolio-content\">\r\n                                        <div class=\"portfolio-content-details\">\r\n                                            <a class=\"portfolio-content-link\" href=\"http:\/\/www.gerriets-acoustics.com\/es\/portfolio\/gurten-pavillon-wabern-suiza\/\" target=\"_self\">\r\n                                                <div class=\"portfolio-content-inner\" >\r\n                                                    <h5 class=\"portfolio-title\">Pabell\u00f3n Gurten<br> Wabern \/ Suiza<\/h5><ul class=\"portfolio-category list-inline\"><li>Cortinas de exterior<\/li><li>Gastronom\u00eda y comercio<\/li><li>Sistema de carriles TRUMPF 95<\/li><\/ul>                                                <\/div>\r\n                                            <\/a>\r\n                                                                                   <\/div>\r\n                                    <\/div>\r\n                                <\/div>\r\n                            <\/div>\r\n                                                    <\/div><div id=\"portfolio-post-7287\" class=\"portfolio-column portfolio-post portfolio-hover-style-5 all buerowelten schallvorhang-office schienensystem-trumpf-95  width1x height1x col-xs-12 col-sm-6 col-md-4 animate\"  data-animation=\"fadeInUp\" data-animation-offset=\"90%\" style=\"margin: 15px 0; padding: 0 15px; -webkit-animation-duration: 0.8s; -webkit-animation-delay: 1.2s; animation-duration: 0.8s; animation-delay: 1.2s;\">\r\n                            <div class=\"portfolio-content-container\" >\r\n                                <div class=\"portfolio-thumbnail\">\r\n                                    <img loading=\"lazy\" decoding=\"async\" width=\"532\" height=\"532\" src=\"https:\/\/www.gerriets-acoustics.com\/wp-content\/uploads\/2022\/03\/gw-2021-Gerriets-kriens-showroom-vorhangsschiene-schallvorhang-small.jpg\" class=\"attachment-post-thumbnail size-post-thumbnail wp-post-image\" alt=\"Moderna sala de reuniones temporal con cortinas ac\u00fasticas flexibles\" \/>                                <\/div> \r\n                                <div class=\"portfolio-caption-content\">\r\n                                    <a class=\"portfolio-content-link\" href=\"http:\/\/www.gerriets-acoustics.com\/es\/portfolio\/showroom-waldis-kriens-suiza-2\/\" target=\"_self\"><\/a>\r\n                                    <div class=\"portfolio-content\">\r\n                                        <div class=\"portfolio-content-details\">\r\n                                            <a class=\"portfolio-content-link\" href=\"http:\/\/www.gerriets-acoustics.com\/es\/portfolio\/showroom-waldis-kriens-suiza-2\/\" target=\"_self\">\r\n                                                <div class=\"portfolio-content-inner\" >\r\n                                                    <h5 class=\"portfolio-title\">Sala de exposiciones Waldis <br>Kriens \/ Suiza<\/h5><ul class=\"portfolio-category list-inline\"><li>Mundos de oficina<\/li><li>Cortina ac\u00fastica OFFICE<\/li><li>Sistema de carriles TRUMPF 95<\/li><\/ul>                                                <\/div>\r\n                                            <\/a>\r\n                                                                                   <\/div>\r\n                                    <\/div>\r\n                                <\/div>\r\n                            <\/div>\r\n                                                    <\/div><div id=\"portfolio-post-7278\" class=\"portfolio-column portfolio-post portfolio-hover-style-5 all gastronomie-und-handel schallvorhang-office schienensystem-trumpf-95  width1x height1x col-xs-12 col-sm-6 col-md-4 animate\"  data-animation=\"fadeInUp\" data-animation-offset=\"90%\" style=\"margin: 15px 0; padding: 0 15px; -webkit-animation-duration: 0.8s; -webkit-animation-delay: 0.4s; animation-duration: 0.8s; animation-delay: 0.4s;\">\r\n                            <div class=\"portfolio-content-container\" >\r\n                                <div class=\"portfolio-thumbnail\">\r\n                                    <img loading=\"lazy\" decoding=\"async\" width=\"532\" height=\"532\" src=\"https:\/\/www.gerriets-acoustics.com\/wp-content\/uploads\/2022\/03\/gw-2020-Gerriets-landgasthof-linde-akustikvorhang-small.jpg\" class=\"attachment-post-thumbnail size-post-thumbnail wp-post-image\" alt=\"Mesas de restaurante con cortinas de tejido ac\u00fastico\" \/>                                <\/div> \r\n                                <div class=\"portfolio-caption-content\">\r\n                                    <a class=\"portfolio-content-link\" href=\"http:\/\/www.gerriets-acoustics.com\/es\/portfolio\/landgasthof-linde-markdorf-germany-2\/\" target=\"_self\"><\/a>\r\n                                    <div class=\"portfolio-content\">\r\n                                        <div class=\"portfolio-content-details\">\r\n                                            <a class=\"portfolio-content-link\" href=\"http:\/\/www.gerriets-acoustics.com\/es\/portfolio\/landgasthof-linde-markdorf-germany-2\/\" target=\"_self\">\r\n                                                <div class=\"portfolio-content-inner\" >\r\n                                                    <h5 class=\"portfolio-title\">Country Inn Linde <br> Markdorf \/ Alemania<\/h5><ul class=\"portfolio-category list-inline\"><li>Gastronom\u00eda y comercio<\/li><li>Cortina ac\u00fastica OFFICE<\/li><li>Sistema de carriles TRUMPF 95<\/li><\/ul>                                                <\/div>\r\n                                            <\/a>\r\n                                                                                   <\/div>\r\n                                    <\/div>\r\n                                <\/div>\r\n                            <\/div>\r\n                                                    <\/div><div id=\"portfolio-post-7260\" class=\"portfolio-column portfolio-post portfolio-hover-style-5 all kulturbauten schienensystem-trumpf-95 variable-raumakustik  width1x height1x col-xs-12 col-sm-6 col-md-4 animate\"  data-animation=\"fadeInUp\" data-animation-offset=\"90%\" style=\"margin: 15px 0; padding: 0 15px; -webkit-animation-duration: 0.8s; -webkit-animation-delay: 0.8s; animation-duration: 0.8s; animation-delay: 0.8s;\">\r\n                            <div class=\"portfolio-content-container\" >\r\n                                <div class=\"portfolio-thumbnail\">\r\n                                    <img loading=\"lazy\" decoding=\"async\" width=\"532\" height=\"532\" src=\"https:\/\/www.gerriets-acoustics.com\/wp-content\/uploads\/2022\/03\/gw-2021-gerriets-reithalle-aarau-cargo-schienensystem-akustik-small.jpg\" class=\"attachment-post-thumbnail size-post-thumbnail wp-post-image\" alt=\"Absorbente ac\u00fastico de tela en el edificio multiseccional de un antiguo picadero\" \/>                                <\/div> \r\n                                <div class=\"portfolio-caption-content\">\r\n                                    <a class=\"portfolio-content-link\" href=\"http:\/\/www.gerriets-acoustics.com\/es\/portfolio\/alte-reithalle-aarau\/\" target=\"_self\"><\/a>\r\n                                    <div class=\"portfolio-content\">\r\n                                        <div class=\"portfolio-content-details\">\r\n                                            <a class=\"portfolio-content-link\" href=\"http:\/\/www.gerriets-acoustics.com\/es\/portfolio\/alte-reithalle-aarau\/\" target=\"_self\">\r\n                                                <div class=\"portfolio-content-inner\" >\r\n                                                    <h5 class=\"portfolio-title\">Antigua H\u00edpica de Aarau<br> Aarau \/ Suiza<\/h5><ul class=\"portfolio-category list-inline\"><li>Edificios culturales<\/li><li>Sistema de carriles TRUMPF 95<\/li><li>Ac\u00fastica variable<\/li><\/ul>                                                <\/div>\r\n                                            <\/a>\r\n                                                                                   <\/div>\r\n                                    <\/div>\r\n                                <\/div>\r\n                            <\/div>\r\n                                                    <\/div><div id=\"portfolio-post-7252\" class=\"portfolio-column portfolio-post portfolio-hover-style-5 all buerowelten lichtdurchlaessige-stoffe schallvorhang-office schienensystem-studio-office  width1x height1x col-xs-12 col-sm-6 col-md-4 animate\"  data-animation=\"fadeInUp\" data-animation-offset=\"90%\" style=\"margin: 15px 0; padding: 0 15px; -webkit-animation-duration: 0.8s; -webkit-animation-delay: 1.2s; animation-duration: 0.8s; animation-delay: 1.2s;\">\r\n                            <div class=\"portfolio-content-container\" >\r\n                                <div class=\"portfolio-thumbnail\">\r\n                                    <img loading=\"lazy\" decoding=\"async\" width=\"532\" height=\"532\" src=\"https:\/\/www.gerriets-acoustics.com\/wp-content\/uploads\/2022\/03\/gw-2021-vitra-club-office-small.jpg\" class=\"attachment-post-thumbnail size-post-thumbnail wp-post-image\" alt=\"Isla de asientos con cocina americana, separada ac\u00fasticamente por un sistema de cortinas\" \/>                                <\/div> \r\n                                <div class=\"portfolio-caption-content\">\r\n                                    <a class=\"portfolio-content-link\" href=\"http:\/\/www.gerriets-acoustics.com\/es\/portfolio\/vitra-club-office\/\" target=\"_self\"><\/a>\r\n                                    <div class=\"portfolio-content\">\r\n                                        <div class=\"portfolio-content-details\">\r\n                                            <a class=\"portfolio-content-link\" href=\"http:\/\/www.gerriets-acoustics.com\/es\/portfolio\/vitra-club-office\/\" target=\"_self\">\r\n                                                <div class=\"portfolio-content-inner\" >\r\n                                                    <h5 class=\"portfolio-title\">Oficina Vitra Club <br>Birsfelden \/ Suiza<\/h5><ul class=\"portfolio-category list-inline\"><li>Mundos de oficina<\/li><li>Tejidos trasl\u00facidos<\/li><li>Cortina ac\u00fastica OFFICE<\/li><li>Sistema de carriles OFFICE STUDIO<\/li><\/ul>                                                <\/div>\r\n                                            <\/a>\r\n                                                                                   <\/div>\r\n                                    <\/div>\r\n                                <\/div>\r\n                            <\/div>\r\n                                                    <\/div><div id=\"portfolio-post-7155\" class=\"portfolio-column portfolio-post portfolio-hover-style-5 all aussenvorhaenge kulturbauten schienensystem-trumpf-95 variable-raumakustik  width1x height1x col-xs-12 col-sm-6 col-md-4 animate\"  data-animation=\"fadeInUp\" data-animation-offset=\"90%\" style=\"margin: 15px 0; padding: 0 15px; -webkit-animation-duration: 0.8s; -webkit-animation-delay: 0.4s; animation-duration: 0.8s; animation-delay: 0.4s;\">\r\n                            <div class=\"portfolio-content-container\" >\r\n                                <div class=\"portfolio-thumbnail\">\r\n                                    <img loading=\"lazy\" decoding=\"async\" width=\"532\" height=\"532\" src=\"https:\/\/www.gerriets-acoustics.com\/wp-content\/uploads\/2022\/03\/gw-2020-kressbronn-boden-werft-friction-drive-satin-cs-small.jpg\" class=\"attachment-post-thumbnail size-post-thumbnail wp-post-image\" alt=\"Astillero modernizado como recinto con cortinas ac\u00fasticas\" \/>                                <\/div> \r\n                                <div class=\"portfolio-caption-content\">\r\n                                    <a class=\"portfolio-content-link\" href=\"http:\/\/www.gerriets-acoustics.com\/es\/portfolio\/astillero-1919-2\/\" target=\"_self\"><\/a>\r\n                                    <div class=\"portfolio-content\">\r\n                                        <div class=\"portfolio-content-details\">\r\n                                            <a class=\"portfolio-content-link\" href=\"http:\/\/www.gerriets-acoustics.com\/es\/portfolio\/astillero-1919-2\/\" target=\"_self\">\r\n                                                <div class=\"portfolio-content-inner\" >\r\n                                                    <h5 class=\"portfolio-title\">Astillero 1919 <br> Kressbronn \/ Alemania<\/h5><ul class=\"portfolio-category list-inline\"><li>Cortinas de exterior<\/li><li>Edificios culturales<\/li><li>Sistema de carriles TRUMPF 95<\/li><li>Ac\u00fastica variable<\/li><\/ul>                                                <\/div>\r\n                                            <\/a>\r\n                                                                                   <\/div>\r\n                                    <\/div>\r\n                                <\/div>\r\n                            <\/div>\r\n                                                    <\/div><div id=\"portfolio-post-7555\" class=\"portfolio-column portfolio-post portfolio-hover-style-5 all aussenvorhaenge design-und-schmuckvorhaenge metallgewebe-g-mesh  width1x height1x col-xs-12 col-sm-6 col-md-4 animate\"  data-animation=\"fadeInUp\" data-animation-offset=\"90%\" style=\"margin: 15px 0; padding: 0 15px; -webkit-animation-duration: 0.8s; -webkit-animation-delay: 0.8s; animation-duration: 0.8s; animation-delay: 0.8s;\">\r\n                            <div class=\"portfolio-content-container\" >\r\n                                <div class=\"portfolio-thumbnail\">\r\n                                    <img loading=\"lazy\" decoding=\"async\" width=\"532\" height=\"532\" src=\"https:\/\/www.gerriets-acoustics.com\/wp-content\/uploads\/2022\/04\/2008-gw-swarovski-g-mesh-small.jpg\" class=\"attachment-post-thumbnail size-post-thumbnail wp-post-image\" alt=\"Cortina de tejido met\u00e1lico brillante sobre riel curvado\" \/>                                <\/div> \r\n                                <div class=\"portfolio-caption-content\">\r\n                                    <a class=\"portfolio-content-link\" href=\"http:\/\/www.gerriets-acoustics.com\/es\/portfolio\/swarovski-werksgelaende-wattens-oesterreich\/\" target=\"_self\"><\/a>\r\n                                    <div class=\"portfolio-content\">\r\n                                        <div class=\"portfolio-content-details\">\r\n                                            <a class=\"portfolio-content-link\" href=\"http:\/\/www.gerriets-acoustics.com\/es\/portfolio\/swarovski-werksgelaende-wattens-oesterreich\/\" target=\"_self\">\r\n                                                <div class=\"portfolio-content-inner\" >\r\n                                                    <h5 class=\"portfolio-title\">Instalaciones de la f\u00e1brica Swarovski<br> Wattens \/ Austria<\/h5><ul class=\"portfolio-category list-inline\"><li>Cortinas de exterior<\/li><li>Cortinas de dise\u00f1o y decoraci\u00f3n<\/li><li>Malla met\u00e1lica G-MESH<\/li><\/ul>                                                <\/div>\r\n                                            <\/a>\r\n                                                                                   <\/div>\r\n                                    <\/div>\r\n                                <\/div>\r\n                            <\/div>\r\n                                                    <\/div><div id=\"portfolio-post-8577\" class=\"portfolio-column portfolio-post portfolio-hover-style-5 all buerowelten schallvorhang-office schienensystem-elegance schienensystem-trumpf-95  width1x height1x col-xs-12 col-sm-6 col-md-4 animate\"  data-animation=\"fadeInUp\" data-animation-offset=\"90%\" style=\"margin: 15px 0; padding: 0 15px; -webkit-animation-duration: 0.8s; -webkit-animation-delay: 1.2s; animation-duration: 0.8s; animation-delay: 1.2s;\">\r\n                            <div class=\"portfolio-content-container\" >\r\n                                <div class=\"portfolio-thumbnail\">\r\n                                    <img loading=\"lazy\" decoding=\"async\" width=\"532\" height=\"532\" src=\"https:\/\/www.gerriets-acoustics.com\/wp-content\/uploads\/2022\/06\/gw-2019-lautertal-architekturwerkstatt-office-small.jpg\" class=\"attachment-post-thumbnail size-post-thumbnail wp-post-image\" alt=\"Isla de reuniones con cortina insonorizada\" \/>                                <\/div> \r\n                                <div class=\"portfolio-caption-content\">\r\n                                    <a class=\"portfolio-content-link\" href=\"http:\/\/www.gerriets-acoustics.com\/es\/portfolio\/arquitectura-taller-en-pequeno-lautertal-2-blaustein-alemania-2\/\" target=\"_self\"><\/a>\r\n                                    <div class=\"portfolio-content\">\r\n                                        <div class=\"portfolio-content-details\">\r\n                                            <a class=\"portfolio-content-link\" href=\"http:\/\/www.gerriets-acoustics.com\/es\/portfolio\/arquitectura-taller-en-pequeno-lautertal-2-blaustein-alemania-2\/\" target=\"_self\">\r\n                                                <div class=\"portfolio-content-inner\" >\r\n                                                    <h5 class=\"portfolio-title\">Taller de arquitectura en el Peque\u00f1o Lautertal <br> Blaustein \/ Alemania<\/h5><ul class=\"portfolio-category list-inline\"><li>Mundos de oficina<\/li><li>Cortina ac\u00fastica OFFICE<\/li><li>Sistema de carriles ELEGANCE<\/li><li>Sistema de carriles TRUMPF 95<\/li><\/ul>                                                <\/div>\r\n                                            <\/a>\r\n                                                                                   <\/div>\r\n                                    <\/div>\r\n                                <\/div>\r\n                            <\/div>\r\n                                                    <\/div><div id=\"portfolio-post-8567\" class=\"portfolio-column portfolio-post portfolio-hover-style-5 all bildung-und-lehre schallvorhang-office schienensystem-trumpf-95  width1x height1x col-xs-12 col-sm-6 col-md-4 animate\"  data-animation=\"fadeInUp\" data-animation-offset=\"90%\" style=\"margin: 15px 0; padding: 0 15px; -webkit-animation-duration: 0.8s; -webkit-animation-delay: 0.4s; animation-duration: 0.8s; animation-delay: 0.4s;\">\r\n                            <div class=\"portfolio-content-container\" >\r\n                                <div class=\"portfolio-thumbnail\">\r\n                                    <img loading=\"lazy\" decoding=\"async\" width=\"532\" height=\"532\" src=\"https:\/\/www.gerriets-acoustics.com\/wp-content\/uploads\/2022\/06\/gw-FHNW-Campus-Muttenz-Schallvorhang-OFFICE-small.jpg\" class=\"attachment-post-thumbnail size-post-thumbnail wp-post-image\" alt=\"Vista exterior del edificio del campus de FHNW Muttenz Suiza\" \/>                                <\/div> \r\n                                <div class=\"portfolio-caption-content\">\r\n                                    <a class=\"portfolio-content-link\" href=\"http:\/\/www.gerriets-acoustics.com\/es\/portfolio\/fhnw-campus-muttenz-2-suiza\/\" target=\"_self\"><\/a>\r\n                                    <div class=\"portfolio-content\">\r\n                                        <div class=\"portfolio-content-details\">\r\n                                            <a class=\"portfolio-content-link\" href=\"http:\/\/www.gerriets-acoustics.com\/es\/portfolio\/fhnw-campus-muttenz-2-suiza\/\" target=\"_self\">\r\n                                                <div class=\"portfolio-content-inner\" >\r\n                                                    <h5 class=\"portfolio-title\">Campus FHNW<br> Muttenz \/ Suiza<\/h5><ul class=\"portfolio-category list-inline\"><li>Educaci\u00f3n y ense\u00f1anza<\/li><li>Cortina ac\u00fastica OFFICE<\/li><li>Sistema de carriles TRUMPF 95<\/li><\/ul>                                                <\/div>\r\n                                            <\/a>\r\n                                                                                   <\/div>\r\n                                    <\/div>\r\n                                <\/div>\r\n                            <\/div>\r\n                                                    <\/div><div id=\"portfolio-post-8595\" class=\"portfolio-column portfolio-post portfolio-hover-style-5 all buerowelten schallvorhang-office schienensystem-studio-office  width1x height1x col-xs-12 col-sm-6 col-md-4 animate\"  data-animation=\"fadeInUp\" data-animation-offset=\"90%\" style=\"margin: 15px 0; padding: 0 15px; -webkit-animation-duration: 0.8s; -webkit-animation-delay: 0.8s; animation-duration: 0.8s; animation-delay: 0.8s;\">\r\n                            <div class=\"portfolio-content-container\" >\r\n                                <div class=\"portfolio-thumbnail\">\r\n                                    <img loading=\"lazy\" decoding=\"async\" width=\"532\" height=\"532\" src=\"https:\/\/www.gerriets-acoustics.com\/wp-content\/uploads\/2020\/11\/gw-2019-change-hub-schallvorhang-office-small.jpg\" class=\"attachment-post-thumbnail size-post-thumbnail wp-post-image\" alt=\"Zonificaci\u00f3n flexible de los puestos de trabajo en la oficina con cortinas ac\u00fasticas\" \/>                                <\/div> \r\n                                <div class=\"portfolio-caption-content\">\r\n                                    <a class=\"portfolio-content-link\" href=\"http:\/\/www.gerriets-acoustics.com\/es\/portfolio\/change-hub-gmbh-2-berlin-alemania\/\" target=\"_self\"><\/a>\r\n                                    <div class=\"portfolio-content\">\r\n                                        <div class=\"portfolio-content-details\">\r\n                                            <a class=\"portfolio-content-link\" href=\"http:\/\/www.gerriets-acoustics.com\/es\/portfolio\/change-hub-gmbh-2-berlin-alemania\/\" target=\"_self\">\r\n                                                <div class=\"portfolio-content-inner\" >\r\n                                                    <h5 class=\"portfolio-title\">Change Hub GmbH <br> Berl\u00edn \/ Alemania<\/h5><ul class=\"portfolio-category list-inline\"><li>Mundos de oficina<\/li><li>Cortina ac\u00fastica OFFICE<\/li><li>Sistema de carriles OFFICE STUDIO<\/li><\/ul>                                                <\/div>\r\n                                            <\/a>\r\n                                                                                   <\/div>\r\n                                    <\/div>\r\n                                <\/div>\r\n                            <\/div>\r\n                                                    <\/div><div id=\"portfolio-post-8598\" class=\"portfolio-column portfolio-post portfolio-hover-style-5 all buerowelten schallvorhang-office schienensystem-trumpf-95 variable-raumakustik  width1x height1x col-xs-12 col-sm-6 col-md-4 animate\"  data-animation=\"fadeInUp\" data-animation-offset=\"90%\" style=\"margin: 15px 0; padding: 0 15px; -webkit-animation-duration: 0.8s; -webkit-animation-delay: 1.2s; animation-duration: 0.8s; animation-delay: 1.2s;\">\r\n                            <div class=\"portfolio-content-container\" >\r\n                                <div class=\"portfolio-thumbnail\">\r\n                                    <img loading=\"lazy\" decoding=\"async\" width=\"532\" height=\"532\" src=\"https:\/\/www.gerriets-acoustics.com\/wp-content\/uploads\/2022\/06\/gw-2020-EWS-schoenau-night-frictiondrive-small.jpg\" class=\"attachment-post-thumbnail size-post-thumbnail wp-post-image\" alt=\"Cafeter\u00eda con cortinas ac\u00fasticas y construcci\u00f3n especial del techo\" \/>                                <\/div> \r\n                                <div class=\"portfolio-caption-content\">\r\n                                    <a class=\"portfolio-content-link\" href=\"http:\/\/www.gerriets-acoustics.com\/es\/portfolio\/ews-elektrizitaetswerke-schoenau-2-schoenau-alemania\/\" target=\"_self\"><\/a>\r\n                                    <div class=\"portfolio-content\">\r\n                                        <div class=\"portfolio-content-details\">\r\n                                            <a class=\"portfolio-content-link\" href=\"http:\/\/www.gerriets-acoustics.com\/es\/portfolio\/ews-elektrizitaetswerke-schoenau-2-schoenau-alemania\/\" target=\"_self\">\r\n                                                <div class=\"portfolio-content-inner\" >\r\n                                                    <h5 class=\"portfolio-title\">EWS F\u00e1brica de electricidad de Sch\u00f6nau<br> Sch\u00f6nau \/ Alemania<\/h5><ul class=\"portfolio-category list-inline\"><li>Mundos de oficina<\/li><li>Cortina ac\u00fastica OFFICE<\/li><li>Sistema de carriles TRUMPF 95<\/li><li>Ac\u00fastica variable<\/li><\/ul>                                                <\/div>\r\n                                            <\/a>\r\n                                                                                   <\/div>\r\n                                    <\/div>\r\n                                <\/div>\r\n                            <\/div>\r\n                                                    <\/div><div id=\"portfolio-post-8610\" class=\"portfolio-column portfolio-post portfolio-hover-style-5 all gastronomie-und-handel schallvorhang-office  width1x height1x col-xs-12 col-sm-6 col-md-4 animate\"  data-animation=\"fadeInUp\" data-animation-offset=\"90%\" style=\"margin: 15px 0; padding: 0 15px; -webkit-animation-duration: 0.8s; -webkit-animation-delay: 0.4s; animation-duration: 0.8s; animation-delay: 0.4s;\">\r\n                            <div class=\"portfolio-content-container\" >\r\n                                <div class=\"portfolio-thumbnail\">\r\n                                    <img loading=\"lazy\" decoding=\"async\" width=\"532\" height=\"532\" src=\"https:\/\/www.gerriets-acoustics.com\/wp-content\/uploads\/2022\/06\/gw-2020-finaliv-schallvorhang-office-small.jpg\" class=\"attachment-post-thumbnail size-post-thumbnail wp-post-image\" alt=\"Vestuarios con cortinas insonorizadas para consultas discretas en las consultas\" \/>                                <\/div> \r\n                                <div class=\"portfolio-caption-content\">\r\n                                    <a class=\"portfolio-content-link\" href=\"http:\/\/www.gerriets-acoustics.com\/es\/portfolio\/boutique-fina-liv-2-munich-leipzig-alemania-2\/\" target=\"_self\"><\/a>\r\n                                    <div class=\"portfolio-content\">\r\n                                        <div class=\"portfolio-content-details\">\r\n                                            <a class=\"portfolio-content-link\" href=\"http:\/\/www.gerriets-acoustics.com\/es\/portfolio\/boutique-fina-liv-2-munich-leipzig-alemania-2\/\" target=\"_self\">\r\n                                                <div class=\"portfolio-content-inner\" >\r\n                                                    <h5 class=\"portfolio-title\">Boutique Fina &amp; Liv<br> M\u00fanich, Leipzig \/ Alemania<\/h5><ul class=\"portfolio-category list-inline\"><li>Gastronom\u00eda y comercio<\/li><li>Cortina ac\u00fastica OFFICE<\/li><\/ul>                                                <\/div>\r\n                                            <\/a>\r\n                                                                                   <\/div>\r\n                                    <\/div>\r\n                                <\/div>\r\n                            <\/div>\r\n                                                    <\/div><div id=\"portfolio-post-4270\" class=\"portfolio-column portfolio-post portfolio-hover-style-5 all buerowelten schallvorhang-office schienensystem-trumpf-95  width1x height1x col-xs-12 col-sm-6 col-md-4 animate\"  data-animation=\"fadeInUp\" data-animation-offset=\"90%\" style=\"margin: 15px 0; padding: 0 15px; -webkit-animation-duration: 0.8s; -webkit-animation-delay: 0.8s; animation-duration: 0.8s; animation-delay: 0.8s;\">\r\n                            <div class=\"portfolio-content-container\" >\r\n                                <div class=\"portfolio-thumbnail\">\r\n                                    <img loading=\"lazy\" decoding=\"async\" width=\"532\" height=\"532\" src=\"https:\/\/www.gerriets-acoustics.com\/wp-content\/uploads\/2020\/06\/2019-alnatura-schallvorhang-office-small.jpg\" class=\"attachment-post-thumbnail size-post-thumbnail wp-post-image\" alt=\"Vest\u00edbulo del entorno de trabajo de Alnatura con cortinas ac\u00fasticas\" \/>                                <\/div> \r\n                                <div class=\"portfolio-caption-content\">\r\n                                    <a class=\"portfolio-content-link\" href=\"http:\/\/www.gerriets-acoustics.com\/es\/portfolio\/alnatura-mundo-laboral\/\" target=\"_self\"><\/a>\r\n                                    <div class=\"portfolio-content\">\r\n                                        <div class=\"portfolio-content-details\">\r\n                                            <a class=\"portfolio-content-link\" href=\"http:\/\/www.gerriets-acoustics.com\/es\/portfolio\/alnatura-mundo-laboral\/\" target=\"_self\">\r\n                                                <div class=\"portfolio-content-inner\" >\r\n                                                    <h5 class=\"portfolio-title\">Alnatura mundo laboral <br> Darmstadt \/ Alemania<\/h5><ul class=\"portfolio-category list-inline\"><li>Mundos de oficina<\/li><li>Cortina ac\u00fastica OFFICE<\/li><li>Sistema de carriles TRUMPF 95<\/li><\/ul>                                                <\/div>\r\n                                            <\/a>\r\n                                                                                   <\/div>\r\n                                    <\/div>\r\n                                <\/div>\r\n                            <\/div>\r\n                                                    <\/div><div id=\"portfolio-post-7461\" class=\"portfolio-column portfolio-post portfolio-hover-style-5 all kulturbauten variable-raumakustik  width1x height1x col-xs-12 col-sm-6 col-md-4 animate\"  data-animation=\"fadeInUp\" data-animation-offset=\"90%\" style=\"margin: 15px 0; padding: 0 15px; -webkit-animation-duration: 0.8s; -webkit-animation-delay: 1.2s; animation-duration: 0.8s; animation-delay: 1.2s;\">\r\n                            <div class=\"portfolio-content-container\" >\r\n                                <div class=\"portfolio-thumbnail\">\r\n                                    <img loading=\"lazy\" decoding=\"async\" width=\"532\" height=\"532\" src=\"https:\/\/www.gerriets-acoustics.com\/wp-content\/uploads\/2022\/04\/2015-kraftwerkkonzert-berlin-small.jpg\" class=\"attachment-post-thumbnail size-post-thumbnail wp-post-image\" alt=\"Frontal de cristal con logotipo KRAFTWERK y absorbentes de graves en el fondo\" \/>                                <\/div> \r\n                                <div class=\"portfolio-caption-content\">\r\n                                    <a class=\"portfolio-content-link\" href=\"http:\/\/www.gerriets-acoustics.com\/es\/portfolio\/kraftwerk-concierto-berlin-alemania\/\" target=\"_self\"><\/a>\r\n                                    <div class=\"portfolio-content\">\r\n                                        <div class=\"portfolio-content-details\">\r\n                                            <a class=\"portfolio-content-link\" href=\"http:\/\/www.gerriets-acoustics.com\/es\/portfolio\/kraftwerk-concierto-berlin-alemania\/\" target=\"_self\">\r\n                                                <div class=\"portfolio-content-inner\" >\r\n                                                    <h5 class=\"portfolio-title\">Concierto KRAFTWERK<br> Berl\u00edn \/ Alemania<\/h5><ul class=\"portfolio-category list-inline\"><li>Edificios culturales<\/li><li>Ac\u00fastica variable<\/li><\/ul>                                                <\/div>\r\n                                            <\/a>\r\n                                                                                   <\/div>\r\n                                    <\/div>\r\n                                <\/div>\r\n                            <\/div>\r\n                                                    <\/div><div id=\"portfolio-post-4253\" class=\"portfolio-column portfolio-post portfolio-hover-style-5 all kulturbauten variable-raumakustik  width1x height1x col-xs-12 col-sm-6 col-md-4 animate\"  data-animation=\"fadeInUp\" data-animation-offset=\"90%\" style=\"margin: 15px 0; padding: 0 15px; -webkit-animation-duration: 0.8s; -webkit-animation-delay: 0.4s; animation-duration: 0.8s; animation-delay: 0.4s;\">\r\n                            <div class=\"portfolio-content-container\" >\r\n                                <div class=\"portfolio-thumbnail\">\r\n                                    <img loading=\"lazy\" decoding=\"async\" width=\"532\" height=\"532\" src=\"https:\/\/www.gerriets-acoustics.com\/wp-content\/uploads\/2022\/06\/gw-2020-ventspils-music-school-RUNWAY-PLUS-small.jpg\" class=\"attachment-post-thumbnail size-post-thumbnail wp-post-image\" alt=\"Sala de conciertos con cortinas ac\u00fasticas enrollables e insonorizadas\" \/>                                <\/div> \r\n                                <div class=\"portfolio-caption-content\">\r\n                                    <a class=\"portfolio-content-link\" href=\"http:\/\/www.gerriets-acoustics.com\/es\/portfolio\/escuela-de-musica-y-sala-de-conciertos\/\" target=\"_self\"><\/a>\r\n                                    <div class=\"portfolio-content\">\r\n                                        <div class=\"portfolio-content-details\">\r\n                                            <a class=\"portfolio-content-link\" href=\"http:\/\/www.gerriets-acoustics.com\/es\/portfolio\/escuela-de-musica-y-sala-de-conciertos\/\" target=\"_self\">\r\n                                                <div class=\"portfolio-content-inner\" >\r\n                                                    <h5 class=\"portfolio-title\">Escuela de M\u00fasica y Sala de Conciertos de Ventspils <br> Ventspils \/ Letonia<\/h5><ul class=\"portfolio-category list-inline\"><li>Edificios culturales<\/li><li>Ac\u00fastica variable<\/li><\/ul>                                                <\/div>\r\n                                            <\/a>\r\n                                                                                   <\/div>\r\n                                    <\/div>\r\n                                <\/div>\r\n                            <\/div>\r\n                                                    <\/div><div id=\"portfolio-post-4232\" class=\"portfolio-column portfolio-post portfolio-hover-style-5 all buerowelten schallvorhang-office schienensystem-trumpf-95  width1x height1x col-xs-12 col-sm-6 col-md-4 animate\"  data-animation=\"fadeInUp\" data-animation-offset=\"90%\" style=\"margin: 15px 0; padding: 0 15px; -webkit-animation-duration: 0.8s; -webkit-animation-delay: 0.8s; animation-duration: 0.8s; animation-delay: 0.8s;\">\r\n                            <div class=\"portfolio-content-container\" >\r\n                                <div class=\"portfolio-thumbnail\">\r\n                                    <img loading=\"lazy\" decoding=\"async\" width=\"532\" height=\"532\" src=\"https:\/\/www.gerriets-acoustics.com\/wp-content\/uploads\/2022\/06\/2019-huerlemanns-dancing-office-schallvorhang-small.jpg\" class=\"attachment-post-thumbnail size-post-thumbnail wp-post-image\" alt=\"\" \/>                                <\/div> \r\n                                <div class=\"portfolio-caption-content\">\r\n                                    <a class=\"portfolio-content-link\" href=\"http:\/\/www.gerriets-acoustics.com\/es\/portfolio\/stephan-huerlemanns-dancing-office\/\" target=\"_self\"><\/a>\r\n                                    <div class=\"portfolio-content\">\r\n                                        <div class=\"portfolio-content-details\">\r\n                                            <a class=\"portfolio-content-link\" href=\"http:\/\/www.gerriets-acoustics.com\/es\/portfolio\/stephan-huerlemanns-dancing-office\/\" target=\"_self\">\r\n                                                <div class=\"portfolio-content-inner\" >\r\n                                                    <h5 class=\"portfolio-title\">Oficina de baile de Stephan H\u00fcrlemann <br> Z\u00farich \/ Suiza<\/h5><ul class=\"portfolio-category list-inline\"><li>Mundos de oficina<\/li><li>Cortina ac\u00fastica OFFICE<\/li><li>Sistema de carriles TRUMPF 95<\/li><\/ul>                                                <\/div>\r\n                                            <\/a>\r\n                                                                                   <\/div>\r\n                                    <\/div>\r\n                                <\/div>\r\n                            <\/div>\r\n                                                    <\/div><div id=\"portfolio-post-4210\" class=\"portfolio-column portfolio-post portfolio-hover-style-5 all bildung-und-lehre schallvorhang-office schienensystem-trumpf-95  width1x height1x col-xs-12 col-sm-6 col-md-4 animate\"  data-animation=\"fadeInUp\" data-animation-offset=\"90%\" style=\"margin: 15px 0; padding: 0 15px; -webkit-animation-duration: 0.8s; -webkit-animation-delay: 1.2s; animation-duration: 0.8s; animation-delay: 1.2s;\">\r\n                            <div class=\"portfolio-content-container\" >\r\n                                <div class=\"portfolio-thumbnail\">\r\n                                    <img loading=\"lazy\" decoding=\"async\" width=\"532\" height=\"532\" src=\"https:\/\/www.gerriets-acoustics.com\/wp-content\/uploads\/2022\/06\/gw-2018-koeln-bibliothek-schallvorhang-office-small.jpg\" class=\"attachment-post-thumbnail size-post-thumbnail wp-post-image\" alt=\"Sala de reuniones con mesa redonda y cortina ac\u00fastica, todo en blanco\" \/>                                <\/div> \r\n                                <div class=\"portfolio-caption-content\">\r\n                                    <a class=\"portfolio-content-link\" href=\"http:\/\/www.gerriets-acoustics.com\/es\/portfolio\/biblioteca-colegio-de-administracion-publica-2\/\" target=\"_self\"><\/a>\r\n                                    <div class=\"portfolio-content\">\r\n                                        <div class=\"portfolio-content-details\">\r\n                                            <a class=\"portfolio-content-link\" href=\"http:\/\/www.gerriets-acoustics.com\/es\/portfolio\/biblioteca-colegio-de-administracion-publica-2\/\" target=\"_self\">\r\n                                                <div class=\"portfolio-content-inner\" >\r\n                                                    <h5 class=\"portfolio-title\">Biblioteca Universidad de Polic\u00eda y Administraci\u00f3n P\u00fablica <br> Colonia \/ Alemania<\/h5><ul class=\"portfolio-category list-inline\"><li>Educaci\u00f3n y ense\u00f1anza<\/li><li>Cortina ac\u00fastica OFFICE<\/li><li>Sistema de carriles TRUMPF 95<\/li><\/ul>                                                <\/div>\r\n                                            <\/a>\r\n                                                                                   <\/div>\r\n                                    <\/div>\r\n                                <\/div>\r\n                            <\/div>\r\n                                                    <\/div><div id=\"portfolio-post-4202\" class=\"portfolio-column portfolio-post portfolio-hover-style-5 all buerowelten schallvorhang-office schallvorhang-office-window  width1x height1x col-xs-12 col-sm-6 col-md-4 animate\"  data-animation=\"fadeInUp\" data-animation-offset=\"90%\" style=\"margin: 15px 0; padding: 0 15px; -webkit-animation-duration: 0.8s; -webkit-animation-delay: 0.4s; animation-duration: 0.8s; animation-delay: 0.4s;\">\r\n                            <div class=\"portfolio-content-container\" >\r\n                                <div class=\"portfolio-thumbnail\">\r\n                                    <img loading=\"lazy\" decoding=\"async\" width=\"532\" height=\"532\" src=\"https:\/\/www.gerriets-acoustics.com\/wp-content\/uploads\/2022\/06\/2019-adidas-schallvorhang-office-small.jpg\" class=\"attachment-post-thumbnail size-post-thumbnail wp-post-image\" alt=\"Sala de despacho y cortina insonorizada con mirillas ac\u00fasticamente eficaces\" \/>                                <\/div> \r\n                                <div class=\"portfolio-caption-content\">\r\n                                    <a class=\"portfolio-content-link\" href=\"http:\/\/www.gerriets-acoustics.com\/es\/portfolio\/cordones-adidas\/\" target=\"_self\"><\/a>\r\n                                    <div class=\"portfolio-content\">\r\n                                        <div class=\"portfolio-content-details\">\r\n                                            <a class=\"portfolio-content-link\" href=\"http:\/\/www.gerriets-acoustics.com\/es\/portfolio\/cordones-adidas\/\" target=\"_self\">\r\n                                                <div class=\"portfolio-content-inner\" >\r\n                                                    <h5 class=\"portfolio-title\">Cordones adidas <br> Herzogenaurach \/ Alemania<\/h5><ul class=\"portfolio-category list-inline\"><li>Mundos de oficina<\/li><li>Cortina ac\u00fastica OFFICE<\/li><li>Cortina ac\u00fastica OFFICE WINDOW<\/li><\/ul>                                                <\/div>\r\n                                            <\/a>\r\n                                                                                   <\/div>\r\n                                    <\/div>\r\n                                <\/div>\r\n                            <\/div>\r\n                                                    <\/div><div id=\"portfolio-post-5184\" class=\"portfolio-column portfolio-post portfolio-hover-style-5 all schallvorhang-office schallvorhang-office-window  width1x height1x col-xs-12 col-sm-6 col-md-4 animate\"  data-animation=\"fadeInUp\" data-animation-offset=\"90%\" style=\"margin: 15px 0; padding: 0 15px; -webkit-animation-duration: 0.8s; -webkit-animation-delay: 0.8s; animation-duration: 0.8s; animation-delay: 0.8s;\">\r\n                            <div class=\"portfolio-content-container\" >\r\n                                <div class=\"portfolio-thumbnail\">\r\n                                    <img loading=\"lazy\" decoding=\"async\" width=\"532\" height=\"532\" src=\"https:\/\/www.gerriets-acoustics.com\/wp-content\/uploads\/2022\/06\/gw-2018-orgatec-schallvorhang-office-window-small.jpg\" class=\"attachment-post-thumbnail size-post-thumbnail wp-post-image\" alt=\"Stand de exposici\u00f3n Gerriets con cortina ac\u00fastica y mirilla integrada\" \/>                                <\/div> \r\n                                <div class=\"portfolio-caption-content\">\r\n                                    <a class=\"portfolio-content-link\" href=\"http:\/\/www.gerriets-acoustics.com\/es\/portfolio\/orgatec-fair-stand-gerriets-2\/\" target=\"_self\"><\/a>\r\n                                    <div class=\"portfolio-content\">\r\n                                        <div class=\"portfolio-content-details\">\r\n                                            <a class=\"portfolio-content-link\" href=\"http:\/\/www.gerriets-acoustics.com\/es\/portfolio\/orgatec-fair-stand-gerriets-2\/\" target=\"_self\">\r\n                                                <div class=\"portfolio-content-inner\" >\r\n                                                    <h5 class=\"portfolio-title\">Stand de la feria ORGATEC Gerriets 2018<br> Colonia \/ Alemania<\/h5><ul class=\"portfolio-category list-inline\"><li>Cortina ac\u00fastica OFFICE<\/li><li>Cortina ac\u00fastica OFFICE WINDOW<\/li><\/ul>                                                <\/div>\r\n                                            <\/a>\r\n                                                                                   <\/div>\r\n                                    <\/div>\r\n                                <\/div>\r\n                            <\/div>\r\n                                                    <\/div><div id=\"portfolio-post-5181\" class=\"portfolio-column portfolio-post portfolio-hover-style-5 all buerowelten schallvorhang-office schienensystem-trumpf-95  width1x height1x col-xs-12 col-sm-6 col-md-4 animate\"  data-animation=\"fadeInUp\" data-animation-offset=\"90%\" style=\"margin: 15px 0; padding: 0 15px; -webkit-animation-duration: 0.8s; -webkit-animation-delay: 1.2s; animation-duration: 0.8s; animation-delay: 1.2s;\">\r\n                            <div class=\"portfolio-content-container\" >\r\n                                <div class=\"portfolio-thumbnail\">\r\n                                    <img loading=\"lazy\" decoding=\"async\" width=\"532\" height=\"532\" src=\"https:\/\/www.gerriets-acoustics.com\/wp-content\/uploads\/2019\/05\/gw-2019-Buehler-AG-OFFICE-small.jpg\" class=\"attachment-post-thumbnail size-post-thumbnail wp-post-image\" alt=\"Auditorio con cortina ac\u00fastica variable y asientos de colores\" \/>                                <\/div> \r\n                                <div class=\"portfolio-caption-content\">\r\n                                    <a class=\"portfolio-content-link\" href=\"http:\/\/www.gerriets-acoustics.com\/es\/portfolio\/buehler-ag-2\/\" target=\"_self\"><\/a>\r\n                                    <div class=\"portfolio-content\">\r\n                                        <div class=\"portfolio-content-details\">\r\n                                            <a class=\"portfolio-content-link\" href=\"http:\/\/www.gerriets-acoustics.com\/es\/portfolio\/buehler-ag-2\/\" target=\"_self\">\r\n                                                <div class=\"portfolio-content-inner\" >\r\n                                                    <h5 class=\"portfolio-title\">B\u00fchler AG <br> Uzwil \/ Suiza<\/h5><ul class=\"portfolio-category list-inline\"><li>Mundos de oficina<\/li><li>Cortina ac\u00fastica OFFICE<\/li><li>Sistema de carriles TRUMPF 95<\/li><\/ul>                                                <\/div>\r\n                                            <\/a>\r\n                                                                                   <\/div>\r\n                                    <\/div>\r\n                                <\/div>\r\n                            <\/div>\r\n                                                    <\/div><div id=\"portfolio-post-7550\" class=\"portfolio-column portfolio-post portfolio-hover-style-5 all buerowelten metallgewebe-g-mesh  width1x height1x col-xs-12 col-sm-6 col-md-4 animate\"  data-animation=\"fadeInUp\" data-animation-offset=\"90%\" style=\"margin: 15px 0; padding: 0 15px; -webkit-animation-duration: 0.8s; -webkit-animation-delay: 0.4s; animation-duration: 0.8s; animation-delay: 0.4s;\">\r\n                            <div class=\"portfolio-content-container\" >\r\n                                <div class=\"portfolio-thumbnail\">\r\n                                    <img loading=\"lazy\" decoding=\"async\" width=\"532\" height=\"532\" src=\"https:\/\/www.gerriets-acoustics.com\/wp-content\/uploads\/2022\/04\/gw-zf-forum-small.jpg\" class=\"attachment-post-thumbnail size-post-thumbnail wp-post-image\" alt=\"Vista detallada de la cortina divisoria de malla met\u00e1lica G-MESH\" \/>                                <\/div> \r\n                                <div class=\"portfolio-caption-content\">\r\n                                    <a class=\"portfolio-content-link\" href=\"http:\/\/www.gerriets-acoustics.com\/es\/portfolio\/zf-forum-friedrichshafen-alemania\/\" target=\"_self\"><\/a>\r\n                                    <div class=\"portfolio-content\">\r\n                                        <div class=\"portfolio-content-details\">\r\n                                            <a class=\"portfolio-content-link\" href=\"http:\/\/www.gerriets-acoustics.com\/es\/portfolio\/zf-forum-friedrichshafen-alemania\/\" target=\"_self\">\r\n                                                <div class=\"portfolio-content-inner\" >\r\n                                                    <h5 class=\"portfolio-title\">Foro ZF<br> Friedrichshafen \/ Alemania<\/h5><ul class=\"portfolio-category list-inline\"><li>Mundos de oficina<\/li><li>Malla met\u00e1lica G-MESH<\/li><\/ul>                                                <\/div>\r\n                                            <\/a>\r\n                                                                                   <\/div>\r\n                                    <\/div>\r\n                                <\/div>\r\n                            <\/div>\r\n                                                    <\/div><div id=\"portfolio-post-3361\" class=\"portfolio-column portfolio-post portfolio-hover-style-5 all bildung-und-lehre buerowelten lichtdurchlaessige-stoffe schallvorhang-office variable-raumakustik  width1x height1x col-xs-12 col-sm-6 col-md-4 animate\"  data-animation=\"fadeInUp\" data-animation-offset=\"90%\" style=\"margin: 15px 0; padding: 0 15px; -webkit-animation-duration: 0.8s; -webkit-animation-delay: 0.8s; animation-duration: 0.8s; animation-delay: 0.8s;\">\r\n                            <div class=\"portfolio-content-container\" >\r\n                                <div class=\"portfolio-thumbnail\">\r\n                                    <img loading=\"lazy\" decoding=\"async\" width=\"532\" height=\"532\" src=\"https:\/\/www.gerriets-acoustics.com\/wp-content\/uploads\/2022\/06\/gw-2017-gap-quartier-akustik-small.jpg\" class=\"attachment-post-thumbnail size-post-thumbnail wp-post-image\" alt=\"Cortina insonorizada como separador de espacios flexible para islas de reuniones\" \/>                                <\/div> \r\n                                <div class=\"portfolio-caption-content\">\r\n                                    <a class=\"portfolio-content-link\" href=\"http:\/\/www.gerriets-acoustics.com\/es\/portfolio\/gap-quartier-gbr-2\/\" target=\"_self\"><\/a>\r\n                                    <div class=\"portfolio-content\">\r\n                                        <div class=\"portfolio-content-details\">\r\n                                            <a class=\"portfolio-content-link\" href=\"http:\/\/www.gerriets-acoustics.com\/es\/portfolio\/gap-quartier-gbr-2\/\" target=\"_self\">\r\n                                                <div class=\"portfolio-content-inner\" >\r\n                                                    <h5 class=\"portfolio-title\">gap.Quartier GbR <br> Garmisch-Partenkirchen \/ Alemania<\/h5><ul class=\"portfolio-category list-inline\"><li>Educaci\u00f3n y ense\u00f1anza<\/li><li>Mundos de oficina<\/li><li>Tejidos trasl\u00facidos<\/li><li>Cortina ac\u00fastica OFFICE<\/li><li>Ac\u00fastica variable<\/li><\/ul>                                                <\/div>\r\n                                            <\/a>\r\n                                                                                   <\/div>\r\n                                    <\/div>\r\n                                <\/div>\r\n                            <\/div>\r\n                                                    <\/div><div id=\"portfolio-post-3323\" class=\"portfolio-column portfolio-post portfolio-hover-style-5 all kulturbauten variable-raumakustik  width1x height1x col-xs-12 col-sm-6 col-md-4 animate\"  data-animation=\"fadeInUp\" data-animation-offset=\"90%\" style=\"margin: 15px 0; padding: 0 15px; -webkit-animation-duration: 0.8s; -webkit-animation-delay: 1.2s; animation-duration: 0.8s; animation-delay: 1.2s;\">\r\n                            <div class=\"portfolio-content-container\" >\r\n                                <div class=\"portfolio-thumbnail\">\r\n                                    <img loading=\"lazy\" decoding=\"async\" width=\"532\" height=\"532\" src=\"https:\/\/www.gerriets-acoustics.com\/wp-content\/uploads\/2022\/06\/gw-2017-unterfoehring-g-sorber-small.jpg\" class=\"attachment-post-thumbnail size-post-thumbnail wp-post-image\" alt=\"Pancarta ac\u00fastica enrollable en sala polivalente, centro comunitario\" \/>                                <\/div> \r\n                                <div class=\"portfolio-caption-content\">\r\n                                    <a class=\"portfolio-content-link\" href=\"http:\/\/www.gerriets-acoustics.com\/es\/portfolio\/buergerhaus-unterfoehring-2\/\" target=\"_self\"><\/a>\r\n                                    <div class=\"portfolio-content\">\r\n                                        <div class=\"portfolio-content-details\">\r\n                                            <a class=\"portfolio-content-link\" href=\"http:\/\/www.gerriets-acoustics.com\/es\/portfolio\/buergerhaus-unterfoehring-2\/\" target=\"_self\">\r\n                                                <div class=\"portfolio-content-inner\" >\r\n                                                    <h5 class=\"portfolio-title\">Centro comunitario Unterf\u00f6hring <br> Unterf\u00f6hring \/ Alemania<\/h5><ul class=\"portfolio-category list-inline\"><li>Edificios culturales<\/li><li>Ac\u00fastica variable<\/li><\/ul>                                                <\/div>\r\n                                            <\/a>\r\n                                                                                   <\/div>\r\n                                    <\/div>\r\n                                <\/div>\r\n                            <\/div>\r\n                                                    <\/div><div id=\"portfolio-post-3310\" class=\"portfolio-column portfolio-post portfolio-hover-style-5 all design-und-schmuckvorhaenge gastronomie-und-handel schallvorhang-office  width1x height1x col-xs-12 col-sm-6 col-md-4 animate\"  data-animation=\"fadeInUp\" data-animation-offset=\"90%\" style=\"margin: 15px 0; padding: 0 15px; -webkit-animation-duration: 0.8s; -webkit-animation-delay: 0.4s; animation-duration: 0.8s; animation-delay: 0.4s;\">\r\n                            <div class=\"portfolio-content-container\" >\r\n                                <div class=\"portfolio-thumbnail\">\r\n                                    <img loading=\"lazy\" decoding=\"async\" width=\"532\" height=\"532\" src=\"https:\/\/www.gerriets-acoustics.com\/wp-content\/uploads\/2022\/06\/gw-2017-hotel-glockenspitze-akustik-trennvorhaenge-small.jpg\" class=\"attachment-post-thumbnail size-post-thumbnail wp-post-image\" alt=\"Asientos cerrados por una cortina de cuerdas, zona VIP del restaurante\" \/>                                <\/div> \r\n                                <div class=\"portfolio-caption-content\">\r\n                                    <a class=\"portfolio-content-link\" href=\"http:\/\/www.gerriets-acoustics.com\/es\/portfolio\/hotel-glockenspitze-restaurante-maracana-2\/\" target=\"_self\"><\/a>\r\n                                    <div class=\"portfolio-content\">\r\n                                        <div class=\"portfolio-content-details\">\r\n                                            <a class=\"portfolio-content-link\" href=\"http:\/\/www.gerriets-acoustics.com\/es\/portfolio\/hotel-glockenspitze-restaurante-maracana-2\/\" target=\"_self\">\r\n                                                <div class=\"portfolio-content-inner\" >\r\n                                                    <h5 class=\"portfolio-title\">Hotel Glockenspitze \/ Restaurante Maracana <br> Altenkirchen \/ Alemania<\/h5><ul class=\"portfolio-category list-inline\"><li>Cortinas de dise\u00f1o y decoraci\u00f3n<\/li><li>Gastronom\u00eda y comercio<\/li><li>Cortina ac\u00fastica OFFICE<\/li><\/ul>                                                <\/div>\r\n                                            <\/a>\r\n                                                                                   <\/div>\r\n                                    <\/div>\r\n                                <\/div>\r\n                            <\/div>\r\n                                                    <\/div><div id=\"portfolio-post-7471\" class=\"portfolio-column portfolio-post portfolio-hover-style-5 all kulturbauten variable-raumakustik  width1x height1x col-xs-12 col-sm-6 col-md-4 animate\"  data-animation=\"fadeInUp\" data-animation-offset=\"90%\" style=\"margin: 15px 0; padding: 0 15px; -webkit-animation-duration: 0.8s; -webkit-animation-delay: 0.8s; animation-duration: 0.8s; animation-delay: 0.8s;\">\r\n                            <div class=\"portfolio-content-container\" >\r\n                                <div class=\"portfolio-thumbnail\">\r\n                                    <img loading=\"lazy\" decoding=\"async\" width=\"532\" height=\"532\" src=\"https:\/\/www.gerriets-acoustics.com\/wp-content\/uploads\/2022\/04\/gw-2018-staatsoperette-dresden-small.jpg\" class=\"attachment-post-thumbnail size-post-thumbnail wp-post-image\" alt=\"Vista detallada del absorbente ac\u00fastico inflado para una absorci\u00f3n espec\u00edfica en la gama de graves\" \/>                                <\/div> \r\n                                <div class=\"portfolio-caption-content\">\r\n                                    <a class=\"portfolio-content-link\" href=\"http:\/\/www.gerriets-acoustics.com\/es\/portfolio\/staatsoperette-dresden-deutschland\/\" target=\"_self\"><\/a>\r\n                                    <div class=\"portfolio-content\">\r\n                                        <div class=\"portfolio-content-details\">\r\n                                            <a class=\"portfolio-content-link\" href=\"http:\/\/www.gerriets-acoustics.com\/es\/portfolio\/staatsoperette-dresden-deutschland\/\" target=\"_self\">\r\n                                                <div class=\"portfolio-content-inner\" >\r\n                                                    <h5 class=\"portfolio-title\">Opereta Estatal de Dresde<br> Dresde \/ Alemania<\/h5><ul class=\"portfolio-category list-inline\"><li>Edificios culturales<\/li><li>Ac\u00fastica variable<\/li><\/ul>                                                <\/div>\r\n                                            <\/a>\r\n                                                                                   <\/div>\r\n                                    <\/div>\r\n                                <\/div>\r\n                            <\/div>\r\n                                                    <\/div><div id=\"portfolio-post-3302\" class=\"portfolio-column portfolio-post portfolio-hover-style-5 all gastronomie-und-handel oeffentlicher-aum variable-raumakustik  width1x height1x col-xs-12 col-sm-6 col-md-4 animate\"  data-animation=\"fadeInUp\" data-animation-offset=\"90%\" style=\"margin: 15px 0; padding: 0 15px; -webkit-animation-duration: 0.8s; -webkit-animation-delay: 1.2s; animation-duration: 0.8s; animation-delay: 1.2s;\">\r\n                            <div class=\"portfolio-content-container\" >\r\n                                <div class=\"portfolio-thumbnail\">\r\n                                    <img loading=\"lazy\" decoding=\"async\" width=\"532\" height=\"532\" src=\"https:\/\/www.gerriets-acoustics.com\/wp-content\/uploads\/2022\/06\/gw-2016-boesers-restaurant-absorber-small.jpg\" class=\"attachment-post-thumbnail size-post-thumbnail wp-post-image\" alt=\"Sala de actos ac\u00fasticamente optimizada con filas de asientos y escenario\" \/>                                <\/div> \r\n                                <div class=\"portfolio-caption-content\">\r\n                                    <a class=\"portfolio-content-link\" href=\"http:\/\/www.gerriets-acoustics.com\/es\/portfolio\/restaurante-boesers-asparagus\/\" target=\"_self\"><\/a>\r\n                                    <div class=\"portfolio-content\">\r\n                                        <div class=\"portfolio-content-details\">\r\n                                            <a class=\"portfolio-content-link\" href=\"http:\/\/www.gerriets-acoustics.com\/es\/portfolio\/restaurante-boesers-asparagus\/\" target=\"_self\">\r\n                                                <div class=\"portfolio-content-inner\" >\r\n                                                    <h5 class=\"portfolio-title\">Restaurante B\u00f6sers Asparagus <br> Bosque \/ Alemania<\/h5><ul class=\"portfolio-category list-inline\"><li>Gastronom\u00eda y comercio<\/li><li>Espacio p\u00fablico<\/li><li>Ac\u00fastica variable<\/li><\/ul>                                                <\/div>\r\n                                            <\/a>\r\n                                                                                   <\/div>\r\n                                    <\/div>\r\n                                <\/div>\r\n                            <\/div>\r\n                                                    <\/div><div id=\"portfolio-post-2993\" class=\"portfolio-column portfolio-post portfolio-hover-style-5 all buerowelten design-und-schmuckvorhaenge schallvorhang-office schienensystem-trumpf-95  width1x height1x col-xs-12 col-sm-6 col-md-4 animate\"  data-animation=\"fadeInUp\" data-animation-offset=\"90%\" style=\"margin: 15px 0; padding: 0 15px; -webkit-animation-duration: 0.8s; -webkit-animation-delay: 0.4s; animation-duration: 0.8s; animation-delay: 0.4s;\">\r\n                            <div class=\"portfolio-content-container\" >\r\n                                <div class=\"portfolio-thumbnail\">\r\n                                    <img loading=\"lazy\" decoding=\"async\" width=\"532\" height=\"532\" src=\"https:\/\/www.gerriets-acoustics.com\/wp-content\/uploads\/2022\/06\/gw-2017-umkirch-schallvorhang-small.jpg\" class=\"attachment-post-thumbnail size-post-thumbnail wp-post-image\" alt=\"Cortina insonorizada como separador de ambientes flexible, con impresi\u00f3n en columna\" \/>                                <\/div> \r\n                                <div class=\"portfolio-caption-content\">\r\n                                    <a class=\"portfolio-content-link\" href=\"http:\/\/www.gerriets-acoustics.com\/es\/portfolio\/gerriets-gmbh-2-2\/\" target=\"_self\"><\/a>\r\n                                    <div class=\"portfolio-content\">\r\n                                        <div class=\"portfolio-content-details\">\r\n                                            <a class=\"portfolio-content-link\" href=\"http:\/\/www.gerriets-acoustics.com\/es\/portfolio\/gerriets-gmbh-2-2\/\" target=\"_self\">\r\n                                                <div class=\"portfolio-content-inner\" >\r\n                                                    <h5 class=\"portfolio-title\">Gerriets GmbH <br> Sala con columnas Umkirch \/ Alemania<\/h5><ul class=\"portfolio-category list-inline\"><li>Mundos de oficina<\/li><li>Cortinas de dise\u00f1o y decoraci\u00f3n<\/li><li>Cortina ac\u00fastica OFFICE<\/li><li>Sistema de carriles TRUMPF 95<\/li><\/ul>                                                <\/div>\r\n                                            <\/a>\r\n                                                                                   <\/div>\r\n                                    <\/div>\r\n                                <\/div>\r\n                            <\/div>\r\n                                                    <\/div><div id=\"portfolio-post-2918\" class=\"portfolio-column portfolio-post portfolio-hover-style-5 all buerowelten design-und-schmuckvorhaenge schallvorhang-office schienensystem-trumpf-95  width1x height1x col-xs-12 col-sm-6 col-md-4 animate\"  data-animation=\"fadeInUp\" data-animation-offset=\"90%\" style=\"margin: 15px 0; padding: 0 15px; -webkit-animation-duration: 0.8s; -webkit-animation-delay: 0.8s; animation-duration: 0.8s; animation-delay: 0.8s;\">\r\n                            <div class=\"portfolio-content-container\" >\r\n                                <div class=\"portfolio-thumbnail\">\r\n                                    <img loading=\"lazy\" decoding=\"async\" width=\"532\" height=\"532\" src=\"https:\/\/www.gerriets-acoustics.com\/wp-content\/uploads\/2022\/06\/gw-2016-orgatec-gerriets-small.jpg\" class=\"attachment-post-thumbnail size-post-thumbnail wp-post-image\" alt=\"Stand ferial de Gerriets con cortina ac\u00fastica, ORGATEC 2016\" \/>                                <\/div> \r\n                                <div class=\"portfolio-caption-content\">\r\n                                    <a class=\"portfolio-content-link\" href=\"http:\/\/www.gerriets-acoustics.com\/es\/portfolio\/gerriets-orgatec-2016\/\" target=\"_self\"><\/a>\r\n                                    <div class=\"portfolio-content\">\r\n                                        <div class=\"portfolio-content-details\">\r\n                                            <a class=\"portfolio-content-link\" href=\"http:\/\/www.gerriets-acoustics.com\/es\/portfolio\/gerriets-orgatec-2016\/\" target=\"_self\">\r\n                                                <div class=\"portfolio-content-inner\" >\r\n                                                    <h5 class=\"portfolio-title\">Stand en la feria ORGATEC Gerriets 2016<br> Colonia \/ Alemania<\/h5><ul class=\"portfolio-category list-inline\"><li>Mundos de oficina<\/li><li>Cortinas de dise\u00f1o y decoraci\u00f3n<\/li><li>Cortina ac\u00fastica OFFICE<\/li><li>Sistema de carriles TRUMPF 95<\/li><\/ul>                                                <\/div>\r\n                                            <\/a>\r\n                                                                                   <\/div>\r\n                                    <\/div>\r\n                                <\/div>\r\n                            <\/div>\r\n                                                    <\/div><div id=\"portfolio-post-2911\" class=\"portfolio-column portfolio-post portfolio-hover-style-5 all lichtdurchlaessige-stoffe oeffentlicher-aum  width1x height1x col-xs-12 col-sm-6 col-md-4 animate\"  data-animation=\"fadeInUp\" data-animation-offset=\"90%\" style=\"margin: 15px 0; padding: 0 15px; -webkit-animation-duration: 0.8s; -webkit-animation-delay: 1.2s; animation-duration: 0.8s; animation-delay: 1.2s;\">\r\n                            <div class=\"portfolio-content-container\" >\r\n                                <div class=\"portfolio-thumbnail\">\r\n                                    <img loading=\"lazy\" decoding=\"async\" width=\"532\" height=\"532\" src=\"https:\/\/www.gerriets-acoustics.com\/wp-content\/uploads\/2022\/06\/gw-2017-iaa-mercdes-benz-small.jpg\" class=\"attachment-post-thumbnail size-post-thumbnail wp-post-image\" alt=\"Escenario con asientos y gradas y tel\u00f3n ac\u00fastico transparente\" \/>                                <\/div> \r\n                                <div class=\"portfolio-caption-content\">\r\n                                    <a class=\"portfolio-content-link\" href=\"http:\/\/www.gerriets-acoustics.com\/es\/portfolio\/mercedes-benz-iaa-2017-2\/\" target=\"_self\"><\/a>\r\n                                    <div class=\"portfolio-content\">\r\n                                        <div class=\"portfolio-content-details\">\r\n                                            <a class=\"portfolio-content-link\" href=\"http:\/\/www.gerriets-acoustics.com\/es\/portfolio\/mercedes-benz-iaa-2017-2\/\" target=\"_self\">\r\n                                                <div class=\"portfolio-content-inner\" >\r\n                                                    <h5 class=\"portfolio-title\">Stand de Mercedes Benz en la feria IAA <br> Frankfurt \/ Alemania<\/h5><ul class=\"portfolio-category list-inline\"><li>Tejidos trasl\u00facidos<\/li><li>Espacio p\u00fablico<\/li><\/ul>                                                <\/div>\r\n                                            <\/a>\r\n                                                                                   <\/div>\r\n                                    <\/div>\r\n                                <\/div>\r\n                            <\/div>\r\n                                                    <\/div><div id=\"portfolio-post-7469\" class=\"portfolio-column portfolio-post portfolio-hover-style-5 all kulturbauten variable-raumakustik  width1x height1x col-xs-12 col-sm-6 col-md-4 animate\"  data-animation=\"fadeInUp\" data-animation-offset=\"90%\" style=\"margin: 15px 0; padding: 0 15px; -webkit-animation-duration: 0.8s; -webkit-animation-delay: 0.4s; animation-duration: 0.8s; animation-delay: 0.4s;\">\r\n                            <div class=\"portfolio-content-container\" >\r\n                                <div class=\"portfolio-thumbnail\">\r\n                                    <img loading=\"lazy\" decoding=\"async\" width=\"532\" height=\"532\" src=\"https:\/\/www.gerriets-acoustics.com\/wp-content\/uploads\/2022\/04\/gw-2015-London-Symphony-Orchestra-Audi-Ingoldstadt-Deutschland-aQflex-small.jpg\" class=\"attachment-post-thumbnail size-post-thumbnail wp-post-image\" alt=\"Techo del vest\u00edbulo con absorbentes aQflex\u2122.\" \/>                                <\/div> \r\n                                <div class=\"portfolio-caption-content\">\r\n                                    <a class=\"portfolio-content-link\" href=\"http:\/\/www.gerriets-acoustics.com\/es\/portfolio\/orquesta-sinfonica-de-londres-ingolstadt-alemania-2\/\" target=\"_self\"><\/a>\r\n                                    <div class=\"portfolio-content\">\r\n                                        <div class=\"portfolio-content-details\">\r\n                                            <a class=\"portfolio-content-link\" href=\"http:\/\/www.gerriets-acoustics.com\/es\/portfolio\/orquesta-sinfonica-de-londres-ingolstadt-alemania-2\/\" target=\"_self\">\r\n                                                <div class=\"portfolio-content-inner\" >\r\n                                                    <h5 class=\"portfolio-title\">Orquesta Sinf\u00f3nica de Londres<br> Ingolstadt \/ Alemania<\/h5><ul class=\"portfolio-category list-inline\"><li>Edificios culturales<\/li><li>Ac\u00fastica variable<\/li><\/ul>                                                <\/div>\r\n                                            <\/a>\r\n                                                                                   <\/div>\r\n                                    <\/div>\r\n                                <\/div>\r\n                            <\/div>\r\n                                                    <\/div><div id=\"portfolio-post-7537\" class=\"portfolio-column portfolio-post portfolio-hover-style-5 all kulturbauten oeffentlicher-aum variable-raumakustik  width1x height1x col-xs-12 col-sm-6 col-md-4 animate\"  data-animation=\"fadeInUp\" data-animation-offset=\"90%\" style=\"margin: 15px 0; padding: 0 15px; -webkit-animation-duration: 0.8s; -webkit-animation-delay: 0.8s; animation-duration: 0.8s; animation-delay: 0.8s;\">\r\n                            <div class=\"portfolio-content-container\" >\r\n                                <div class=\"portfolio-thumbnail\">\r\n                                    <img loading=\"lazy\" decoding=\"async\" width=\"532\" height=\"532\" src=\"https:\/\/www.gerriets-acoustics.com\/wp-content\/uploads\/2022\/04\/2014-esc-small-Schallabsorber-AqFlex.jpg\" class=\"attachment-post-thumbnail size-post-thumbnail wp-post-image\" alt=\"Techo del vest\u00edbulo con absorbentes ac\u00fasticos y contrahuellas\" \/>                                <\/div> \r\n                                <div class=\"portfolio-caption-content\">\r\n                                    <a class=\"portfolio-content-link\" href=\"http:\/\/www.gerriets-acoustics.com\/es\/portfolio\/eurovision-song-contest-2014-copenhague-denmark-2\/\" target=\"_self\"><\/a>\r\n                                    <div class=\"portfolio-content\">\r\n                                        <div class=\"portfolio-content-details\">\r\n                                            <a class=\"portfolio-content-link\" href=\"http:\/\/www.gerriets-acoustics.com\/es\/portfolio\/eurovision-song-contest-2014-copenhague-denmark-2\/\" target=\"_self\">\r\n                                                <div class=\"portfolio-content-inner\" >\r\n                                                    <h5 class=\"portfolio-title\">Festival de Eurovisi\u00f3n 2014 <br> Copenhague \/ Dinamarca<\/h5><ul class=\"portfolio-category list-inline\"><li>Edificios culturales<\/li><li>Espacio p\u00fablico<\/li><li>Ac\u00fastica variable<\/li><\/ul>                                                <\/div>\r\n                                            <\/a>\r\n                                                                                   <\/div>\r\n                                    <\/div>\r\n                                <\/div>\r\n                            <\/div>\r\n                                                    <\/div><div id=\"portfolio-post-2610\" class=\"portfolio-column portfolio-post portfolio-hover-style-5 all design-und-schmuckvorhaenge kulturbauten  width1x height1x col-xs-12 col-sm-6 col-md-4 animate\"  data-animation=\"fadeInUp\" data-animation-offset=\"90%\" style=\"margin: 15px 0; padding: 0 15px; -webkit-animation-duration: 0.8s; -webkit-animation-delay: 1.2s; animation-duration: 0.8s; animation-delay: 1.2s;\">\r\n                            <div class=\"portfolio-content-container\" >\r\n                                <div class=\"portfolio-thumbnail\">\r\n                                    <img loading=\"lazy\" decoding=\"async\" width=\"532\" height=\"532\" src=\"https:\/\/www.gerriets-acoustics.com\/wp-content\/uploads\/2022\/06\/2007-quai-branly-small.jpg\" class=\"attachment-post-thumbnail size-post-thumbnail wp-post-image\" alt=\"Filas de asientos iluminadas con cortinas plateadas alrededor\" \/>                                <\/div> \r\n                                <div class=\"portfolio-caption-content\">\r\n                                    <a class=\"portfolio-content-link\" href=\"http:\/\/www.gerriets-acoustics.com\/es\/portfolio\/musee-du-quai-branly-2\/\" target=\"_self\"><\/a>\r\n                                    <div class=\"portfolio-content\">\r\n                                        <div class=\"portfolio-content-details\">\r\n                                            <a class=\"portfolio-content-link\" href=\"http:\/\/www.gerriets-acoustics.com\/es\/portfolio\/musee-du-quai-branly-2\/\" target=\"_self\">\r\n                                                <div class=\"portfolio-content-inner\" >\r\n                                                    <h5 class=\"portfolio-title\">Museo del quai Branly <br> Par\u00eds \/ Francia<\/h5><ul class=\"portfolio-category list-inline\"><li>Cortinas de dise\u00f1o y decoraci\u00f3n<\/li><li>Edificios culturales<\/li><\/ul>                                                <\/div>\r\n                                            <\/a>\r\n                                                                                   <\/div>\r\n                                    <\/div>\r\n                                <\/div>\r\n                            <\/div>\r\n                                                    <\/div><div id=\"portfolio-post-2608\" class=\"portfolio-column portfolio-post portfolio-hover-style-5 all oeffentlicher-aum schallvorhang-office  width1x height1x col-xs-12 col-sm-6 col-md-4 animate\"  data-animation=\"fadeInUp\" data-animation-offset=\"90%\" style=\"margin: 15px 0; padding: 0 15px; -webkit-animation-duration: 0.8s; -webkit-animation-delay: 0.4s; animation-duration: 0.8s; animation-delay: 0.4s;\">\r\n                            <div class=\"portfolio-content-container\" >\r\n                                <div class=\"portfolio-thumbnail\">\r\n                                    <img loading=\"lazy\" decoding=\"async\" width=\"532\" height=\"532\" src=\"https:\/\/www.gerriets-acoustics.com\/wp-content\/uploads\/2017\/10\/2008-etihad-lounge-abu-dhabi-small-2.jpg\" class=\"attachment-post-thumbnail size-post-thumbnail wp-post-image\" alt=\"Sala VIP en el aeropuerto con cortinas como separadores ac\u00fasticos de espacios\" \/>                                <\/div> \r\n                                <div class=\"portfolio-caption-content\">\r\n                                    <a class=\"portfolio-content-link\" href=\"http:\/\/www.gerriets-acoustics.com\/es\/portfolio\/salon-etihad-2\/\" target=\"_self\"><\/a>\r\n                                    <div class=\"portfolio-content\">\r\n                                        <div class=\"portfolio-content-details\">\r\n                                            <a class=\"portfolio-content-link\" href=\"http:\/\/www.gerriets-acoustics.com\/es\/portfolio\/salon-etihad-2\/\" target=\"_self\">\r\n                                                <div class=\"portfolio-content-inner\" >\r\n                                                    <h5 class=\"portfolio-title\">Sala VIP Etihad <br> Abu Dhabi \/ Emiratos \u00c1rabes Unidos<\/h5><ul class=\"portfolio-category list-inline\"><li>Espacio p\u00fablico<\/li><li>Cortina ac\u00fastica OFFICE<\/li><\/ul>                                                <\/div>\r\n                                            <\/a>\r\n                                                                                   <\/div>\r\n                                    <\/div>\r\n                                <\/div>\r\n                            <\/div>\r\n                                                    <\/div><div id=\"portfolio-post-2606\" class=\"portfolio-column portfolio-post portfolio-hover-style-5 all kulturbauten variable-raumakustik  width1x height1x col-xs-12 col-sm-6 col-md-4 animate\"  data-animation=\"fadeInUp\" data-animation-offset=\"90%\" style=\"margin: 15px 0; padding: 0 15px; -webkit-animation-duration: 0.8s; -webkit-animation-delay: 0.8s; animation-duration: 0.8s; animation-delay: 0.8s;\">\r\n                            <div class=\"portfolio-content-container\" >\r\n                                <div class=\"portfolio-thumbnail\">\r\n                                    <img loading=\"lazy\" decoding=\"async\" width=\"532\" height=\"532\" src=\"https:\/\/www.gerriets-acoustics.com\/wp-content\/uploads\/2017\/10\/2009-danish-radio-concert-hall-kopenhagen-small.jpg\" class=\"attachment-post-thumbnail size-post-thumbnail wp-post-image\" alt=\"Sala de conciertos con marquesina ac\u00fastica y cortinas de sonido\" \/>                                <\/div> \r\n                                <div class=\"portfolio-caption-content\">\r\n                                    <a class=\"portfolio-content-link\" href=\"http:\/\/www.gerriets-acoustics.com\/es\/portfolio\/radio-concierto-sala-danesa-2\/\" target=\"_self\"><\/a>\r\n                                    <div class=\"portfolio-content\">\r\n                                        <div class=\"portfolio-content-details\">\r\n                                            <a class=\"portfolio-content-link\" href=\"http:\/\/www.gerriets-acoustics.com\/es\/portfolio\/radio-concierto-sala-danesa-2\/\" target=\"_self\">\r\n                                                <div class=\"portfolio-content-inner\" >\r\n                                                    <h5 class=\"portfolio-title\">Sala de Conciertos de la Radio Danesa <br> Copenhague \/ Dinamarca<\/h5><ul class=\"portfolio-category list-inline\"><li>Edificios culturales<\/li><li>Ac\u00fastica variable<\/li><\/ul>                                                <\/div>\r\n                                            <\/a>\r\n                                                                                   <\/div>\r\n                                    <\/div>\r\n                                <\/div>\r\n                            <\/div>\r\n                                                    <\/div><div id=\"portfolio-post-2604\" class=\"portfolio-column portfolio-post portfolio-hover-style-5 all aussenvorhaenge gastronomie-und-handel schallvorhang-office  width1x height1x col-xs-12 col-sm-6 col-md-4 animate\"  data-animation=\"fadeInUp\" data-animation-offset=\"90%\" style=\"margin: 15px 0; padding: 0 15px; -webkit-animation-duration: 0.8s; -webkit-animation-delay: 1.2s; animation-duration: 0.8s; animation-delay: 1.2s;\">\r\n                            <div class=\"portfolio-content-container\" >\r\n                                <div class=\"portfolio-thumbnail\">\r\n                                    <img loading=\"lazy\" decoding=\"async\" width=\"532\" height=\"532\" src=\"https:\/\/www.gerriets-acoustics.com\/wp-content\/uploads\/2017\/10\/2010-reina-club-istanbul-small-1.jpg\" class=\"attachment-post-thumbnail size-post-thumbnail wp-post-image\" alt=\"vista nocturna borrosa Club Reina, Estambul\" \/>                                <\/div> \r\n                                <div class=\"portfolio-caption-content\">\r\n                                    <a class=\"portfolio-content-link\" href=\"http:\/\/www.gerriets-acoustics.com\/es\/portfolio\/club-reina-2\/\" target=\"_self\"><\/a>\r\n                                    <div class=\"portfolio-content\">\r\n                                        <div class=\"portfolio-content-details\">\r\n                                            <a class=\"portfolio-content-link\" href=\"http:\/\/www.gerriets-acoustics.com\/es\/portfolio\/club-reina-2\/\" target=\"_self\">\r\n                                                <div class=\"portfolio-content-inner\" >\r\n                                                    <h5 class=\"portfolio-title\">Club Reina<br> Estambul \/ Turqu\u00eda<\/h5><ul class=\"portfolio-category list-inline\"><li>Cortinas de exterior<\/li><li>Gastronom\u00eda y comercio<\/li><li>Cortina ac\u00fastica OFFICE<\/li><\/ul>                                                <\/div>\r\n                                            <\/a>\r\n                                                                                   <\/div>\r\n                                    <\/div>\r\n                                <\/div>\r\n                            <\/div>\r\n                                                    <\/div><div id=\"portfolio-post-2602\" class=\"portfolio-column portfolio-post portfolio-hover-style-5 all bildung-und-lehre schallvorhang-office  width1x height1x col-xs-12 col-sm-6 col-md-4 animate\"  data-animation=\"fadeInUp\" data-animation-offset=\"90%\" style=\"margin: 15px 0; padding: 0 15px; -webkit-animation-duration: 0.8s; -webkit-animation-delay: 0.4s; animation-duration: 0.8s; animation-delay: 0.4s;\">\r\n                            <div class=\"portfolio-content-container\" >\r\n                                <div class=\"portfolio-thumbnail\">\r\n                                    <img loading=\"lazy\" decoding=\"async\" width=\"532\" height=\"532\" src=\"https:\/\/www.gerriets-acoustics.com\/wp-content\/uploads\/2017\/10\/2011-blue-box-fh-bochum-small-2.jpg\" class=\"attachment-post-thumbnail size-post-thumbnail wp-post-image\" alt=\"Cortina blanca sobre riel curvo en el vest\u00edbulo\" \/>                                <\/div> \r\n                                <div class=\"portfolio-caption-content\">\r\n                                    <a class=\"portfolio-content-link\" href=\"http:\/\/www.gerriets-acoustics.com\/es\/portfolio\/blue-box-fachhochschule-bochum-2\/\" target=\"_self\"><\/a>\r\n                                    <div class=\"portfolio-content\">\r\n                                        <div class=\"portfolio-content-details\">\r\n                                            <a class=\"portfolio-content-link\" href=\"http:\/\/www.gerriets-acoustics.com\/es\/portfolio\/blue-box-fachhochschule-bochum-2\/\" target=\"_self\">\r\n                                                <div class=\"portfolio-content-inner\" >\r\n                                                    <h5 class=\"portfolio-title\">Blue Box \/ Universidad de Ciencias Aplicadas de Bochum <br> Bochum \/ Alemania<\/h5><ul class=\"portfolio-category list-inline\"><li>Educaci\u00f3n y ense\u00f1anza<\/li><li>Cortina ac\u00fastica OFFICE<\/li><\/ul>                                                <\/div>\r\n                                            <\/a>\r\n                                                                                   <\/div>\r\n                                    <\/div>\r\n                                <\/div>\r\n                            <\/div>\r\n                                                    <\/div><div id=\"portfolio-post-2600\" class=\"portfolio-column portfolio-post portfolio-hover-style-5 all kulturbauten variable-raumakustik  width1x height1x col-xs-12 col-sm-6 col-md-4 animate\"  data-animation=\"fadeInUp\" data-animation-offset=\"90%\" style=\"margin: 15px 0; padding: 0 15px; -webkit-animation-duration: 0.8s; -webkit-animation-delay: 0.8s; animation-duration: 0.8s; animation-delay: 0.8s;\">\r\n                            <div class=\"portfolio-content-container\" >\r\n                                <div class=\"portfolio-thumbnail\">\r\n                                    <img loading=\"lazy\" decoding=\"async\" width=\"532\" height=\"532\" src=\"https:\/\/www.gerriets-acoustics.com\/wp-content\/uploads\/2017\/10\/2011-la-maison-montreal-small-1.jpg\" class=\"attachment-post-thumbnail size-post-thumbnail wp-post-image\" alt=\"Vista de la sala de conciertos con medidas ac\u00fasticas\" \/>                                <\/div> \r\n                                <div class=\"portfolio-caption-content\">\r\n                                    <a class=\"portfolio-content-link\" href=\"http:\/\/www.gerriets-acoustics.com\/es\/portfolio\/la-maison-symphonique-du-montreal\/\" target=\"_self\"><\/a>\r\n                                    <div class=\"portfolio-content\">\r\n                                        <div class=\"portfolio-content-details\">\r\n                                            <a class=\"portfolio-content-link\" href=\"http:\/\/www.gerriets-acoustics.com\/es\/portfolio\/la-maison-symphonique-du-montreal\/\" target=\"_self\">\r\n                                                <div class=\"portfolio-content-inner\" >\r\n                                                    <h5 class=\"portfolio-title\">La Maison Symphonique de Montr\u00e9al <br> Montreal \/ Canad\u00e1<\/h5><ul class=\"portfolio-category list-inline\"><li>Edificios culturales<\/li><li>Ac\u00fastica variable<\/li><\/ul>                                                <\/div>\r\n                                            <\/a>\r\n                                                                                   <\/div>\r\n                                    <\/div>\r\n                                <\/div>\r\n                            <\/div>\r\n                                                    <\/div><div id=\"portfolio-post-2598\" class=\"portfolio-column portfolio-post portfolio-hover-style-5 all buerowelten schallvorhang-office  width1x height1x col-xs-12 col-sm-6 col-md-4 animate\"  data-animation=\"fadeInUp\" data-animation-offset=\"90%\" style=\"margin: 15px 0; padding: 0 15px; -webkit-animation-duration: 0.8s; -webkit-animation-delay: 1.2s; animation-duration: 0.8s; animation-delay: 1.2s;\">\r\n                            <div class=\"portfolio-content-container\" >\r\n                                <div class=\"portfolio-thumbnail\">\r\n                                    <img loading=\"lazy\" decoding=\"async\" width=\"532\" height=\"532\" src=\"https:\/\/www.gerriets-acoustics.com\/wp-content\/uploads\/2017\/10\/2011-verwaltung-spielbanken-bw-small-1.jpg\" class=\"attachment-post-thumbnail size-post-thumbnail wp-post-image\" alt=\"Sala de reuniones con cortina ac\u00fastica y gran cuadro de escena de casino\" \/>                                <\/div> \r\n                                <div class=\"portfolio-caption-content\">\r\n                                    <a class=\"portfolio-content-link\" href=\"http:\/\/www.gerriets-acoustics.com\/es\/portfolio\/administracion-baden-wuerttembergische-gaming-banks-2\/\" target=\"_self\"><\/a>\r\n                                    <div class=\"portfolio-content\">\r\n                                        <div class=\"portfolio-content-details\">\r\n                                            <a class=\"portfolio-content-link\" href=\"http:\/\/www.gerriets-acoustics.com\/es\/portfolio\/administracion-baden-wuerttembergische-gaming-banks-2\/\" target=\"_self\">\r\n                                                <div class=\"portfolio-content-inner\" >\r\n                                                    <h5 class=\"portfolio-title\">Administraci\u00f3n Casinos Baden-W\u00fcrttemberg<br> Stuttgart \/ Alemania<\/h5><ul class=\"portfolio-category list-inline\"><li>Mundos de oficina<\/li><li>Cortina ac\u00fastica OFFICE<\/li><\/ul>                                                <\/div>\r\n                                            <\/a>\r\n                                                                                   <\/div>\r\n                                    <\/div>\r\n                                <\/div>\r\n                            <\/div>\r\n                                                    <\/div><div id=\"portfolio-post-2596\" class=\"portfolio-column portfolio-post portfolio-hover-style-5 all kulturbauten variable-raumakustik  width1x height1x col-xs-12 col-sm-6 col-md-4 animate\"  data-animation=\"fadeInUp\" data-animation-offset=\"90%\" style=\"margin: 15px 0; padding: 0 15px; -webkit-animation-duration: 0.8s; -webkit-animation-delay: 0.4s; animation-duration: 0.8s; animation-delay: 0.4s;\">\r\n                            <div class=\"portfolio-content-container\" >\r\n                                <div class=\"portfolio-thumbnail\">\r\n                                    <img loading=\"lazy\" decoding=\"async\" width=\"532\" height=\"532\" src=\"https:\/\/www.gerriets-acoustics.com\/wp-content\/uploads\/2017\/10\/2013-commune-montreux-ch-small-1.jpg\" class=\"attachment-post-thumbnail size-post-thumbnail wp-post-image\" alt=\"Centro de congresos como sala polivalente con aislamiento ac\u00fastico\" \/>                                <\/div> \r\n                                <div class=\"portfolio-caption-content\">\r\n                                    <a class=\"portfolio-content-link\" href=\"http:\/\/www.gerriets-acoustics.com\/es\/portfolio\/centro-de-congresos\/\" target=\"_self\"><\/a>\r\n                                    <div class=\"portfolio-content\">\r\n                                        <div class=\"portfolio-content-details\">\r\n                                            <a class=\"portfolio-content-link\" href=\"http:\/\/www.gerriets-acoustics.com\/es\/portfolio\/centro-de-congresos\/\" target=\"_self\">\r\n                                                <div class=\"portfolio-content-inner\" >\r\n                                                    <h5 class=\"portfolio-title\">Centro de Congresos <br> Montreux \/ Suiza<\/h5><ul class=\"portfolio-category list-inline\"><li>Edificios culturales<\/li><li>Ac\u00fastica variable<\/li><\/ul>                                                <\/div>\r\n                                            <\/a>\r\n                                                                                   <\/div>\r\n                                    <\/div>\r\n                                <\/div>\r\n                            <\/div>\r\n                                                    <\/div><div id=\"portfolio-post-2594\" class=\"portfolio-column portfolio-post portfolio-hover-style-5 all kulturbauten variable-raumakustik  width1x height1x col-xs-12 col-sm-6 col-md-4 animate\"  data-animation=\"fadeInUp\" data-animation-offset=\"90%\" style=\"margin: 15px 0; padding: 0 15px; -webkit-animation-duration: 0.8s; -webkit-animation-delay: 0.8s; animation-duration: 0.8s; animation-delay: 0.8s;\">\r\n                            <div class=\"portfolio-content-container\" >\r\n                                <div class=\"portfolio-thumbnail\">\r\n                                    <img loading=\"lazy\" decoding=\"async\" width=\"532\" height=\"532\" src=\"https:\/\/www.gerriets-acoustics.com\/wp-content\/uploads\/2017\/10\/gw-2017-elbphilharmonie-hamburg-small.jpg\" class=\"attachment-post-thumbnail size-post-thumbnail wp-post-image\" alt=\"Vista exterior de la Elbphilharmonie de Hamburgo\" \/>                                <\/div> \r\n                                <div class=\"portfolio-caption-content\">\r\n                                    <a class=\"portfolio-content-link\" href=\"http:\/\/www.gerriets-acoustics.com\/es\/portfolio\/elbphilharmonie\/\" target=\"_self\"><\/a>\r\n                                    <div class=\"portfolio-content\">\r\n                                        <div class=\"portfolio-content-details\">\r\n                                            <a class=\"portfolio-content-link\" href=\"http:\/\/www.gerriets-acoustics.com\/es\/portfolio\/elbphilharmonie\/\" target=\"_self\">\r\n                                                <div class=\"portfolio-content-inner\" >\r\n                                                    <h5 class=\"portfolio-title\">La Filarm\u00f3nica del Elba <br>Hamburgo \/ Alemania<\/h5><ul class=\"portfolio-category list-inline\"><li>Edificios culturales<\/li><li>Ac\u00fastica variable<\/li><\/ul>                                                <\/div>\r\n                                            <\/a>\r\n                                                                                   <\/div>\r\n                                    <\/div>\r\n                                <\/div>\r\n                            <\/div>\r\n                                                    <\/div><div id=\"portfolio-post-2592\" class=\"portfolio-column portfolio-post portfolio-hover-style-5 all buerowelten lichtdurchlaessige-stoffe schienensystem-elegance  width1x height1x col-xs-12 col-sm-6 col-md-4 animate\"  data-animation=\"fadeInUp\" data-animation-offset=\"90%\" style=\"margin: 15px 0; padding: 0 15px; -webkit-animation-duration: 0.8s; -webkit-animation-delay: 1.2s; animation-duration: 0.8s; animation-delay: 1.2s;\">\r\n                            <div class=\"portfolio-content-container\" >\r\n                                <div class=\"portfolio-thumbnail\">\r\n                                    <img loading=\"lazy\" decoding=\"async\" width=\"532\" height=\"532\" src=\"https:\/\/www.gerriets-acoustics.com\/wp-content\/uploads\/2017\/10\/gw-2017-puma-verwaltung-absorber-light-small-1.jpg\" class=\"attachment-post-thumbnail size-post-thumbnail wp-post-image\" alt=\"Vest\u00edbulo con cortina ac\u00fastica transl\u00facida hacia las oficinas\" \/>                                <\/div> \r\n                                <div class=\"portfolio-caption-content\">\r\n                                    <a class=\"portfolio-content-link\" href=\"http:\/\/www.gerriets-acoustics.com\/es\/portfolio\/puma-se\/\" target=\"_self\"><\/a>\r\n                                    <div class=\"portfolio-content\">\r\n                                        <div class=\"portfolio-content-details\">\r\n                                            <a class=\"portfolio-content-link\" href=\"http:\/\/www.gerriets-acoustics.com\/es\/portfolio\/puma-se\/\" target=\"_self\">\r\n                                                <div class=\"portfolio-content-inner\" >\r\n                                                    <h5 class=\"portfolio-title\">PUMA SE <br> Herzogenaurach \/ Alemania<\/h5><ul class=\"portfolio-category list-inline\"><li>Mundos de oficina<\/li><li>Tejidos trasl\u00facidos<\/li><li>Sistema de carriles ELEGANCE<\/li><\/ul>                                                <\/div>\r\n                                            <\/a>\r\n                                                                                   <\/div>\r\n                                    <\/div>\r\n                                <\/div>\r\n                            <\/div>\r\n                                                    <\/div><div id=\"portfolio-post-2585\" class=\"portfolio-column portfolio-post portfolio-hover-style-5 all buerowelten lichtdurchlaessige-stoffe  width1x height1x col-xs-12 col-sm-6 col-md-4 animate\"  data-animation=\"fadeInUp\" data-animation-offset=\"90%\" style=\"margin: 15px 0; padding: 0 15px; -webkit-animation-duration: 0.8s; -webkit-animation-delay: 0.4s; animation-duration: 0.8s; animation-delay: 0.4s;\">\r\n                            <div class=\"portfolio-content-container\" >\r\n                                <div class=\"portfolio-thumbnail\">\r\n                                    <img loading=\"lazy\" decoding=\"async\" width=\"532\" height=\"532\" src=\"https:\/\/www.gerriets-acoustics.com\/wp-content\/uploads\/2017\/10\/gw-2016-open-systems-small.jpg\" class=\"attachment-post-thumbnail size-post-thumbnail wp-post-image\" alt=\"Puestos de trabajo separados individualmente con cortina ac\u00fastica transl\u00facida de fondo\" \/>                                <\/div> \r\n                                <div class=\"portfolio-caption-content\">\r\n                                    <a class=\"portfolio-content-link\" href=\"http:\/\/www.gerriets-acoustics.com\/es\/portfolio\/open-systems-ag\/\" target=\"_self\"><\/a>\r\n                                    <div class=\"portfolio-content\">\r\n                                        <div class=\"portfolio-content-details\">\r\n                                            <a class=\"portfolio-content-link\" href=\"http:\/\/www.gerriets-acoustics.com\/es\/portfolio\/open-systems-ag\/\" target=\"_self\">\r\n                                                <div class=\"portfolio-content-inner\" >\r\n                                                    <h5 class=\"portfolio-title\">Open Systems AG <br> Z\u00farich \/ Suiza<\/h5><ul class=\"portfolio-category list-inline\"><li>Mundos de oficina<\/li><li>Tejidos trasl\u00facidos<\/li><\/ul>                                                <\/div>\r\n                                            <\/a>\r\n                                                                                   <\/div>\r\n                                    <\/div>\r\n                                <\/div>\r\n                            <\/div>\r\n                                                    <\/div><div id=\"portfolio-post-2580\" class=\"portfolio-column portfolio-post portfolio-hover-style-5 all buerowelten lichtdurchlaessige-stoffe oeffentlicher-aum schienensystem-elegance  width1x height1x col-xs-12 col-sm-6 col-md-4 animate\"  data-animation=\"fadeInUp\" data-animation-offset=\"90%\" style=\"margin: 15px 0; padding: 0 15px; -webkit-animation-duration: 0.8s; -webkit-animation-delay: 0.8s; animation-duration: 0.8s; animation-delay: 0.8s;\">\r\n                            <div class=\"portfolio-content-container\" >\r\n                                <div class=\"portfolio-thumbnail\">\r\n                                    <img loading=\"lazy\" decoding=\"async\" width=\"532\" height=\"532\" src=\"https:\/\/www.gerriets-acoustics.com\/wp-content\/uploads\/2017\/10\/gw-2016-koeln-holzmarkt1-small.jpg\" class=\"attachment-post-thumbnail size-post-thumbnail wp-post-image\" alt=\"Cortina insonorizante transparente en el vest\u00edbulo con figuras geom\u00e9tricas\" \/>                                <\/div> \r\n                                <div class=\"portfolio-caption-content\">\r\n                                    <a class=\"portfolio-content-link\" href=\"http:\/\/www.gerriets-acoustics.com\/es\/portfolio\/mercado-de-la-madera-1\/\" target=\"_self\"><\/a>\r\n                                    <div class=\"portfolio-content\">\r\n                                        <div class=\"portfolio-content-details\">\r\n                                            <a class=\"portfolio-content-link\" href=\"http:\/\/www.gerriets-acoustics.com\/es\/portfolio\/mercado-de-la-madera-1\/\" target=\"_self\">\r\n                                                <div class=\"portfolio-content-inner\" >\r\n                                                    <h5 class=\"portfolio-title\">Mercado de la madera 1<br> Colonia \/ Alemania<\/h5><ul class=\"portfolio-category list-inline\"><li>Mundos de oficina<\/li><li>Tejidos trasl\u00facidos<\/li><li>Espacio p\u00fablico<\/li><li>Sistema de carriles ELEGANCE<\/li><\/ul>                                                <\/div>\r\n                                            <\/a>\r\n                                                                                   <\/div>\r\n                                    <\/div>\r\n                                <\/div>\r\n                            <\/div>\r\n                                                    <\/div><div id=\"portfolio-post-2570\" class=\"portfolio-column portfolio-post portfolio-hover-style-5 all kulturbauten lichtdurchlaessige-stoffe  width1x height1x col-xs-12 col-sm-6 col-md-4 animate\"  data-animation=\"fadeInUp\" data-animation-offset=\"90%\" style=\"margin: 15px 0; padding: 0 15px; -webkit-animation-duration: 0.8s; -webkit-animation-delay: 1.2s; animation-duration: 0.8s; animation-delay: 1.2s;\">\r\n                            <div class=\"portfolio-content-container\" >\r\n                                <div class=\"portfolio-thumbnail\">\r\n                                    <img loading=\"lazy\" decoding=\"async\" width=\"532\" height=\"532\" src=\"https:\/\/www.gerriets-acoustics.com\/wp-content\/uploads\/2017\/10\/gw-GI-absorber-light-lawrenceville-small.jpg\" class=\"attachment-post-thumbnail size-post-thumbnail wp-post-image\" alt=\"Hoja delante de ventana de arco de medio punto con cortina ac\u00fastica\" \/>                                <\/div> \r\n                                <div class=\"portfolio-caption-content\">\r\n                                    <a class=\"portfolio-content-link\" href=\"http:\/\/www.gerriets-acoustics.com\/es\/portfolio\/english-clark-music-center-lawrenceville-school\/\" target=\"_self\"><\/a>\r\n                                    <div class=\"portfolio-content\">\r\n                                        <div class=\"portfolio-content-details\">\r\n                                            <a class=\"portfolio-content-link\" href=\"http:\/\/www.gerriets-acoustics.com\/es\/portfolio\/english-clark-music-center-lawrenceville-school\/\" target=\"_self\">\r\n                                                <div class=\"portfolio-content-inner\" >\r\n                                                    <h5 class=\"portfolio-title\">Clark Music Center Escuela de Lawrenceville <br> Nueva Jersey \/ EE.UU.<\/h5><ul class=\"portfolio-category list-inline\"><li>Edificios culturales<\/li><li>Tejidos trasl\u00facidos<\/li><\/ul>                                                <\/div>\r\n                                            <\/a>\r\n                                                                                   <\/div>\r\n                                    <\/div>\r\n                                <\/div>\r\n                            <\/div>\r\n                                                    <\/div><div id=\"portfolio-post-2568\" class=\"portfolio-column portfolio-post portfolio-hover-style-5 all buerowelten lichtdurchlaessige-stoffe schienensystem-elegance  width1x height1x col-xs-12 col-sm-6 col-md-4 animate\"  data-animation=\"fadeInUp\" data-animation-offset=\"90%\" style=\"margin: 15px 0; padding: 0 15px; -webkit-animation-duration: 0.8s; -webkit-animation-delay: 0.4s; animation-duration: 0.8s; animation-delay: 0.4s;\">\r\n                            <div class=\"portfolio-content-container\" >\r\n                                <div class=\"portfolio-thumbnail\">\r\n                                    <img loading=\"lazy\" decoding=\"async\" width=\"532\" height=\"532\" src=\"https:\/\/www.gerriets-acoustics.com\/wp-content\/uploads\/2022\/06\/gw-2017-umkirch-absorber-light-small.jpg\" class=\"attachment-post-thumbnail size-post-thumbnail wp-post-image\" alt=\"Despacho con cortina transl\u00facida y maqueta de barco sobre la mesa\" \/>                                <\/div> \r\n                                <div class=\"portfolio-caption-content\">\r\n                                    <a class=\"portfolio-content-link\" href=\"http:\/\/www.gerriets-acoustics.com\/es\/portfolio\/gerriets-gmbh\/\" target=\"_self\"><\/a>\r\n                                    <div class=\"portfolio-content\">\r\n                                        <div class=\"portfolio-content-details\">\r\n                                            <a class=\"portfolio-content-link\" href=\"http:\/\/www.gerriets-acoustics.com\/es\/portfolio\/gerriets-gmbh\/\" target=\"_self\">\r\n                                                <div class=\"portfolio-content-inner\" >\r\n                                                    <h5 class=\"portfolio-title\">Gerriets GmbH<br> Umkirch \/ Alemania<\/h5><ul class=\"portfolio-category list-inline\"><li>Mundos de oficina<\/li><li>Tejidos trasl\u00facidos<\/li><li>Sistema de carriles ELEGANCE<\/li><\/ul>                                                <\/div>\r\n                                            <\/a>\r\n                                                                                   <\/div>\r\n                                    <\/div>\r\n                                <\/div>\r\n                            <\/div>\r\n                                                    <\/div><div id=\"portfolio-post-2565\" class=\"portfolio-column portfolio-post portfolio-hover-style-5 all bildung-und-lehre kulturbauten variable-raumakustik  width1x height1x col-xs-12 col-sm-6 col-md-4 animate\"  data-animation=\"fadeInUp\" data-animation-offset=\"90%\" style=\"margin: 15px 0; padding: 0 15px; -webkit-animation-duration: 0.8s; -webkit-animation-delay: 0.8s; animation-duration: 0.8s; animation-delay: 0.8s;\">\r\n                            <div class=\"portfolio-content-container\" >\r\n                                <div class=\"portfolio-thumbnail\">\r\n                                    <img loading=\"lazy\" decoding=\"async\" width=\"532\" height=\"532\" src=\"https:\/\/www.gerriets-acoustics.com\/wp-content\/uploads\/2017\/10\/2012-kulturzentrum-weltraumtechnik-small.jpg\" class=\"attachment-post-thumbnail size-post-thumbnail wp-post-image\" alt=\"Vista exterior Centro Cultural de Tecnolog\u00eda Espacial Europea Vitanje, Eslovenia\" \/>                                <\/div> \r\n                                <div class=\"portfolio-caption-content\">\r\n                                    <a class=\"portfolio-content-link\" href=\"http:\/\/www.gerriets-acoustics.com\/es\/portfolio\/cultural-centre-for-european-space-technologies\/\" target=\"_self\"><\/a>\r\n                                    <div class=\"portfolio-content\">\r\n                                        <div class=\"portfolio-content-details\">\r\n                                            <a class=\"portfolio-content-link\" href=\"http:\/\/www.gerriets-acoustics.com\/es\/portfolio\/cultural-centre-for-european-space-technologies\/\" target=\"_self\">\r\n                                                <div class=\"portfolio-content-inner\" >\r\n                                                    <h5 class=\"portfolio-title\">Centro Cultural de Tecnolog\u00edas Espaciales Europeas <br> Vitanje \/ Eslovenia<\/h5><ul class=\"portfolio-category list-inline\"><li>Educaci\u00f3n y ense\u00f1anza<\/li><li>Edificios culturales<\/li><li>Ac\u00fastica variable<\/li><\/ul>                                                <\/div>\r\n                                            <\/a>\r\n                                                                                   <\/div>\r\n                                    <\/div>\r\n                                <\/div>\r\n                            <\/div>\r\n                                                    <\/div><div id=\"portfolio-post-2563\" class=\"portfolio-column portfolio-post portfolio-hover-style-5 all kulturbauten variable-raumakustik  width1x height1x col-xs-12 col-sm-6 col-md-4 animate\"  data-animation=\"fadeInUp\" data-animation-offset=\"90%\" style=\"margin: 15px 0; padding: 0 15px; -webkit-animation-duration: 0.8s; -webkit-animation-delay: 1.2s; animation-duration: 0.8s; animation-delay: 1.2s;\">\r\n                            <div class=\"portfolio-content-container\" >\r\n                                <div class=\"portfolio-thumbnail\">\r\n                                    <img loading=\"lazy\" decoding=\"async\" width=\"532\" height=\"532\" src=\"https:\/\/www.gerriets-acoustics.com\/wp-content\/uploads\/2022\/06\/2016-gerriets-wismar-st-georgen-akustikbanner-g-sorber-small-1.jpg\" class=\"attachment-post-thumbnail size-post-thumbnail wp-post-image\" alt=\"Pancarta ac\u00fastica enrollable en una iglesia g\u00f3tica de ladrillo\" \/>                                <\/div> \r\n                                <div class=\"portfolio-caption-content\">\r\n                                    <a class=\"portfolio-content-link\" href=\"http:\/\/www.gerriets-acoustics.com\/es\/portfolio\/iglesia-de-san-georges\/\" target=\"_self\"><\/a>\r\n                                    <div class=\"portfolio-content\">\r\n                                        <div class=\"portfolio-content-details\">\r\n                                            <a class=\"portfolio-content-link\" href=\"http:\/\/www.gerriets-acoustics.com\/es\/portfolio\/iglesia-de-san-georges\/\" target=\"_self\">\r\n                                                <div class=\"portfolio-content-inner\" >\r\n                                                    <h5 class=\"portfolio-title\">Iglesia de San Jorge <br> Wismar \/ Alemania<\/h5><ul class=\"portfolio-category list-inline\"><li>Edificios culturales<\/li><li>Ac\u00fastica variable<\/li><\/ul>                                                <\/div>\r\n                                            <\/a>\r\n                                                                                   <\/div>\r\n                                    <\/div>\r\n                                <\/div>\r\n                            <\/div>\r\n                                                    <\/div><div id=\"portfolio-post-2561\" class=\"portfolio-column portfolio-post portfolio-hover-style-5 all aussenvorhaenge kulturbauten variable-raumakustik  width1x height1x col-xs-12 col-sm-6 col-md-4 animate\"  data-animation=\"fadeInUp\" data-animation-offset=\"90%\" style=\"margin: 15px 0; padding: 0 15px; -webkit-animation-duration: 0.8s; -webkit-animation-delay: 0.4s; animation-duration: 0.8s; animation-delay: 0.4s;\">\r\n                            <div class=\"portfolio-content-container\" >\r\n                                <div class=\"portfolio-thumbnail\">\r\n                                    <img loading=\"lazy\" decoding=\"async\" width=\"532\" height=\"532\" src=\"https:\/\/www.gerriets-acoustics.com\/wp-content\/uploads\/2017\/10\/2012-st-prex-schweiz-small-1.jpg\" class=\"attachment-post-thumbnail size-post-thumbnail wp-post-image\" alt=\"Vista exterior de la c\u00fapula de Saint-Prex Classics, Suiza\" \/>                                <\/div> \r\n                                <div class=\"portfolio-caption-content\">\r\n                                    <a class=\"portfolio-content-link\" href=\"http:\/\/www.gerriets-acoustics.com\/es\/portfolio\/st-prex-classics\/\" target=\"_self\"><\/a>\r\n                                    <div class=\"portfolio-content\">\r\n                                        <div class=\"portfolio-content-details\">\r\n                                            <a class=\"portfolio-content-link\" href=\"http:\/\/www.gerriets-acoustics.com\/es\/portfolio\/st-prex-classics\/\" target=\"_self\">\r\n                                                <div class=\"portfolio-content-inner\" >\r\n                                                    <h5 class=\"portfolio-title\">Cl\u00e1sicos de St Prex <br> Saint-Prex \/ Suiza<\/h5><ul class=\"portfolio-category list-inline\"><li>Cortinas de exterior<\/li><li>Edificios culturales<\/li><li>Ac\u00fastica variable<\/li><\/ul>                                                <\/div>\r\n                                            <\/a>\r\n                                                                                   <\/div>\r\n                                    <\/div>\r\n                                <\/div>\r\n                            <\/div>\r\n                                                    <\/div><div id=\"portfolio-post-2551\" class=\"portfolio-column portfolio-post portfolio-hover-style-5 all kulturbauten variable-raumakustik  width1x height1x col-xs-12 col-sm-6 col-md-4 animate\"  data-animation=\"fadeInUp\" data-animation-offset=\"90%\" style=\"margin: 15px 0; padding: 0 15px; -webkit-animation-duration: 0.8s; -webkit-animation-delay: 0.8s; animation-duration: 0.8s; animation-delay: 0.8s;\">\r\n                            <div class=\"portfolio-content-container\" >\r\n                                <div class=\"portfolio-thumbnail\">\r\n                                    <img loading=\"lazy\" decoding=\"async\" width=\"532\" height=\"532\" src=\"https:\/\/www.gerriets-acoustics.com\/wp-content\/uploads\/2017\/10\/2013-art-museum-miami-small.jpg\" class=\"attachment-post-thumbnail size-post-thumbnail wp-post-image\" alt=\"Vista del auditorio con cortina insonorizada abierta\" \/>                                <\/div> \r\n                                <div class=\"portfolio-caption-content\">\r\n                                    <a class=\"portfolio-content-link\" href=\"http:\/\/www.gerriets-acoustics.com\/es\/portfolio\/perez-art-museum-pamm\/\" target=\"_self\"><\/a>\r\n                                    <div class=\"portfolio-content\">\r\n                                        <div class=\"portfolio-content-details\">\r\n                                            <a class=\"portfolio-content-link\" href=\"http:\/\/www.gerriets-acoustics.com\/es\/portfolio\/perez-art-museum-pamm\/\" target=\"_self\">\r\n                                                <div class=\"portfolio-content-inner\" >\r\n                                                    <h5 class=\"portfolio-title\">Museo de Arte P\u00e9rez (PAMM) <br> Miami, Florida \/ EE.UU.<\/h5><ul class=\"portfolio-category list-inline\"><li>Edificios culturales<\/li><li>Ac\u00fastica variable<\/li><\/ul>                                                <\/div>\r\n                                            <\/a>\r\n                                                                                   <\/div>\r\n                                    <\/div>\r\n                                <\/div>\r\n                            <\/div>\r\n                                                    <\/div><div id=\"portfolio-post-8828\" class=\"portfolio-column portfolio-post portfolio-hover-style-5 all buerowelten schallvorhang-office  width1x height1x col-xs-12 col-sm-6 col-md-4 animate\"  data-animation=\"fadeInUp\" data-animation-offset=\"90%\" style=\"margin: 15px 0; padding: 0 15px; -webkit-animation-duration: 0.8s; -webkit-animation-delay: 1.2s; animation-duration: 0.8s; animation-delay: 1.2s;\">\r\n                            <div class=\"portfolio-content-container\" >\r\n                                <div class=\"portfolio-thumbnail\">\r\n                                    <img loading=\"lazy\" decoding=\"async\" width=\"532\" height=\"532\" src=\"https:\/\/www.gerriets-acoustics.com\/wp-content\/uploads\/2022\/06\/gw-GI-vancouver-millerthomson-office-small.jpg\" class=\"attachment-post-thumbnail size-post-thumbnail wp-post-image\" alt=\"Cortina ac\u00fastica flexible para separar salas de reuniones\" \/>                                <\/div> \r\n                                <div class=\"portfolio-caption-content\">\r\n                                    <a class=\"portfolio-content-link\" href=\"http:\/\/www.gerriets-acoustics.com\/es\/portfolio\/miller-thomson-llp-vancouver-canada\/\" target=\"_self\"><\/a>\r\n                                    <div class=\"portfolio-content\">\r\n                                        <div class=\"portfolio-content-details\">\r\n                                            <a class=\"portfolio-content-link\" href=\"http:\/\/www.gerriets-acoustics.com\/es\/portfolio\/miller-thomson-llp-vancouver-canada\/\" target=\"_self\">\r\n                                                <div class=\"portfolio-content-inner\" >\r\n                                                    <h5 class=\"portfolio-title\">Miller Thomson LLP<br> Vancouver \/ Canad\u00e1<\/h5><ul class=\"portfolio-category list-inline\"><li>Mundos de oficina<\/li><li>Cortina ac\u00fastica OFFICE<\/li><\/ul>                                                <\/div>\r\n                                            <\/a>\r\n                                                                                   <\/div>\r\n                                    <\/div>\r\n                                <\/div>\r\n                            <\/div>\r\n                                                    <\/div><div id=\"portfolio-post-2542\" class=\"portfolio-column portfolio-post portfolio-hover-style-5 all buerowelten schallvorhang-office  width1x height1x col-xs-12 col-sm-6 col-md-4 animate\"  data-animation=\"fadeInUp\" data-animation-offset=\"90%\" style=\"margin: 15px 0; padding: 0 15px; -webkit-animation-duration: 0.8s; -webkit-animation-delay: 0.4s; animation-duration: 0.8s; animation-delay: 0.4s;\">\r\n                            <div class=\"portfolio-content-container\" >\r\n                                <div class=\"portfolio-thumbnail\">\r\n                                    <img loading=\"lazy\" decoding=\"async\" width=\"532\" height=\"532\" src=\"https:\/\/www.gerriets-acoustics.com\/wp-content\/uploads\/2017\/10\/gw-GI-austin-texas-ottobock-office-small.jpg\" class=\"attachment-post-thumbnail size-post-thumbnail wp-post-image\" alt=\"Isla de reuni\u00f3n con encuentro y apertura de la cortina ac\u00fastica\" \/>                                <\/div> \r\n                                <div class=\"portfolio-caption-content\">\r\n                                    <a class=\"portfolio-content-link\" href=\"http:\/\/www.gerriets-acoustics.com\/es\/portfolio\/ottobock-healthcare\/\" target=\"_self\"><\/a>\r\n                                    <div class=\"portfolio-content\">\r\n                                        <div class=\"portfolio-content-details\">\r\n                                            <a class=\"portfolio-content-link\" href=\"http:\/\/www.gerriets-acoustics.com\/es\/portfolio\/ottobock-healthcare\/\" target=\"_self\">\r\n                                                <div class=\"portfolio-content-inner\" >\r\n                                                    <h5 class=\"portfolio-title\">Ottobock HealthCare <br> Austin, Texas \/ EE.UU.<\/h5><ul class=\"portfolio-category list-inline\"><li>Mundos de oficina<\/li><li>Cortina ac\u00fastica OFFICE<\/li><\/ul>                                                <\/div>\r\n                                            <\/a>\r\n                                                                                   <\/div>\r\n                                    <\/div>\r\n                                <\/div>\r\n                            <\/div>\r\n                                                    <\/div><div id=\"portfolio-post-2532\" class=\"portfolio-column portfolio-post portfolio-hover-style-5 all buerowelten schallvorhang-office  width1x height1x col-xs-12 col-sm-6 col-md-4 animate\"  data-animation=\"fadeInUp\" data-animation-offset=\"90%\" style=\"margin: 15px 0; padding: 0 15px; -webkit-animation-duration: 0.8s; -webkit-animation-delay: 0.8s; animation-duration: 0.8s; animation-delay: 0.8s;\">\r\n                            <div class=\"portfolio-content-container\" >\r\n                                <div class=\"portfolio-thumbnail\">\r\n                                    <img loading=\"lazy\" decoding=\"async\" width=\"532\" height=\"532\" src=\"https:\/\/www.gerriets-acoustics.com\/wp-content\/uploads\/2017\/10\/gw-2016-kirchzarten-FSM-small.jpg\" class=\"attachment-post-thumbnail size-post-thumbnail wp-post-image\" alt=\"Proceso de insonorizaci\u00f3n como separador de ambientes para una sala de reuniones\" \/>                                <\/div> \r\n                                <div class=\"portfolio-caption-content\">\r\n                                    <a class=\"portfolio-content-link\" href=\"http:\/\/www.gerriets-acoustics.com\/es\/portfolio\/fsm-ag\/\" target=\"_self\"><\/a>\r\n                                    <div class=\"portfolio-content\">\r\n                                        <div class=\"portfolio-content-details\">\r\n                                            <a class=\"portfolio-content-link\" href=\"http:\/\/www.gerriets-acoustics.com\/es\/portfolio\/fsm-ag\/\" target=\"_self\">\r\n                                                <div class=\"portfolio-content-inner\" >\r\n                                                    <h5 class=\"portfolio-title\">FSM AG <br> Kirchzarten \/ Alemania<\/h5><ul class=\"portfolio-category list-inline\"><li>Mundos de oficina<\/li><li>Cortina ac\u00fastica OFFICE<\/li><\/ul>                                                <\/div>\r\n                                            <\/a>\r\n                                                                                   <\/div>\r\n                                    <\/div>\r\n                                <\/div>\r\n                            <\/div>\r\n                                                    <\/div><div id=\"portfolio-post-2522\" class=\"portfolio-column portfolio-post portfolio-hover-style-5 all buerowelten schallvorhang-office schienensystem-trumpf-95  width1x height1x col-xs-12 col-sm-6 col-md-4 animate\"  data-animation=\"fadeInUp\" data-animation-offset=\"90%\" style=\"margin: 15px 0; padding: 0 15px; -webkit-animation-duration: 0.8s; -webkit-animation-delay: 1.2s; animation-duration: 0.8s; animation-delay: 1.2s;\">\r\n                            <div class=\"portfolio-content-container\" >\r\n                                <div class=\"portfolio-thumbnail\">\r\n                                    <img loading=\"lazy\" decoding=\"async\" width=\"532\" height=\"532\" src=\"https:\/\/www.gerriets-acoustics.com\/wp-content\/uploads\/2017\/10\/gw-2016-nagold-haefele-small.jpg\" class=\"attachment-post-thumbnail size-post-thumbnail wp-post-image\" alt=\"Cortina ac\u00fastica roja para separar las salas de reuniones\" \/>                                <\/div> \r\n                                <div class=\"portfolio-caption-content\">\r\n                                    <a class=\"portfolio-content-link\" href=\"http:\/\/www.gerriets-acoustics.com\/es\/portfolio\/haefele-gmbh-co-kg\/\" target=\"_self\"><\/a>\r\n                                    <div class=\"portfolio-content\">\r\n                                        <div class=\"portfolio-content-details\">\r\n                                            <a class=\"portfolio-content-link\" href=\"http:\/\/www.gerriets-acoustics.com\/es\/portfolio\/haefele-gmbh-co-kg\/\" target=\"_self\">\r\n                                                <div class=\"portfolio-content-inner\" >\r\n                                                    <h5 class=\"portfolio-title\">H\u00e4fele GmbH &amp; Co.KG <br> Nagold \/ Alemania<\/h5><ul class=\"portfolio-category list-inline\"><li>Mundos de oficina<\/li><li>Cortina ac\u00fastica OFFICE<\/li><li>Sistema de carriles TRUMPF 95<\/li><\/ul>                                                <\/div>\r\n                                            <\/a>\r\n                                                                                   <\/div>\r\n                                    <\/div>\r\n                                <\/div>\r\n                            <\/div>\r\n                                                    <\/div><div id=\"portfolio-post-2518\" class=\"portfolio-column portfolio-post portfolio-hover-style-5 all buerowelten schallvorhang-office schienensystem-trumpf-95  width1x height1x col-xs-12 col-sm-6 col-md-4 animate\"  data-animation=\"fadeInUp\" data-animation-offset=\"90%\" style=\"margin: 15px 0; padding: 0 15px; -webkit-animation-duration: 0.8s; -webkit-animation-delay: 0.4s; animation-duration: 0.8s; animation-delay: 0.4s;\">\r\n                            <div class=\"portfolio-content-container\" >\r\n                                <div class=\"portfolio-thumbnail\">\r\n                                    <img loading=\"lazy\" decoding=\"async\" width=\"532\" height=\"532\" src=\"https:\/\/www.gerriets-acoustics.com\/wp-content\/uploads\/2017\/10\/gw-2016-kreissparkasse-tuttlingen-small.jpg\" class=\"attachment-post-thumbnail size-post-thumbnail wp-post-image\" alt=\"Isla de reuniones con cortina insonorizada\" \/>                                <\/div> \r\n                                <div class=\"portfolio-caption-content\">\r\n                                    <a class=\"portfolio-content-link\" href=\"http:\/\/www.gerriets-acoustics.com\/es\/portfolio\/sparkassenforum\/\" target=\"_self\"><\/a>\r\n                                    <div class=\"portfolio-content\">\r\n                                        <div class=\"portfolio-content-details\">\r\n                                            <a class=\"portfolio-content-link\" href=\"http:\/\/www.gerriets-acoustics.com\/es\/portfolio\/sparkassenforum\/\" target=\"_self\">\r\n                                                <div class=\"portfolio-content-inner\" >\r\n                                                    <h5 class=\"portfolio-title\">Foro de las Cajas de Ahorros <br> Tuttlingen \/ Alemania<\/h5><ul class=\"portfolio-category list-inline\"><li>Mundos de oficina<\/li><li>Cortina ac\u00fastica OFFICE<\/li><li>Sistema de carriles TRUMPF 95<\/li><\/ul>                                                <\/div>\r\n                                            <\/a>\r\n                                                                                   <\/div>\r\n                                    <\/div>\r\n                                <\/div>\r\n                            <\/div>\r\n                                                    <\/div><div id=\"portfolio-post-2515\" class=\"portfolio-column portfolio-post portfolio-hover-style-5 all buerowelten schallvorhang-office schienensystem-studio-office  width1x height1x col-xs-12 col-sm-6 col-md-4 animate\"  data-animation=\"fadeInUp\" data-animation-offset=\"90%\" style=\"margin: 15px 0; padding: 0 15px; -webkit-animation-duration: 0.8s; -webkit-animation-delay: 0.8s; animation-duration: 0.8s; animation-delay: 0.8s;\">\r\n                            <div class=\"portfolio-content-container\" >\r\n                                <div class=\"portfolio-thumbnail\">\r\n                                    <img loading=\"lazy\" decoding=\"async\" width=\"532\" height=\"532\" src=\"https:\/\/www.gerriets-acoustics.com\/wp-content\/uploads\/2017\/10\/2013-hallwangen-officevorhang-small.jpg\" class=\"attachment-post-thumbnail size-post-thumbnail wp-post-image\" alt=\"Isla de reuniones separada ac\u00fasticamente en una oficina di\u00e1fana\" \/>                                <\/div> \r\n                                <div class=\"portfolio-caption-content\">\r\n                                    <a class=\"portfolio-content-link\" href=\"http:\/\/www.gerriets-acoustics.com\/es\/portfolio\/schmelzle-socio\/\" target=\"_self\"><\/a>\r\n                                    <div class=\"portfolio-content\">\r\n                                        <div class=\"portfolio-content-details\">\r\n                                            <a class=\"portfolio-content-link\" href=\"http:\/\/www.gerriets-acoustics.com\/es\/portfolio\/schmelzle-socio\/\" target=\"_self\">\r\n                                                <div class=\"portfolio-content-inner\" >\r\n                                                    <h5 class=\"portfolio-title\">Schmelzle &amp; Partner <br> Hallwangen \/ Alemania<\/h5><ul class=\"portfolio-category list-inline\"><li>Mundos de oficina<\/li><li>Cortina ac\u00fastica OFFICE<\/li><li>Sistema de carriles OFFICE STUDIO<\/li><\/ul>                                                <\/div>\r\n                                            <\/a>\r\n                                                                                   <\/div>\r\n                                    <\/div>\r\n                                <\/div>\r\n                            <\/div>\r\n                                                    <\/div><div id=\"portfolio-post-2505\" class=\"portfolio-column portfolio-post portfolio-hover-style-5 all bildung-und-lehre design-und-schmuckvorhaenge schallvorhang-office  width1x height1x col-xs-12 col-sm-6 col-md-4 animate\"  data-animation=\"fadeInUp\" data-animation-offset=\"90%\" style=\"margin: 15px 0; padding: 0 15px; -webkit-animation-duration: 0.8s; -webkit-animation-delay: 1.2s; animation-duration: 0.8s; animation-delay: 1.2s;\">\r\n                            <div class=\"portfolio-content-container\" >\r\n                                <div class=\"portfolio-thumbnail\">\r\n                                    <img loading=\"lazy\" decoding=\"async\" width=\"532\" height=\"532\" src=\"https:\/\/www.gerriets-acoustics.com\/wp-content\/uploads\/2017\/10\/2010-bibliothek-muenster-small-1.jpg\" class=\"attachment-post-thumbnail size-post-thumbnail wp-post-image\" alt=\"Vista exterior de la fachada de una biblioteca moderna de arquitectura abierta\" \/>                                <\/div> \r\n                                <div class=\"portfolio-caption-content\">\r\n                                    <a class=\"portfolio-content-link\" href=\"http:\/\/www.gerriets-acoustics.com\/es\/portfolio\/biblioteca-de-arquitectura-arte-diseno-universidad-de-arte-muenster\/\" target=\"_self\"><\/a>\r\n                                    <div class=\"portfolio-content\">\r\n                                        <div class=\"portfolio-content-details\">\r\n                                            <a class=\"portfolio-content-link\" href=\"http:\/\/www.gerriets-acoustics.com\/es\/portfolio\/biblioteca-de-arquitectura-arte-diseno-universidad-de-arte-muenster\/\" target=\"_self\">\r\n                                                <div class=\"portfolio-content-inner\" >\r\n                                                    <h5 class=\"portfolio-title\">Biblioteca de Arquitectura, Arte y Dise\u00f1o \/ Universidad de Ciencias Aplicadas de M\u00fcnster <br> M\u00fcnster \/ Alemania<\/h5><ul class=\"portfolio-category list-inline\"><li>Educaci\u00f3n y ense\u00f1anza<\/li><li>Cortinas de dise\u00f1o y decoraci\u00f3n<\/li><li>Cortina ac\u00fastica OFFICE<\/li><\/ul>                                                <\/div>\r\n                                            <\/a>\r\n                                                                                   <\/div>\r\n                                    <\/div>\r\n                                <\/div>\r\n                            <\/div>\r\n                                                    <\/div><div id=\"portfolio-post-2500\" class=\"portfolio-column portfolio-post portfolio-hover-style-5 all buerowelten schallvorhang-office  width1x height1x col-xs-12 col-sm-6 col-md-4 animate\"  data-animation=\"fadeInUp\" data-animation-offset=\"90%\" style=\"margin: 15px 0; padding: 0 15px; -webkit-animation-duration: 0.8s; -webkit-animation-delay: 0.4s; animation-duration: 0.8s; animation-delay: 0.4s;\">\r\n                            <div class=\"portfolio-content-container\" >\r\n                                <div class=\"portfolio-thumbnail\">\r\n                                    <img loading=\"lazy\" decoding=\"async\" width=\"532\" height=\"532\" src=\"https:\/\/www.gerriets-acoustics.com\/wp-content\/uploads\/2017\/10\/gw-streit-sikla-office-small.jpg\" class=\"attachment-post-thumbnail size-post-thumbnail wp-post-image\" alt=\"Sala de reuniones con soluci\u00f3n de insonorizaci\u00f3n variable\" \/>                                <\/div> \r\n                                <div class=\"portfolio-caption-content\">\r\n                                    <a class=\"portfolio-content-link\" href=\"http:\/\/www.gerriets-acoustics.com\/es\/portfolio\/sikla-gmbh\/\" target=\"_self\"><\/a>\r\n                                    <div class=\"portfolio-content\">\r\n                                        <div class=\"portfolio-content-details\">\r\n                                            <a class=\"portfolio-content-link\" href=\"http:\/\/www.gerriets-acoustics.com\/es\/portfolio\/sikla-gmbh\/\" target=\"_self\">\r\n                                                <div class=\"portfolio-content-inner\" >\r\n                                                    <h5 class=\"portfolio-title\">Sikla Ltd. <br> Villingen-Schwenningen \/ Alemania<\/h5><ul class=\"portfolio-category list-inline\"><li>Mundos de oficina<\/li><li>Cortina ac\u00fastica OFFICE<\/li><\/ul>                                                <\/div>\r\n                                            <\/a>\r\n                                                                                   <\/div>\r\n                                    <\/div>\r\n                                <\/div>\r\n                            <\/div>\r\n                                                    <\/div><div id=\"portfolio-post-2495\" class=\"portfolio-column portfolio-post portfolio-hover-style-5 all buerowelten schallvorhang-office schienensystem-trumpf-95  width1x height1x col-xs-12 col-sm-6 col-md-4 animate\"  data-animation=\"fadeInUp\" data-animation-offset=\"90%\" style=\"margin: 15px 0; padding: 0 15px; -webkit-animation-duration: 0.8s; -webkit-animation-delay: 0.8s; animation-duration: 0.8s; animation-delay: 0.8s;\">\r\n                            <div class=\"portfolio-content-container\" >\r\n                                <div class=\"portfolio-thumbnail\">\r\n                                    <img loading=\"lazy\" decoding=\"async\" width=\"532\" height=\"532\" src=\"https:\/\/www.gerriets-acoustics.com\/wp-content\/uploads\/2017\/10\/gw-2015-vitra-IT-office-small-2.jpg\" class=\"attachment-post-thumbnail size-post-thumbnail wp-post-image\" alt=\"Sala de reuniones con cortina ac\u00fastica entreabierta\" \/>                                <\/div> \r\n                                <div class=\"portfolio-caption-content\">\r\n                                    <a class=\"portfolio-content-link\" href=\"http:\/\/www.gerriets-acoustics.com\/es\/portfolio\/vitra-services-gmbh\/\" target=\"_self\"><\/a>\r\n                                    <div class=\"portfolio-content\">\r\n                                        <div class=\"portfolio-content-details\">\r\n                                            <a class=\"portfolio-content-link\" href=\"http:\/\/www.gerriets-acoustics.com\/es\/portfolio\/vitra-services-gmbh\/\" target=\"_self\">\r\n                                                <div class=\"portfolio-content-inner\" >\r\n                                                    <h5 class=\"portfolio-title\">Vitra Services GmbH <br> Weil am Rhein \/ Alemania<\/h5><ul class=\"portfolio-category list-inline\"><li>Mundos de oficina<\/li><li>Cortina ac\u00fastica OFFICE<\/li><li>Sistema de carriles TRUMPF 95<\/li><\/ul>                                                <\/div>\r\n                                            <\/a>\r\n                                                                                   <\/div>\r\n                                    <\/div>\r\n                                <\/div>\r\n                            <\/div>\r\n                                                    <\/div><div id=\"portfolio-post-2485\" class=\"portfolio-column portfolio-post portfolio-hover-style-5 all buerowelten schallvorhang-office  width1x height1x col-xs-12 col-sm-6 col-md-4 animate\"  data-animation=\"fadeInUp\" data-animation-offset=\"90%\" style=\"margin: 15px 0; padding: 0 15px; -webkit-animation-duration: 0.8s; -webkit-animation-delay: 1.2s; animation-duration: 0.8s; animation-delay: 1.2s;\">\r\n                            <div class=\"portfolio-content-container\" >\r\n                                <div class=\"portfolio-thumbnail\">\r\n                                    <img loading=\"lazy\" decoding=\"async\" width=\"532\" height=\"532\" src=\"https:\/\/www.gerriets-acoustics.com\/wp-content\/uploads\/2017\/10\/gw-bad-urach-eissmann-office-small.jpg\" class=\"attachment-post-thumbnail size-post-thumbnail wp-post-image\" alt=\"Isla de reuniones con sillas de colores y cortina insonorizada\" \/>                                <\/div> \r\n                                <div class=\"portfolio-caption-content\">\r\n                                    <a class=\"portfolio-content-link\" href=\"http:\/\/www.gerriets-acoustics.com\/es\/portfolio\/english-eissmann-automotive-deutschland-gmbh\/\" target=\"_self\"><\/a>\r\n                                    <div class=\"portfolio-content\">\r\n                                        <div class=\"portfolio-content-details\">\r\n                                            <a class=\"portfolio-content-link\" href=\"http:\/\/www.gerriets-acoustics.com\/es\/portfolio\/english-eissmann-automotive-deutschland-gmbh\/\" target=\"_self\">\r\n                                                <div class=\"portfolio-content-inner\" >\r\n                                                    <h5 class=\"portfolio-title\">Eissmann Automotive Germany GmbH <br> Bad Urach \/ Alemania<\/h5><ul class=\"portfolio-category list-inline\"><li>Mundos de oficina<\/li><li>Cortina ac\u00fastica OFFICE<\/li><\/ul>                                                <\/div>\r\n                                            <\/a>\r\n                                                                                   <\/div>\r\n                                    <\/div>\r\n                                <\/div>\r\n                            <\/div>\r\n                                                    <\/div><div id=\"portfolio-post-2466\" class=\"portfolio-column portfolio-post portfolio-hover-style-5 all buerowelten schallvorhang-office schienensystem-trumpf-95  width1x height1x col-xs-12 col-sm-6 col-md-4 animate\"  data-animation=\"fadeInUp\" data-animation-offset=\"90%\" style=\"margin: 15px 0; padding: 0 15px; -webkit-animation-duration: 0.8s; -webkit-animation-delay: 0.4s; animation-duration: 0.8s; animation-delay: 0.4s;\">\r\n                            <div class=\"portfolio-content-container\" >\r\n                                <div class=\"portfolio-thumbnail\">\r\n                                    <img loading=\"lazy\" decoding=\"async\" width=\"532\" height=\"532\" src=\"https:\/\/www.gerriets-acoustics.com\/wp-content\/uploads\/2017\/10\/2014-leoni-ag-kitzingen-small.jpg\" class=\"attachment-post-thumbnail size-post-thumbnail wp-post-image\" alt=\"isla de reuniones flexible cortina de sonido verde\" \/>                                <\/div> \r\n                                <div class=\"portfolio-caption-content\">\r\n                                    <a class=\"portfolio-content-link\" href=\"http:\/\/www.gerriets-acoustics.com\/es\/portfolio\/leoni-ag\/\" target=\"_self\"><\/a>\r\n                                    <div class=\"portfolio-content\">\r\n                                        <div class=\"portfolio-content-details\">\r\n                                            <a class=\"portfolio-content-link\" href=\"http:\/\/www.gerriets-acoustics.com\/es\/portfolio\/leoni-ag\/\" target=\"_self\">\r\n                                                <div class=\"portfolio-content-inner\" >\r\n                                                    <h5 class=\"portfolio-title\">Leoni AG <br> Kitzingen \/ Alemania<\/h5><ul class=\"portfolio-category list-inline\"><li>Mundos de oficina<\/li><li>Cortina ac\u00fastica OFFICE<\/li><li>Sistema de carriles TRUMPF 95<\/li><\/ul>                                                <\/div>\r\n                                            <\/a>\r\n                                                                                   <\/div>\r\n                                    <\/div>\r\n                                <\/div>\r\n                            <\/div>\r\n                                                    <\/div><div id=\"portfolio-post-2465\" class=\"portfolio-column portfolio-post portfolio-hover-style-5 all buerowelten schallvorhang-office schienensystem-trumpf-95  width1x height1x col-xs-12 col-sm-6 col-md-4 animate\"  data-animation=\"fadeInUp\" data-animation-offset=\"90%\" style=\"margin: 15px 0; padding: 0 15px; -webkit-animation-duration: 0.8s; -webkit-animation-delay: 0.8s; animation-duration: 0.8s; animation-delay: 0.8s;\">\r\n                            <div class=\"portfolio-content-container\" >\r\n                                <div class=\"portfolio-thumbnail\">\r\n                                    <img loading=\"lazy\" decoding=\"async\" width=\"532\" height=\"532\" src=\"https:\/\/www.gerriets-acoustics.com\/wp-content\/uploads\/2017\/10\/2012-kabelwerk-brugg-officevorhang-small-1.jpg\" class=\"attachment-post-thumbnail size-post-thumbnail wp-post-image\" alt=\"Filas de asientos con cortinas ac\u00fasticas\" \/>                                <\/div> \r\n                                <div class=\"portfolio-caption-content\">\r\n                                    <a class=\"portfolio-content-link\" href=\"http:\/\/www.gerriets-acoustics.com\/es\/portfolio\/kabelwerke-brugg-ag\/\" target=\"_self\"><\/a>\r\n                                    <div class=\"portfolio-content\">\r\n                                        <div class=\"portfolio-content-details\">\r\n                                            <a class=\"portfolio-content-link\" href=\"http:\/\/www.gerriets-acoustics.com\/es\/portfolio\/kabelwerke-brugg-ag\/\" target=\"_self\">\r\n                                                <div class=\"portfolio-content-inner\" >\r\n                                                    <h5 class=\"portfolio-title\">F\u00e1bricas de cables Brugg AG <br> Brugg \/ Suiza<\/h5><ul class=\"portfolio-category list-inline\"><li>Mundos de oficina<\/li><li>Cortina ac\u00fastica OFFICE<\/li><li>Sistema de carriles TRUMPF 95<\/li><\/ul>                                                <\/div>\r\n                                            <\/a>\r\n                                                                                   <\/div>\r\n                                    <\/div>\r\n                                <\/div>\r\n                            <\/div>\r\n                                                    <\/div><div id=\"portfolio-post-2464\" class=\"portfolio-column portfolio-post portfolio-hover-style-5 all buerowelten schallvorhang-office  width1x height1x col-xs-12 col-sm-6 col-md-4 animate\"  data-animation=\"fadeInUp\" data-animation-offset=\"90%\" style=\"margin: 15px 0; padding: 0 15px; -webkit-animation-duration: 0.8s; -webkit-animation-delay: 1.2s; animation-duration: 0.8s; animation-delay: 1.2s;\">\r\n                            <div class=\"portfolio-content-container\" >\r\n                                <div class=\"portfolio-thumbnail\">\r\n                                    <img loading=\"lazy\" decoding=\"async\" width=\"532\" height=\"532\" src=\"https:\/\/www.gerriets-acoustics.com\/wp-content\/uploads\/2017\/10\/gw-2014-oberkirch-haus-der-ing-office-small.jpg\" class=\"attachment-post-thumbnail size-post-thumbnail wp-post-image\" alt=\"Optimizaci\u00f3n ac\u00fastica mediante cortinas de sonido en la oficina\" \/>                                <\/div> \r\n                                <div class=\"portfolio-caption-content\">\r\n                                    <a class=\"portfolio-content-link\" href=\"http:\/\/www.gerriets-acoustics.com\/es\/portfolio\/mueller-huber-architekturbuero\/\" target=\"_self\"><\/a>\r\n                                    <div class=\"portfolio-content\">\r\n                                        <div class=\"portfolio-content-details\">\r\n                                            <a class=\"portfolio-content-link\" href=\"http:\/\/www.gerriets-acoustics.com\/es\/portfolio\/mueller-huber-architekturbuero\/\" target=\"_self\">\r\n                                                <div class=\"portfolio-content-inner\" >\r\n                                                    <h5 class=\"portfolio-title\">Estudio de arquitectura M\u00fcller + Huber <br> Oberkirch \/ Alemania<\/h5><ul class=\"portfolio-category list-inline\"><li>Mundos de oficina<\/li><li>Cortina ac\u00fastica OFFICE<\/li><\/ul>                                                <\/div>\r\n                                            <\/a>\r\n                                                                                   <\/div>\r\n                                    <\/div>\r\n                                <\/div>\r\n                            <\/div>\r\n                                                    <\/div><div id=\"portfolio-post-2463\" class=\"portfolio-column portfolio-post portfolio-hover-style-5 all buerowelten schallvorhang-office  width1x height1x col-xs-12 col-sm-6 col-md-4 animate\"  data-animation=\"fadeInUp\" data-animation-offset=\"90%\" style=\"margin: 15px 0; padding: 0 15px; -webkit-animation-duration: 0.8s; -webkit-animation-delay: 0.4s; animation-duration: 0.8s; animation-delay: 0.4s;\">\r\n                            <div class=\"portfolio-content-container\" >\r\n                                <div class=\"portfolio-thumbnail\">\r\n                                    <img loading=\"lazy\" decoding=\"async\" width=\"532\" height=\"532\" src=\"https:\/\/www.gerriets-acoustics.com\/wp-content\/uploads\/2017\/10\/gw-2016-weil-endress-hauser-office-small.jpg\" class=\"attachment-post-thumbnail size-post-thumbnail wp-post-image\" alt=\"Separaci\u00f3n ac\u00fastica de una zona tranquila\" \/>                                <\/div> \r\n                                <div class=\"portfolio-caption-content\">\r\n                                    <a class=\"portfolio-content-link\" href=\"http:\/\/www.gerriets-acoustics.com\/es\/portfolio\/endresshauser-messtechnik\/\" target=\"_self\"><\/a>\r\n                                    <div class=\"portfolio-content\">\r\n                                        <div class=\"portfolio-content-details\">\r\n                                            <a class=\"portfolio-content-link\" href=\"http:\/\/www.gerriets-acoustics.com\/es\/portfolio\/endresshauser-messtechnik\/\" target=\"_self\">\r\n                                                <div class=\"portfolio-content-inner\" >\r\n                                                    <h5 class=\"portfolio-title\">Tecnolog\u00eda de medici\u00f3n Endress + Hauser <br> Weil am Rhein \/ Alemania<\/h5><ul class=\"portfolio-category list-inline\"><li>Mundos de oficina<\/li><li>Cortina ac\u00fastica OFFICE<\/li><\/ul>                                                <\/div>\r\n                                            <\/a>\r\n                                                                                   <\/div>\r\n                                    <\/div>\r\n                                <\/div>\r\n                            <\/div>\r\n                                                    <\/div>                        <div class=\"grid-sizer col-xs-12 col-sm-6 col-md-4\"><\/div>\r\n                                    <\/div>\r\n                            <\/div>\r\n        <\/div><!-- #main -->\r\n    <\/div><!-- #primary --> \r\n<\/div><\/div><\/div><\/div><\/div><\/div>\n<\/section>","protected":false},"excerpt":{"rendered":"&nbsp; &nbsp; &nbsp; &nbsp; &nbsp; &nbsp; Projektdaten Optische und akustische Abtrennung von Besprechungsinseln Fertigung und Installation von zwei 7-lagigen Schallvorh\u00e4ngen OFFICE in Wave-Optik; Vorh\u00e4nge k\u00f6nnen in speziell angefertigte Schrankwand verschoben werden und verschwinden somit vollst\u00e4ndig aus dem Blickfeld Au\u00dfenlage aus dem schallabsorbierenden Objektstoff SATIN CS; in der Farbe Mausgrau Aufh\u00e4ngung an wei\u00dfen, gebogenen TRUMPF 95 [...]","protected":false},"author":1,"featured_media":0,"parent":0,"menu_order":12,"comment_status":"closed","ping_status":"closed","template":"","meta":{"footnotes":""},"class_list":["post-35","page","type-page","status-publish","hentry"],"aioseo_notices":[],"_links":{"self":[{"href":"http:\/\/www.gerriets-acoustics.com\/es\/wp-json\/wp\/v2\/pages\/35","targetHints":{"allow":["GET"]}}],"collection":[{"href":"http:\/\/www.gerriets-acoustics.com\/es\/wp-json\/wp\/v2\/pages"}],"about":[{"href":"http:\/\/www.gerriets-acoustics.com\/es\/wp-json\/wp\/v2\/types\/page"}],"author":[{"embeddable":true,"href":"http:\/\/www.gerriets-acoustics.com\/es\/wp-json\/wp\/v2\/users\/1"}],"replies":[{"embeddable":true,"href":"http:\/\/www.gerriets-acoustics.com\/es\/wp-json\/wp\/v2\/comments?post=35"}],"version-history":[{"count":0,"href":"http:\/\/www.gerriets-acoustics.com\/es\/wp-json\/wp\/v2\/pages\/35\/revisions"}],"wp:attachment":[{"href":"http:\/\/www.gerriets-acoustics.com\/es\/wp-json\/wp\/v2\/media?parent=35"}],"curies":[{"name":"wp","href":"https:\/\/api.w.org\/{rel}","templated":true}]}}