{"id":4800,"date":"2021-02-01T09:50:00","date_gmt":"2021-02-01T08:50:00","guid":{"rendered":"https:\/\/gerriets2021.webproofed.de\/?page_id=4800"},"modified":"2022-07-06T13:49:28","modified_gmt":"2022-07-06T11:49:28","slug":"planung-beratung","status":"publish","type":"page","link":"http:\/\/www.gerriets-acoustics.com\/es\/planificacion-consultoria\/","title":{"rendered":"Planificaci\u00f3n y consultor\u00eda"},"content":{"rendered":"<section class=\"wpb-content-wrapper\"><section class=\"vc_section agni-section vc_custom_1620818208852 vc_section-has-fill\"><\/section><div id=\"intro\" class=\"section-row\" ><div class=\"section-row-bg-container section-row-bg-container-intro\"><div class=\"section-row-bg section-row-bg-color  parallax\" style=\"background-color: #efefef; \" data-top-bottom=\"background-position: 0px 600px;\" data-center=\"background-position: 0px 0px\" data-bottom-top=\"background-position: 0px 0px\"><\/div><\/div><div class=\"container\"><div class=\"vc_row vc_row_fluid vc_row-o-equal-height vc_row-flex\"><div id=\"agni-column-83686\" class=\"wpb_column agni_column_container agni_column vc_column_container vc_col-sm-12 vc_col-md-5\"><div class=\"agni_column-inner vc_column-inner text-left\" style=\"padding-top: 100px; padding-bottom: 50px; \" ><div class=\"section-column-bg-container section-column-bg-container-agni-column-83686\" ><div class=\"section-column-bg section-column-bg-color\"  ><\/div><\/div><div class=\"wpb_wrapper\"><div class=\"agni_custom_heading page-scroll\" ><h6 class=\"vc_custom_heading agni_custom_heading_content\" style=\"text-align: center; \"><span>Apoyo \u00f3ptimo en el proceso de planificaci\u00f3n<\/span><\/h6><div class=\"divide-line text-center\"><span style=\"width:90px; height:1px; background-color:#020000\"><\/span><\/div><\/div>\n\t<div id=\"\" class=\"agni_text_column agni-text-block\"  style=\"padding-bottom: 15px; \">\n\t\t<p class=\"translation-block\">La planificaci\u00f3n ac\u00fastica de las salas es un tema complejo. <strong>Las mediciones fiables<\/strong> son importantes para la planificaci\u00f3n, al igual que la posibilidad de acompa\u00f1ar el proceso de construcci\u00f3n <strong>de las mediciones adicionales y del asesoramiento<\/strong>. Todos los valores de medici\u00f3n publicados por Gerriets Interior Acoustic Solutions proceden de oficinas de medici\u00f3n de renombre. Todos los tejidos presentados aqu\u00ed han sido probados y clasificados por su eficacia en condiciones neutras.<\/p>\n<p><span style=\"color: #333333;\"><strong>Podemos asesorarle durante el proceso de construcci\u00f3n y realizar mediciones in situ para que cada proyecto tambi\u00e9n sea un \u00e9xito desde el punto de vista ac\u00fastico.<br \/>\n<\/strong><\/span><\/p>\n<p>\u00bfTiene alguna pregunta sobre nuestra gama de servicios y nuestros servicios de planificaci\u00f3n? Estaremos encantados de ayudarle. Puede ponerse en contacto con nosotros por tel\u00e9fono en <strong>+49 7665 960-330<\/strong> o por correo electr\u00f3nico a <a href=\"mailto:acoustics@gerriets.com\" target=\"_blank\" rel=\"noopener\"><strong><span style=\"text-decoration: underline;\"><span style=\"color: #999999; text-decoration: underline;\">gerriets.joan@gmail.com<\/span><\/span><\/strong><\/a>.<\/p>\n\n\t<\/div>\n<div class=\"agni_empty_space vc_empty_space\"  style=\"height: 150px\" data-height = \"150px\" data-height-tab = \"30\" data-height-mobile = \"5\"><span class=\"vc_empty_space_inner\"><\/span><\/div>\n<\/div><\/div><\/div><div id=\"agni-column-16712\" class=\"wpb_column agni_column_container agni_column vc_column_container vc_col-sm-12 vc_col-md-offset-1 vc_col-md-6\"><div class=\"agni_column-inner vc_column-inner text-left\"  ><div class=\"section-column-bg-container section-column-bg-container-agni-column-16712 has-bg-edge\" data-bg-edge=\"right\"><div class=\"section-column-bg section-column-bg-image\" style=\"background-image: url('https:\/\/www.gerriets-acoustics.com\/wp-content\/uploads\/2022\/03\/1030032.jpg'); background-repeat:repeat; background-size:cover; background-position:center center; background-attachment:scroll; \" ><\/div><\/div><div class=\"wpb_wrapper\"><div class=\"agni_empty_space vc_empty_space\"  style=\"height: 32px\" data-height = \"32px\" data-height-tab = \"32px\" data-height-mobile = \"300px\"><span class=\"vc_empty_space_inner\"><\/span><\/div>\n<\/div><\/div><\/div><\/div><\/div><\/div><div id=\"agni-row-56692\" class=\"section-row\" ><div class=\"section-row-bg-container section-row-bg-container-agni-row-56692\"><div class=\"section-row-bg section-row-bg-color\" style=\"background-color: #efefef; \" ><\/div><\/div><div class=\"container\"><div class=\"vc_row vc_row_fluid vc_row-o-equal-height vc_row-flex\"><div id=\"agni-column-64579\" class=\"wpb_column agni_column_container agni_column vc_column_container vc_col-sm-12 vc_col-md-6 vc_hidden-sm vc_hidden-xs\"><div class=\"agni_column-inner vc_column-inner text-left\"  ><div class=\"section-column-bg-container section-column-bg-container-agni-column-64579 has-bg-edge\" data-bg-edge=\"left\"><div class=\"section-column-bg section-column-bg-image\" style=\"background-image: url('https:\/\/www.gerriets-acoustics.com\/wp-content\/uploads\/2017\/10\/2013-hallwangen-officevorhang-1.jpg'); background-repeat:repeat; background-size:cover; background-position:center center; background-attachment:scroll; background-color: #ffffff; \" ><\/div><\/div><div class=\"wpb_wrapper\"><div class=\"agni_empty_space vc_empty_space\"  style=\"height: 32px\" data-height = \"32px\" data-height-tab = \"32px\" data-height-mobile = \"300px\"><span class=\"vc_empty_space_inner\"><\/span><\/div>\n<\/div><\/div><\/div><div id=\"agni-column-91259\" class=\"wpb_column agni_column_container agni_column vc_column_container vc_col-sm-12 vc_col-md-offset-1 vc_col-md-5\"><div class=\"agni_column-inner vc_column-inner text-left\" style=\"padding-top: 40px; padding-bottom: 40px; \" ><div class=\"section-column-bg-container section-column-bg-container-agni-column-91259\" ><div class=\"section-column-bg section-column-bg-color\"  ><\/div><\/div><div class=\"wpb_wrapper\"><div class=\"agni_custom_heading page-scroll\" ><h6 class=\"vc_custom_heading agni_custom_heading_content translation-block\" style=\"text-align: center; \"><span>Buena ac\u00fastica interior:<br>\nun valor a\u00f1adido para cada espacio<\/span><\/h6><div class=\"divide-line text-center\"><span style=\"width:90px; height:1px; background-color:#020000\"><\/span><\/div><\/div>\n\t<div id=\"\" class=\"agni_text_column agni-text-block\"  >\n\t\t<p>Especialmente en la estresante vida cotidiana y en los complejos procesos de trabajo en la oficina, la contaminaci\u00f3n ac\u00fastica se considera un importante factor de perturbaci\u00f3n y estr\u00e9s. El ruido se define como un sonido no deseado que perjudica la salud, reduce el rendimiento e interrumpe la comunicaci\u00f3n. Adem\u00e1s, el ruido tiene un efecto negativo en el bienestar de una persona.<\/p>\n<p>Para mantener lo m\u00e1s bajo posible el nivel de estr\u00e9s de los empleados causado por factores externos y contrarrestar los perjuicios para la salud a largo plazo, la ac\u00fastica interior debe incluirse siempre en la planificaci\u00f3n. Con un dise\u00f1o ac\u00fastico adecuado del interior, se puede aumentar la inteligibilidad del habla y reducir al mismo tiempo el nivel de ruido.<\/p>\n<p class=\"translation-block\">El uso correcto de las medidas ac\u00fasticas debe prepararse de forma \u00f3ptima y evaluarse profesionalmente con antelaci\u00f3n. Para ofrecerle un apoyo \u00f3ptimo en el proceso de planificaci\u00f3n, estaremos encantados de facilitarle todos los valores de medici\u00f3n ac\u00fastica habituales, como el coeficiente de absorci\u00f3n o el \u00edndice de reducci\u00f3n ac\u00fastica. Si no disponemos de estos valores, lo que puede ocurrir con materiales seleccionados individualmente, podemos determinar f\u00e1cilmente muchos valores de medici\u00f3n ac\u00fastica para usted en nuestro <strong>laboratorio de medici\u00f3n propio<\/strong>. El <strong>apoyo \u00f3ptimo en el proceso de planificaci\u00f3n<\/strong> es nuestra m\u00e1xima prioridad.<\/p>\n\n\t<\/div>\n<div class=\"agni_empty_space vc_empty_space\"  style=\"height: 20px\" data-height = \"20px\" data-height-tab = \"50\" data-height-mobile = \"5\"><span class=\"vc_empty_space_inner\"><\/span><\/div>\n<div class=\"agni-image custom-image-container text-center\">\r\n\t\t\t<figure class=\"agni-image-figure\">\r\n\t\t\t\t<img loading=\"lazy\" decoding=\"async\" style=\"\" width=\"1024\" height=\"177\" src=\"https:\/\/www.gerriets-acoustics.com\/wp-content\/uploads\/2017\/08\/g-impedanzrohr-umkirch-207-freisteller-1024x177.png\" class=\"fullwidth-image attachment-large  attachment-large\" alt=\"Sistema de medici\u00f3n para determinar el coeficiente de absorci\u00f3n ac\u00fastica, el factor de reflexi\u00f3n y la relaci\u00f3n de impedancia de probetas en laboratorio\" title=\"Tubo de impedancia para determinar valores ac\u00fasticos medidos\" srcset=\"https:\/\/www.gerriets-acoustics.com\/wp-content\/uploads\/2017\/08\/g-impedanzrohr-umkirch-207-freisteller-1024x177.png 1024w, https:\/\/www.gerriets-acoustics.com\/wp-content\/uploads\/2017\/08\/g-impedanzrohr-umkirch-207-freisteller-300x52.png 300w, https:\/\/www.gerriets-acoustics.com\/wp-content\/uploads\/2017\/08\/g-impedanzrohr-umkirch-207-freisteller-768x133.png 768w, https:\/\/www.gerriets-acoustics.com\/wp-content\/uploads\/2017\/08\/g-impedanzrohr-umkirch-207-freisteller-960x166.png 960w\" sizes=\"auto, (max-width: 1024px) 100vw, 1024px\" \/>\r\n\t\t\t\t<figcaption class=\"vc_figure-caption\"><\/figcaption>\r\n\t\t\t<\/figure>\r\n\t\t<\/div>\n\t<div id=\"\" class=\"agni_text_column agni-text-block\"  >\n\t\t<p style=\"text-align: center;\">Tubo de impedancia para determinar los par\u00e1metros ac\u00fasticos de una gran variedad de muestras de materiales<\/p>\n\n\t<\/div>\n<div class=\"agni_empty_space vc_empty_space\"  style=\"height: 50px\" data-height = \"50px\" data-height-tab = \"50\" data-height-mobile = \"5\"><span class=\"vc_empty_space_inner\"><\/span><\/div>\n<\/div><\/div><\/div><\/div><\/div><\/div><div id=\"agni-row-99989\" class=\"section-row\" ><div class=\"section-row-bg-container section-row-bg-container-agni-row-99989\"><div class=\"section-row-bg section-row-bg-color  parallax\" style=\"background-color: #efefef; \" data-top-bottom=\"background-position: 0px 600px;\" data-center=\"background-position: 0px 0px\" data-bottom-top=\"background-position: 0px 0px\"><\/div><\/div><div class=\"container\"><div class=\"vc_row vc_row_fluid vc_row-o-equal-height vc_row-flex\"><div id=\"agni-column-24887\" class=\"wpb_column agni_column_container agni_column vc_column_container vc_col-sm-12 vc_col-md-5\"><div class=\"agni_column-inner vc_column-inner text-left\" style=\"padding-top: 40px; padding-bottom: 40px; \" ><div class=\"section-column-bg-container section-column-bg-container-agni-column-24887\" ><div class=\"section-column-bg section-column-bg-color\" style=\"background-color: #efefef; \" ><\/div><\/div><div class=\"wpb_wrapper\"><div class=\"agni_custom_heading page-scroll\" ><h6 class=\"vc_custom_heading agni_custom_heading_content\" style=\"text-align: center; \"><span>Reducir el ruido en la oficina<\/span><\/h6><div class=\"divide-line text-center\"><span style=\"width:90px; height:1px; background-color:#020000\"><\/span><\/div><\/div>\n\t<div id=\"\" class=\"agni_text_column agni-text-block\"  >\n\t\t<p class=\"translation-block\">A diferencia de lo que ocurre en los talleres mec\u00e1nicos, el ruido que se produce en la oficina no suele ser perjudicial para el o\u00eddo. Sin embargo, un ruido permanentemente molesto puede tener efectos sobre el cuerpo y la psique. Se ha demostrado que el nivel de hormonas del estr\u00e9s aumenta, as\u00ed como la presi\u00f3n arterial y ritmo card\u00edaco. Por este motivo, la normativa sobre organizaci\u00f3n del trabajo tambi\u00e9n describe que la exposici\u00f3n al ruido en los lugares de trabajo con pantallas de visualizaci\u00f3n debe mantenerse baja para no perjudicar demasiado la concentraci\u00f3n y la inteligibilidad del habla. <sup>1)<\/sup><\/p>\n\n\t<\/div>\n<div class=\"agni-image custom-image-container text-center\">\r\n\t\t\t<figure class=\"agni-image-figure\">\r\n\t\t\t\t<a href=\"\" class=\"custom-image\" target=\"_self\"><\/a>\r\n\t\t\t\t<figcaption class=\"vc_figure-caption\"><\/figcaption>\r\n\t\t\t<\/figure>\r\n\t\t<\/div>\n\t<div id=\"\" class=\"agni_text_column agni-text-block\"  >\n\t\t<p>Frecuencia de errores en tareas administrativas en funci\u00f3n del nivel de ruido <sup>2) 3)<\/sup><\/p>\n\n\t<\/div>\n<div class=\"agni-image custom-image-container text-center\">\r\n\t\t\t<figure class=\"agni-image-figure\">\r\n\t\t\t\t<a href=\"\" class=\"custom-image\" target=\"_self\"><\/a>\r\n\t\t\t\t<figcaption class=\"vc_figure-caption\"><\/figcaption>\r\n\t\t\t<\/figure>\r\n\t\t<\/div>\n\t<div id=\"\" class=\"agni_text_column agni-text-block\"  style=\"margin-top: 25px; \">\n\t\t<p>Eficacia del rendimiento (rendimiento\/tiempo empleado) en la tramitaci\u00f3n de tareas administrativas en funci\u00f3n del nivel de ruido. <sup>2) 3)<\/sup><\/p>\n\n\t<\/div>\n<div class=\"agni_empty_space vc_empty_space\"  style=\"height: 30px\" data-height = \"30px\" data-height-tab = \"50\" data-height-mobile = \"5\"><span class=\"vc_empty_space_inner\"><\/span><\/div>\n\n\t<div id=\"\" class=\"agni_text_column agni-text-block\"  >\n\t\t<p><sup>1) Normativa sobre lugares de trabajo de 12 de agosto de 2004 (Bolet\u00edn Oficial del Estado, parte I, S 2179, Alemania), modificada en \u00faltimo lugar por el art. 1 V, de 30.11.2016, parte I, S 2681.<\/sup><br \/>\n<sup>2) Sch\u00f6npflug &amp; Schulz, 1979.<\/sup><br \/>\n<sup>3) Evaluaci\u00f3n del ruido - Puestos de trabajo de oficina, Dortmund 1996, Instituto Federal de Seguridad y Salud en el Trabajo (BAuA).<\/sup><\/p>\n\n\t<\/div>\n<div class=\"agni_empty_space vc_empty_space\"  style=\"height: 60px\" data-height = \"60px\" data-height-tab = \"50\" data-height-mobile = \"5\"><span class=\"vc_empty_space_inner\"><\/span><\/div>\n<\/div><\/div><\/div><div id=\"agni-column-43905\" class=\"wpb_column agni_column_container agni_column vc_column_container vc_col-sm-12 vc_col-md-offset-1 vc_col-md-6\"><div class=\"agni_column-inner vc_column-inner text-left\"  ><div class=\"section-column-bg-container section-column-bg-container-agni-column-43905 has-bg-edge\" data-bg-edge=\"right\"><div class=\"section-column-bg section-column-bg-image\" style=\"background-image: url('https:\/\/www.gerriets-acoustics.com\/wp-content\/uploads\/2022\/04\/g-Oberkirch-Haus-der-Ing-OFFICE-9520.jpg'); background-repeat:repeat; background-size:cover; background-position:center center; background-attachment:scroll; background-color: #ffffff; \" ><\/div><\/div><div class=\"wpb_wrapper\"><div class=\"agni_empty_space vc_empty_space\"  style=\"height: 32px\" data-height = \"32px\" data-height-tab = \"32px\" data-height-mobile = \"300px\"><span class=\"vc_empty_space_inner\"><\/span><\/div>\n<\/div><\/div><\/div><\/div><\/div><\/div>\n<\/section>","protected":false},"excerpt":{"rendered":"Optimale Betreuung im Planungsprozess Raumakustische Planung ist ein komplexes Thema. Wichtig bei der Planung sind zum einen verl\u00e4ssliche Messwerte, zum anderen die M\u00f6glichkeit begleitender Messungen und Beratung w\u00e4hrend des Bauprozesses. Alle Messwerte, die von Gerriets Interior Acoustic Solutions ver\u00f6ffentlicht werden, stammen von renommierten Messb\u00fcros. Alle hier vorgestellten Textilien werden auf ihre Wirksamkeit unter neutralen Bedingungen [...]","protected":false},"author":1,"featured_media":0,"parent":0,"menu_order":0,"comment_status":"closed","ping_status":"closed","template":"","meta":{"footnotes":""},"class_list":["post-4800","page","type-page","status-publish","hentry"],"aioseo_notices":[],"_links":{"self":[{"href":"http:\/\/www.gerriets-acoustics.com\/es\/wp-json\/wp\/v2\/pages\/4800","targetHints":{"allow":["GET"]}}],"collection":[{"href":"http:\/\/www.gerriets-acoustics.com\/es\/wp-json\/wp\/v2\/pages"}],"about":[{"href":"http:\/\/www.gerriets-acoustics.com\/es\/wp-json\/wp\/v2\/types\/page"}],"author":[{"embeddable":true,"href":"http:\/\/www.gerriets-acoustics.com\/es\/wp-json\/wp\/v2\/users\/1"}],"replies":[{"embeddable":true,"href":"http:\/\/www.gerriets-acoustics.com\/es\/wp-json\/wp\/v2\/comments?post=4800"}],"version-history":[{"count":0,"href":"http:\/\/www.gerriets-acoustics.com\/es\/wp-json\/wp\/v2\/pages\/4800\/revisions"}],"wp:attachment":[{"href":"http:\/\/www.gerriets-acoustics.com\/es\/wp-json\/wp\/v2\/media?parent=4800"}],"curies":[{"name":"wp","href":"https:\/\/api.w.org\/{rel}","templated":true}]}}