{"id":35,"date":"2016-02-11T06:03:46","date_gmt":"2016-02-11T05:03:46","guid":{"rendered":"http:\/\/designova.net\/themes\/wordpress\/signature\/gozzo\/?page_id=2"},"modified":"2022-12-02T11:26:13","modified_gmt":"2022-12-02T10:26:13","slug":"referenzen","status":"publish","type":"page","link":"http:\/\/www.gerriets-acoustics.com\/pl\/referencje\/","title":{"rendered":"Referencje"},"content":{"rendered":"<section class=\"wpb-content-wrapper\"><div id=\"referenzen\" class=\"section-row kunden\" ><div class=\"section-row-bg-container section-row-bg-container-referenzen\"><div class=\"section-row-bg section-row-bg-color\"  ><\/div><\/div><div class=\"container\"><div class=\"vc_row vc_row_fluid\"><div id=\"agni-column-64359\" class=\"wpb_column agni_column_container agni_column vc_column_container vc_col-sm-12\"><div class=\"agni_column-inner vc_column-inner text-left\" style=\"padding-top: 30px; padding-bottom: 30px; \" ><div class=\"section-column-bg-container section-column-bg-container-agni-column-64359\" ><div class=\"section-column-bg section-column-bg-color\"  ><\/div><\/div><div class=\"wpb_wrapper\">    <div id=\"primary-portfolio\" class=\"page-portfolio content-area shortcode-page-portfolio\">\r\n        <div id=\"main-portfolio\" class=\"page-portfolio-container container-fluid  site-main\">\r\n\r\n            <div class=\"portfolio-filter container-fluid text-center\"><span class=\"filter-button\"><i class=\"pe-7f-filter\"><\/i><\/span><ul id=\"filters\" class=\"filter list-inline\"><li><a class=\"active\" href=\"#all\" data-filter=\".all\" title=\"Wszystkie\">Wszystkie<\/a><\/li><li><a href=\"#aussenvorhaenge\" data-filter=\".aussenvorhaenge\" title=\"Zas\u0142ony zewn\u0119trzne\">Zas\u0142ony zewn\u0119trzne<\/a><\/li><li><a href=\"#bildung-und-lehre\" data-filter=\".bildung-und-lehre\" title=\"Edukacja i nauczanie\">Edukacja i nauczanie<\/a><\/li><li><a href=\"#buerowelten\" data-filter=\".buerowelten\" title=\"\u015awiaty biurowe\">\u015awiaty biurowe<\/a><\/li><li><a href=\"#design-und-schmuckvorhaenge\" data-filter=\".design-und-schmuckvorhaenge\" title=\"Zas\u0142ony designerskie i dekoracyjne\">Zas\u0142ony designerskie i dekoracyjne<\/a><\/li><li><a href=\"#gastronomie-und-handel\" data-filter=\".gastronomie-und-handel\" title=\"Gastronomia i handel\">Gastronomia i handel<\/a><\/li><li><a href=\"#kulturbauten\" data-filter=\".kulturbauten\" title=\"Budynki kultury\">Budynki kultury<\/a><\/li><li><a href=\"#lichtdurchlaessige-stoffe\" data-filter=\".lichtdurchlaessige-stoffe\" title=\"tkaniny p\u00f3\u0142przezroczyste\">tkaniny p\u00f3\u0142przezroczyste<\/a><\/li><li><a href=\"#metallgewebe-g-mesh\" data-filter=\".metallgewebe-g-mesh\" title=\"Siatka metalowa G-MESH\">Siatka metalowa G-MESH<\/a><\/li><li><a href=\"#oeffentlicher-aum\" data-filter=\".oeffentlicher-aum\" title=\"przestrze\u0144 publiczna\">przestrze\u0144 publiczna<\/a><\/li><li><a href=\"#schallvorhang-office\" data-filter=\".schallvorhang-office\" title=\"Kurtyna akustyczna OFFICE\">Kurtyna akustyczna OFFICE<\/a><\/li><li><a href=\"#schallvorhang-office-elegance\" data-filter=\".schallvorhang-office-elegance\" title=\"Zas\u0142ona akustyczna OFFICE ELEGANCE\">Zas\u0142ona akustyczna OFFICE ELEGANCE<\/a><\/li><li><a href=\"#schallvorhang-office-window\" data-filter=\".schallvorhang-office-window\" title=\"Zas\u0142ona akustyczna OFFICE WINDOW\">Zas\u0142ona akustyczna OFFICE WINDOW<\/a><\/li><li><a href=\"#schienensystem-elegance\" data-filter=\".schienensystem-elegance\" title=\"Uk\u0142ad jezdny ELEGANCE\">Uk\u0142ad jezdny ELEGANCE<\/a><\/li><li><a href=\"#schienensystem-studio-office\" data-filter=\".schienensystem-studio-office\" title=\"System szynowy STUDIO OFFICE\">System szynowy STUDIO OFFICE<\/a><\/li><li><a href=\"#schienensystem-trumpf-95\" data-filter=\".schienensystem-trumpf-95\" title=\"System szyn TRUMPF 95\">System szyn TRUMPF 95<\/a><\/li><li><a href=\"#variable-raumakustik\" data-filter=\".variable-raumakustik\" title=\"Zmienna akustyka pomieszczenia\">Zmienna akustyka pomieszczenia<\/a><\/li><\/ul><\/div>            <div class=\"portfolio-container portfolio-fullwidth\">\r\n                <div class=\"row portfolio-row\" style=\"margin: 0 -15px; margin: 0 15px; \" data-gutter=\"30\"  data-grid=\"fitRows\"  data-posttype-autoplay=\"true\" data-posttype-autoplay-timeout=\"4000\" data-posttype-autoplay-speed=\"700\" data-posttype-autoplay-hover=\"true\" data-posttype-loop=\"true\" data-posttype-pagination=\"true\" data-posttype-navigation=\"false\">\r\n                    <div id=\"portfolio-post-10938\" class=\"portfolio-column portfolio-post portfolio-hover-style-5 all buerowelten schallvorhang-office schallvorhang-office-window  width1x height1x col-xs-12 col-sm-6 col-md-4 animate\"  data-animation=\"fadeInUp\" data-animation-offset=\"90%\" style=\"margin: 15px 0; padding: 0 15px; -webkit-animation-duration: 0.8s; -webkit-animation-delay: 0.4s; animation-duration: 0.8s; animation-delay: 0.4s;\">\r\n                            <div class=\"portfolio-content-container\" >\r\n                                <div class=\"portfolio-thumbnail\">\r\n                                    <img loading=\"lazy\" decoding=\"async\" width=\"1707\" height=\"1707\" src=\"https:\/\/www.gerriets-acoustics.com\/wp-content\/uploads\/2025\/10\/Interstuhl-2OG-Juni2025-1970-scaled-e1760948396568.jpg\" class=\"attachment-post-thumbnail size-post-thumbnail wp-post-image\" alt=\"\" \/>                                <\/div> \r\n                                <div class=\"portfolio-caption-content\">\r\n                                    <a class=\"portfolio-content-link\" href=\"http:\/\/www.gerriets-acoustics.com\/pl\/portfolio\/interstuhl-liveroom-messstetten-niemcy\/\" target=\"_self\"><\/a>\r\n                                    <div class=\"portfolio-content\">\r\n                                        <div class=\"portfolio-content-details\">\r\n                                            <a class=\"portfolio-content-link\" href=\"http:\/\/www.gerriets-acoustics.com\/pl\/portfolio\/interstuhl-liveroom-messstetten-niemcy\/\" target=\"_self\">\r\n                                                <div class=\"portfolio-content-inner\" >\r\n                                                    <h5 class=\"portfolio-title\">Interstuhl Liveroom <br> Me\u00dfstetten \/ Niemcy<\/h5><ul class=\"portfolio-category list-inline\"><li>\u015awiaty biurowe<\/li><li>Kurtyna akustyczna OFFICE<\/li><li>Zas\u0142ona akustyczna OFFICE WINDOW<\/li><\/ul>                                                <\/div>\r\n                                            <\/a>\r\n                                                                                   <\/div>\r\n                                    <\/div>\r\n                                <\/div>\r\n                            <\/div>\r\n                                                    <\/div><div id=\"portfolio-post-10767\" class=\"portfolio-column portfolio-post portfolio-hover-style-5 all kulturbauten variable-raumakustik  width1x height1x col-xs-12 col-sm-6 col-md-4 animate\"  data-animation=\"fadeInUp\" data-animation-offset=\"90%\" style=\"margin: 15px 0; padding: 0 15px; -webkit-animation-duration: 0.8s; -webkit-animation-delay: 0.8s; animation-duration: 0.8s; animation-delay: 0.8s;\">\r\n                            <div class=\"portfolio-content-container\" >\r\n                                <div class=\"portfolio-thumbnail\">\r\n                                    <img loading=\"lazy\" decoding=\"async\" width=\"1200\" height=\"1200\" src=\"https:\/\/www.gerriets-acoustics.com\/wp-content\/uploads\/2025\/05\/2024-Berlin-Komische-Oper-aQflex-11-e1747916551231.jpg\" class=\"attachment-post-thumbnail size-post-thumbnail wp-post-image\" alt=\"\" \/>                                <\/div> \r\n                                <div class=\"portfolio-caption-content\">\r\n                                    <a class=\"portfolio-content-link\" href=\"http:\/\/www.gerriets-acoustics.com\/pl\/portfolio\/hangar-komiczna-opera-berlin\/\" target=\"_self\"><\/a>\r\n                                    <div class=\"portfolio-content\">\r\n                                        <div class=\"portfolio-content-details\">\r\n                                            <a class=\"portfolio-content-link\" href=\"http:\/\/www.gerriets-acoustics.com\/pl\/portfolio\/hangar-komiczna-opera-berlin\/\" target=\"_self\">\r\n                                                <div class=\"portfolio-content-inner\" >\r\n                                                    <h5 class=\"portfolio-title\">Hangar 4 \u2013 Opera Komiczna <br> Berlin \/ Niemcy<\/h5><ul class=\"portfolio-category list-inline\"><li>Budynki kultury<\/li><li>Zmienna akustyka pomieszczenia<\/li><\/ul>                                                <\/div>\r\n                                            <\/a>\r\n                                                                                   <\/div>\r\n                                    <\/div>\r\n                                <\/div>\r\n                            <\/div>\r\n                                                    <\/div><div id=\"portfolio-post-10762\" class=\"portfolio-column portfolio-post portfolio-hover-style-5 all buerowelten schallvorhang-office schienensystem-trumpf-95  width1x height1x col-xs-12 col-sm-6 col-md-4 animate\"  data-animation=\"fadeInUp\" data-animation-offset=\"90%\" style=\"margin: 15px 0; padding: 0 15px; -webkit-animation-duration: 0.8s; -webkit-animation-delay: 1.2s; animation-duration: 0.8s; animation-delay: 1.2s;\">\r\n                            <div class=\"portfolio-content-container\" >\r\n                                <div class=\"portfolio-thumbnail\">\r\n                                    <img loading=\"lazy\" decoding=\"async\" width=\"748\" height=\"748\" src=\"https:\/\/www.gerriets-acoustics.com\/wp-content\/uploads\/2025\/04\/2025-Bad-Homburg-Mainmetall-SVO-1-e1744199097418.jpg\" class=\"attachment-post-thumbnail size-post-thumbnail wp-post-image\" alt=\"Nowoczesne biuro ze sto\u0142em i zas\u0142onami w kolorze ciemnoniebieskim\" \/>                                <\/div> \r\n                                <div class=\"portfolio-caption-content\">\r\n                                    <a class=\"portfolio-content-link\" href=\"http:\/\/www.gerriets-acoustics.com\/pl\/portfolio\/mainmetall-kurtyna-dzwiekochlonna-bad-homburg-niemcy\/\" target=\"_self\"><\/a>\r\n                                    <div class=\"portfolio-content\">\r\n                                        <div class=\"portfolio-content-details\">\r\n                                            <a class=\"portfolio-content-link\" href=\"http:\/\/www.gerriets-acoustics.com\/pl\/portfolio\/mainmetall-kurtyna-dzwiekochlonna-bad-homburg-niemcy\/\" target=\"_self\">\r\n                                                <div class=\"portfolio-content-inner\" >\r\n                                                    <h5 class=\"portfolio-title\">G\u0142\u00f3wny metal <br> Bad Homburg \/ Niemcy<\/h5><ul class=\"portfolio-category list-inline\"><li>\u015awiaty biurowe<\/li><li>Kurtyna akustyczna OFFICE<\/li><li>System szyn TRUMPF 95<\/li><\/ul>                                                <\/div>\r\n                                            <\/a>\r\n                                                                                   <\/div>\r\n                                    <\/div>\r\n                                <\/div>\r\n                            <\/div>\r\n                                                    <\/div><div id=\"portfolio-post-10713\" class=\"portfolio-column portfolio-post portfolio-hover-style-5 all buerowelten lichtdurchlaessige-stoffe schallvorhang-office schallvorhang-office-window schienensystem-trumpf-95  width1x height1x col-xs-12 col-sm-6 col-md-4 animate\"  data-animation=\"fadeInUp\" data-animation-offset=\"90%\" style=\"margin: 15px 0; padding: 0 15px; -webkit-animation-duration: 0.8s; -webkit-animation-delay: 0.4s; animation-duration: 0.8s; animation-delay: 0.4s;\">\r\n                            <div class=\"portfolio-content-container\" >\r\n                                <div class=\"portfolio-thumbnail\">\r\n                                    <img loading=\"lazy\" decoding=\"async\" width=\"1707\" height=\"1707\" src=\"https:\/\/www.gerriets-acoustics.com\/wp-content\/uploads\/2025\/03\/241127_LP2_5724-1-scaled-e1742378181407.jpg\" class=\"attachment-post-thumbnail size-post-thumbnail wp-post-image\" alt=\"Nowoczesna sala konferencyjna z wysokim sto\u0142em, krzes\u0142ami i kurtyn\u0105 akustyczn\u0105 BIURO Okno w s\u0142o\u0144cu\" \/>                                <\/div> \r\n                                <div class=\"portfolio-caption-content\">\r\n                                    <a class=\"portfolio-content-link\" href=\"http:\/\/www.gerriets-acoustics.com\/pl\/portfolio\/servusotto-monachium-niemcy\/\" target=\"_self\"><\/a>\r\n                                    <div class=\"portfolio-content\">\r\n                                        <div class=\"portfolio-content-details\">\r\n                                            <a class=\"portfolio-content-link\" href=\"http:\/\/www.gerriets-acoustics.com\/pl\/portfolio\/servusotto-monachium-niemcy\/\" target=\"_self\">\r\n                                                <div class=\"portfolio-content-inner\" >\r\n                                                    <h5 class=\"portfolio-title\">servusotto <br> Monachium \/ Niemcy<\/h5><ul class=\"portfolio-category list-inline\"><li>\u015awiaty biurowe<\/li><li>tkaniny p\u00f3\u0142przezroczyste<\/li><li>Kurtyna akustyczna OFFICE<\/li><li>Zas\u0142ona akustyczna OFFICE WINDOW<\/li><li>System szyn TRUMPF 95<\/li><\/ul>                                                <\/div>\r\n                                            <\/a>\r\n                                                                                   <\/div>\r\n                                    <\/div>\r\n                                <\/div>\r\n                            <\/div>\r\n                                                    <\/div><div id=\"portfolio-post-10690\" class=\"portfolio-column portfolio-post portfolio-hover-style-5 all buerowelten schallvorhang-office schallvorhang-office-elegance schienensystem-trumpf-95  width1x height1x col-xs-12 col-sm-6 col-md-4 animate\"  data-animation=\"fadeInUp\" data-animation-offset=\"90%\" style=\"margin: 15px 0; padding: 0 15px; -webkit-animation-duration: 0.8s; -webkit-animation-delay: 0.8s; animation-duration: 0.8s; animation-delay: 0.8s;\">\r\n                            <div class=\"portfolio-content-container\" >\r\n                                <div class=\"portfolio-thumbnail\">\r\n                                    <img loading=\"lazy\" decoding=\"async\" width=\"929\" height=\"929\" src=\"https:\/\/www.gerriets-acoustics.com\/wp-content\/uploads\/2024\/12\/Krefeld_Fressnapf_6-quadratisch.jpg\" class=\"attachment-post-thumbnail size-post-thumbnail wp-post-image\" alt=\"elastyczne sale konferencyjne z zielonymi zas\u0142onami\" \/>                                <\/div> \r\n                                <div class=\"portfolio-caption-content\">\r\n                                    <a class=\"portfolio-content-link\" href=\"http:\/\/www.gerriets-acoustics.com\/pl\/portfolio\/kurtyny-dzwiekochlonne-sklep-detaliczny-fressnapf-krefeld-niemcy\/\" target=\"_self\"><\/a>\r\n                                    <div class=\"portfolio-content\">\r\n                                        <div class=\"portfolio-content-details\">\r\n                                            <a class=\"portfolio-content-link\" href=\"http:\/\/www.gerriets-acoustics.com\/pl\/portfolio\/kurtyny-dzwiekochlonne-sklep-detaliczny-fressnapf-krefeld-niemcy\/\" target=\"_self\">\r\n                                                <div class=\"portfolio-content-inner\" >\r\n                                                    <h5 class=\"portfolio-title\">Retail LAB - Fressnapf Tiernahrungs GmbH <br> Krefeld \/ Niemcy<\/h5><ul class=\"portfolio-category list-inline\"><li>\u015awiaty biurowe<\/li><li>Kurtyna akustyczna OFFICE<\/li><li>Zas\u0142ona akustyczna OFFICE ELEGANCE<\/li><li>System szyn TRUMPF 95<\/li><\/ul>                                                <\/div>\r\n                                            <\/a>\r\n                                                                                   <\/div>\r\n                                    <\/div>\r\n                                <\/div>\r\n                            <\/div>\r\n                                                    <\/div><div id=\"portfolio-post-10241\" class=\"portfolio-column portfolio-post portfolio-hover-style-5 all variable-raumakustik  width1x height1x col-xs-12 col-sm-6 col-md-4 animate\"  data-animation=\"fadeInUp\" data-animation-offset=\"90%\" style=\"margin: 15px 0; padding: 0 15px; -webkit-animation-duration: 0.8s; -webkit-animation-delay: 1.2s; animation-duration: 0.8s; animation-delay: 1.2s;\">\r\n                            <div class=\"portfolio-content-container\" >\r\n                                <div class=\"portfolio-thumbnail\">\r\n                                    <img loading=\"lazy\" decoding=\"async\" width=\"532\" height=\"532\" src=\"https:\/\/www.gerriets-acoustics.com\/wp-content\/uploads\/2023\/07\/2019-Berlin-Georg-Friedrich-Haendel-Saal-rollbanner-absorber-cs-small.jpg\" class=\"attachment-post-thumbnail size-post-thumbnail wp-post-image\" alt=\"Berlin Georg-Friedrich-Haendel-Saal, zwijany baner wykonany z ABSORBER CS 450\" \/>                                <\/div> \r\n                                <div class=\"portfolio-caption-content\">\r\n                                    <a class=\"portfolio-content-link\" href=\"http:\/\/www.gerriets-acoustics.com\/pl\/portfolio\/koncert-hall-georg-friedrich-haendel-gymnasium-berlin-niemcy\/\" target=\"_self\"><\/a>\r\n                                    <div class=\"portfolio-content\">\r\n                                        <div class=\"portfolio-content-details\">\r\n                                            <a class=\"portfolio-content-link\" href=\"http:\/\/www.gerriets-acoustics.com\/pl\/portfolio\/koncert-hall-georg-friedrich-haendel-gymnasium-berlin-niemcy\/\" target=\"_self\">\r\n                                                <div class=\"portfolio-content-inner\" >\r\n                                                    <h5 class=\"portfolio-title\">Sala koncertowa - Georg-Friedrich-H\u00e4ndel-Gymnasium, <br> Berlin \/ Niemcy<\/h5><ul class=\"portfolio-category list-inline\"><li>Zmienna akustyka pomieszczenia<\/li><\/ul>                                                <\/div>\r\n                                            <\/a>\r\n                                                                                   <\/div>\r\n                                    <\/div>\r\n                                <\/div>\r\n                            <\/div>\r\n                                                    <\/div><div id=\"portfolio-post-10163\" class=\"portfolio-column portfolio-post portfolio-hover-style-5 all buerowelten schallvorhang-office  width1x height1x col-xs-12 col-sm-6 col-md-4 animate\"  data-animation=\"fadeInUp\" data-animation-offset=\"90%\" style=\"margin: 15px 0; padding: 0 15px; -webkit-animation-duration: 0.8s; -webkit-animation-delay: 0.4s; animation-duration: 0.8s; animation-delay: 0.4s;\">\r\n                            <div class=\"portfolio-content-container\" >\r\n                                <div class=\"portfolio-thumbnail\">\r\n                                    <img loading=\"lazy\" decoding=\"async\" width=\"532\" height=\"532\" src=\"https:\/\/www.gerriets-acoustics.com\/wp-content\/uploads\/2023\/07\/2023-Freiburg-5CMilestone-Hochbauamt-SVO-small.jpg\" class=\"attachment-post-thumbnail size-post-thumbnail wp-post-image\" alt=\"\" \/>                                <\/div> \r\n                                <div class=\"portfolio-caption-content\">\r\n                                    <a class=\"portfolio-content-link\" href=\"http:\/\/www.gerriets-acoustics.com\/pl\/portfolio\/bundesbau-bw-milestone-5c-freiburg-niemcy\/\" target=\"_self\"><\/a>\r\n                                    <div class=\"portfolio-content\">\r\n                                        <div class=\"portfolio-content-details\">\r\n                                            <a class=\"portfolio-content-link\" href=\"http:\/\/www.gerriets-acoustics.com\/pl\/portfolio\/bundesbau-bw-milestone-5c-freiburg-niemcy\/\" target=\"_self\">\r\n                                                <div class=\"portfolio-content-inner\" >\r\n                                                    <h5 class=\"portfolio-title\">Federal Construction BW -<br>Kamie\u0144 milowy 5c, <br>Freiburg \/ Niemcy<\/h5><ul class=\"portfolio-category list-inline\"><li>\u015awiaty biurowe<\/li><li>Kurtyna akustyczna OFFICE<\/li><\/ul>                                                <\/div>\r\n                                            <\/a>\r\n                                                                                   <\/div>\r\n                                    <\/div>\r\n                                <\/div>\r\n                            <\/div>\r\n                                                    <\/div><div id=\"portfolio-post-10137\" class=\"portfolio-column portfolio-post portfolio-hover-style-5 all buerowelten oeffentlicher-aum schallvorhang-office schienensystem-studio-office schienensystem-trumpf-95  width1x height1x col-xs-12 col-sm-6 col-md-4 animate\"  data-animation=\"fadeInUp\" data-animation-offset=\"90%\" style=\"margin: 15px 0; padding: 0 15px; -webkit-animation-duration: 0.8s; -webkit-animation-delay: 0.8s; animation-duration: 0.8s; animation-delay: 0.8s;\">\r\n                            <div class=\"portfolio-content-container\" >\r\n                                <div class=\"portfolio-thumbnail\">\r\n                                    <img loading=\"lazy\" decoding=\"async\" width=\"532\" height=\"532\" src=\"https:\/\/www.gerriets-acoustics.com\/wp-content\/uploads\/2023\/06\/2023-Freiburg-Jobrad-SVO_small.jpg\" class=\"attachment-post-thumbnail size-post-thumbnail wp-post-image\" alt=\"\" \/>                                <\/div> \r\n                                <div class=\"portfolio-caption-content\">\r\n                                    <a class=\"portfolio-content-link\" href=\"http:\/\/www.gerriets-acoustics.com\/pl\/portfolio\/jobrad-freiburg-sound-curtain-office-pl\/\" target=\"_self\"><\/a>\r\n                                    <div class=\"portfolio-content\">\r\n                                        <div class=\"portfolio-content-details\">\r\n                                            <a class=\"portfolio-content-link\" href=\"http:\/\/www.gerriets-acoustics.com\/pl\/portfolio\/jobrad-freiburg-sound-curtain-office-pl\/\" target=\"_self\">\r\n                                                <div class=\"portfolio-content-inner\" >\r\n                                                    <h5 class=\"portfolio-title\">Jobbike - kamie\u0144 milowy 4<br> Freiburg \/ Niemcy<\/h5><ul class=\"portfolio-category list-inline\"><li>\u015awiaty biurowe<\/li><li>przestrze\u0144 publiczna<\/li><li>Kurtyna akustyczna OFFICE<\/li><li>System szynowy STUDIO OFFICE<\/li><li>System szyn TRUMPF 95<\/li><\/ul>                                                <\/div>\r\n                                            <\/a>\r\n                                                                                   <\/div>\r\n                                    <\/div>\r\n                                <\/div>\r\n                            <\/div>\r\n                                                    <\/div><div id=\"portfolio-post-10053\" class=\"portfolio-column portfolio-post portfolio-hover-style-5 all buerowelten lichtdurchlaessige-stoffe oeffentlicher-aum schallvorhang-office schienensystem-studio-office schienensystem-trumpf-95 variable-raumakustik  width1x height1x col-xs-12 col-sm-6 col-md-4 animate\"  data-animation=\"fadeInUp\" data-animation-offset=\"90%\" style=\"margin: 15px 0; padding: 0 15px; -webkit-animation-duration: 0.8s; -webkit-animation-delay: 1.2s; animation-duration: 0.8s; animation-delay: 1.2s;\">\r\n                            <div class=\"portfolio-content-container\" >\r\n                                <div class=\"portfolio-thumbnail\">\r\n                                    <img loading=\"lazy\" decoding=\"async\" width=\"532\" height=\"532\" src=\"https:\/\/www.gerriets-acoustics.com\/wp-content\/uploads\/2023\/03\/2022-Duesseldorf-CitizenOffice-SVO-small.jpg\" class=\"attachment-post-thumbnail size-post-thumbnail wp-post-image\" alt=\"Zas\u0142ona \u0142ukowa 3-cz\u0119\u015bciowa wykonana z materia\u0142u SNAIL CS w kolorze bia\u0142ym z systemem szyn STUDIO\" \/>                                <\/div> \r\n                                <div class=\"portfolio-caption-content\">\r\n                                    <a class=\"portfolio-content-link\" href=\"http:\/\/www.gerriets-acoustics.com\/pl\/portfolio\/citizen-office-duesseldorf-niemcy\/\" target=\"_self\"><\/a>\r\n                                    <div class=\"portfolio-content\">\r\n                                        <div class=\"portfolio-content-details\">\r\n                                            <a class=\"portfolio-content-link\" href=\"http:\/\/www.gerriets-acoustics.com\/pl\/portfolio\/citizen-office-duesseldorf-niemcy\/\" target=\"_self\">\r\n                                                <div class=\"portfolio-content-inner\" >\r\n                                                    <h5 class=\"portfolio-title\">Biuro Obywatelskie<br> D\u00fcsseldorf \/ Niemcy<\/h5><ul class=\"portfolio-category list-inline\"><li>\u015awiaty biurowe<\/li><li>tkaniny p\u00f3\u0142przezroczyste<\/li><li>przestrze\u0144 publiczna<\/li><li>Kurtyna akustyczna OFFICE<\/li><li>System szynowy STUDIO OFFICE<\/li><li>System szyn TRUMPF 95<\/li><li>Zmienna akustyka pomieszczenia<\/li><\/ul>                                                <\/div>\r\n                                            <\/a>\r\n                                                                                   <\/div>\r\n                                    <\/div>\r\n                                <\/div>\r\n                            <\/div>\r\n                                                    <\/div><div id=\"portfolio-post-10052\" class=\"portfolio-column portfolio-post portfolio-hover-style-5 all bildung-und-lehre buerowelten schallvorhang-office schallvorhang-office-window schienensystem-trumpf-95 variable-raumakustik  width1x height1x col-xs-12 col-sm-6 col-md-4 animate\"  data-animation=\"fadeInUp\" data-animation-offset=\"90%\" style=\"margin: 15px 0; padding: 0 15px; -webkit-animation-duration: 0.8s; -webkit-animation-delay: 0.4s; animation-duration: 0.8s; animation-delay: 0.4s;\">\r\n                            <div class=\"portfolio-content-container\" >\r\n                                <div class=\"portfolio-thumbnail\">\r\n                                    <img loading=\"lazy\" decoding=\"async\" width=\"532\" height=\"532\" src=\"https:\/\/www.gerriets-acoustics.com\/wp-content\/uploads\/2023\/03\/2023-Gueby-Louisenlund-SVO-Window-small.jpg\" class=\"attachment-post-thumbnail size-post-thumbnail wp-post-image\" alt=\"Zas\u0142ony d\u017awi\u0119kowe OFFICE WINDOW w 5 i 7 warstwach, warstwy zewn\u0119trzne WOOLSERGE w r\u00f3\u017cnych kombinacjach kolorystycznych\" \/>                                <\/div> \r\n                                <div class=\"portfolio-caption-content\">\r\n                                    <a class=\"portfolio-content-link\" href=\"http:\/\/www.gerriets-acoustics.com\/pl\/portfolio\/stiftung-louisenlund-gueby-niemcy\/\" target=\"_self\"><\/a>\r\n                                    <div class=\"portfolio-content\">\r\n                                        <div class=\"portfolio-content-details\">\r\n                                            <a class=\"portfolio-content-link\" href=\"http:\/\/www.gerriets-acoustics.com\/pl\/portfolio\/stiftung-louisenlund-gueby-niemcy\/\" target=\"_self\">\r\n                                                <div class=\"portfolio-content-inner\" >\r\n                                                    <h5 class=\"portfolio-title\">Fundacja Louisenlund<br> G\u00fcby \/ Niemcy<\/h5><ul class=\"portfolio-category list-inline\"><li>Edukacja i nauczanie<\/li><li>\u015awiaty biurowe<\/li><li>Kurtyna akustyczna OFFICE<\/li><li>Zas\u0142ona akustyczna OFFICE WINDOW<\/li><li>System szyn TRUMPF 95<\/li><li>Zmienna akustyka pomieszczenia<\/li><\/ul>                                                <\/div>\r\n                                            <\/a>\r\n                                                                                   <\/div>\r\n                                    <\/div>\r\n                                <\/div>\r\n                            <\/div>\r\n                                                    <\/div><div id=\"portfolio-post-9890\" class=\"portfolio-column portfolio-post portfolio-hover-style-5 all buerowelten schallvorhang-office schallvorhang-office-elegance schallvorhang-office-window schienensystem-trumpf-95 variable-raumakustik  width1x height1x col-xs-12 col-sm-6 col-md-4 animate\"  data-animation=\"fadeInUp\" data-animation-offset=\"90%\" style=\"margin: 15px 0; padding: 0 15px; -webkit-animation-duration: 0.8s; -webkit-animation-delay: 0.8s; animation-duration: 0.8s; animation-delay: 0.8s;\">\r\n                            <div class=\"portfolio-content-container\" >\r\n                                <div class=\"portfolio-thumbnail\">\r\n                                    <img loading=\"lazy\" decoding=\"async\" width=\"532\" height=\"532\" src=\"https:\/\/www.gerriets-acoustics.com\/wp-content\/uploads\/2023\/02\/2022_Koeln_Orgatec-roocs-small.jpg\" class=\"attachment-post-thumbnail size-post-thumbnail wp-post-image\" alt=\"\" \/>                                <\/div> \r\n                                <div class=\"portfolio-caption-content\">\r\n                                    <a class=\"portfolio-content-link\" href=\"http:\/\/www.gerriets-acoustics.com\/pl\/portfolio\/roocs-system-separacji-stand-orgatec-kolonia-niemcy\/\" target=\"_self\"><\/a>\r\n                                    <div class=\"portfolio-content\">\r\n                                        <div class=\"portfolio-content-details\">\r\n                                            <a class=\"portfolio-content-link\" href=\"http:\/\/www.gerriets-acoustics.com\/pl\/portfolio\/roocs-system-separacji-stand-orgatec-kolonia-niemcy\/\" target=\"_self\">\r\n                                                <div class=\"portfolio-content-inner\" >\r\n                                                    <h5 class=\"portfolio-title\">system podzia\u0142u pomieszcze\u0144 roocs stoisko wystawowe Orgatec<br> Kolonia \/ Niemcy<\/h5><ul class=\"portfolio-category list-inline\"><li>\u015awiaty biurowe<\/li><li>Kurtyna akustyczna OFFICE<\/li><li>Zas\u0142ona akustyczna OFFICE ELEGANCE<\/li><li>Zas\u0142ona akustyczna OFFICE WINDOW<\/li><li>System szyn TRUMPF 95<\/li><li>Zmienna akustyka pomieszczenia<\/li><\/ul>                                                <\/div>\r\n                                            <\/a>\r\n                                                                                   <\/div>\r\n                                    <\/div>\r\n                                <\/div>\r\n                            <\/div>\r\n                                                    <\/div><div id=\"portfolio-post-9552\" class=\"portfolio-column portfolio-post portfolio-hover-style-5 all buerowelten schallvorhang-office schallvorhang-office-elegance schienensystem-elegance schienensystem-trumpf-95  width1x height1x col-xs-12 col-sm-6 col-md-4 animate\"  data-animation=\"fadeInUp\" data-animation-offset=\"90%\" style=\"margin: 15px 0; padding: 0 15px; -webkit-animation-duration: 0.8s; -webkit-animation-delay: 1.2s; animation-duration: 0.8s; animation-delay: 1.2s;\">\r\n                            <div class=\"portfolio-content-container\" >\r\n                                <div class=\"portfolio-thumbnail\">\r\n                                    <img loading=\"lazy\" decoding=\"async\" width=\"532\" height=\"532\" src=\"https:\/\/www.gerriets-acoustics.com\/wp-content\/uploads\/2022\/11\/2022-Stuttgart-Studio-Hans-SVO-small.jpg\" class=\"attachment-post-thumbnail size-post-thumbnail wp-post-image\" alt=\"\" \/>                                <\/div> \r\n                                <div class=\"portfolio-caption-content\">\r\n                                    <a class=\"portfolio-content-link\" href=\"http:\/\/www.gerriets-acoustics.com\/pl\/portfolio\/studio-hans-stuttgart-soundcurtain-office\/\" target=\"_self\"><\/a>\r\n                                    <div class=\"portfolio-content\">\r\n                                        <div class=\"portfolio-content-details\">\r\n                                            <a class=\"portfolio-content-link\" href=\"http:\/\/www.gerriets-acoustics.com\/pl\/portfolio\/studio-hans-stuttgart-soundcurtain-office\/\" target=\"_self\">\r\n                                                <div class=\"portfolio-content-inner\" >\r\n                                                    <h5 class=\"portfolio-title\">Studio HANS<br> Stuttgart \/ Niemcy<\/h5><ul class=\"portfolio-category list-inline\"><li>\u015awiaty biurowe<\/li><li>Kurtyna akustyczna OFFICE<\/li><li>Zas\u0142ona akustyczna OFFICE ELEGANCE<\/li><li>Uk\u0142ad jezdny ELEGANCE<\/li><li>System szyn TRUMPF 95<\/li><\/ul>                                                <\/div>\r\n                                            <\/a>\r\n                                                                                   <\/div>\r\n                                    <\/div>\r\n                                <\/div>\r\n                            <\/div>\r\n                                                    <\/div><div id=\"portfolio-post-9276\" class=\"portfolio-column portfolio-post portfolio-hover-style-5 all buerowelten schallvorhang-office schienensystem-trumpf-95  width1x height1x col-xs-12 col-sm-6 col-md-4 animate\"  data-animation=\"fadeInUp\" data-animation-offset=\"90%\" style=\"margin: 15px 0; padding: 0 15px; -webkit-animation-duration: 0.8s; -webkit-animation-delay: 0.4s; animation-duration: 0.8s; animation-delay: 0.4s;\">\r\n                            <div class=\"portfolio-content-container\" >\r\n                                <div class=\"portfolio-thumbnail\">\r\n                                    <img loading=\"lazy\" decoding=\"async\" width=\"532\" height=\"532\" src=\"https:\/\/www.gerriets-acoustics.com\/wp-content\/uploads\/2022\/07\/2021-gerriets-reutlingen-bueckle-und-partner-akustik-schallvorhang-office-small.jpg\" class=\"attachment-post-thumbnail size-post-thumbnail wp-post-image\" alt=\"Przestrze\u0144 biurowa i strefa ciszy w stylu Simpson\u00f3w, oddzielona kurtynami d\u017awi\u0119kowymi\" \/>                                <\/div> \r\n                                <div class=\"portfolio-caption-content\">\r\n                                    <a class=\"portfolio-content-link\" href=\"http:\/\/www.gerriets-acoustics.com\/pl\/portfolio\/bueckle-partner-gmbh-reutlingen-niemcy\/\" target=\"_self\"><\/a>\r\n                                    <div class=\"portfolio-content\">\r\n                                        <div class=\"portfolio-content-details\">\r\n                                            <a class=\"portfolio-content-link\" href=\"http:\/\/www.gerriets-acoustics.com\/pl\/portfolio\/bueckle-partner-gmbh-reutlingen-niemcy\/\" target=\"_self\">\r\n                                                <div class=\"portfolio-content-inner\" >\r\n                                                    <h5 class=\"portfolio-title\">B\u00fcckle &amp; Partner GmbH<br> Reutlingen \/ Niemcy<\/h5><ul class=\"portfolio-category list-inline\"><li>\u015awiaty biurowe<\/li><li>Kurtyna akustyczna OFFICE<\/li><li>System szyn TRUMPF 95<\/li><\/ul>                                                <\/div>\r\n                                            <\/a>\r\n                                                                                   <\/div>\r\n                                    <\/div>\r\n                                <\/div>\r\n                            <\/div>\r\n                                                    <\/div><div id=\"portfolio-post-9129\" class=\"portfolio-column portfolio-post portfolio-hover-style-5 all buerowelten design-und-schmuckvorhaenge schienensystem-elegance schienensystem-trumpf-95  width1x height1x col-xs-12 col-sm-6 col-md-4 animate\"  data-animation=\"fadeInUp\" data-animation-offset=\"90%\" style=\"margin: 15px 0; padding: 0 15px; -webkit-animation-duration: 0.8s; -webkit-animation-delay: 0.8s; animation-duration: 0.8s; animation-delay: 0.8s;\">\r\n                            <div class=\"portfolio-content-container\" >\r\n                                <div class=\"portfolio-thumbnail\">\r\n                                    <img loading=\"lazy\" decoding=\"async\" width=\"532\" height=\"532\" src=\"https:\/\/www.gerriets-acoustics.com\/wp-content\/uploads\/2022\/06\/2022-gerriets-axel-springer-vorhang-design-raumtrennung-small.jpg\" class=\"attachment-post-thumbnail size-post-thumbnail wp-post-image\" alt=\"Widok z zewn\u0105trz na nowy budynek Axel Springer SE w Berlinie, sze\u015bcian z futurystyczn\u0105 szklan\u0105 fasad\u0105\" \/>                                <\/div> \r\n                                <div class=\"portfolio-caption-content\">\r\n                                    <a class=\"portfolio-content-link\" href=\"http:\/\/www.gerriets-acoustics.com\/pl\/portfolio\/axel-springer-se-berlin-niemiec\/\" target=\"_self\"><\/a>\r\n                                    <div class=\"portfolio-content\">\r\n                                        <div class=\"portfolio-content-details\">\r\n                                            <a class=\"portfolio-content-link\" href=\"http:\/\/www.gerriets-acoustics.com\/pl\/portfolio\/axel-springer-se-berlin-niemiec\/\" target=\"_self\">\r\n                                                <div class=\"portfolio-content-inner\" >\r\n                                                    <h5 class=\"portfolio-title\">Axel Springer SE<br> Berlin \/ Niemcy<\/h5><ul class=\"portfolio-category list-inline\"><li>\u015awiaty biurowe<\/li><li>Zas\u0142ony designerskie i dekoracyjne<\/li><li>Uk\u0142ad jezdny ELEGANCE<\/li><li>System szyn TRUMPF 95<\/li><\/ul>                                                <\/div>\r\n                                            <\/a>\r\n                                                                                   <\/div>\r\n                                    <\/div>\r\n                                <\/div>\r\n                            <\/div>\r\n                                                    <\/div><div id=\"portfolio-post-8551\" class=\"portfolio-column portfolio-post portfolio-hover-style-5 all buerowelten schallvorhang-office  width1x height1x col-xs-12 col-sm-6 col-md-4 animate\"  data-animation=\"fadeInUp\" data-animation-offset=\"90%\" style=\"margin: 15px 0; padding: 0 15px; -webkit-animation-duration: 0.8s; -webkit-animation-delay: 1.2s; animation-duration: 0.8s; animation-delay: 1.2s;\">\r\n                            <div class=\"portfolio-content-container\" >\r\n                                <div class=\"portfolio-thumbnail\">\r\n                                    <img loading=\"lazy\" decoding=\"async\" width=\"532\" height=\"532\" src=\"https:\/\/www.gerriets-acoustics.com\/wp-content\/uploads\/2022\/06\/2022-Uster-CH-foryouandyourcustomers-Gerriets-Schallvorhang-small.jpg\" class=\"attachment-post-thumbnail size-post-thumbnail wp-post-image\" alt=\"Biuro otwarte z wizualnie i akustycznie wydzielon\u0105 sal\u0105 konferencyjn\u0105\" \/>                                <\/div> \r\n                                <div class=\"portfolio-caption-content\">\r\n                                    <a class=\"portfolio-content-link\" href=\"http:\/\/www.gerriets-acoustics.com\/pl\/portfolio\/foryouandyourcustomer-ag-uster-switzerland\/\" target=\"_self\"><\/a>\r\n                                    <div class=\"portfolio-content\">\r\n                                        <div class=\"portfolio-content-details\">\r\n                                            <a class=\"portfolio-content-link\" href=\"http:\/\/www.gerriets-acoustics.com\/pl\/portfolio\/foryouandyourcustomer-ag-uster-switzerland\/\" target=\"_self\">\r\n                                                <div class=\"portfolio-content-inner\" >\r\n                                                    <h5 class=\"portfolio-title\">dla ciebie i twojego klienta AG<br> Uster \/ Szwajcaria<\/h5><ul class=\"portfolio-category list-inline\"><li>\u015awiaty biurowe<\/li><li>Kurtyna akustyczna OFFICE<\/li><\/ul>                                                <\/div>\r\n                                            <\/a>\r\n                                                                                   <\/div>\r\n                                    <\/div>\r\n                                <\/div>\r\n                            <\/div>\r\n                                                    <\/div><div id=\"portfolio-post-8541\" class=\"portfolio-column portfolio-post portfolio-hover-style-5 all buerowelten lichtdurchlaessige-stoffe schienensystem-trumpf-95  width1x height1x col-xs-12 col-sm-6 col-md-4 animate\"  data-animation=\"fadeInUp\" data-animation-offset=\"90%\" style=\"margin: 15px 0; padding: 0 15px; -webkit-animation-duration: 0.8s; -webkit-animation-delay: 0.4s; animation-duration: 0.8s; animation-delay: 0.4s;\">\r\n                            <div class=\"portfolio-content-container\" >\r\n                                <div class=\"portfolio-thumbnail\">\r\n                                    <img loading=\"lazy\" decoding=\"async\" width=\"532\" height=\"532\" src=\"https:\/\/www.gerriets-acoustics.com\/wp-content\/uploads\/2022\/06\/2021-gerriets-neu-ulm-carl-goetz-gmbh-vorhangschiene-small.jpg\" class=\"attachment-post-thumbnail size-post-thumbnail wp-post-image\" alt=\"p\u00f3\u0142przezroczysta zas\u0142ona na szynie owalnej dla oddzielnej strefy odpoczynku\" \/>                                <\/div> \r\n                                <div class=\"portfolio-caption-content\">\r\n                                    <a class=\"portfolio-content-link\" href=\"http:\/\/www.gerriets-acoustics.com\/pl\/portfolio\/carl-goetz-gmbh-neu-ulm-niemcy\/\" target=\"_self\"><\/a>\r\n                                    <div class=\"portfolio-content\">\r\n                                        <div class=\"portfolio-content-details\">\r\n                                            <a class=\"portfolio-content-link\" href=\"http:\/\/www.gerriets-acoustics.com\/pl\/portfolio\/carl-goetz-gmbh-neu-ulm-niemcy\/\" target=\"_self\">\r\n                                                <div class=\"portfolio-content-inner\" >\r\n                                                    <h5 class=\"portfolio-title\">Carl G\u00f6tz GmbH<br> Neu-Ulm \/ Niemcy<\/h5><ul class=\"portfolio-category list-inline\"><li>\u015awiaty biurowe<\/li><li>tkaniny p\u00f3\u0142przezroczyste<\/li><li>System szyn TRUMPF 95<\/li><\/ul>                                                <\/div>\r\n                                            <\/a>\r\n                                                                                   <\/div>\r\n                                    <\/div>\r\n                                <\/div>\r\n                            <\/div>\r\n                                                    <\/div><div id=\"portfolio-post-7455\" class=\"portfolio-column portfolio-post portfolio-hover-style-5 all aussenvorhaenge gastronomie-und-handel schienensystem-trumpf-95  width1x height1x col-xs-12 col-sm-6 col-md-4 animate\"  data-animation=\"fadeInUp\" data-animation-offset=\"90%\" style=\"margin: 15px 0; padding: 0 15px; -webkit-animation-duration: 0.8s; -webkit-animation-delay: 0.8s; animation-duration: 0.8s; animation-delay: 0.8s;\">\r\n                            <div class=\"portfolio-content-container\" >\r\n                                <div class=\"portfolio-thumbnail\">\r\n                                    <img loading=\"lazy\" decoding=\"async\" width=\"532\" height=\"532\" src=\"https:\/\/www.gerriets-acoustics.com\/wp-content\/uploads\/2022\/04\/gw-2019-pavillion-gurten-small.jpg\" class=\"attachment-post-thumbnail size-post-thumbnail wp-post-image\" alt=\"Cube ze z\u0142otym wej\u015bciem i zewn\u0119trznymi zas\u0142onami\" \/>                                <\/div> \r\n                                <div class=\"portfolio-caption-content\">\r\n                                    <a class=\"portfolio-content-link\" href=\"http:\/\/www.gerriets-acoustics.com\/pl\/portfolio\/gurten-pavillon-wabern-schweiz\/\" target=\"_self\"><\/a>\r\n                                    <div class=\"portfolio-content\">\r\n                                        <div class=\"portfolio-content-details\">\r\n                                            <a class=\"portfolio-content-link\" href=\"http:\/\/www.gerriets-acoustics.com\/pl\/portfolio\/gurten-pavillon-wabern-schweiz\/\" target=\"_self\">\r\n                                                <div class=\"portfolio-content-inner\" >\r\n                                                    <h5 class=\"portfolio-title\">Pawilon Gurten<br> Wabern \/ Szwajcaria<\/h5><ul class=\"portfolio-category list-inline\"><li>Zas\u0142ony zewn\u0119trzne<\/li><li>Gastronomia i handel<\/li><li>System szyn TRUMPF 95<\/li><\/ul>                                                <\/div>\r\n                                            <\/a>\r\n                                                                                   <\/div>\r\n                                    <\/div>\r\n                                <\/div>\r\n                            <\/div>\r\n                                                    <\/div><div id=\"portfolio-post-7287\" class=\"portfolio-column portfolio-post portfolio-hover-style-5 all buerowelten schallvorhang-office schienensystem-trumpf-95  width1x height1x col-xs-12 col-sm-6 col-md-4 animate\"  data-animation=\"fadeInUp\" data-animation-offset=\"90%\" style=\"margin: 15px 0; padding: 0 15px; -webkit-animation-duration: 0.8s; -webkit-animation-delay: 1.2s; animation-duration: 0.8s; animation-delay: 1.2s;\">\r\n                            <div class=\"portfolio-content-container\" >\r\n                                <div class=\"portfolio-thumbnail\">\r\n                                    <img loading=\"lazy\" decoding=\"async\" width=\"532\" height=\"532\" src=\"https:\/\/www.gerriets-acoustics.com\/wp-content\/uploads\/2022\/03\/gw-2021-Gerriets-kriens-showroom-vorhangsschiene-schallvorhang-small.jpg\" class=\"attachment-post-thumbnail size-post-thumbnail wp-post-image\" alt=\"Nowoczesna, tymczasowa sala konferencyjna z elastycznymi kurtynami akustycznymi\" \/>                                <\/div> \r\n                                <div class=\"portfolio-caption-content\">\r\n                                    <a class=\"portfolio-content-link\" href=\"http:\/\/www.gerriets-acoustics.com\/pl\/portfolio\/showroom-waldis-kriens-szwajcaria\/\" target=\"_self\"><\/a>\r\n                                    <div class=\"portfolio-content\">\r\n                                        <div class=\"portfolio-content-details\">\r\n                                            <a class=\"portfolio-content-link\" href=\"http:\/\/www.gerriets-acoustics.com\/pl\/portfolio\/showroom-waldis-kriens-szwajcaria\/\" target=\"_self\">\r\n                                                <div class=\"portfolio-content-inner\" >\r\n                                                    <h5 class=\"portfolio-title\">Showroom Waldis <br>Kriens \/ Szwajcaria<\/h5><ul class=\"portfolio-category list-inline\"><li>\u015awiaty biurowe<\/li><li>Kurtyna akustyczna OFFICE<\/li><li>System szyn TRUMPF 95<\/li><\/ul>                                                <\/div>\r\n                                            <\/a>\r\n                                                                                   <\/div>\r\n                                    <\/div>\r\n                                <\/div>\r\n                            <\/div>\r\n                                                    <\/div><div id=\"portfolio-post-7278\" class=\"portfolio-column portfolio-post portfolio-hover-style-5 all gastronomie-und-handel schallvorhang-office schienensystem-trumpf-95  width1x height1x col-xs-12 col-sm-6 col-md-4 animate\"  data-animation=\"fadeInUp\" data-animation-offset=\"90%\" style=\"margin: 15px 0; padding: 0 15px; -webkit-animation-duration: 0.8s; -webkit-animation-delay: 0.4s; animation-duration: 0.8s; animation-delay: 0.4s;\">\r\n                            <div class=\"portfolio-content-container\" >\r\n                                <div class=\"portfolio-thumbnail\">\r\n                                    <img loading=\"lazy\" decoding=\"async\" width=\"532\" height=\"532\" src=\"https:\/\/www.gerriets-acoustics.com\/wp-content\/uploads\/2022\/03\/gw-2020-Gerriets-landgasthof-linde-akustikvorhang-small.jpg\" class=\"attachment-post-thumbnail size-post-thumbnail wp-post-image\" alt=\"Sto\u0142y w restauracji z zas\u0142onami z tkaniny akustycznej\" \/>                                <\/div> \r\n                                <div class=\"portfolio-caption-content\">\r\n                                    <a class=\"portfolio-content-link\" href=\"http:\/\/www.gerriets-acoustics.com\/pl\/portfolio\/landgasthof-linde-markdorf-niemcy\/\" target=\"_self\"><\/a>\r\n                                    <div class=\"portfolio-content\">\r\n                                        <div class=\"portfolio-content-details\">\r\n                                            <a class=\"portfolio-content-link\" href=\"http:\/\/www.gerriets-acoustics.com\/pl\/portfolio\/landgasthof-linde-markdorf-niemcy\/\" target=\"_self\">\r\n                                                <div class=\"portfolio-content-inner\" >\r\n                                                    <h5 class=\"portfolio-title\">Country Inn Linde <br> Markdorf \/ Niemcy<\/h5><ul class=\"portfolio-category list-inline\"><li>Gastronomia i handel<\/li><li>Kurtyna akustyczna OFFICE<\/li><li>System szyn TRUMPF 95<\/li><\/ul>                                                <\/div>\r\n                                            <\/a>\r\n                                                                                   <\/div>\r\n                                    <\/div>\r\n                                <\/div>\r\n                            <\/div>\r\n                                                    <\/div><div id=\"portfolio-post-7260\" class=\"portfolio-column portfolio-post portfolio-hover-style-5 all kulturbauten schienensystem-trumpf-95 variable-raumakustik  width1x height1x col-xs-12 col-sm-6 col-md-4 animate\"  data-animation=\"fadeInUp\" data-animation-offset=\"90%\" style=\"margin: 15px 0; padding: 0 15px; -webkit-animation-duration: 0.8s; -webkit-animation-delay: 0.8s; animation-duration: 0.8s; animation-delay: 0.8s;\">\r\n                            <div class=\"portfolio-content-container\" >\r\n                                <div class=\"portfolio-thumbnail\">\r\n                                    <img loading=\"lazy\" decoding=\"async\" width=\"532\" height=\"532\" src=\"https:\/\/www.gerriets-acoustics.com\/wp-content\/uploads\/2022\/03\/gw-2021-gerriets-reithalle-aarau-cargo-schienensystem-akustik-small.jpg\" class=\"attachment-post-thumbnail size-post-thumbnail wp-post-image\" alt=\"Akustyczna tkanina d\u017awi\u0119koch\u0142onna w wielosegmentowym budynku dawnej uje\u017cd\u017calni\" \/>                                <\/div> \r\n                                <div class=\"portfolio-caption-content\">\r\n                                    <a class=\"portfolio-content-link\" href=\"http:\/\/www.gerriets-acoustics.com\/pl\/portfolio\/alte-reithalle-aarau\/\" target=\"_self\"><\/a>\r\n                                    <div class=\"portfolio-content\">\r\n                                        <div class=\"portfolio-content-details\">\r\n                                            <a class=\"portfolio-content-link\" href=\"http:\/\/www.gerriets-acoustics.com\/pl\/portfolio\/alte-reithalle-aarau\/\" target=\"_self\">\r\n                                                <div class=\"portfolio-content-inner\" >\r\n                                                    <h5 class=\"portfolio-title\">Old Riding Hall Aarau<br> Aarau \/ Szwajcaria<\/h5><ul class=\"portfolio-category list-inline\"><li>Budynki kultury<\/li><li>System szyn TRUMPF 95<\/li><li>Zmienna akustyka pomieszczenia<\/li><\/ul>                                                <\/div>\r\n                                            <\/a>\r\n                                                                                   <\/div>\r\n                                    <\/div>\r\n                                <\/div>\r\n                            <\/div>\r\n                                                    <\/div><div id=\"portfolio-post-7252\" class=\"portfolio-column portfolio-post portfolio-hover-style-5 all buerowelten lichtdurchlaessige-stoffe schallvorhang-office schienensystem-studio-office  width1x height1x col-xs-12 col-sm-6 col-md-4 animate\"  data-animation=\"fadeInUp\" data-animation-offset=\"90%\" style=\"margin: 15px 0; padding: 0 15px; -webkit-animation-duration: 0.8s; -webkit-animation-delay: 1.2s; animation-duration: 0.8s; animation-delay: 1.2s;\">\r\n                            <div class=\"portfolio-content-container\" >\r\n                                <div class=\"portfolio-thumbnail\">\r\n                                    <img loading=\"lazy\" decoding=\"async\" width=\"532\" height=\"532\" src=\"https:\/\/www.gerriets-acoustics.com\/wp-content\/uploads\/2022\/03\/gw-2021-vitra-club-office-small.jpg\" class=\"attachment-post-thumbnail size-post-thumbnail wp-post-image\" alt=\"Wyspa do siedzenia z aneksem kuchennym, oddzielona akustycznie systemem kurtyn\" \/>                                <\/div> \r\n                                <div class=\"portfolio-caption-content\">\r\n                                    <a class=\"portfolio-content-link\" href=\"http:\/\/www.gerriets-acoustics.com\/pl\/portfolio\/vitra-club-office\/\" target=\"_self\"><\/a>\r\n                                    <div class=\"portfolio-content\">\r\n                                        <div class=\"portfolio-content-details\">\r\n                                            <a class=\"portfolio-content-link\" href=\"http:\/\/www.gerriets-acoustics.com\/pl\/portfolio\/vitra-club-office\/\" target=\"_self\">\r\n                                                <div class=\"portfolio-content-inner\" >\r\n                                                    <h5 class=\"portfolio-title\">Biuro Klubu Vitra <br>Birsfelden \/ Szwajcaria<\/h5><ul class=\"portfolio-category list-inline\"><li>\u015awiaty biurowe<\/li><li>tkaniny p\u00f3\u0142przezroczyste<\/li><li>Kurtyna akustyczna OFFICE<\/li><li>System szynowy STUDIO OFFICE<\/li><\/ul>                                                <\/div>\r\n                                            <\/a>\r\n                                                                                   <\/div>\r\n                                    <\/div>\r\n                                <\/div>\r\n                            <\/div>\r\n                                                    <\/div><div id=\"portfolio-post-7155\" class=\"portfolio-column portfolio-post portfolio-hover-style-5 all aussenvorhaenge kulturbauten schienensystem-trumpf-95 variable-raumakustik  width1x height1x col-xs-12 col-sm-6 col-md-4 animate\"  data-animation=\"fadeInUp\" data-animation-offset=\"90%\" style=\"margin: 15px 0; padding: 0 15px; -webkit-animation-duration: 0.8s; -webkit-animation-delay: 0.4s; animation-duration: 0.8s; animation-delay: 0.4s;\">\r\n                            <div class=\"portfolio-content-container\" >\r\n                                <div class=\"portfolio-thumbnail\">\r\n                                    <img loading=\"lazy\" decoding=\"async\" width=\"532\" height=\"532\" src=\"https:\/\/www.gerriets-acoustics.com\/wp-content\/uploads\/2022\/03\/gw-2020-kressbronn-boden-werft-friction-drive-satin-cs-small.jpg\" class=\"attachment-post-thumbnail size-post-thumbnail wp-post-image\" alt=\"Zmodernizowana stocznia jako miejsce spotka\u0144 z kurtynami akustycznymi\" \/>                                <\/div> \r\n                                <div class=\"portfolio-caption-content\">\r\n                                    <a class=\"portfolio-content-link\" href=\"http:\/\/www.gerriets-acoustics.com\/pl\/portfolio\/stocznia-1919\/\" target=\"_self\"><\/a>\r\n                                    <div class=\"portfolio-content\">\r\n                                        <div class=\"portfolio-content-details\">\r\n                                            <a class=\"portfolio-content-link\" href=\"http:\/\/www.gerriets-acoustics.com\/pl\/portfolio\/stocznia-1919\/\" target=\"_self\">\r\n                                                <div class=\"portfolio-content-inner\" >\r\n                                                    <h5 class=\"portfolio-title\">Stocznia 1919 r. <br> Kressbronn \/ Niemcy<\/h5><ul class=\"portfolio-category list-inline\"><li>Zas\u0142ony zewn\u0119trzne<\/li><li>Budynki kultury<\/li><li>System szyn TRUMPF 95<\/li><li>Zmienna akustyka pomieszczenia<\/li><\/ul>                                                <\/div>\r\n                                            <\/a>\r\n                                                                                   <\/div>\r\n                                    <\/div>\r\n                                <\/div>\r\n                            <\/div>\r\n                                                    <\/div><div id=\"portfolio-post-7555\" class=\"portfolio-column portfolio-post portfolio-hover-style-5 all aussenvorhaenge design-und-schmuckvorhaenge metallgewebe-g-mesh  width1x height1x col-xs-12 col-sm-6 col-md-4 animate\"  data-animation=\"fadeInUp\" data-animation-offset=\"90%\" style=\"margin: 15px 0; padding: 0 15px; -webkit-animation-duration: 0.8s; -webkit-animation-delay: 0.8s; animation-duration: 0.8s; animation-delay: 0.8s;\">\r\n                            <div class=\"portfolio-content-container\" >\r\n                                <div class=\"portfolio-thumbnail\">\r\n                                    <img loading=\"lazy\" decoding=\"async\" width=\"532\" height=\"532\" src=\"https:\/\/www.gerriets-acoustics.com\/wp-content\/uploads\/2022\/04\/2008-gw-swarovski-g-mesh-small.jpg\" class=\"attachment-post-thumbnail size-post-thumbnail wp-post-image\" alt=\"Zas\u0142ona z mieni\u0105cego si\u0119 materia\u0142u metalowego na zakrzywionej szynie\" \/>                                <\/div> \r\n                                <div class=\"portfolio-caption-content\">\r\n                                    <a class=\"portfolio-content-link\" href=\"http:\/\/www.gerriets-acoustics.com\/pl\/portfolio\/swarovski-werksgelaende-wattens-oesterreich\/\" target=\"_self\"><\/a>\r\n                                    <div class=\"portfolio-content\">\r\n                                        <div class=\"portfolio-content-details\">\r\n                                            <a class=\"portfolio-content-link\" href=\"http:\/\/www.gerriets-acoustics.com\/pl\/portfolio\/swarovski-werksgelaende-wattens-oesterreich\/\" target=\"_self\">\r\n                                                <div class=\"portfolio-content-inner\" >\r\n                                                    <h5 class=\"portfolio-title\">Teren fabryki Swarovskiego<br> Wattens \/ Austria<\/h5><ul class=\"portfolio-category list-inline\"><li>Zas\u0142ony zewn\u0119trzne<\/li><li>Zas\u0142ony designerskie i dekoracyjne<\/li><li>Siatka metalowa G-MESH<\/li><\/ul>                                                <\/div>\r\n                                            <\/a>\r\n                                                                                   <\/div>\r\n                                    <\/div>\r\n                                <\/div>\r\n                            <\/div>\r\n                                                    <\/div><div id=\"portfolio-post-8577\" class=\"portfolio-column portfolio-post portfolio-hover-style-5 all buerowelten schallvorhang-office schienensystem-elegance schienensystem-trumpf-95  width1x height1x col-xs-12 col-sm-6 col-md-4 animate\"  data-animation=\"fadeInUp\" data-animation-offset=\"90%\" style=\"margin: 15px 0; padding: 0 15px; -webkit-animation-duration: 0.8s; -webkit-animation-delay: 1.2s; animation-duration: 0.8s; animation-delay: 1.2s;\">\r\n                            <div class=\"portfolio-content-container\" >\r\n                                <div class=\"portfolio-thumbnail\">\r\n                                    <img loading=\"lazy\" decoding=\"async\" width=\"532\" height=\"532\" src=\"https:\/\/www.gerriets-acoustics.com\/wp-content\/uploads\/2022\/06\/gw-2019-lautertal-architekturwerkstatt-office-small.jpg\" class=\"attachment-post-thumbnail size-post-thumbnail wp-post-image\" alt=\"Wyspa konferencyjna z kurtyn\u0105 d\u017awi\u0119koszczeln\u0105\" \/>                                <\/div> \r\n                                <div class=\"portfolio-caption-content\">\r\n                                    <a class=\"portfolio-content-link\" href=\"http:\/\/www.gerriets-acoustics.com\/pl\/portfolio\/architekturwerkstatt-im-kleinen-lautertal-2-blaustein-deutschland\/\" target=\"_self\"><\/a>\r\n                                    <div class=\"portfolio-content\">\r\n                                        <div class=\"portfolio-content-details\">\r\n                                            <a class=\"portfolio-content-link\" href=\"http:\/\/www.gerriets-acoustics.com\/pl\/portfolio\/architekturwerkstatt-im-kleinen-lautertal-2-blaustein-deutschland\/\" target=\"_self\">\r\n                                                <div class=\"portfolio-content-inner\" >\r\n                                                    <h5 class=\"portfolio-title\">Warsztaty architektoniczne w ma\u0142ej dolinie Lauter <br> Blaustein \/ Niemcy<\/h5><ul class=\"portfolio-category list-inline\"><li>\u015awiaty biurowe<\/li><li>Kurtyna akustyczna OFFICE<\/li><li>Uk\u0142ad jezdny ELEGANCE<\/li><li>System szyn TRUMPF 95<\/li><\/ul>                                                <\/div>\r\n                                            <\/a>\r\n                                                                                   <\/div>\r\n                                    <\/div>\r\n                                <\/div>\r\n                            <\/div>\r\n                                                    <\/div><div id=\"portfolio-post-8567\" class=\"portfolio-column portfolio-post portfolio-hover-style-5 all bildung-und-lehre schallvorhang-office schienensystem-trumpf-95  width1x height1x col-xs-12 col-sm-6 col-md-4 animate\"  data-animation=\"fadeInUp\" data-animation-offset=\"90%\" style=\"margin: 15px 0; padding: 0 15px; -webkit-animation-duration: 0.8s; -webkit-animation-delay: 0.4s; animation-duration: 0.8s; animation-delay: 0.4s;\">\r\n                            <div class=\"portfolio-content-container\" >\r\n                                <div class=\"portfolio-thumbnail\">\r\n                                    <img loading=\"lazy\" decoding=\"async\" width=\"532\" height=\"532\" src=\"https:\/\/www.gerriets-acoustics.com\/wp-content\/uploads\/2022\/06\/gw-FHNW-Campus-Muttenz-Schallvorhang-OFFICE-small.jpg\" class=\"attachment-post-thumbnail size-post-thumbnail wp-post-image\" alt=\"Widok z zewn\u0105trz budynku kampusu FHNW Muttenz Szwajcaria\" \/>                                <\/div> \r\n                                <div class=\"portfolio-caption-content\">\r\n                                    <a class=\"portfolio-content-link\" href=\"http:\/\/www.gerriets-acoustics.com\/pl\/portfolio\/fhnw-campus-muttenz-2-schweiz\/\" target=\"_self\"><\/a>\r\n                                    <div class=\"portfolio-content\">\r\n                                        <div class=\"portfolio-content-details\">\r\n                                            <a class=\"portfolio-content-link\" href=\"http:\/\/www.gerriets-acoustics.com\/pl\/portfolio\/fhnw-campus-muttenz-2-schweiz\/\" target=\"_self\">\r\n                                                <div class=\"portfolio-content-inner\" >\r\n                                                    <h5 class=\"portfolio-title\">Kampus FHNW<br> Muttenz \/ Szwajcaria<\/h5><ul class=\"portfolio-category list-inline\"><li>Edukacja i nauczanie<\/li><li>Kurtyna akustyczna OFFICE<\/li><li>System szyn TRUMPF 95<\/li><\/ul>                                                <\/div>\r\n                                            <\/a>\r\n                                                                                   <\/div>\r\n                                    <\/div>\r\n                                <\/div>\r\n                            <\/div>\r\n                                                    <\/div><div id=\"portfolio-post-8595\" class=\"portfolio-column portfolio-post portfolio-hover-style-5 all buerowelten schallvorhang-office schienensystem-studio-office  width1x height1x col-xs-12 col-sm-6 col-md-4 animate\"  data-animation=\"fadeInUp\" data-animation-offset=\"90%\" style=\"margin: 15px 0; padding: 0 15px; -webkit-animation-duration: 0.8s; -webkit-animation-delay: 0.8s; animation-duration: 0.8s; animation-delay: 0.8s;\">\r\n                            <div class=\"portfolio-content-container\" >\r\n                                <div class=\"portfolio-thumbnail\">\r\n                                    <img loading=\"lazy\" decoding=\"async\" width=\"532\" height=\"532\" src=\"https:\/\/www.gerriets-acoustics.com\/wp-content\/uploads\/2020\/11\/gw-2019-change-hub-schallvorhang-office-small.jpg\" class=\"attachment-post-thumbnail size-post-thumbnail wp-post-image\" alt=\"Elastyczne strefowanie miejsc pracy w biurze z kurtynami d\u017awi\u0119kowymi\" \/>                                <\/div> \r\n                                <div class=\"portfolio-caption-content\">\r\n                                    <a class=\"portfolio-content-link\" href=\"http:\/\/www.gerriets-acoustics.com\/pl\/portfolio\/change-hub-gmbh-2-berlin-deutschland\/\" target=\"_self\"><\/a>\r\n                                    <div class=\"portfolio-content\">\r\n                                        <div class=\"portfolio-content-details\">\r\n                                            <a class=\"portfolio-content-link\" href=\"http:\/\/www.gerriets-acoustics.com\/pl\/portfolio\/change-hub-gmbh-2-berlin-deutschland\/\" target=\"_self\">\r\n                                                <div class=\"portfolio-content-inner\" >\r\n                                                    <h5 class=\"portfolio-title\">Change Hub GmbH <br> Berlin \/ Niemcy<\/h5><ul class=\"portfolio-category list-inline\"><li>\u015awiaty biurowe<\/li><li>Kurtyna akustyczna OFFICE<\/li><li>System szynowy STUDIO OFFICE<\/li><\/ul>                                                <\/div>\r\n                                            <\/a>\r\n                                                                                   <\/div>\r\n                                    <\/div>\r\n                                <\/div>\r\n                            <\/div>\r\n                                                    <\/div><div id=\"portfolio-post-8598\" class=\"portfolio-column portfolio-post portfolio-hover-style-5 all buerowelten schallvorhang-office schienensystem-trumpf-95 variable-raumakustik  width1x height1x col-xs-12 col-sm-6 col-md-4 animate\"  data-animation=\"fadeInUp\" data-animation-offset=\"90%\" style=\"margin: 15px 0; padding: 0 15px; -webkit-animation-duration: 0.8s; -webkit-animation-delay: 1.2s; animation-duration: 0.8s; animation-delay: 1.2s;\">\r\n                            <div class=\"portfolio-content-container\" >\r\n                                <div class=\"portfolio-thumbnail\">\r\n                                    <img loading=\"lazy\" decoding=\"async\" width=\"532\" height=\"532\" src=\"https:\/\/www.gerriets-acoustics.com\/wp-content\/uploads\/2022\/06\/gw-2020-EWS-schoenau-night-frictiondrive-small.jpg\" class=\"attachment-post-thumbnail size-post-thumbnail wp-post-image\" alt=\"Kafeteria z kurtynami akustycznymi i specjaln\u0105 konstrukcj\u0105 sufitu\" \/>                                <\/div> \r\n                                <div class=\"portfolio-caption-content\">\r\n                                    <a class=\"portfolio-content-link\" href=\"http:\/\/www.gerriets-acoustics.com\/pl\/portfolio\/ews-elektrizitaetswerke-schoenau-2-schoenau-deutschland\/\" target=\"_self\"><\/a>\r\n                                    <div class=\"portfolio-content\">\r\n                                        <div class=\"portfolio-content-details\">\r\n                                            <a class=\"portfolio-content-link\" href=\"http:\/\/www.gerriets-acoustics.com\/pl\/portfolio\/ews-elektrizitaetswerke-schoenau-2-schoenau-deutschland\/\" target=\"_self\">\r\n                                                <div class=\"portfolio-content-inner\" >\r\n                                                    <h5 class=\"portfolio-title\">EWS Zak\u0142ad Elektryczny w Sch\u00f6nau<br> Sch\u00f6nau \/ Niemcy<\/h5><ul class=\"portfolio-category list-inline\"><li>\u015awiaty biurowe<\/li><li>Kurtyna akustyczna OFFICE<\/li><li>System szyn TRUMPF 95<\/li><li>Zmienna akustyka pomieszczenia<\/li><\/ul>                                                <\/div>\r\n                                            <\/a>\r\n                                                                                   <\/div>\r\n                                    <\/div>\r\n                                <\/div>\r\n                            <\/div>\r\n                                                    <\/div><div id=\"portfolio-post-8610\" class=\"portfolio-column portfolio-post portfolio-hover-style-5 all gastronomie-und-handel schallvorhang-office  width1x height1x col-xs-12 col-sm-6 col-md-4 animate\"  data-animation=\"fadeInUp\" data-animation-offset=\"90%\" style=\"margin: 15px 0; padding: 0 15px; -webkit-animation-duration: 0.8s; -webkit-animation-delay: 0.4s; animation-duration: 0.8s; animation-delay: 0.4s;\">\r\n                            <div class=\"portfolio-content-container\" >\r\n                                <div class=\"portfolio-thumbnail\">\r\n                                    <img loading=\"lazy\" decoding=\"async\" width=\"532\" height=\"532\" src=\"https:\/\/www.gerriets-acoustics.com\/wp-content\/uploads\/2022\/06\/gw-2020-finaliv-schallvorhang-office-small.jpg\" class=\"attachment-post-thumbnail size-post-thumbnail wp-post-image\" alt=\"Przebieralnie z d\u017awi\u0119koszczelnymi zas\u0142onami dla dyskretnych spotka\u0144 doradczych w salach treningowych\" \/>                                <\/div> \r\n                                <div class=\"portfolio-caption-content\">\r\n                                    <a class=\"portfolio-content-link\" href=\"http:\/\/www.gerriets-acoustics.com\/pl\/portfolio\/boutique-fina-liv-2-muenchen-leipzig-deutschland\/\" target=\"_self\"><\/a>\r\n                                    <div class=\"portfolio-content\">\r\n                                        <div class=\"portfolio-content-details\">\r\n                                            <a class=\"portfolio-content-link\" href=\"http:\/\/www.gerriets-acoustics.com\/pl\/portfolio\/boutique-fina-liv-2-muenchen-leipzig-deutschland\/\" target=\"_self\">\r\n                                                <div class=\"portfolio-content-inner\" >\r\n                                                    <h5 class=\"portfolio-title\">Boutique Fina &amp; Liv<br> Monachium, Lipsk \/ Niemcy<\/h5><ul class=\"portfolio-category list-inline\"><li>Gastronomia i handel<\/li><li>Kurtyna akustyczna OFFICE<\/li><\/ul>                                                <\/div>\r\n                                            <\/a>\r\n                                                                                   <\/div>\r\n                                    <\/div>\r\n                                <\/div>\r\n                            <\/div>\r\n                                                    <\/div><div id=\"portfolio-post-4270\" class=\"portfolio-column portfolio-post portfolio-hover-style-5 all buerowelten schallvorhang-office schienensystem-trumpf-95  width1x height1x col-xs-12 col-sm-6 col-md-4 animate\"  data-animation=\"fadeInUp\" data-animation-offset=\"90%\" style=\"margin: 15px 0; padding: 0 15px; -webkit-animation-duration: 0.8s; -webkit-animation-delay: 0.8s; animation-duration: 0.8s; animation-delay: 0.8s;\">\r\n                            <div class=\"portfolio-content-container\" >\r\n                                <div class=\"portfolio-thumbnail\">\r\n                                    <img loading=\"lazy\" decoding=\"async\" width=\"532\" height=\"532\" src=\"https:\/\/www.gerriets-acoustics.com\/wp-content\/uploads\/2020\/06\/2019-alnatura-schallvorhang-office-small.jpg\" class=\"attachment-post-thumbnail size-post-thumbnail wp-post-image\" alt=\"Foyer \u015brodowiska pracy Alnatura z kurtynami akustycznymi\" \/>                                <\/div> \r\n                                <div class=\"portfolio-caption-content\">\r\n                                    <a class=\"portfolio-content-link\" href=\"http:\/\/www.gerriets-acoustics.com\/pl\/portfolio\/alnatura-arbeitswelt\/\" target=\"_self\"><\/a>\r\n                                    <div class=\"portfolio-content\">\r\n                                        <div class=\"portfolio-content-details\">\r\n                                            <a class=\"portfolio-content-link\" href=\"http:\/\/www.gerriets-acoustics.com\/pl\/portfolio\/alnatura-arbeitswelt\/\" target=\"_self\">\r\n                                                <div class=\"portfolio-content-inner\" >\r\n                                                    <h5 class=\"portfolio-title\">\u015awiat pracy Alnatura <br> Darmstadt \/ Niemcy<\/h5><ul class=\"portfolio-category list-inline\"><li>\u015awiaty biurowe<\/li><li>Kurtyna akustyczna OFFICE<\/li><li>System szyn TRUMPF 95<\/li><\/ul>                                                <\/div>\r\n                                            <\/a>\r\n                                                                                   <\/div>\r\n                                    <\/div>\r\n                                <\/div>\r\n                            <\/div>\r\n                                                    <\/div><div id=\"portfolio-post-7461\" class=\"portfolio-column portfolio-post portfolio-hover-style-5 all kulturbauten variable-raumakustik  width1x height1x col-xs-12 col-sm-6 col-md-4 animate\"  data-animation=\"fadeInUp\" data-animation-offset=\"90%\" style=\"margin: 15px 0; padding: 0 15px; -webkit-animation-duration: 0.8s; -webkit-animation-delay: 1.2s; animation-duration: 0.8s; animation-delay: 1.2s;\">\r\n                            <div class=\"portfolio-content-container\" >\r\n                                <div class=\"portfolio-thumbnail\">\r\n                                    <img loading=\"lazy\" decoding=\"async\" width=\"532\" height=\"532\" src=\"https:\/\/www.gerriets-acoustics.com\/wp-content\/uploads\/2022\/04\/2015-kraftwerkkonzert-berlin-small.jpg\" class=\"attachment-post-thumbnail size-post-thumbnail wp-post-image\" alt=\"Szklany front z logo KRAFTWERK i poch\u0142aniaczami bas\u00f3w w tle\" \/>                                <\/div> \r\n                                <div class=\"portfolio-caption-content\">\r\n                                    <a class=\"portfolio-content-link\" href=\"http:\/\/www.gerriets-acoustics.com\/pl\/portfolio\/kraftwerk-koncert-berlin-niemcy\/\" target=\"_self\"><\/a>\r\n                                    <div class=\"portfolio-content\">\r\n                                        <div class=\"portfolio-content-details\">\r\n                                            <a class=\"portfolio-content-link\" href=\"http:\/\/www.gerriets-acoustics.com\/pl\/portfolio\/kraftwerk-koncert-berlin-niemcy\/\" target=\"_self\">\r\n                                                <div class=\"portfolio-content-inner\" >\r\n                                                    <h5 class=\"portfolio-title\">Koncert KRAFTWERK<br> Berlin \/ Niemcy<\/h5><ul class=\"portfolio-category list-inline\"><li>Budynki kultury<\/li><li>Zmienna akustyka pomieszczenia<\/li><\/ul>                                                <\/div>\r\n                                            <\/a>\r\n                                                                                   <\/div>\r\n                                    <\/div>\r\n                                <\/div>\r\n                            <\/div>\r\n                                                    <\/div><div id=\"portfolio-post-4253\" class=\"portfolio-column portfolio-post portfolio-hover-style-5 all kulturbauten variable-raumakustik  width1x height1x col-xs-12 col-sm-6 col-md-4 animate\"  data-animation=\"fadeInUp\" data-animation-offset=\"90%\" style=\"margin: 15px 0; padding: 0 15px; -webkit-animation-duration: 0.8s; -webkit-animation-delay: 0.4s; animation-duration: 0.8s; animation-delay: 0.4s;\">\r\n                            <div class=\"portfolio-content-container\" >\r\n                                <div class=\"portfolio-thumbnail\">\r\n                                    <img loading=\"lazy\" decoding=\"async\" width=\"532\" height=\"532\" src=\"https:\/\/www.gerriets-acoustics.com\/wp-content\/uploads\/2022\/06\/gw-2020-ventspils-music-school-RUNWAY-PLUS-small.jpg\" class=\"attachment-post-thumbnail size-post-thumbnail wp-post-image\" alt=\"Sala koncertowa z akustycznymi banerami rolkowymi i kurtynami d\u017awi\u0119koszczelnymi\" \/>                                <\/div> \r\n                                <div class=\"portfolio-caption-content\">\r\n                                    <a class=\"portfolio-content-link\" href=\"http:\/\/www.gerriets-acoustics.com\/pl\/portfolio\/music-school-and-concert-hall\/\" target=\"_self\"><\/a>\r\n                                    <div class=\"portfolio-content\">\r\n                                        <div class=\"portfolio-content-details\">\r\n                                            <a class=\"portfolio-content-link\" href=\"http:\/\/www.gerriets-acoustics.com\/pl\/portfolio\/music-school-and-concert-hall\/\" target=\"_self\">\r\n                                                <div class=\"portfolio-content-inner\" >\r\n                                                    <h5 class=\"portfolio-title\">Szko\u0142a Muzyczna i Sala Koncertowa Ventspils <br> Ventspils \/ \u0141otwa<\/h5><ul class=\"portfolio-category list-inline\"><li>Budynki kultury<\/li><li>Zmienna akustyka pomieszczenia<\/li><\/ul>                                                <\/div>\r\n                                            <\/a>\r\n                                                                                   <\/div>\r\n                                    <\/div>\r\n                                <\/div>\r\n                            <\/div>\r\n                                                    <\/div><div id=\"portfolio-post-4232\" class=\"portfolio-column portfolio-post portfolio-hover-style-5 all buerowelten schallvorhang-office schienensystem-trumpf-95  width1x height1x col-xs-12 col-sm-6 col-md-4 animate\"  data-animation=\"fadeInUp\" data-animation-offset=\"90%\" style=\"margin: 15px 0; padding: 0 15px; -webkit-animation-duration: 0.8s; -webkit-animation-delay: 0.8s; animation-duration: 0.8s; animation-delay: 0.8s;\">\r\n                            <div class=\"portfolio-content-container\" >\r\n                                <div class=\"portfolio-thumbnail\">\r\n                                    <img loading=\"lazy\" decoding=\"async\" width=\"532\" height=\"532\" src=\"https:\/\/www.gerriets-acoustics.com\/wp-content\/uploads\/2022\/06\/2019-huerlemanns-dancing-office-schallvorhang-small.jpg\" class=\"attachment-post-thumbnail size-post-thumbnail wp-post-image\" alt=\"\" \/>                                <\/div> \r\n                                <div class=\"portfolio-caption-content\">\r\n                                    <a class=\"portfolio-content-link\" href=\"http:\/\/www.gerriets-acoustics.com\/pl\/portfolio\/stephan-huerlemanns-dancing-office\/\" target=\"_self\"><\/a>\r\n                                    <div class=\"portfolio-content\">\r\n                                        <div class=\"portfolio-content-details\">\r\n                                            <a class=\"portfolio-content-link\" href=\"http:\/\/www.gerriets-acoustics.com\/pl\/portfolio\/stephan-huerlemanns-dancing-office\/\" target=\"_self\">\r\n                                                <div class=\"portfolio-content-inner\" >\r\n                                                    <h5 class=\"portfolio-title\">Biuro ta\u0144ca Stephana H\u00fcrlemanna <br> Zurych \/ Szwajcaria<\/h5><ul class=\"portfolio-category list-inline\"><li>\u015awiaty biurowe<\/li><li>Kurtyna akustyczna OFFICE<\/li><li>System szyn TRUMPF 95<\/li><\/ul>                                                <\/div>\r\n                                            <\/a>\r\n                                                                                   <\/div>\r\n                                    <\/div>\r\n                                <\/div>\r\n                            <\/div>\r\n                                                    <\/div><div id=\"portfolio-post-4210\" class=\"portfolio-column portfolio-post portfolio-hover-style-5 all bildung-und-lehre schallvorhang-office schienensystem-trumpf-95  width1x height1x col-xs-12 col-sm-6 col-md-4 animate\"  data-animation=\"fadeInUp\" data-animation-offset=\"90%\" style=\"margin: 15px 0; padding: 0 15px; -webkit-animation-duration: 0.8s; -webkit-animation-delay: 1.2s; animation-duration: 0.8s; animation-delay: 1.2s;\">\r\n                            <div class=\"portfolio-content-container\" >\r\n                                <div class=\"portfolio-thumbnail\">\r\n                                    <img loading=\"lazy\" decoding=\"async\" width=\"532\" height=\"532\" src=\"https:\/\/www.gerriets-acoustics.com\/wp-content\/uploads\/2022\/06\/gw-2018-koeln-bibliothek-schallvorhang-office-small.jpg\" class=\"attachment-post-thumbnail size-post-thumbnail wp-post-image\" alt=\"Sala konferencyjna z okr\u0105g\u0142ym sto\u0142em i kurtyn\u0105 akustyczn\u0105, ca\u0142o\u015b\u0107 w kolorze bia\u0142ym\" \/>                                <\/div> \r\n                                <div class=\"portfolio-caption-content\">\r\n                                    <a class=\"portfolio-content-link\" href=\"http:\/\/www.gerriets-acoustics.com\/pl\/portfolio\/bibliothek-fachhochschule-fuer-oeffentliche-verwaltung\/\" target=\"_self\"><\/a>\r\n                                    <div class=\"portfolio-content\">\r\n                                        <div class=\"portfolio-content-details\">\r\n                                            <a class=\"portfolio-content-link\" href=\"http:\/\/www.gerriets-acoustics.com\/pl\/portfolio\/bibliothek-fachhochschule-fuer-oeffentliche-verwaltung\/\" target=\"_self\">\r\n                                                <div class=\"portfolio-content-inner\" >\r\n                                                    <h5 class=\"portfolio-title\">Biblioteka Wy\u017cszej Szko\u0142y Policji i Administracji Publicznej <br> Kolonia \/ Niemcy<\/h5><ul class=\"portfolio-category list-inline\"><li>Edukacja i nauczanie<\/li><li>Kurtyna akustyczna OFFICE<\/li><li>System szyn TRUMPF 95<\/li><\/ul>                                                <\/div>\r\n                                            <\/a>\r\n                                                                                   <\/div>\r\n                                    <\/div>\r\n                                <\/div>\r\n                            <\/div>\r\n                                                    <\/div><div id=\"portfolio-post-4202\" class=\"portfolio-column portfolio-post portfolio-hover-style-5 all buerowelten schallvorhang-office schallvorhang-office-window  width1x height1x col-xs-12 col-sm-6 col-md-4 animate\"  data-animation=\"fadeInUp\" data-animation-offset=\"90%\" style=\"margin: 15px 0; padding: 0 15px; -webkit-animation-duration: 0.8s; -webkit-animation-delay: 0.4s; animation-duration: 0.8s; animation-delay: 0.4s;\">\r\n                            <div class=\"portfolio-content-container\" >\r\n                                <div class=\"portfolio-thumbnail\">\r\n                                    <img loading=\"lazy\" decoding=\"async\" width=\"532\" height=\"532\" src=\"https:\/\/www.gerriets-acoustics.com\/wp-content\/uploads\/2022\/06\/2019-adidas-schallvorhang-office-small.jpg\" class=\"attachment-post-thumbnail size-post-thumbnail wp-post-image\" alt=\"Pomieszczenie biurowe i kurtyna d\u017awi\u0119koszczelna z efektywnymi akustycznie oknami widokowymi\" \/>                                <\/div> \r\n                                <div class=\"portfolio-caption-content\">\r\n                                    <a class=\"portfolio-content-link\" href=\"http:\/\/www.gerriets-acoustics.com\/pl\/portfolio\/adidas-laces\/\" target=\"_self\"><\/a>\r\n                                    <div class=\"portfolio-content\">\r\n                                        <div class=\"portfolio-content-details\">\r\n                                            <a class=\"portfolio-content-link\" href=\"http:\/\/www.gerriets-acoustics.com\/pl\/portfolio\/adidas-laces\/\" target=\"_self\">\r\n                                                <div class=\"portfolio-content-inner\" >\r\n                                                    <h5 class=\"portfolio-title\">Sznur\u00f3wki adidas <br> Herzogenaurach \/ Niemcy<\/h5><ul class=\"portfolio-category list-inline\"><li>\u015awiaty biurowe<\/li><li>Kurtyna akustyczna OFFICE<\/li><li>Zas\u0142ona akustyczna OFFICE WINDOW<\/li><\/ul>                                                <\/div>\r\n                                            <\/a>\r\n                                                                                   <\/div>\r\n                                    <\/div>\r\n                                <\/div>\r\n                            <\/div>\r\n                                                    <\/div><div id=\"portfolio-post-5184\" class=\"portfolio-column portfolio-post portfolio-hover-style-5 all schallvorhang-office schallvorhang-office-window  width1x height1x col-xs-12 col-sm-6 col-md-4 animate\"  data-animation=\"fadeInUp\" data-animation-offset=\"90%\" style=\"margin: 15px 0; padding: 0 15px; -webkit-animation-duration: 0.8s; -webkit-animation-delay: 0.8s; animation-duration: 0.8s; animation-delay: 0.8s;\">\r\n                            <div class=\"portfolio-content-container\" >\r\n                                <div class=\"portfolio-thumbnail\">\r\n                                    <img loading=\"lazy\" decoding=\"async\" width=\"532\" height=\"532\" src=\"https:\/\/www.gerriets-acoustics.com\/wp-content\/uploads\/2022\/06\/gw-2018-orgatec-schallvorhang-office-window-small.jpg\" class=\"attachment-post-thumbnail size-post-thumbnail wp-post-image\" alt=\"Stoisko Gerriets z kurtyn\u0105 akustyczn\u0105 i zintegrowanym oknem widokowym\" \/>                                <\/div> \r\n                                <div class=\"portfolio-caption-content\">\r\n                                    <a class=\"portfolio-content-link\" href=\"http:\/\/www.gerriets-acoustics.com\/pl\/portfolio\/orgatec-messestand-gerriets\/\" target=\"_self\"><\/a>\r\n                                    <div class=\"portfolio-content\">\r\n                                        <div class=\"portfolio-content-details\">\r\n                                            <a class=\"portfolio-content-link\" href=\"http:\/\/www.gerriets-acoustics.com\/pl\/portfolio\/orgatec-messestand-gerriets\/\" target=\"_self\">\r\n                                                <div class=\"portfolio-content-inner\" >\r\n                                                    <h5 class=\"portfolio-title\">Stoisko targowe ORGATEC Gerriets 2018<br> Kolonia \/ Niemcy<\/h5><ul class=\"portfolio-category list-inline\"><li>Kurtyna akustyczna OFFICE<\/li><li>Zas\u0142ona akustyczna OFFICE WINDOW<\/li><\/ul>                                                <\/div>\r\n                                            <\/a>\r\n                                                                                   <\/div>\r\n                                    <\/div>\r\n                                <\/div>\r\n                            <\/div>\r\n                                                    <\/div><div id=\"portfolio-post-5181\" class=\"portfolio-column portfolio-post portfolio-hover-style-5 all buerowelten schallvorhang-office schienensystem-trumpf-95  width1x height1x col-xs-12 col-sm-6 col-md-4 animate\"  data-animation=\"fadeInUp\" data-animation-offset=\"90%\" style=\"margin: 15px 0; padding: 0 15px; -webkit-animation-duration: 0.8s; -webkit-animation-delay: 1.2s; animation-duration: 0.8s; animation-delay: 1.2s;\">\r\n                            <div class=\"portfolio-content-container\" >\r\n                                <div class=\"portfolio-thumbnail\">\r\n                                    <img loading=\"lazy\" decoding=\"async\" width=\"532\" height=\"532\" src=\"https:\/\/www.gerriets-acoustics.com\/wp-content\/uploads\/2019\/05\/gw-2019-Buehler-AG-OFFICE-small.jpg\" class=\"attachment-post-thumbnail size-post-thumbnail wp-post-image\" alt=\"Audytorium ze zmienn\u0105 kurtyn\u0105 akustyczn\u0105 i kolorowymi siedzeniami\" \/>                                <\/div> \r\n                                <div class=\"portfolio-caption-content\">\r\n                                    <a class=\"portfolio-content-link\" href=\"http:\/\/www.gerriets-acoustics.com\/pl\/portfolio\/buehler-ag-2\/\" target=\"_self\"><\/a>\r\n                                    <div class=\"portfolio-content\">\r\n                                        <div class=\"portfolio-content-details\">\r\n                                            <a class=\"portfolio-content-link\" href=\"http:\/\/www.gerriets-acoustics.com\/pl\/portfolio\/buehler-ag-2\/\" target=\"_self\">\r\n                                                <div class=\"portfolio-content-inner\" >\r\n                                                    <h5 class=\"portfolio-title\">B\u00fchler AG <br> Uzwil \/ Szwajcaria<\/h5><ul class=\"portfolio-category list-inline\"><li>\u015awiaty biurowe<\/li><li>Kurtyna akustyczna OFFICE<\/li><li>System szyn TRUMPF 95<\/li><\/ul>                                                <\/div>\r\n                                            <\/a>\r\n                                                                                   <\/div>\r\n                                    <\/div>\r\n                                <\/div>\r\n                            <\/div>\r\n                                                    <\/div><div id=\"portfolio-post-7550\" class=\"portfolio-column portfolio-post portfolio-hover-style-5 all buerowelten metallgewebe-g-mesh  width1x height1x col-xs-12 col-sm-6 col-md-4 animate\"  data-animation=\"fadeInUp\" data-animation-offset=\"90%\" style=\"margin: 15px 0; padding: 0 15px; -webkit-animation-duration: 0.8s; -webkit-animation-delay: 0.4s; animation-duration: 0.8s; animation-delay: 0.4s;\">\r\n                            <div class=\"portfolio-content-container\" >\r\n                                <div class=\"portfolio-thumbnail\">\r\n                                    <img loading=\"lazy\" decoding=\"async\" width=\"532\" height=\"532\" src=\"https:\/\/www.gerriets-acoustics.com\/wp-content\/uploads\/2022\/04\/gw-zf-forum-small.jpg\" class=\"attachment-post-thumbnail size-post-thumbnail wp-post-image\" alt=\"Widok szczeg\u00f3\u0142owy kurtyny dzia\u0142owej z siatki metalowej G-MESH\" \/>                                <\/div> \r\n                                <div class=\"portfolio-caption-content\">\r\n                                    <a class=\"portfolio-content-link\" href=\"http:\/\/www.gerriets-acoustics.com\/pl\/portfolio\/zf-forum-friedrichshafen-niemcy\/\" target=\"_self\"><\/a>\r\n                                    <div class=\"portfolio-content\">\r\n                                        <div class=\"portfolio-content-details\">\r\n                                            <a class=\"portfolio-content-link\" href=\"http:\/\/www.gerriets-acoustics.com\/pl\/portfolio\/zf-forum-friedrichshafen-niemcy\/\" target=\"_self\">\r\n                                                <div class=\"portfolio-content-inner\" >\r\n                                                    <h5 class=\"portfolio-title\">Forum ZF<br> Friedrichshafen \/ Niemcy<\/h5><ul class=\"portfolio-category list-inline\"><li>\u015awiaty biurowe<\/li><li>Siatka metalowa G-MESH<\/li><\/ul>                                                <\/div>\r\n                                            <\/a>\r\n                                                                                   <\/div>\r\n                                    <\/div>\r\n                                <\/div>\r\n                            <\/div>\r\n                                                    <\/div><div id=\"portfolio-post-3361\" class=\"portfolio-column portfolio-post portfolio-hover-style-5 all bildung-und-lehre buerowelten lichtdurchlaessige-stoffe schallvorhang-office variable-raumakustik  width1x height1x col-xs-12 col-sm-6 col-md-4 animate\"  data-animation=\"fadeInUp\" data-animation-offset=\"90%\" style=\"margin: 15px 0; padding: 0 15px; -webkit-animation-duration: 0.8s; -webkit-animation-delay: 0.8s; animation-duration: 0.8s; animation-delay: 0.8s;\">\r\n                            <div class=\"portfolio-content-container\" >\r\n                                <div class=\"portfolio-thumbnail\">\r\n                                    <img loading=\"lazy\" decoding=\"async\" width=\"532\" height=\"532\" src=\"https:\/\/www.gerriets-acoustics.com\/wp-content\/uploads\/2022\/06\/gw-2017-gap-quartier-akustik-small.jpg\" class=\"attachment-post-thumbnail size-post-thumbnail wp-post-image\" alt=\"D\u017awi\u0119koszczelna kurtyna jako elastyczny podzia\u0142 pomieszczenia dla wysp konferencyjnych\" \/>                                <\/div> \r\n                                <div class=\"portfolio-caption-content\">\r\n                                    <a class=\"portfolio-content-link\" href=\"http:\/\/www.gerriets-acoustics.com\/pl\/portfolio\/gap-quartier-gbr\/\" target=\"_self\"><\/a>\r\n                                    <div class=\"portfolio-content\">\r\n                                        <div class=\"portfolio-content-details\">\r\n                                            <a class=\"portfolio-content-link\" href=\"http:\/\/www.gerriets-acoustics.com\/pl\/portfolio\/gap-quartier-gbr\/\" target=\"_self\">\r\n                                                <div class=\"portfolio-content-inner\" >\r\n                                                    <h5 class=\"portfolio-title\">gap.Quartier GbR <br> Garmisch-Partenkirchen \/ Niemcy<\/h5><ul class=\"portfolio-category list-inline\"><li>Edukacja i nauczanie<\/li><li>\u015awiaty biurowe<\/li><li>tkaniny p\u00f3\u0142przezroczyste<\/li><li>Kurtyna akustyczna OFFICE<\/li><li>Zmienna akustyka pomieszczenia<\/li><\/ul>                                                <\/div>\r\n                                            <\/a>\r\n                                                                                   <\/div>\r\n                                    <\/div>\r\n                                <\/div>\r\n                            <\/div>\r\n                                                    <\/div><div id=\"portfolio-post-3323\" class=\"portfolio-column portfolio-post portfolio-hover-style-5 all kulturbauten variable-raumakustik  width1x height1x col-xs-12 col-sm-6 col-md-4 animate\"  data-animation=\"fadeInUp\" data-animation-offset=\"90%\" style=\"margin: 15px 0; padding: 0 15px; -webkit-animation-duration: 0.8s; -webkit-animation-delay: 1.2s; animation-duration: 0.8s; animation-delay: 1.2s;\">\r\n                            <div class=\"portfolio-content-container\" >\r\n                                <div class=\"portfolio-thumbnail\">\r\n                                    <img loading=\"lazy\" decoding=\"async\" width=\"532\" height=\"532\" src=\"https:\/\/www.gerriets-acoustics.com\/wp-content\/uploads\/2022\/06\/gw-2017-unterfoehring-g-sorber-small.jpg\" class=\"attachment-post-thumbnail size-post-thumbnail wp-post-image\" alt=\"Akustyczny baner rolkowy w sali wielofunkcyjnej, domu kultury\" \/>                                <\/div> \r\n                                <div class=\"portfolio-caption-content\">\r\n                                    <a class=\"portfolio-content-link\" href=\"http:\/\/www.gerriets-acoustics.com\/pl\/portfolio\/buergerhaus-unterfoehring\/\" target=\"_self\"><\/a>\r\n                                    <div class=\"portfolio-content\">\r\n                                        <div class=\"portfolio-content-details\">\r\n                                            <a class=\"portfolio-content-link\" href=\"http:\/\/www.gerriets-acoustics.com\/pl\/portfolio\/buergerhaus-unterfoehring\/\" target=\"_self\">\r\n                                                <div class=\"portfolio-content-inner\" >\r\n                                                    <h5 class=\"portfolio-title\">Dom kultury Unterf\u00f6hring <br> Unterf\u00f6hring \/ Niemcy<\/h5><ul class=\"portfolio-category list-inline\"><li>Budynki kultury<\/li><li>Zmienna akustyka pomieszczenia<\/li><\/ul>                                                <\/div>\r\n                                            <\/a>\r\n                                                                                   <\/div>\r\n                                    <\/div>\r\n                                <\/div>\r\n                            <\/div>\r\n                                                    <\/div><div id=\"portfolio-post-3310\" class=\"portfolio-column portfolio-post portfolio-hover-style-5 all design-und-schmuckvorhaenge gastronomie-und-handel schallvorhang-office  width1x height1x col-xs-12 col-sm-6 col-md-4 animate\"  data-animation=\"fadeInUp\" data-animation-offset=\"90%\" style=\"margin: 15px 0; padding: 0 15px; -webkit-animation-duration: 0.8s; -webkit-animation-delay: 0.4s; animation-duration: 0.8s; animation-delay: 0.4s;\">\r\n                            <div class=\"portfolio-content-container\" >\r\n                                <div class=\"portfolio-thumbnail\">\r\n                                    <img loading=\"lazy\" decoding=\"async\" width=\"532\" height=\"532\" src=\"https:\/\/www.gerriets-acoustics.com\/wp-content\/uploads\/2022\/06\/gw-2017-hotel-glockenspitze-akustik-trennvorhaenge-small.jpg\" class=\"attachment-post-thumbnail size-post-thumbnail wp-post-image\" alt=\"Siedzenia zamkni\u0119te kurtyn\u0105 sznurkow\u0105, restauracyjna strefa VIP\" \/>                                <\/div> \r\n                                <div class=\"portfolio-caption-content\">\r\n                                    <a class=\"portfolio-content-link\" href=\"http:\/\/www.gerriets-acoustics.com\/pl\/portfolio\/hotel-glockenspitze-restaurant-maracana\/\" target=\"_self\"><\/a>\r\n                                    <div class=\"portfolio-content\">\r\n                                        <div class=\"portfolio-content-details\">\r\n                                            <a class=\"portfolio-content-link\" href=\"http:\/\/www.gerriets-acoustics.com\/pl\/portfolio\/hotel-glockenspitze-restaurant-maracana\/\" target=\"_self\">\r\n                                                <div class=\"portfolio-content-inner\" >\r\n                                                    <h5 class=\"portfolio-title\">Hotel Glockenspitze \/ Restauracja Maracana <br> Altenkirchen \/ Niemcy<\/h5><ul class=\"portfolio-category list-inline\"><li>Zas\u0142ony designerskie i dekoracyjne<\/li><li>Gastronomia i handel<\/li><li>Kurtyna akustyczna OFFICE<\/li><\/ul>                                                <\/div>\r\n                                            <\/a>\r\n                                                                                   <\/div>\r\n                                    <\/div>\r\n                                <\/div>\r\n                            <\/div>\r\n                                                    <\/div><div id=\"portfolio-post-7471\" class=\"portfolio-column portfolio-post portfolio-hover-style-5 all kulturbauten variable-raumakustik  width1x height1x col-xs-12 col-sm-6 col-md-4 animate\"  data-animation=\"fadeInUp\" data-animation-offset=\"90%\" style=\"margin: 15px 0; padding: 0 15px; -webkit-animation-duration: 0.8s; -webkit-animation-delay: 0.8s; animation-duration: 0.8s; animation-delay: 0.8s;\">\r\n                            <div class=\"portfolio-content-container\" >\r\n                                <div class=\"portfolio-thumbnail\">\r\n                                    <img loading=\"lazy\" decoding=\"async\" width=\"532\" height=\"532\" src=\"https:\/\/www.gerriets-acoustics.com\/wp-content\/uploads\/2022\/04\/gw-2018-staatsoperette-dresden-small.jpg\" class=\"attachment-post-thumbnail size-post-thumbnail wp-post-image\" alt=\"Szczeg\u00f3\u0142owy widok nadmuchiwanego absorbera d\u017awi\u0119ku dla ukierunkowanego poch\u0142aniania w zakresie niskich ton\u00f3w\" \/>                                <\/div> \r\n                                <div class=\"portfolio-caption-content\">\r\n                                    <a class=\"portfolio-content-link\" href=\"http:\/\/www.gerriets-acoustics.com\/pl\/portfolio\/staatsoperette-dresden-deutschland\/\" target=\"_self\"><\/a>\r\n                                    <div class=\"portfolio-content\">\r\n                                        <div class=\"portfolio-content-details\">\r\n                                            <a class=\"portfolio-content-link\" href=\"http:\/\/www.gerriets-acoustics.com\/pl\/portfolio\/staatsoperette-dresden-deutschland\/\" target=\"_self\">\r\n                                                <div class=\"portfolio-content-inner\" >\r\n                                                    <h5 class=\"portfolio-title\">Drezde\u0144ska Operetka Pa\u0144stwowa<br> Drezno \/ Niemcy<\/h5><ul class=\"portfolio-category list-inline\"><li>Budynki kultury<\/li><li>Zmienna akustyka pomieszczenia<\/li><\/ul>                                                <\/div>\r\n                                            <\/a>\r\n                                                                                   <\/div>\r\n                                    <\/div>\r\n                                <\/div>\r\n                            <\/div>\r\n                                                    <\/div><div id=\"portfolio-post-3302\" class=\"portfolio-column portfolio-post portfolio-hover-style-5 all gastronomie-und-handel oeffentlicher-aum variable-raumakustik  width1x height1x col-xs-12 col-sm-6 col-md-4 animate\"  data-animation=\"fadeInUp\" data-animation-offset=\"90%\" style=\"margin: 15px 0; padding: 0 15px; -webkit-animation-duration: 0.8s; -webkit-animation-delay: 1.2s; animation-duration: 0.8s; animation-delay: 1.2s;\">\r\n                            <div class=\"portfolio-content-container\" >\r\n                                <div class=\"portfolio-thumbnail\">\r\n                                    <img loading=\"lazy\" decoding=\"async\" width=\"532\" height=\"532\" src=\"https:\/\/www.gerriets-acoustics.com\/wp-content\/uploads\/2022\/06\/gw-2016-boesers-restaurant-absorber-small.jpg\" class=\"attachment-post-thumbnail size-post-thumbnail wp-post-image\" alt=\"Zoptymalizowana akustycznie sala eventowa z rz\u0119dami siedze\u0144 i scen\u0105\" \/>                                <\/div> \r\n                                <div class=\"portfolio-caption-content\">\r\n                                    <a class=\"portfolio-content-link\" href=\"http:\/\/www.gerriets-acoustics.com\/pl\/portfolio\/boesers-spargelrestaurant\/\" target=\"_self\"><\/a>\r\n                                    <div class=\"portfolio-content\">\r\n                                        <div class=\"portfolio-content-details\">\r\n                                            <a class=\"portfolio-content-link\" href=\"http:\/\/www.gerriets-acoustics.com\/pl\/portfolio\/boesers-spargelrestaurant\/\" target=\"_self\">\r\n                                                <div class=\"portfolio-content-inner\" >\r\n                                                    <h5 class=\"portfolio-title\">Restauracja B\u00f6sers Asparagus <br> Las \/ Niemcy<\/h5><ul class=\"portfolio-category list-inline\"><li>Gastronomia i handel<\/li><li>przestrze\u0144 publiczna<\/li><li>Zmienna akustyka pomieszczenia<\/li><\/ul>                                                <\/div>\r\n                                            <\/a>\r\n                                                                                   <\/div>\r\n                                    <\/div>\r\n                                <\/div>\r\n                            <\/div>\r\n                                                    <\/div><div id=\"portfolio-post-2993\" class=\"portfolio-column portfolio-post portfolio-hover-style-5 all buerowelten design-und-schmuckvorhaenge schallvorhang-office schienensystem-trumpf-95  width1x height1x col-xs-12 col-sm-6 col-md-4 animate\"  data-animation=\"fadeInUp\" data-animation-offset=\"90%\" style=\"margin: 15px 0; padding: 0 15px; -webkit-animation-duration: 0.8s; -webkit-animation-delay: 0.4s; animation-duration: 0.8s; animation-delay: 0.4s;\">\r\n                            <div class=\"portfolio-content-container\" >\r\n                                <div class=\"portfolio-thumbnail\">\r\n                                    <img loading=\"lazy\" decoding=\"async\" width=\"532\" height=\"532\" src=\"https:\/\/www.gerriets-acoustics.com\/wp-content\/uploads\/2022\/06\/gw-2017-umkirch-schallvorhang-small.jpg\" class=\"attachment-post-thumbnail size-post-thumbnail wp-post-image\" alt=\"D\u017awi\u0119koszczelna kurtyna jako elastyczny podzia\u0142 pomieszczenia, z nadrukiem kolumny\" \/>                                <\/div> \r\n                                <div class=\"portfolio-caption-content\">\r\n                                    <a class=\"portfolio-content-link\" href=\"http:\/\/www.gerriets-acoustics.com\/pl\/portfolio\/gerriets-gmbh-2\/\" target=\"_self\"><\/a>\r\n                                    <div class=\"portfolio-content\">\r\n                                        <div class=\"portfolio-content-details\">\r\n                                            <a class=\"portfolio-content-link\" href=\"http:\/\/www.gerriets-acoustics.com\/pl\/portfolio\/gerriets-gmbh-2\/\" target=\"_self\">\r\n                                                <div class=\"portfolio-content-inner\" >\r\n                                                    <h5 class=\"portfolio-title\">Gerriets GmbH <br> Sala Kolumnowa, Umkirch \/ Niemcy<\/h5><ul class=\"portfolio-category list-inline\"><li>\u015awiaty biurowe<\/li><li>Zas\u0142ony designerskie i dekoracyjne<\/li><li>Kurtyna akustyczna OFFICE<\/li><li>System szyn TRUMPF 95<\/li><\/ul>                                                <\/div>\r\n                                            <\/a>\r\n                                                                                   <\/div>\r\n                                    <\/div>\r\n                                <\/div>\r\n                            <\/div>\r\n                                                    <\/div><div id=\"portfolio-post-2918\" class=\"portfolio-column portfolio-post portfolio-hover-style-5 all buerowelten design-und-schmuckvorhaenge schallvorhang-office schienensystem-trumpf-95  width1x height1x col-xs-12 col-sm-6 col-md-4 animate\"  data-animation=\"fadeInUp\" data-animation-offset=\"90%\" style=\"margin: 15px 0; padding: 0 15px; -webkit-animation-duration: 0.8s; -webkit-animation-delay: 0.8s; animation-duration: 0.8s; animation-delay: 0.8s;\">\r\n                            <div class=\"portfolio-content-container\" >\r\n                                <div class=\"portfolio-thumbnail\">\r\n                                    <img loading=\"lazy\" decoding=\"async\" width=\"532\" height=\"532\" src=\"https:\/\/www.gerriets-acoustics.com\/wp-content\/uploads\/2022\/06\/gw-2016-orgatec-gerriets-small.jpg\" class=\"attachment-post-thumbnail size-post-thumbnail wp-post-image\" alt=\"Stoisko targowe Gerriets z kurtyn\u0105 akustyczn\u0105, ORGATEC 2016\" \/>                                <\/div> \r\n                                <div class=\"portfolio-caption-content\">\r\n                                    <a class=\"portfolio-content-link\" href=\"http:\/\/www.gerriets-acoustics.com\/pl\/portfolio\/gerriets-orgatec-2016\/\" target=\"_self\"><\/a>\r\n                                    <div class=\"portfolio-content\">\r\n                                        <div class=\"portfolio-content-details\">\r\n                                            <a class=\"portfolio-content-link\" href=\"http:\/\/www.gerriets-acoustics.com\/pl\/portfolio\/gerriets-orgatec-2016\/\" target=\"_self\">\r\n                                                <div class=\"portfolio-content-inner\" >\r\n                                                    <h5 class=\"portfolio-title\">Stoisko targowe ORGATEC Gerriets 2016<br> Kolonia \/ Niemcy<\/h5><ul class=\"portfolio-category list-inline\"><li>\u015awiaty biurowe<\/li><li>Zas\u0142ony designerskie i dekoracyjne<\/li><li>Kurtyna akustyczna OFFICE<\/li><li>System szyn TRUMPF 95<\/li><\/ul>                                                <\/div>\r\n                                            <\/a>\r\n                                                                                   <\/div>\r\n                                    <\/div>\r\n                                <\/div>\r\n                            <\/div>\r\n                                                    <\/div><div id=\"portfolio-post-2911\" class=\"portfolio-column portfolio-post portfolio-hover-style-5 all lichtdurchlaessige-stoffe oeffentlicher-aum  width1x height1x col-xs-12 col-sm-6 col-md-4 animate\"  data-animation=\"fadeInUp\" data-animation-offset=\"90%\" style=\"margin: 15px 0; padding: 0 15px; -webkit-animation-duration: 0.8s; -webkit-animation-delay: 1.2s; animation-duration: 0.8s; animation-delay: 1.2s;\">\r\n                            <div class=\"portfolio-content-container\" >\r\n                                <div class=\"portfolio-thumbnail\">\r\n                                    <img loading=\"lazy\" decoding=\"async\" width=\"532\" height=\"532\" src=\"https:\/\/www.gerriets-acoustics.com\/wp-content\/uploads\/2022\/06\/gw-2017-iaa-mercdes-benz-small.jpg\" class=\"attachment-post-thumbnail size-post-thumbnail wp-post-image\" alt=\"Scena z siedzeniami i podestami oraz transparentn\u0105 kurtyn\u0105 akustyczn\u0105\" \/>                                <\/div> \r\n                                <div class=\"portfolio-caption-content\">\r\n                                    <a class=\"portfolio-content-link\" href=\"http:\/\/www.gerriets-acoustics.com\/pl\/portfolio\/mercedes-benz-iaa-2017\/\" target=\"_self\"><\/a>\r\n                                    <div class=\"portfolio-content\">\r\n                                        <div class=\"portfolio-content-details\">\r\n                                            <a class=\"portfolio-content-link\" href=\"http:\/\/www.gerriets-acoustics.com\/pl\/portfolio\/mercedes-benz-iaa-2017\/\" target=\"_self\">\r\n                                                <div class=\"portfolio-content-inner\" >\r\n                                                    <h5 class=\"portfolio-title\">Stoisko targowe IAA Mercedes Benz <br> Frankfurt \/ Niemcy<\/h5><ul class=\"portfolio-category list-inline\"><li>tkaniny p\u00f3\u0142przezroczyste<\/li><li>przestrze\u0144 publiczna<\/li><\/ul>                                                <\/div>\r\n                                            <\/a>\r\n                                                                                   <\/div>\r\n                                    <\/div>\r\n                                <\/div>\r\n                            <\/div>\r\n                                                    <\/div><div id=\"portfolio-post-7469\" class=\"portfolio-column portfolio-post portfolio-hover-style-5 all kulturbauten variable-raumakustik  width1x height1x col-xs-12 col-sm-6 col-md-4 animate\"  data-animation=\"fadeInUp\" data-animation-offset=\"90%\" style=\"margin: 15px 0; padding: 0 15px; -webkit-animation-duration: 0.8s; -webkit-animation-delay: 0.4s; animation-duration: 0.8s; animation-delay: 0.4s;\">\r\n                            <div class=\"portfolio-content-container\" >\r\n                                <div class=\"portfolio-thumbnail\">\r\n                                    <img loading=\"lazy\" decoding=\"async\" width=\"532\" height=\"532\" src=\"https:\/\/www.gerriets-acoustics.com\/wp-content\/uploads\/2022\/04\/gw-2015-London-Symphony-Orchestra-Audi-Ingoldstadt-Deutschland-aQflex-small.jpg\" class=\"attachment-post-thumbnail size-post-thumbnail wp-post-image\" alt=\"Sufit hali z absorberami aQflex\u2122\" \/>                                <\/div> \r\n                                <div class=\"portfolio-caption-content\">\r\n                                    <a class=\"portfolio-content-link\" href=\"http:\/\/www.gerriets-acoustics.com\/pl\/portfolio\/london-symphony-orchestra-ingolstadt-germany\/\" target=\"_self\"><\/a>\r\n                                    <div class=\"portfolio-content\">\r\n                                        <div class=\"portfolio-content-details\">\r\n                                            <a class=\"portfolio-content-link\" href=\"http:\/\/www.gerriets-acoustics.com\/pl\/portfolio\/london-symphony-orchestra-ingolstadt-germany\/\" target=\"_self\">\r\n                                                <div class=\"portfolio-content-inner\" >\r\n                                                    <h5 class=\"portfolio-title\">Londy\u0144ska Orkiestra Symfoniczna<br> Ingolstadt \/ Niemcy<\/h5><ul class=\"portfolio-category list-inline\"><li>Budynki kultury<\/li><li>Zmienna akustyka pomieszczenia<\/li><\/ul>                                                <\/div>\r\n                                            <\/a>\r\n                                                                                   <\/div>\r\n                                    <\/div>\r\n                                <\/div>\r\n                            <\/div>\r\n                                                    <\/div><div id=\"portfolio-post-7537\" class=\"portfolio-column portfolio-post portfolio-hover-style-5 all kulturbauten oeffentlicher-aum variable-raumakustik  width1x height1x col-xs-12 col-sm-6 col-md-4 animate\"  data-animation=\"fadeInUp\" data-animation-offset=\"90%\" style=\"margin: 15px 0; padding: 0 15px; -webkit-animation-duration: 0.8s; -webkit-animation-delay: 0.8s; animation-duration: 0.8s; animation-delay: 0.8s;\">\r\n                            <div class=\"portfolio-content-container\" >\r\n                                <div class=\"portfolio-thumbnail\">\r\n                                    <img loading=\"lazy\" decoding=\"async\" width=\"532\" height=\"532\" src=\"https:\/\/www.gerriets-acoustics.com\/wp-content\/uploads\/2022\/04\/2014-esc-small-Schallabsorber-AqFlex.jpg\" class=\"attachment-post-thumbnail size-post-thumbnail wp-post-image\" alt=\"Sufit w hali z absorberami d\u017awi\u0119ku i pionami\" \/>                                <\/div> \r\n                                <div class=\"portfolio-caption-content\">\r\n                                    <a class=\"portfolio-content-link\" href=\"http:\/\/www.gerriets-acoustics.com\/pl\/portfolio\/konkurs-piosenki-eurowizji-2014-kopenhaga-dencja\/\" target=\"_self\"><\/a>\r\n                                    <div class=\"portfolio-content\">\r\n                                        <div class=\"portfolio-content-details\">\r\n                                            <a class=\"portfolio-content-link\" href=\"http:\/\/www.gerriets-acoustics.com\/pl\/portfolio\/konkurs-piosenki-eurowizji-2014-kopenhaga-dencja\/\" target=\"_self\">\r\n                                                <div class=\"portfolio-content-inner\" >\r\n                                                    <h5 class=\"portfolio-title\">Konkurs Piosenki Eurowizji 2014 r. <br> Kopenhaga \/ Dania<\/h5><ul class=\"portfolio-category list-inline\"><li>Budynki kultury<\/li><li>przestrze\u0144 publiczna<\/li><li>Zmienna akustyka pomieszczenia<\/li><\/ul>                                                <\/div>\r\n                                            <\/a>\r\n                                                                                   <\/div>\r\n                                    <\/div>\r\n                                <\/div>\r\n                            <\/div>\r\n                                                    <\/div><div id=\"portfolio-post-2610\" class=\"portfolio-column portfolio-post portfolio-hover-style-5 all design-und-schmuckvorhaenge kulturbauten  width1x height1x col-xs-12 col-sm-6 col-md-4 animate\"  data-animation=\"fadeInUp\" data-animation-offset=\"90%\" style=\"margin: 15px 0; padding: 0 15px; -webkit-animation-duration: 0.8s; -webkit-animation-delay: 1.2s; animation-duration: 0.8s; animation-delay: 1.2s;\">\r\n                            <div class=\"portfolio-content-container\" >\r\n                                <div class=\"portfolio-thumbnail\">\r\n                                    <img loading=\"lazy\" decoding=\"async\" width=\"532\" height=\"532\" src=\"https:\/\/www.gerriets-acoustics.com\/wp-content\/uploads\/2022\/06\/2007-quai-branly-small.jpg\" class=\"attachment-post-thumbnail size-post-thumbnail wp-post-image\" alt=\"Pod\u015bwietlane rz\u0119dy siedze\u0144 z otaczaj\u0105cymi je srebrnymi zas\u0142onami\" \/>                                <\/div> \r\n                                <div class=\"portfolio-caption-content\">\r\n                                    <a class=\"portfolio-content-link\" href=\"http:\/\/www.gerriets-acoustics.com\/pl\/portfolio\/musee-du-quai-branly\/\" target=\"_self\"><\/a>\r\n                                    <div class=\"portfolio-content\">\r\n                                        <div class=\"portfolio-content-details\">\r\n                                            <a class=\"portfolio-content-link\" href=\"http:\/\/www.gerriets-acoustics.com\/pl\/portfolio\/musee-du-quai-branly\/\" target=\"_self\">\r\n                                                <div class=\"portfolio-content-inner\" >\r\n                                                    <h5 class=\"portfolio-title\">Mus\u00e9e du quai Branly <br> Pary\u017c \/ Francja<\/h5><ul class=\"portfolio-category list-inline\"><li>Zas\u0142ony designerskie i dekoracyjne<\/li><li>Budynki kultury<\/li><\/ul>                                                <\/div>\r\n                                            <\/a>\r\n                                                                                   <\/div>\r\n                                    <\/div>\r\n                                <\/div>\r\n                            <\/div>\r\n                                                    <\/div><div id=\"portfolio-post-2608\" class=\"portfolio-column portfolio-post portfolio-hover-style-5 all oeffentlicher-aum schallvorhang-office  width1x height1x col-xs-12 col-sm-6 col-md-4 animate\"  data-animation=\"fadeInUp\" data-animation-offset=\"90%\" style=\"margin: 15px 0; padding: 0 15px; -webkit-animation-duration: 0.8s; -webkit-animation-delay: 0.4s; animation-duration: 0.8s; animation-delay: 0.4s;\">\r\n                            <div class=\"portfolio-content-container\" >\r\n                                <div class=\"portfolio-thumbnail\">\r\n                                    <img loading=\"lazy\" decoding=\"async\" width=\"532\" height=\"532\" src=\"https:\/\/www.gerriets-acoustics.com\/wp-content\/uploads\/2017\/10\/2008-etihad-lounge-abu-dhabi-small-2.jpg\" class=\"attachment-post-thumbnail size-post-thumbnail wp-post-image\" alt=\"Salonik na lotnisku z zas\u0142onami jako akustycznymi przegrodami pomieszczenia\" \/>                                <\/div> \r\n                                <div class=\"portfolio-caption-content\">\r\n                                    <a class=\"portfolio-content-link\" href=\"http:\/\/www.gerriets-acoustics.com\/pl\/portfolio\/etihad-lounge\/\" target=\"_self\"><\/a>\r\n                                    <div class=\"portfolio-content\">\r\n                                        <div class=\"portfolio-content-details\">\r\n                                            <a class=\"portfolio-content-link\" href=\"http:\/\/www.gerriets-acoustics.com\/pl\/portfolio\/etihad-lounge\/\" target=\"_self\">\r\n                                                <div class=\"portfolio-content-inner\" >\r\n                                                    <h5 class=\"portfolio-title\">Salonik Etihad <br> Abu Dhabi \/ Zjednoczone Emiraty Arabskie<\/h5><ul class=\"portfolio-category list-inline\"><li>przestrze\u0144 publiczna<\/li><li>Kurtyna akustyczna OFFICE<\/li><\/ul>                                                <\/div>\r\n                                            <\/a>\r\n                                                                                   <\/div>\r\n                                    <\/div>\r\n                                <\/div>\r\n                            <\/div>\r\n                                                    <\/div><div id=\"portfolio-post-2606\" class=\"portfolio-column portfolio-post portfolio-hover-style-5 all kulturbauten variable-raumakustik  width1x height1x col-xs-12 col-sm-6 col-md-4 animate\"  data-animation=\"fadeInUp\" data-animation-offset=\"90%\" style=\"margin: 15px 0; padding: 0 15px; -webkit-animation-duration: 0.8s; -webkit-animation-delay: 0.8s; animation-duration: 0.8s; animation-delay: 0.8s;\">\r\n                            <div class=\"portfolio-content-container\" >\r\n                                <div class=\"portfolio-thumbnail\">\r\n                                    <img loading=\"lazy\" decoding=\"async\" width=\"532\" height=\"532\" src=\"https:\/\/www.gerriets-acoustics.com\/wp-content\/uploads\/2017\/10\/2009-danish-radio-concert-hall-kopenhagen-small.jpg\" class=\"attachment-post-thumbnail size-post-thumbnail wp-post-image\" alt=\"Sala koncertowa z zadaszeniem akustycznym i kurtynami d\u017awi\u0119kowymi\" \/>                                <\/div> \r\n                                <div class=\"portfolio-caption-content\">\r\n                                    <a class=\"portfolio-content-link\" href=\"http:\/\/www.gerriets-acoustics.com\/pl\/portfolio\/danish-radio-concert-hall\/\" target=\"_self\"><\/a>\r\n                                    <div class=\"portfolio-content\">\r\n                                        <div class=\"portfolio-content-details\">\r\n                                            <a class=\"portfolio-content-link\" href=\"http:\/\/www.gerriets-acoustics.com\/pl\/portfolio\/danish-radio-concert-hall\/\" target=\"_self\">\r\n                                                <div class=\"portfolio-content-inner\" >\r\n                                                    <h5 class=\"portfolio-title\">Sala koncertowa radia du\u0144skiego <br> Kopenhaga \/ Dania<\/h5><ul class=\"portfolio-category list-inline\"><li>Budynki kultury<\/li><li>Zmienna akustyka pomieszczenia<\/li><\/ul>                                                <\/div>\r\n                                            <\/a>\r\n                                                                                   <\/div>\r\n                                    <\/div>\r\n                                <\/div>\r\n                            <\/div>\r\n                                                    <\/div><div id=\"portfolio-post-2604\" class=\"portfolio-column portfolio-post portfolio-hover-style-5 all aussenvorhaenge gastronomie-und-handel schallvorhang-office  width1x height1x col-xs-12 col-sm-6 col-md-4 animate\"  data-animation=\"fadeInUp\" data-animation-offset=\"90%\" style=\"margin: 15px 0; padding: 0 15px; -webkit-animation-duration: 0.8s; -webkit-animation-delay: 1.2s; animation-duration: 0.8s; animation-delay: 1.2s;\">\r\n                            <div class=\"portfolio-content-container\" >\r\n                                <div class=\"portfolio-thumbnail\">\r\n                                    <img loading=\"lazy\" decoding=\"async\" width=\"532\" height=\"532\" src=\"https:\/\/www.gerriets-acoustics.com\/wp-content\/uploads\/2017\/10\/2010-reina-club-istanbul-small-1.jpg\" class=\"attachment-post-thumbnail size-post-thumbnail wp-post-image\" alt=\"rozmyty widok nocny Club Reina, Istanbul\" \/>                                <\/div> \r\n                                <div class=\"portfolio-caption-content\">\r\n                                    <a class=\"portfolio-content-link\" href=\"http:\/\/www.gerriets-acoustics.com\/pl\/portfolio\/club-reina\/\" target=\"_self\"><\/a>\r\n                                    <div class=\"portfolio-content\">\r\n                                        <div class=\"portfolio-content-details\">\r\n                                            <a class=\"portfolio-content-link\" href=\"http:\/\/www.gerriets-acoustics.com\/pl\/portfolio\/club-reina\/\" target=\"_self\">\r\n                                                <div class=\"portfolio-content-inner\" >\r\n                                                    <h5 class=\"portfolio-title\">Club Reina<br> Istambu\u0142 \/ Turcja<\/h5><ul class=\"portfolio-category list-inline\"><li>Zas\u0142ony zewn\u0119trzne<\/li><li>Gastronomia i handel<\/li><li>Kurtyna akustyczna OFFICE<\/li><\/ul>                                                <\/div>\r\n                                            <\/a>\r\n                                                                                   <\/div>\r\n                                    <\/div>\r\n                                <\/div>\r\n                            <\/div>\r\n                                                    <\/div><div id=\"portfolio-post-2602\" class=\"portfolio-column portfolio-post portfolio-hover-style-5 all bildung-und-lehre schallvorhang-office  width1x height1x col-xs-12 col-sm-6 col-md-4 animate\"  data-animation=\"fadeInUp\" data-animation-offset=\"90%\" style=\"margin: 15px 0; padding: 0 15px; -webkit-animation-duration: 0.8s; -webkit-animation-delay: 0.4s; animation-duration: 0.8s; animation-delay: 0.4s;\">\r\n                            <div class=\"portfolio-content-container\" >\r\n                                <div class=\"portfolio-thumbnail\">\r\n                                    <img loading=\"lazy\" decoding=\"async\" width=\"532\" height=\"532\" src=\"https:\/\/www.gerriets-acoustics.com\/wp-content\/uploads\/2017\/10\/2011-blue-box-fh-bochum-small-2.jpg\" class=\"attachment-post-thumbnail size-post-thumbnail wp-post-image\" alt=\"Bia\u0142a zas\u0142ona na zakrzywionej szynie w foyer\" \/>                                <\/div> \r\n                                <div class=\"portfolio-caption-content\">\r\n                                    <a class=\"portfolio-content-link\" href=\"http:\/\/www.gerriets-acoustics.com\/pl\/portfolio\/blue-box-fachhochschule-bochum\/\" target=\"_self\"><\/a>\r\n                                    <div class=\"portfolio-content\">\r\n                                        <div class=\"portfolio-content-details\">\r\n                                            <a class=\"portfolio-content-link\" href=\"http:\/\/www.gerriets-acoustics.com\/pl\/portfolio\/blue-box-fachhochschule-bochum\/\" target=\"_self\">\r\n                                                <div class=\"portfolio-content-inner\" >\r\n                                                    <h5 class=\"portfolio-title\">Blue Box \/ Uniwersytet Nauk Stosowanych w Bochum <br> Bochum \/ Niemcy<\/h5><ul class=\"portfolio-category list-inline\"><li>Edukacja i nauczanie<\/li><li>Kurtyna akustyczna OFFICE<\/li><\/ul>                                                <\/div>\r\n                                            <\/a>\r\n                                                                                   <\/div>\r\n                                    <\/div>\r\n                                <\/div>\r\n                            <\/div>\r\n                                                    <\/div><div id=\"portfolio-post-2600\" class=\"portfolio-column portfolio-post portfolio-hover-style-5 all kulturbauten variable-raumakustik  width1x height1x col-xs-12 col-sm-6 col-md-4 animate\"  data-animation=\"fadeInUp\" data-animation-offset=\"90%\" style=\"margin: 15px 0; padding: 0 15px; -webkit-animation-duration: 0.8s; -webkit-animation-delay: 0.8s; animation-duration: 0.8s; animation-delay: 0.8s;\">\r\n                            <div class=\"portfolio-content-container\" >\r\n                                <div class=\"portfolio-thumbnail\">\r\n                                    <img loading=\"lazy\" decoding=\"async\" width=\"532\" height=\"532\" src=\"https:\/\/www.gerriets-acoustics.com\/wp-content\/uploads\/2017\/10\/2011-la-maison-montreal-small-1.jpg\" class=\"attachment-post-thumbnail size-post-thumbnail wp-post-image\" alt=\"Widok na sal\u0119 koncertow\u0105 z uwzgl\u0119dnieniem \u015brodk\u00f3w akustycznych\" \/>                                <\/div> \r\n                                <div class=\"portfolio-caption-content\">\r\n                                    <a class=\"portfolio-content-link\" href=\"http:\/\/www.gerriets-acoustics.com\/pl\/portfolio\/la-maison-symphonique-du-montreal\/\" target=\"_self\"><\/a>\r\n                                    <div class=\"portfolio-content\">\r\n                                        <div class=\"portfolio-content-details\">\r\n                                            <a class=\"portfolio-content-link\" href=\"http:\/\/www.gerriets-acoustics.com\/pl\/portfolio\/la-maison-symphonique-du-montreal\/\" target=\"_self\">\r\n                                                <div class=\"portfolio-content-inner\" >\r\n                                                    <h5 class=\"portfolio-title\">La Maison Symphonique de Montr\u00e9al <br> Montr\u00e9al \/ Kanada<\/h5><ul class=\"portfolio-category list-inline\"><li>Budynki kultury<\/li><li>Zmienna akustyka pomieszczenia<\/li><\/ul>                                                <\/div>\r\n                                            <\/a>\r\n                                                                                   <\/div>\r\n                                    <\/div>\r\n                                <\/div>\r\n                            <\/div>\r\n                                                    <\/div><div id=\"portfolio-post-2598\" class=\"portfolio-column portfolio-post portfolio-hover-style-5 all buerowelten schallvorhang-office  width1x height1x col-xs-12 col-sm-6 col-md-4 animate\"  data-animation=\"fadeInUp\" data-animation-offset=\"90%\" style=\"margin: 15px 0; padding: 0 15px; -webkit-animation-duration: 0.8s; -webkit-animation-delay: 1.2s; animation-duration: 0.8s; animation-delay: 1.2s;\">\r\n                            <div class=\"portfolio-content-container\" >\r\n                                <div class=\"portfolio-thumbnail\">\r\n                                    <img loading=\"lazy\" decoding=\"async\" width=\"532\" height=\"532\" src=\"https:\/\/www.gerriets-acoustics.com\/wp-content\/uploads\/2017\/10\/2011-verwaltung-spielbanken-bw-small-1.jpg\" class=\"attachment-post-thumbnail size-post-thumbnail wp-post-image\" alt=\"Sala konferencyjna z kurtyn\u0105 akustyczn\u0105 i du\u017cym obrazem przedstawiaj\u0105cym scen\u0119 w kasynie\" \/>                                <\/div> \r\n                                <div class=\"portfolio-caption-content\">\r\n                                    <a class=\"portfolio-content-link\" href=\"http:\/\/www.gerriets-acoustics.com\/pl\/portfolio\/verwaltung-baden-wuerttembergische-spielbanken\/\" target=\"_self\"><\/a>\r\n                                    <div class=\"portfolio-content\">\r\n                                        <div class=\"portfolio-content-details\">\r\n                                            <a class=\"portfolio-content-link\" href=\"http:\/\/www.gerriets-acoustics.com\/pl\/portfolio\/verwaltung-baden-wuerttembergische-spielbanken\/\" target=\"_self\">\r\n                                                <div class=\"portfolio-content-inner\" >\r\n                                                    <h5 class=\"portfolio-title\">Administracja Badenii-Wirtembergii kasyna<br> Stuttgart \/ Niemcy<\/h5><ul class=\"portfolio-category list-inline\"><li>\u015awiaty biurowe<\/li><li>Kurtyna akustyczna OFFICE<\/li><\/ul>                                                <\/div>\r\n                                            <\/a>\r\n                                                                                   <\/div>\r\n                                    <\/div>\r\n                                <\/div>\r\n                            <\/div>\r\n                                                    <\/div><div id=\"portfolio-post-2596\" class=\"portfolio-column portfolio-post portfolio-hover-style-5 all kulturbauten variable-raumakustik  width1x height1x col-xs-12 col-sm-6 col-md-4 animate\"  data-animation=\"fadeInUp\" data-animation-offset=\"90%\" style=\"margin: 15px 0; padding: 0 15px; -webkit-animation-duration: 0.8s; -webkit-animation-delay: 0.4s; animation-duration: 0.8s; animation-delay: 0.4s;\">\r\n                            <div class=\"portfolio-content-container\" >\r\n                                <div class=\"portfolio-thumbnail\">\r\n                                    <img loading=\"lazy\" decoding=\"async\" width=\"532\" height=\"532\" src=\"https:\/\/www.gerriets-acoustics.com\/wp-content\/uploads\/2017\/10\/2013-commune-montreux-ch-small-1.jpg\" class=\"attachment-post-thumbnail size-post-thumbnail wp-post-image\" alt=\"Centrum Kongresowe jako sala wielofunkcyjna z izolacj\u0105 akustyczn\u0105\" \/>                                <\/div> \r\n                                <div class=\"portfolio-caption-content\">\r\n                                    <a class=\"portfolio-content-link\" href=\"http:\/\/www.gerriets-acoustics.com\/pl\/portfolio\/centre-de-congres\/\" target=\"_self\"><\/a>\r\n                                    <div class=\"portfolio-content\">\r\n                                        <div class=\"portfolio-content-details\">\r\n                                            <a class=\"portfolio-content-link\" href=\"http:\/\/www.gerriets-acoustics.com\/pl\/portfolio\/centre-de-congres\/\" target=\"_self\">\r\n                                                <div class=\"portfolio-content-inner\" >\r\n                                                    <h5 class=\"portfolio-title\">Centre de Congres <br> Montreux \/ Szwajcaria<\/h5><ul class=\"portfolio-category list-inline\"><li>Budynki kultury<\/li><li>Zmienna akustyka pomieszczenia<\/li><\/ul>                                                <\/div>\r\n                                            <\/a>\r\n                                                                                   <\/div>\r\n                                    <\/div>\r\n                                <\/div>\r\n                            <\/div>\r\n                                                    <\/div><div id=\"portfolio-post-2594\" class=\"portfolio-column portfolio-post portfolio-hover-style-5 all kulturbauten variable-raumakustik  width1x height1x col-xs-12 col-sm-6 col-md-4 animate\"  data-animation=\"fadeInUp\" data-animation-offset=\"90%\" style=\"margin: 15px 0; padding: 0 15px; -webkit-animation-duration: 0.8s; -webkit-animation-delay: 0.8s; animation-duration: 0.8s; animation-delay: 0.8s;\">\r\n                            <div class=\"portfolio-content-container\" >\r\n                                <div class=\"portfolio-thumbnail\">\r\n                                    <img loading=\"lazy\" decoding=\"async\" width=\"532\" height=\"532\" src=\"https:\/\/www.gerriets-acoustics.com\/wp-content\/uploads\/2017\/10\/gw-2017-elbphilharmonie-hamburg-small.jpg\" class=\"attachment-post-thumbnail size-post-thumbnail wp-post-image\" alt=\"Widok z zewn\u0105trz Elbphilharmonie Hamburg\" \/>                                <\/div> \r\n                                <div class=\"portfolio-caption-content\">\r\n                                    <a class=\"portfolio-content-link\" href=\"http:\/\/www.gerriets-acoustics.com\/pl\/portfolio\/elbphilharmonie\/\" target=\"_self\"><\/a>\r\n                                    <div class=\"portfolio-content\">\r\n                                        <div class=\"portfolio-content-details\">\r\n                                            <a class=\"portfolio-content-link\" href=\"http:\/\/www.gerriets-acoustics.com\/pl\/portfolio\/elbphilharmonie\/\" target=\"_self\">\r\n                                                <div class=\"portfolio-content-inner\" >\r\n                                                    <h5 class=\"portfolio-title\">Elbphilharmonie <br>Hamburg \/ Niemcy<\/h5><ul class=\"portfolio-category list-inline\"><li>Budynki kultury<\/li><li>Zmienna akustyka pomieszczenia<\/li><\/ul>                                                <\/div>\r\n                                            <\/a>\r\n                                                                                   <\/div>\r\n                                    <\/div>\r\n                                <\/div>\r\n                            <\/div>\r\n                                                    <\/div><div id=\"portfolio-post-2592\" class=\"portfolio-column portfolio-post portfolio-hover-style-5 all buerowelten lichtdurchlaessige-stoffe schienensystem-elegance  width1x height1x col-xs-12 col-sm-6 col-md-4 animate\"  data-animation=\"fadeInUp\" data-animation-offset=\"90%\" style=\"margin: 15px 0; padding: 0 15px; -webkit-animation-duration: 0.8s; -webkit-animation-delay: 1.2s; animation-duration: 0.8s; animation-delay: 1.2s;\">\r\n                            <div class=\"portfolio-content-container\" >\r\n                                <div class=\"portfolio-thumbnail\">\r\n                                    <img loading=\"lazy\" decoding=\"async\" width=\"532\" height=\"532\" src=\"https:\/\/www.gerriets-acoustics.com\/wp-content\/uploads\/2017\/10\/gw-2017-puma-verwaltung-absorber-light-small-1.jpg\" class=\"attachment-post-thumbnail size-post-thumbnail wp-post-image\" alt=\"Foyer z p\u00f3\u0142przezroczyst\u0105 kurtyn\u0105 akustyczn\u0105 do biur\" \/>                                <\/div> \r\n                                <div class=\"portfolio-caption-content\">\r\n                                    <a class=\"portfolio-content-link\" href=\"http:\/\/www.gerriets-acoustics.com\/pl\/portfolio\/puma-se\/\" target=\"_self\"><\/a>\r\n                                    <div class=\"portfolio-content\">\r\n                                        <div class=\"portfolio-content-details\">\r\n                                            <a class=\"portfolio-content-link\" href=\"http:\/\/www.gerriets-acoustics.com\/pl\/portfolio\/puma-se\/\" target=\"_self\">\r\n                                                <div class=\"portfolio-content-inner\" >\r\n                                                    <h5 class=\"portfolio-title\">PUMA SE <br> Herzogenaurach \/ Niemcy<\/h5><ul class=\"portfolio-category list-inline\"><li>\u015awiaty biurowe<\/li><li>tkaniny p\u00f3\u0142przezroczyste<\/li><li>Uk\u0142ad jezdny ELEGANCE<\/li><\/ul>                                                <\/div>\r\n                                            <\/a>\r\n                                                                                   <\/div>\r\n                                    <\/div>\r\n                                <\/div>\r\n                            <\/div>\r\n                                                    <\/div><div id=\"portfolio-post-2585\" class=\"portfolio-column portfolio-post portfolio-hover-style-5 all buerowelten lichtdurchlaessige-stoffe  width1x height1x col-xs-12 col-sm-6 col-md-4 animate\"  data-animation=\"fadeInUp\" data-animation-offset=\"90%\" style=\"margin: 15px 0; padding: 0 15px; -webkit-animation-duration: 0.8s; -webkit-animation-delay: 0.4s; animation-duration: 0.8s; animation-delay: 0.4s;\">\r\n                            <div class=\"portfolio-content-container\" >\r\n                                <div class=\"portfolio-thumbnail\">\r\n                                    <img loading=\"lazy\" decoding=\"async\" width=\"532\" height=\"532\" src=\"https:\/\/www.gerriets-acoustics.com\/wp-content\/uploads\/2017\/10\/gw-2016-open-systems-small.jpg\" class=\"attachment-post-thumbnail size-post-thumbnail wp-post-image\" alt=\"Indywidualnie wydzielone stanowiska pracy z p\u00f3\u0142przezroczyst\u0105 kurtyn\u0105 akustyczn\u0105 w tle\" \/>                                <\/div> \r\n                                <div class=\"portfolio-caption-content\">\r\n                                    <a class=\"portfolio-content-link\" href=\"http:\/\/www.gerriets-acoustics.com\/pl\/portfolio\/open-systems-ag\/\" target=\"_self\"><\/a>\r\n                                    <div class=\"portfolio-content\">\r\n                                        <div class=\"portfolio-content-details\">\r\n                                            <a class=\"portfolio-content-link\" href=\"http:\/\/www.gerriets-acoustics.com\/pl\/portfolio\/open-systems-ag\/\" target=\"_self\">\r\n                                                <div class=\"portfolio-content-inner\" >\r\n                                                    <h5 class=\"portfolio-title\">Open Systems AG <br> Zurych \/ Szwajcaria<\/h5><ul class=\"portfolio-category list-inline\"><li>\u015awiaty biurowe<\/li><li>tkaniny p\u00f3\u0142przezroczyste<\/li><\/ul>                                                <\/div>\r\n                                            <\/a>\r\n                                                                                   <\/div>\r\n                                    <\/div>\r\n                                <\/div>\r\n                            <\/div>\r\n                                                    <\/div><div id=\"portfolio-post-2580\" class=\"portfolio-column portfolio-post portfolio-hover-style-5 all buerowelten lichtdurchlaessige-stoffe oeffentlicher-aum schienensystem-elegance  width1x height1x col-xs-12 col-sm-6 col-md-4 animate\"  data-animation=\"fadeInUp\" data-animation-offset=\"90%\" style=\"margin: 15px 0; padding: 0 15px; -webkit-animation-duration: 0.8s; -webkit-animation-delay: 0.8s; animation-duration: 0.8s; animation-delay: 0.8s;\">\r\n                            <div class=\"portfolio-content-container\" >\r\n                                <div class=\"portfolio-thumbnail\">\r\n                                    <img loading=\"lazy\" decoding=\"async\" width=\"532\" height=\"532\" src=\"https:\/\/www.gerriets-acoustics.com\/wp-content\/uploads\/2017\/10\/gw-2016-koeln-holzmarkt1-small.jpg\" class=\"attachment-post-thumbnail size-post-thumbnail wp-post-image\" alt=\"Transparentna kurtyna d\u017awi\u0119koszczelna w foyer z figurami geometrycznymi\" \/>                                <\/div> \r\n                                <div class=\"portfolio-caption-content\">\r\n                                    <a class=\"portfolio-content-link\" href=\"http:\/\/www.gerriets-acoustics.com\/pl\/portfolio\/holzmarkt-1\/\" target=\"_self\"><\/a>\r\n                                    <div class=\"portfolio-content\">\r\n                                        <div class=\"portfolio-content-details\">\r\n                                            <a class=\"portfolio-content-link\" href=\"http:\/\/www.gerriets-acoustics.com\/pl\/portfolio\/holzmarkt-1\/\" target=\"_self\">\r\n                                                <div class=\"portfolio-content-inner\" >\r\n                                                    <h5 class=\"portfolio-title\">Rynek drewna 1<br> Kolonia \/ Niemcy<\/h5><ul class=\"portfolio-category list-inline\"><li>\u015awiaty biurowe<\/li><li>tkaniny p\u00f3\u0142przezroczyste<\/li><li>przestrze\u0144 publiczna<\/li><li>Uk\u0142ad jezdny ELEGANCE<\/li><\/ul>                                                <\/div>\r\n                                            <\/a>\r\n                                                                                   <\/div>\r\n                                    <\/div>\r\n                                <\/div>\r\n                            <\/div>\r\n                                                    <\/div><div id=\"portfolio-post-2570\" class=\"portfolio-column portfolio-post portfolio-hover-style-5 all kulturbauten lichtdurchlaessige-stoffe  width1x height1x col-xs-12 col-sm-6 col-md-4 animate\"  data-animation=\"fadeInUp\" data-animation-offset=\"90%\" style=\"margin: 15px 0; padding: 0 15px; -webkit-animation-duration: 0.8s; -webkit-animation-delay: 1.2s; animation-duration: 0.8s; animation-delay: 1.2s;\">\r\n                            <div class=\"portfolio-content-container\" >\r\n                                <div class=\"portfolio-thumbnail\">\r\n                                    <img loading=\"lazy\" decoding=\"async\" width=\"532\" height=\"532\" src=\"https:\/\/www.gerriets-acoustics.com\/wp-content\/uploads\/2017\/10\/gw-GI-absorber-light-lawrenceville-small.jpg\" class=\"attachment-post-thumbnail size-post-thumbnail wp-post-image\" alt=\"Skrzyd\u0142o przed oknem okr\u0105g\u0142ym z kurtyn\u0105 akustyczn\u0105\" \/>                                <\/div> \r\n                                <div class=\"portfolio-caption-content\">\r\n                                    <a class=\"portfolio-content-link\" href=\"http:\/\/www.gerriets-acoustics.com\/pl\/portfolio\/english-clark-music-center-lawrenceville-school\/\" target=\"_self\"><\/a>\r\n                                    <div class=\"portfolio-content\">\r\n                                        <div class=\"portfolio-content-details\">\r\n                                            <a class=\"portfolio-content-link\" href=\"http:\/\/www.gerriets-acoustics.com\/pl\/portfolio\/english-clark-music-center-lawrenceville-school\/\" target=\"_self\">\r\n                                                <div class=\"portfolio-content-inner\" >\r\n                                                    <h5 class=\"portfolio-title\">Clark Music Center Lawrenceville School <br> New Jersey \/ USA<\/h5><ul class=\"portfolio-category list-inline\"><li>Budynki kultury<\/li><li>tkaniny p\u00f3\u0142przezroczyste<\/li><\/ul>                                                <\/div>\r\n                                            <\/a>\r\n                                                                                   <\/div>\r\n                                    <\/div>\r\n                                <\/div>\r\n                            <\/div>\r\n                                                    <\/div><div id=\"portfolio-post-2568\" class=\"portfolio-column portfolio-post portfolio-hover-style-5 all buerowelten lichtdurchlaessige-stoffe schienensystem-elegance  width1x height1x col-xs-12 col-sm-6 col-md-4 animate\"  data-animation=\"fadeInUp\" data-animation-offset=\"90%\" style=\"margin: 15px 0; padding: 0 15px; -webkit-animation-duration: 0.8s; -webkit-animation-delay: 0.4s; animation-duration: 0.8s; animation-delay: 0.4s;\">\r\n                            <div class=\"portfolio-content-container\" >\r\n                                <div class=\"portfolio-thumbnail\">\r\n                                    <img loading=\"lazy\" decoding=\"async\" width=\"532\" height=\"532\" src=\"https:\/\/www.gerriets-acoustics.com\/wp-content\/uploads\/2022\/06\/gw-2017-umkirch-absorber-light-small.jpg\" class=\"attachment-post-thumbnail size-post-thumbnail wp-post-image\" alt=\"Biuro z p\u00f3\u0142przezroczyst\u0105 zas\u0142on\u0105 i modelem statku na biurku\" \/>                                <\/div> \r\n                                <div class=\"portfolio-caption-content\">\r\n                                    <a class=\"portfolio-content-link\" href=\"http:\/\/www.gerriets-acoustics.com\/pl\/portfolio\/gerriets-gmbh\/\" target=\"_self\"><\/a>\r\n                                    <div class=\"portfolio-content\">\r\n                                        <div class=\"portfolio-content-details\">\r\n                                            <a class=\"portfolio-content-link\" href=\"http:\/\/www.gerriets-acoustics.com\/pl\/portfolio\/gerriets-gmbh\/\" target=\"_self\">\r\n                                                <div class=\"portfolio-content-inner\" >\r\n                                                    <h5 class=\"portfolio-title\">Gerriets GmbH<br> Umkirch \/ Niemcy<\/h5><ul class=\"portfolio-category list-inline\"><li>\u015awiaty biurowe<\/li><li>tkaniny p\u00f3\u0142przezroczyste<\/li><li>Uk\u0142ad jezdny ELEGANCE<\/li><\/ul>                                                <\/div>\r\n                                            <\/a>\r\n                                                                                   <\/div>\r\n                                    <\/div>\r\n                                <\/div>\r\n                            <\/div>\r\n                                                    <\/div><div id=\"portfolio-post-2565\" class=\"portfolio-column portfolio-post portfolio-hover-style-5 all bildung-und-lehre kulturbauten variable-raumakustik  width1x height1x col-xs-12 col-sm-6 col-md-4 animate\"  data-animation=\"fadeInUp\" data-animation-offset=\"90%\" style=\"margin: 15px 0; padding: 0 15px; -webkit-animation-duration: 0.8s; -webkit-animation-delay: 0.8s; animation-duration: 0.8s; animation-delay: 0.8s;\">\r\n                            <div class=\"portfolio-content-container\" >\r\n                                <div class=\"portfolio-thumbnail\">\r\n                                    <img loading=\"lazy\" decoding=\"async\" width=\"532\" height=\"532\" src=\"https:\/\/www.gerriets-acoustics.com\/wp-content\/uploads\/2017\/10\/2012-kulturzentrum-weltraumtechnik-small.jpg\" class=\"attachment-post-thumbnail size-post-thumbnail wp-post-image\" alt=\"Widok z zewn\u0105trz Centrum Kultury Europejskiej Technologii Kosmicznej Vitanje, S\u0142owenia\" \/>                                <\/div> \r\n                                <div class=\"portfolio-caption-content\">\r\n                                    <a class=\"portfolio-content-link\" href=\"http:\/\/www.gerriets-acoustics.com\/pl\/portfolio\/kulturzentrum-fuer-europaeische-weltraumtechnologien\/\" target=\"_self\"><\/a>\r\n                                    <div class=\"portfolio-content\">\r\n                                        <div class=\"portfolio-content-details\">\r\n                                            <a class=\"portfolio-content-link\" href=\"http:\/\/www.gerriets-acoustics.com\/pl\/portfolio\/kulturzentrum-fuer-europaeische-weltraumtechnologien\/\" target=\"_self\">\r\n                                                <div class=\"portfolio-content-inner\" >\r\n                                                    <h5 class=\"portfolio-title\">Centrum Kultury Europejskich Technologii Kosmicznych <br> Vitanje \/ S\u0142owenia<\/h5><ul class=\"portfolio-category list-inline\"><li>Edukacja i nauczanie<\/li><li>Budynki kultury<\/li><li>Zmienna akustyka pomieszczenia<\/li><\/ul>                                                <\/div>\r\n                                            <\/a>\r\n                                                                                   <\/div>\r\n                                    <\/div>\r\n                                <\/div>\r\n                            <\/div>\r\n                                                    <\/div><div id=\"portfolio-post-2563\" class=\"portfolio-column portfolio-post portfolio-hover-style-5 all kulturbauten variable-raumakustik  width1x height1x col-xs-12 col-sm-6 col-md-4 animate\"  data-animation=\"fadeInUp\" data-animation-offset=\"90%\" style=\"margin: 15px 0; padding: 0 15px; -webkit-animation-duration: 0.8s; -webkit-animation-delay: 1.2s; animation-duration: 0.8s; animation-delay: 1.2s;\">\r\n                            <div class=\"portfolio-content-container\" >\r\n                                <div class=\"portfolio-thumbnail\">\r\n                                    <img loading=\"lazy\" decoding=\"async\" width=\"532\" height=\"532\" src=\"https:\/\/www.gerriets-acoustics.com\/wp-content\/uploads\/2022\/06\/2016-gerriets-wismar-st-georgen-akustikbanner-g-sorber-small-1.jpg\" class=\"attachment-post-thumbnail size-post-thumbnail wp-post-image\" alt=\"Akustyczny baner rolkowy w ceglanym gotyckim budynku ko\u015bcio\u0142a\" \/>                                <\/div> \r\n                                <div class=\"portfolio-caption-content\">\r\n                                    <a class=\"portfolio-content-link\" href=\"http:\/\/www.gerriets-acoustics.com\/pl\/portfolio\/st-georgen-kirche\/\" target=\"_self\"><\/a>\r\n                                    <div class=\"portfolio-content\">\r\n                                        <div class=\"portfolio-content-details\">\r\n                                            <a class=\"portfolio-content-link\" href=\"http:\/\/www.gerriets-acoustics.com\/pl\/portfolio\/st-georgen-kirche\/\" target=\"_self\">\r\n                                                <div class=\"portfolio-content-inner\" >\r\n                                                    <h5 class=\"portfolio-title\">Ko\u015bci\u00f3\u0142 \u015bw. Jerzego <br> Wismar \/ Niemcy<\/h5><ul class=\"portfolio-category list-inline\"><li>Budynki kultury<\/li><li>Zmienna akustyka pomieszczenia<\/li><\/ul>                                                <\/div>\r\n                                            <\/a>\r\n                                                                                   <\/div>\r\n                                    <\/div>\r\n                                <\/div>\r\n                            <\/div>\r\n                                                    <\/div><div id=\"portfolio-post-2561\" class=\"portfolio-column portfolio-post portfolio-hover-style-5 all aussenvorhaenge kulturbauten variable-raumakustik  width1x height1x col-xs-12 col-sm-6 col-md-4 animate\"  data-animation=\"fadeInUp\" data-animation-offset=\"90%\" style=\"margin: 15px 0; padding: 0 15px; -webkit-animation-duration: 0.8s; -webkit-animation-delay: 0.4s; animation-duration: 0.8s; animation-delay: 0.4s;\">\r\n                            <div class=\"portfolio-content-container\" >\r\n                                <div class=\"portfolio-thumbnail\">\r\n                                    <img loading=\"lazy\" decoding=\"async\" width=\"532\" height=\"532\" src=\"https:\/\/www.gerriets-acoustics.com\/wp-content\/uploads\/2017\/10\/2012-st-prex-schweiz-small-1.jpg\" class=\"attachment-post-thumbnail size-post-thumbnail wp-post-image\" alt=\"Zewn\u0119trzny widok kopu\u0142y klasyka Saint-Prex, Szwajcaria\" \/>                                <\/div> \r\n                                <div class=\"portfolio-caption-content\">\r\n                                    <a class=\"portfolio-content-link\" href=\"http:\/\/www.gerriets-acoustics.com\/pl\/portfolio\/st-prex-classics\/\" target=\"_self\"><\/a>\r\n                                    <div class=\"portfolio-content\">\r\n                                        <div class=\"portfolio-content-details\">\r\n                                            <a class=\"portfolio-content-link\" href=\"http:\/\/www.gerriets-acoustics.com\/pl\/portfolio\/st-prex-classics\/\" target=\"_self\">\r\n                                                <div class=\"portfolio-content-inner\" >\r\n                                                    <h5 class=\"portfolio-title\">Klasyka St Prex <br> Saint-Prex \/ Szwajcaria<\/h5><ul class=\"portfolio-category list-inline\"><li>Zas\u0142ony zewn\u0119trzne<\/li><li>Budynki kultury<\/li><li>Zmienna akustyka pomieszczenia<\/li><\/ul>                                                <\/div>\r\n                                            <\/a>\r\n                                                                                   <\/div>\r\n                                    <\/div>\r\n                                <\/div>\r\n                            <\/div>\r\n                                                    <\/div><div id=\"portfolio-post-2551\" class=\"portfolio-column portfolio-post portfolio-hover-style-5 all kulturbauten variable-raumakustik  width1x height1x col-xs-12 col-sm-6 col-md-4 animate\"  data-animation=\"fadeInUp\" data-animation-offset=\"90%\" style=\"margin: 15px 0; padding: 0 15px; -webkit-animation-duration: 0.8s; -webkit-animation-delay: 0.8s; animation-duration: 0.8s; animation-delay: 0.8s;\">\r\n                            <div class=\"portfolio-content-container\" >\r\n                                <div class=\"portfolio-thumbnail\">\r\n                                    <img loading=\"lazy\" decoding=\"async\" width=\"532\" height=\"532\" src=\"https:\/\/www.gerriets-acoustics.com\/wp-content\/uploads\/2017\/10\/2013-art-museum-miami-small.jpg\" class=\"attachment-post-thumbnail size-post-thumbnail wp-post-image\" alt=\"Widok na audytorium z otwart\u0105 kurtyn\u0105 d\u017awi\u0119koszczeln\u0105\" \/>                                <\/div> \r\n                                <div class=\"portfolio-caption-content\">\r\n                                    <a class=\"portfolio-content-link\" href=\"http:\/\/www.gerriets-acoustics.com\/pl\/portfolio\/perez-art-museum-pamm\/\" target=\"_self\"><\/a>\r\n                                    <div class=\"portfolio-content\">\r\n                                        <div class=\"portfolio-content-details\">\r\n                                            <a class=\"portfolio-content-link\" href=\"http:\/\/www.gerriets-acoustics.com\/pl\/portfolio\/perez-art-museum-pamm\/\" target=\"_self\">\r\n                                                <div class=\"portfolio-content-inner\" >\r\n                                                    <h5 class=\"portfolio-title\">Muzeum Sztuki Pereza (PAMM) <br> Miami, Floryda \/ USA<\/h5><ul class=\"portfolio-category list-inline\"><li>Budynki kultury<\/li><li>Zmienna akustyka pomieszczenia<\/li><\/ul>                                                <\/div>\r\n                                            <\/a>\r\n                                                                                   <\/div>\r\n                                    <\/div>\r\n                                <\/div>\r\n                            <\/div>\r\n                                                    <\/div><div id=\"portfolio-post-8828\" class=\"portfolio-column portfolio-post portfolio-hover-style-5 all buerowelten schallvorhang-office  width1x height1x col-xs-12 col-sm-6 col-md-4 animate\"  data-animation=\"fadeInUp\" data-animation-offset=\"90%\" style=\"margin: 15px 0; padding: 0 15px; -webkit-animation-duration: 0.8s; -webkit-animation-delay: 1.2s; animation-duration: 0.8s; animation-delay: 1.2s;\">\r\n                            <div class=\"portfolio-content-container\" >\r\n                                <div class=\"portfolio-thumbnail\">\r\n                                    <img loading=\"lazy\" decoding=\"async\" width=\"532\" height=\"532\" src=\"https:\/\/www.gerriets-acoustics.com\/wp-content\/uploads\/2022\/06\/gw-GI-vancouver-millerthomson-office-small.jpg\" class=\"attachment-post-thumbnail size-post-thumbnail wp-post-image\" alt=\"Elastyczna kurtyna akustyczna do oddzielania sal konferencyjnych\" \/>                                <\/div> \r\n                                <div class=\"portfolio-caption-content\">\r\n                                    <a class=\"portfolio-content-link\" href=\"http:\/\/www.gerriets-acoustics.com\/pl\/portfolio\/miller-thomson-llp-vancouver-kanada\/\" target=\"_self\"><\/a>\r\n                                    <div class=\"portfolio-content\">\r\n                                        <div class=\"portfolio-content-details\">\r\n                                            <a class=\"portfolio-content-link\" href=\"http:\/\/www.gerriets-acoustics.com\/pl\/portfolio\/miller-thomson-llp-vancouver-kanada\/\" target=\"_self\">\r\n                                                <div class=\"portfolio-content-inner\" >\r\n                                                    <h5 class=\"portfolio-title\">Miller Thomson LLP<br> Vancouver \/ Kanada<\/h5><ul class=\"portfolio-category list-inline\"><li>\u015awiaty biurowe<\/li><li>Kurtyna akustyczna OFFICE<\/li><\/ul>                                                <\/div>\r\n                                            <\/a>\r\n                                                                                   <\/div>\r\n                                    <\/div>\r\n                                <\/div>\r\n                            <\/div>\r\n                                                    <\/div><div id=\"portfolio-post-2542\" class=\"portfolio-column portfolio-post portfolio-hover-style-5 all buerowelten schallvorhang-office  width1x height1x col-xs-12 col-sm-6 col-md-4 animate\"  data-animation=\"fadeInUp\" data-animation-offset=\"90%\" style=\"margin: 15px 0; padding: 0 15px; -webkit-animation-duration: 0.8s; -webkit-animation-delay: 0.4s; animation-duration: 0.8s; animation-delay: 0.4s;\">\r\n                            <div class=\"portfolio-content-container\" >\r\n                                <div class=\"portfolio-thumbnail\">\r\n                                    <img loading=\"lazy\" decoding=\"async\" width=\"532\" height=\"532\" src=\"https:\/\/www.gerriets-acoustics.com\/wp-content\/uploads\/2017\/10\/gw-GI-austin-texas-ottobock-office-small.jpg\" class=\"attachment-post-thumbnail size-post-thumbnail wp-post-image\" alt=\"Wyspa konferencyjna z mo\u017cliwo\u015bci\u0105 spotkania i otwarcia kurtyny akustycznej\" \/>                                <\/div> \r\n                                <div class=\"portfolio-caption-content\">\r\n                                    <a class=\"portfolio-content-link\" href=\"http:\/\/www.gerriets-acoustics.com\/pl\/portfolio\/ottobock-healthcare\/\" target=\"_self\"><\/a>\r\n                                    <div class=\"portfolio-content\">\r\n                                        <div class=\"portfolio-content-details\">\r\n                                            <a class=\"portfolio-content-link\" href=\"http:\/\/www.gerriets-acoustics.com\/pl\/portfolio\/ottobock-healthcare\/\" target=\"_self\">\r\n                                                <div class=\"portfolio-content-inner\" >\r\n                                                    <h5 class=\"portfolio-title\">Ottobock HealthCare <br> Austin, Teksas \/ USA<\/h5><ul class=\"portfolio-category list-inline\"><li>\u015awiaty biurowe<\/li><li>Kurtyna akustyczna OFFICE<\/li><\/ul>                                                <\/div>\r\n                                            <\/a>\r\n                                                                                   <\/div>\r\n                                    <\/div>\r\n                                <\/div>\r\n                            <\/div>\r\n                                                    <\/div><div id=\"portfolio-post-2532\" class=\"portfolio-column portfolio-post portfolio-hover-style-5 all buerowelten schallvorhang-office  width1x height1x col-xs-12 col-sm-6 col-md-4 animate\"  data-animation=\"fadeInUp\" data-animation-offset=\"90%\" style=\"margin: 15px 0; padding: 0 15px; -webkit-animation-duration: 0.8s; -webkit-animation-delay: 0.8s; animation-duration: 0.8s; animation-delay: 0.8s;\">\r\n                            <div class=\"portfolio-content-container\" >\r\n                                <div class=\"portfolio-thumbnail\">\r\n                                    <img loading=\"lazy\" decoding=\"async\" width=\"532\" height=\"532\" src=\"https:\/\/www.gerriets-acoustics.com\/wp-content\/uploads\/2017\/10\/gw-2016-kirchzarten-FSM-small.jpg\" class=\"attachment-post-thumbnail size-post-thumbnail wp-post-image\" alt=\"Proces wyg\u0142uszania jako podzia\u0142 pomieszczenia dla sali konferencyjnej\" \/>                                <\/div> \r\n                                <div class=\"portfolio-caption-content\">\r\n                                    <a class=\"portfolio-content-link\" href=\"http:\/\/www.gerriets-acoustics.com\/pl\/portfolio\/fsm-ag\/\" target=\"_self\"><\/a>\r\n                                    <div class=\"portfolio-content\">\r\n                                        <div class=\"portfolio-content-details\">\r\n                                            <a class=\"portfolio-content-link\" href=\"http:\/\/www.gerriets-acoustics.com\/pl\/portfolio\/fsm-ag\/\" target=\"_self\">\r\n                                                <div class=\"portfolio-content-inner\" >\r\n                                                    <h5 class=\"portfolio-title\">FSM AG <br> Kirchzarten \/ Niemcy<\/h5><ul class=\"portfolio-category list-inline\"><li>\u015awiaty biurowe<\/li><li>Kurtyna akustyczna OFFICE<\/li><\/ul>                                                <\/div>\r\n                                            <\/a>\r\n                                                                                   <\/div>\r\n                                    <\/div>\r\n                                <\/div>\r\n                            <\/div>\r\n                                                    <\/div><div id=\"portfolio-post-2522\" class=\"portfolio-column portfolio-post portfolio-hover-style-5 all buerowelten schallvorhang-office schienensystem-trumpf-95  width1x height1x col-xs-12 col-sm-6 col-md-4 animate\"  data-animation=\"fadeInUp\" data-animation-offset=\"90%\" style=\"margin: 15px 0; padding: 0 15px; -webkit-animation-duration: 0.8s; -webkit-animation-delay: 1.2s; animation-duration: 0.8s; animation-delay: 1.2s;\">\r\n                            <div class=\"portfolio-content-container\" >\r\n                                <div class=\"portfolio-thumbnail\">\r\n                                    <img loading=\"lazy\" decoding=\"async\" width=\"532\" height=\"532\" src=\"https:\/\/www.gerriets-acoustics.com\/wp-content\/uploads\/2017\/10\/gw-2016-nagold-haefele-small.jpg\" class=\"attachment-post-thumbnail size-post-thumbnail wp-post-image\" alt=\"Czerwona kurtyna akustyczna do oddzielenia sal konferencyjnych\" \/>                                <\/div> \r\n                                <div class=\"portfolio-caption-content\">\r\n                                    <a class=\"portfolio-content-link\" href=\"http:\/\/www.gerriets-acoustics.com\/pl\/portfolio\/haefele-gmbh-co-kg\/\" target=\"_self\"><\/a>\r\n                                    <div class=\"portfolio-content\">\r\n                                        <div class=\"portfolio-content-details\">\r\n                                            <a class=\"portfolio-content-link\" href=\"http:\/\/www.gerriets-acoustics.com\/pl\/portfolio\/haefele-gmbh-co-kg\/\" target=\"_self\">\r\n                                                <div class=\"portfolio-content-inner\" >\r\n                                                    <h5 class=\"portfolio-title\">H\u00e4fele GmbH &amp; Co.KG <br> Nagold \/ Niemcy<\/h5><ul class=\"portfolio-category list-inline\"><li>\u015awiaty biurowe<\/li><li>Kurtyna akustyczna OFFICE<\/li><li>System szyn TRUMPF 95<\/li><\/ul>                                                <\/div>\r\n                                            <\/a>\r\n                                                                                   <\/div>\r\n                                    <\/div>\r\n                                <\/div>\r\n                            <\/div>\r\n                                                    <\/div><div id=\"portfolio-post-2518\" class=\"portfolio-column portfolio-post portfolio-hover-style-5 all buerowelten schallvorhang-office schienensystem-trumpf-95  width1x height1x col-xs-12 col-sm-6 col-md-4 animate\"  data-animation=\"fadeInUp\" data-animation-offset=\"90%\" style=\"margin: 15px 0; padding: 0 15px; -webkit-animation-duration: 0.8s; -webkit-animation-delay: 0.4s; animation-duration: 0.8s; animation-delay: 0.4s;\">\r\n                            <div class=\"portfolio-content-container\" >\r\n                                <div class=\"portfolio-thumbnail\">\r\n                                    <img loading=\"lazy\" decoding=\"async\" width=\"532\" height=\"532\" src=\"https:\/\/www.gerriets-acoustics.com\/wp-content\/uploads\/2017\/10\/gw-2016-kreissparkasse-tuttlingen-small.jpg\" class=\"attachment-post-thumbnail size-post-thumbnail wp-post-image\" alt=\"Wyspa konferencyjna z kurtyn\u0105 d\u017awi\u0119koszczeln\u0105\" \/>                                <\/div> \r\n                                <div class=\"portfolio-caption-content\">\r\n                                    <a class=\"portfolio-content-link\" href=\"http:\/\/www.gerriets-acoustics.com\/pl\/portfolio\/sparkassenforum\/\" target=\"_self\"><\/a>\r\n                                    <div class=\"portfolio-content\">\r\n                                        <div class=\"portfolio-content-details\">\r\n                                            <a class=\"portfolio-content-link\" href=\"http:\/\/www.gerriets-acoustics.com\/pl\/portfolio\/sparkassenforum\/\" target=\"_self\">\r\n                                                <div class=\"portfolio-content-inner\" >\r\n                                                    <h5 class=\"portfolio-title\">Sparkassenforum <br> Tuttlingen \/ Niemcy<\/h5><ul class=\"portfolio-category list-inline\"><li>\u015awiaty biurowe<\/li><li>Kurtyna akustyczna OFFICE<\/li><li>System szyn TRUMPF 95<\/li><\/ul>                                                <\/div>\r\n                                            <\/a>\r\n                                                                                   <\/div>\r\n                                    <\/div>\r\n                                <\/div>\r\n                            <\/div>\r\n                                                    <\/div><div id=\"portfolio-post-2515\" class=\"portfolio-column portfolio-post portfolio-hover-style-5 all buerowelten schallvorhang-office schienensystem-studio-office  width1x height1x col-xs-12 col-sm-6 col-md-4 animate\"  data-animation=\"fadeInUp\" data-animation-offset=\"90%\" style=\"margin: 15px 0; padding: 0 15px; -webkit-animation-duration: 0.8s; -webkit-animation-delay: 0.8s; animation-duration: 0.8s; animation-delay: 0.8s;\">\r\n                            <div class=\"portfolio-content-container\" >\r\n                                <div class=\"portfolio-thumbnail\">\r\n                                    <img loading=\"lazy\" decoding=\"async\" width=\"532\" height=\"532\" src=\"https:\/\/www.gerriets-acoustics.com\/wp-content\/uploads\/2017\/10\/2013-hallwangen-officevorhang-small.jpg\" class=\"attachment-post-thumbnail size-post-thumbnail wp-post-image\" alt=\"Akustycznie wydzielona wyspa konferencyjna w biurze otwartym\" \/>                                <\/div> \r\n                                <div class=\"portfolio-caption-content\">\r\n                                    <a class=\"portfolio-content-link\" href=\"http:\/\/www.gerriets-acoustics.com\/pl\/portfolio\/schmelzle-partner\/\" target=\"_self\"><\/a>\r\n                                    <div class=\"portfolio-content\">\r\n                                        <div class=\"portfolio-content-details\">\r\n                                            <a class=\"portfolio-content-link\" href=\"http:\/\/www.gerriets-acoustics.com\/pl\/portfolio\/schmelzle-partner\/\" target=\"_self\">\r\n                                                <div class=\"portfolio-content-inner\" >\r\n                                                    <h5 class=\"portfolio-title\">Schmelzle &amp; Partner <br> Hallwangen \/ Niemcy<\/h5><ul class=\"portfolio-category list-inline\"><li>\u015awiaty biurowe<\/li><li>Kurtyna akustyczna OFFICE<\/li><li>System szynowy STUDIO OFFICE<\/li><\/ul>                                                <\/div>\r\n                                            <\/a>\r\n                                                                                   <\/div>\r\n                                    <\/div>\r\n                                <\/div>\r\n                            <\/div>\r\n                                                    <\/div><div id=\"portfolio-post-2505\" class=\"portfolio-column portfolio-post portfolio-hover-style-5 all bildung-und-lehre design-und-schmuckvorhaenge schallvorhang-office  width1x height1x col-xs-12 col-sm-6 col-md-4 animate\"  data-animation=\"fadeInUp\" data-animation-offset=\"90%\" style=\"margin: 15px 0; padding: 0 15px; -webkit-animation-duration: 0.8s; -webkit-animation-delay: 1.2s; animation-duration: 0.8s; animation-delay: 1.2s;\">\r\n                            <div class=\"portfolio-content-container\" >\r\n                                <div class=\"portfolio-thumbnail\">\r\n                                    <img loading=\"lazy\" decoding=\"async\" width=\"532\" height=\"532\" src=\"https:\/\/www.gerriets-acoustics.com\/wp-content\/uploads\/2017\/10\/2010-bibliothek-muenster-small-1.jpg\" class=\"attachment-post-thumbnail size-post-thumbnail wp-post-image\" alt=\"Widok zewn\u0119trzny na fasad\u0119 nowoczesnej biblioteki o otwartej architekturze\" \/>                                <\/div> \r\n                                <div class=\"portfolio-caption-content\">\r\n                                    <a class=\"portfolio-content-link\" href=\"http:\/\/www.gerriets-acoustics.com\/pl\/portfolio\/bibliothek-fuer-architektur-kunst-design-fachhochschule-muenster\/\" target=\"_self\"><\/a>\r\n                                    <div class=\"portfolio-content\">\r\n                                        <div class=\"portfolio-content-details\">\r\n                                            <a class=\"portfolio-content-link\" href=\"http:\/\/www.gerriets-acoustics.com\/pl\/portfolio\/bibliothek-fuer-architektur-kunst-design-fachhochschule-muenster\/\" target=\"_self\">\r\n                                                <div class=\"portfolio-content-inner\" >\r\n                                                    <h5 class=\"portfolio-title\">Biblioteka Architektury, Sztuki i Projektowania \/ Uniwersytet Nauk Stosowanych w M\u00fcnster <br> M\u00fcnster \/ Niemcy<\/h5><ul class=\"portfolio-category list-inline\"><li>Edukacja i nauczanie<\/li><li>Zas\u0142ony designerskie i dekoracyjne<\/li><li>Kurtyna akustyczna OFFICE<\/li><\/ul>                                                <\/div>\r\n                                            <\/a>\r\n                                                                                   <\/div>\r\n                                    <\/div>\r\n                                <\/div>\r\n                            <\/div>\r\n                                                    <\/div><div id=\"portfolio-post-2500\" class=\"portfolio-column portfolio-post portfolio-hover-style-5 all buerowelten schallvorhang-office  width1x height1x col-xs-12 col-sm-6 col-md-4 animate\"  data-animation=\"fadeInUp\" data-animation-offset=\"90%\" style=\"margin: 15px 0; padding: 0 15px; -webkit-animation-duration: 0.8s; -webkit-animation-delay: 0.4s; animation-duration: 0.8s; animation-delay: 0.4s;\">\r\n                            <div class=\"portfolio-content-container\" >\r\n                                <div class=\"portfolio-thumbnail\">\r\n                                    <img loading=\"lazy\" decoding=\"async\" width=\"532\" height=\"532\" src=\"https:\/\/www.gerriets-acoustics.com\/wp-content\/uploads\/2017\/10\/gw-streit-sikla-office-small.jpg\" class=\"attachment-post-thumbnail size-post-thumbnail wp-post-image\" alt=\"Sala konferencyjna z r\u00f3\u017cnymi rozwi\u0105zaniami d\u017awi\u0119koszczelnymi\" \/>                                <\/div> \r\n                                <div class=\"portfolio-caption-content\">\r\n                                    <a class=\"portfolio-content-link\" href=\"http:\/\/www.gerriets-acoustics.com\/pl\/portfolio\/sikla-gmbh\/\" target=\"_self\"><\/a>\r\n                                    <div class=\"portfolio-content\">\r\n                                        <div class=\"portfolio-content-details\">\r\n                                            <a class=\"portfolio-content-link\" href=\"http:\/\/www.gerriets-acoustics.com\/pl\/portfolio\/sikla-gmbh\/\" target=\"_self\">\r\n                                                <div class=\"portfolio-content-inner\" >\r\n                                                    <h5 class=\"portfolio-title\">Sikla Sp. z o.o. <br> Villingen-Schwenningen \/ Niemcy<\/h5><ul class=\"portfolio-category list-inline\"><li>\u015awiaty biurowe<\/li><li>Kurtyna akustyczna OFFICE<\/li><\/ul>                                                <\/div>\r\n                                            <\/a>\r\n                                                                                   <\/div>\r\n                                    <\/div>\r\n                                <\/div>\r\n                            <\/div>\r\n                                                    <\/div><div id=\"portfolio-post-2495\" class=\"portfolio-column portfolio-post portfolio-hover-style-5 all buerowelten schallvorhang-office schienensystem-trumpf-95  width1x height1x col-xs-12 col-sm-6 col-md-4 animate\"  data-animation=\"fadeInUp\" data-animation-offset=\"90%\" style=\"margin: 15px 0; padding: 0 15px; -webkit-animation-duration: 0.8s; -webkit-animation-delay: 0.8s; animation-duration: 0.8s; animation-delay: 0.8s;\">\r\n                            <div class=\"portfolio-content-container\" >\r\n                                <div class=\"portfolio-thumbnail\">\r\n                                    <img loading=\"lazy\" decoding=\"async\" width=\"532\" height=\"532\" src=\"https:\/\/www.gerriets-acoustics.com\/wp-content\/uploads\/2017\/10\/gw-2015-vitra-IT-office-small-2.jpg\" class=\"attachment-post-thumbnail size-post-thumbnail wp-post-image\" alt=\"Sala konferencyjna z p\u00f3\u0142otwart\u0105 kurtyn\u0105 akustyczn\u0105\" \/>                                <\/div> \r\n                                <div class=\"portfolio-caption-content\">\r\n                                    <a class=\"portfolio-content-link\" href=\"http:\/\/www.gerriets-acoustics.com\/pl\/portfolio\/vitra-services-gmbh\/\" target=\"_self\"><\/a>\r\n                                    <div class=\"portfolio-content\">\r\n                                        <div class=\"portfolio-content-details\">\r\n                                            <a class=\"portfolio-content-link\" href=\"http:\/\/www.gerriets-acoustics.com\/pl\/portfolio\/vitra-services-gmbh\/\" target=\"_self\">\r\n                                                <div class=\"portfolio-content-inner\" >\r\n                                                    <h5 class=\"portfolio-title\">Vitra Services GmbH <br> Weil am Rhein \/ Niemcy<\/h5><ul class=\"portfolio-category list-inline\"><li>\u015awiaty biurowe<\/li><li>Kurtyna akustyczna OFFICE<\/li><li>System szyn TRUMPF 95<\/li><\/ul>                                                <\/div>\r\n                                            <\/a>\r\n                                                                                   <\/div>\r\n                                    <\/div>\r\n                                <\/div>\r\n                            <\/div>\r\n                                                    <\/div><div id=\"portfolio-post-2485\" class=\"portfolio-column portfolio-post portfolio-hover-style-5 all buerowelten schallvorhang-office  width1x height1x col-xs-12 col-sm-6 col-md-4 animate\"  data-animation=\"fadeInUp\" data-animation-offset=\"90%\" style=\"margin: 15px 0; padding: 0 15px; -webkit-animation-duration: 0.8s; -webkit-animation-delay: 1.2s; animation-duration: 0.8s; animation-delay: 1.2s;\">\r\n                            <div class=\"portfolio-content-container\" >\r\n                                <div class=\"portfolio-thumbnail\">\r\n                                    <img loading=\"lazy\" decoding=\"async\" width=\"532\" height=\"532\" src=\"https:\/\/www.gerriets-acoustics.com\/wp-content\/uploads\/2017\/10\/gw-bad-urach-eissmann-office-small.jpg\" class=\"attachment-post-thumbnail size-post-thumbnail wp-post-image\" alt=\"Wyspa konferencyjna z kolorowymi krzes\u0142ami i kurtyn\u0105 d\u017awi\u0119koszczeln\u0105\" \/>                                <\/div> \r\n                                <div class=\"portfolio-caption-content\">\r\n                                    <a class=\"portfolio-content-link\" href=\"http:\/\/www.gerriets-acoustics.com\/pl\/portfolio\/english-eissmann-automotive-deutschland-gmbh\/\" target=\"_self\"><\/a>\r\n                                    <div class=\"portfolio-content\">\r\n                                        <div class=\"portfolio-content-details\">\r\n                                            <a class=\"portfolio-content-link\" href=\"http:\/\/www.gerriets-acoustics.com\/pl\/portfolio\/english-eissmann-automotive-deutschland-gmbh\/\" target=\"_self\">\r\n                                                <div class=\"portfolio-content-inner\" >\r\n                                                    <h5 class=\"portfolio-title\">Eissmann Automotive Germany GmbH <br> Bad Urach \/ Niemcy<\/h5><ul class=\"portfolio-category list-inline\"><li>\u015awiaty biurowe<\/li><li>Kurtyna akustyczna OFFICE<\/li><\/ul>                                                <\/div>\r\n                                            <\/a>\r\n                                                                                   <\/div>\r\n                                    <\/div>\r\n                                <\/div>\r\n                            <\/div>\r\n                                                    <\/div><div id=\"portfolio-post-2466\" class=\"portfolio-column portfolio-post portfolio-hover-style-5 all buerowelten schallvorhang-office schienensystem-trumpf-95  width1x height1x col-xs-12 col-sm-6 col-md-4 animate\"  data-animation=\"fadeInUp\" data-animation-offset=\"90%\" style=\"margin: 15px 0; padding: 0 15px; -webkit-animation-duration: 0.8s; -webkit-animation-delay: 0.4s; animation-duration: 0.8s; animation-delay: 0.4s;\">\r\n                            <div class=\"portfolio-content-container\" >\r\n                                <div class=\"portfolio-thumbnail\">\r\n                                    <img loading=\"lazy\" decoding=\"async\" width=\"532\" height=\"532\" src=\"https:\/\/www.gerriets-acoustics.com\/wp-content\/uploads\/2017\/10\/2014-leoni-ag-kitzingen-small.jpg\" class=\"attachment-post-thumbnail size-post-thumbnail wp-post-image\" alt=\"elastyczna wyspa spotka\u0144 zielona kurtyna d\u017awi\u0119kowa\" \/>                                <\/div> \r\n                                <div class=\"portfolio-caption-content\">\r\n                                    <a class=\"portfolio-content-link\" href=\"http:\/\/www.gerriets-acoustics.com\/pl\/portfolio\/leoni-ag\/\" target=\"_self\"><\/a>\r\n                                    <div class=\"portfolio-content\">\r\n                                        <div class=\"portfolio-content-details\">\r\n                                            <a class=\"portfolio-content-link\" href=\"http:\/\/www.gerriets-acoustics.com\/pl\/portfolio\/leoni-ag\/\" target=\"_self\">\r\n                                                <div class=\"portfolio-content-inner\" >\r\n                                                    <h5 class=\"portfolio-title\">Leoni AG <br> Kitzingen \/ Niemcy<\/h5><ul class=\"portfolio-category list-inline\"><li>\u015awiaty biurowe<\/li><li>Kurtyna akustyczna OFFICE<\/li><li>System szyn TRUMPF 95<\/li><\/ul>                                                <\/div>\r\n                                            <\/a>\r\n                                                                                   <\/div>\r\n                                    <\/div>\r\n                                <\/div>\r\n                            <\/div>\r\n                                                    <\/div><div id=\"portfolio-post-2465\" class=\"portfolio-column portfolio-post portfolio-hover-style-5 all buerowelten schallvorhang-office schienensystem-trumpf-95  width1x height1x col-xs-12 col-sm-6 col-md-4 animate\"  data-animation=\"fadeInUp\" data-animation-offset=\"90%\" style=\"margin: 15px 0; padding: 0 15px; -webkit-animation-duration: 0.8s; -webkit-animation-delay: 0.8s; animation-duration: 0.8s; animation-delay: 0.8s;\">\r\n                            <div class=\"portfolio-content-container\" >\r\n                                <div class=\"portfolio-thumbnail\">\r\n                                    <img loading=\"lazy\" decoding=\"async\" width=\"532\" height=\"532\" src=\"https:\/\/www.gerriets-acoustics.com\/wp-content\/uploads\/2017\/10\/2012-kabelwerk-brugg-officevorhang-small-1.jpg\" class=\"attachment-post-thumbnail size-post-thumbnail wp-post-image\" alt=\"Rz\u0119dy siedze\u0144 z kurtynami akustycznymi\" \/>                                <\/div> \r\n                                <div class=\"portfolio-caption-content\">\r\n                                    <a class=\"portfolio-content-link\" href=\"http:\/\/www.gerriets-acoustics.com\/pl\/portfolio\/kabelwerke-brugg-ag\/\" target=\"_self\"><\/a>\r\n                                    <div class=\"portfolio-content\">\r\n                                        <div class=\"portfolio-content-details\">\r\n                                            <a class=\"portfolio-content-link\" href=\"http:\/\/www.gerriets-acoustics.com\/pl\/portfolio\/kabelwerke-brugg-ag\/\" target=\"_self\">\r\n                                                <div class=\"portfolio-content-inner\" >\r\n                                                    <h5 class=\"portfolio-title\">Cable Works Brugg AG <br> Brugg \/ Szwajcaria<\/h5><ul class=\"portfolio-category list-inline\"><li>\u015awiaty biurowe<\/li><li>Kurtyna akustyczna OFFICE<\/li><li>System szyn TRUMPF 95<\/li><\/ul>                                                <\/div>\r\n                                            <\/a>\r\n                                                                                   <\/div>\r\n                                    <\/div>\r\n                                <\/div>\r\n                            <\/div>\r\n                                                    <\/div><div id=\"portfolio-post-2464\" class=\"portfolio-column portfolio-post portfolio-hover-style-5 all buerowelten schallvorhang-office  width1x height1x col-xs-12 col-sm-6 col-md-4 animate\"  data-animation=\"fadeInUp\" data-animation-offset=\"90%\" style=\"margin: 15px 0; padding: 0 15px; -webkit-animation-duration: 0.8s; -webkit-animation-delay: 1.2s; animation-duration: 0.8s; animation-delay: 1.2s;\">\r\n                            <div class=\"portfolio-content-container\" >\r\n                                <div class=\"portfolio-thumbnail\">\r\n                                    <img loading=\"lazy\" decoding=\"async\" width=\"532\" height=\"532\" src=\"https:\/\/www.gerriets-acoustics.com\/wp-content\/uploads\/2017\/10\/gw-2014-oberkirch-haus-der-ing-office-small.jpg\" class=\"attachment-post-thumbnail size-post-thumbnail wp-post-image\" alt=\"Optymalizacja akustyczna dzi\u0119ki kurtynom d\u017awi\u0119kowym w biurze\" \/>                                <\/div> \r\n                                <div class=\"portfolio-caption-content\">\r\n                                    <a class=\"portfolio-content-link\" href=\"http:\/\/www.gerriets-acoustics.com\/pl\/portfolio\/mueller-huber-architekturbuero\/\" target=\"_self\"><\/a>\r\n                                    <div class=\"portfolio-content\">\r\n                                        <div class=\"portfolio-content-details\">\r\n                                            <a class=\"portfolio-content-link\" href=\"http:\/\/www.gerriets-acoustics.com\/pl\/portfolio\/mueller-huber-architekturbuero\/\" target=\"_self\">\r\n                                                <div class=\"portfolio-content-inner\" >\r\n                                                    <h5 class=\"portfolio-title\">Biuro architektoniczne M\u00fcller + Huber <br> Oberkirch \/ Niemcy<\/h5><ul class=\"portfolio-category list-inline\"><li>\u015awiaty biurowe<\/li><li>Kurtyna akustyczna OFFICE<\/li><\/ul>                                                <\/div>\r\n                                            <\/a>\r\n                                                                                   <\/div>\r\n                                    <\/div>\r\n                                <\/div>\r\n                            <\/div>\r\n                                                    <\/div><div id=\"portfolio-post-2463\" class=\"portfolio-column portfolio-post portfolio-hover-style-5 all buerowelten schallvorhang-office  width1x height1x col-xs-12 col-sm-6 col-md-4 animate\"  data-animation=\"fadeInUp\" data-animation-offset=\"90%\" style=\"margin: 15px 0; padding: 0 15px; -webkit-animation-duration: 0.8s; -webkit-animation-delay: 0.4s; animation-duration: 0.8s; animation-delay: 0.4s;\">\r\n                            <div class=\"portfolio-content-container\" >\r\n                                <div class=\"portfolio-thumbnail\">\r\n                                    <img loading=\"lazy\" decoding=\"async\" width=\"532\" height=\"532\" src=\"https:\/\/www.gerriets-acoustics.com\/wp-content\/uploads\/2017\/10\/gw-2016-weil-endress-hauser-office-small.jpg\" class=\"attachment-post-thumbnail size-post-thumbnail wp-post-image\" alt=\"Akustyczne wydzielenie strefy ciszy w pomieszczeniu\" \/>                                <\/div> \r\n                                <div class=\"portfolio-caption-content\">\r\n                                    <a class=\"portfolio-content-link\" href=\"http:\/\/www.gerriets-acoustics.com\/pl\/portfolio\/endresshauser-messtechnik\/\" target=\"_self\"><\/a>\r\n                                    <div class=\"portfolio-content\">\r\n                                        <div class=\"portfolio-content-details\">\r\n                                            <a class=\"portfolio-content-link\" href=\"http:\/\/www.gerriets-acoustics.com\/pl\/portfolio\/endresshauser-messtechnik\/\" target=\"_self\">\r\n                                                <div class=\"portfolio-content-inner\" >\r\n                                                    <h5 class=\"portfolio-title\">Technologia pomiarowa Endress + Hauser <br> Weil am Rhein \/ Niemcy<\/h5><ul class=\"portfolio-category list-inline\"><li>\u015awiaty biurowe<\/li><li>Kurtyna akustyczna OFFICE<\/li><\/ul>                                                <\/div>\r\n                                            <\/a>\r\n                                                                                   <\/div>\r\n                                    <\/div>\r\n                                <\/div>\r\n                            <\/div>\r\n                                                    <\/div>                        <div class=\"grid-sizer col-xs-12 col-sm-6 col-md-4\"><\/div>\r\n                                    <\/div>\r\n                            <\/div>\r\n        <\/div><!-- #main -->\r\n    <\/div><!-- #primary --> \r\n<\/div><\/div><\/div><\/div><\/div><\/div>\n<\/section>","protected":false},"excerpt":{"rendered":"&nbsp; &nbsp; &nbsp; &nbsp; &nbsp; &nbsp; Projektdaten Optische und akustische Abtrennung von Besprechungsinseln Fertigung und Installation von zwei 7-lagigen Schallvorh\u00e4ngen OFFICE in Wave-Optik; Vorh\u00e4nge k\u00f6nnen in speziell angefertigte Schrankwand verschoben werden und verschwinden somit vollst\u00e4ndig aus dem Blickfeld Au\u00dfenlage aus dem schallabsorbierenden Objektstoff SATIN CS; in der Farbe Mausgrau Aufh\u00e4ngung an wei\u00dfen, gebogenen TRUMPF 95 [...]","protected":false},"author":1,"featured_media":0,"parent":0,"menu_order":12,"comment_status":"closed","ping_status":"closed","template":"","meta":{"footnotes":""},"class_list":["post-35","page","type-page","status-publish","hentry"],"aioseo_notices":[],"_links":{"self":[{"href":"http:\/\/www.gerriets-acoustics.com\/pl\/wp-json\/wp\/v2\/pages\/35","targetHints":{"allow":["GET"]}}],"collection":[{"href":"http:\/\/www.gerriets-acoustics.com\/pl\/wp-json\/wp\/v2\/pages"}],"about":[{"href":"http:\/\/www.gerriets-acoustics.com\/pl\/wp-json\/wp\/v2\/types\/page"}],"author":[{"embeddable":true,"href":"http:\/\/www.gerriets-acoustics.com\/pl\/wp-json\/wp\/v2\/users\/1"}],"replies":[{"embeddable":true,"href":"http:\/\/www.gerriets-acoustics.com\/pl\/wp-json\/wp\/v2\/comments?post=35"}],"version-history":[{"count":0,"href":"http:\/\/www.gerriets-acoustics.com\/pl\/wp-json\/wp\/v2\/pages\/35\/revisions"}],"wp:attachment":[{"href":"http:\/\/www.gerriets-acoustics.com\/pl\/wp-json\/wp\/v2\/media?parent=35"}],"curies":[{"name":"wp","href":"https:\/\/api.w.org\/{rel}","templated":true}]}}