{"id":2568,"date":"2017-10-11T10:57:07","date_gmt":"2017-10-11T08:57:07","guid":{"rendered":"http:\/\/gerriets.webproofed.de\/?post_type=portfolio&#038;p=2568"},"modified":"2022-06-09T09:05:13","modified_gmt":"2022-06-09T07:05:13","slug":"gerriets-gmbh","status":"publish","type":"portfolio","link":"http:\/\/www.gerriets-acoustics.com\/pl\/portfolio\/gerriets-gmbh\/","title":{"rendered":"Gerriets GmbH<br> Umkirch \/ Niemcy"},"content":{"rendered":"<section class=\"wpb-content-wrapper\"><section class=\"vc_section agni-section\"><div id=\"agni-row-24607\" class=\"section-row\" ><div class=\"section-row-bg-container section-row-bg-container-agni-row-24607\"><div class=\"section-row-bg section-row-bg-color\"  ><\/div><\/div><div class=\"container\"><div class=\"vc_row vc_row_fluid\"><div id=\"agni-column-18181\" class=\"wpb_column agni_column_container agni_column vc_column_container vc_col-sm-12\"><div class=\"agni_column-inner vc_column-inner text-left\"  ><div class=\"section-column-bg-container section-column-bg-container-agni-column-18181\" ><div class=\"section-column-bg section-column-bg-color\"  ><\/div><\/div><div class=\"wpb_wrapper\">\t\t<section class=\"tm-slider slider  default-tdt\" id=\"tdt-slider-236\" data-mobiles=\"1\" data-tabs=\"1\" data-slick='{\"arrows\": true, \"autoplaySpeed\": 8000, \"speed\": 500, \"dots\": false, \"autoplay\": true, \"slidesToShow\": 1, \"slidesToScroll\": 1, \"fade\": false}'>\r\n\t\t    \t\t<div class=\"carousel-caption\" style=\"background: none\">\r\n\t\t  <div>\r\n\t\t  \t\t\t\t\t\t\t\t<a>\r\n\t\t\t\t\t\t\t\t\t  \t<img decoding=\"async\" src=\"https:\/\/www.gerriets-acoustics.com\/wp-content\/uploads\/2022\/06\/gw-2017-umkirch-absorber-light-2.jpg\" alt=\"\" class=\"ultimate-slide-img\" style=\"max-width: 100%;width: 1000px;height:;border-radius: 0;margin-bottom: 15px\">\r\n\t\t\t\t\r\n\t\t\t\t<\/a>\r\n\t\t  \t<span class=\"content-section\" style=\"text-align: center;top: 0%\">\r\n\t\t\t  \t<h2 class=\"tdt-slider-heading\" style=\"font-size: 22px;color:;font-weight: normal;line-height: 1\">\r\n\t\t\t  \t\t\t\t\t  \t<\/h2>\r\n\t\t\t  \t\t\t\t  \t\r\n\t\t\t  \t<br>\r\n\r\n\t\t\t  \t\t\t\t  \t<p>&nbsp;<\/p>\r\n\t\t  \t<\/span>\r\n\t\t  <\/div>\r\n\t\t<\/div>\r\n\t\t\t\t<\/section>\r\n\r\n\t\t<style>\r\n\t\t\t#tdt-slider-236 .slick-slide {\r\n\t\t\t\tpadding: 0 0px !important;\r\n\t\t\t}\r\n\t\t\t\t\t\t\t\t\t\t#tdt-slider-236 .slick-next:before, #tdt-slider-236 .slick-prev:before {\r\n\t\t\t\t\tcolor: #000000 !important;\r\n\t\t\t\t\tbackground:  !important;\r\n\t\t\t\t\tfont-size: 20px !important;\r\n\t\t\t\t}\r\n\t\t\t\t\t\t\t\t<\/style>\r\n\t\t<\/div><\/div><\/div><\/div><\/div><\/div><div id=\"agni-row-31204\" class=\"section-row\" ><div class=\"section-row-bg-container section-row-bg-container-agni-row-31204\"><div class=\"section-row-bg section-row-bg-color\"  ><\/div><\/div><div class=\"container\"><div class=\"vc_row vc_row_fluid\"><div id=\"agni-column-75520\" class=\"wpb_column agni_column_container agni_column vc_column_container vc_col-sm-10\"><div class=\"agni_column-inner vc_column-inner text-left\"  ><div class=\"section-column-bg-container section-column-bg-container-agni-column-75520\" ><div class=\"section-column-bg section-column-bg-color\"  ><\/div><\/div><div class=\"wpb_wrapper\">\n\t<div id=\"\" class=\"agni_text_column agni-text-block\"  >\n\t\t<p style=\"padding-left: 30px;\"><strong>Dane projektowe<\/strong><\/p>\n<ul>\n<li>Przezroczyste kurtyny dla r\u00f3\u017cnych pomieszcze\u0144 biurowych Gerriets, kt\u00f3re s\u0142u\u017c\u0105 jako element wystroju i jednocze\u015bnie tworz\u0105 akustycznie zoptymalizowan\u0105 i nowoczesn\u0105 atmosfer\u0119<\/li>\n<li>Produkcja i monta\u017c kilku system\u00f3w zas\u0142onowych z ABSORBER LIGHT; cech\u0105 szczeg\u00f3ln\u0105 jest dwutonowy kolor zas\u0142on w kolorze antracytowym i srebrnoszarym.<\/li>\n<li>Zawieszenie na szynach wyrzutnikowych ELEGANCE<\/li>\n<\/ul>\n<p style=\"padding-left: 30px;\"><strong>Lokalizacja<\/strong><br \/>\nUmkirch \/ Niemcy<\/p>\n\n\t<\/div>\n<div class=\"agni_empty_space vc_empty_space\"  style=\"height: 30px\" data-height = \"30px\" data-height-tab = \"30px\" data-height-mobile = \"30px\"><span class=\"vc_empty_space_inner\"><\/span><\/div>\n<\/div><\/div><\/div><div id=\"agni-column-86226\" class=\"wpb_column agni_column_container agni_column vc_column_container vc_col-sm-2\"><div class=\"agni_column-inner vc_column-inner text-left\"  ><div class=\"section-column-bg-container section-column-bg-container-agni-column-86226\" ><div class=\"section-column-bg section-column-bg-color\"  ><\/div><\/div><div class=\"wpb_wrapper\"><\/div><\/div><\/div><\/div><\/div><\/div><\/section>\n<\/section>","protected":false},"excerpt":{"rendered":"&nbsp; Szczeg\u00f3\u0142y projektu: P\u00f3\u0142przezroczyste zas\u0142ony do r\u00f3\u017cnych biur Gerriets, stanowi\u0105ce element wystroju, a jednocze\u015bnie tworz\u0105ce zoptymalizowan\u0105 akustycznie i nowoczesn\u0105 atmosfer\u0119. Wykonano i zamontowano kilka system\u00f3w zas\u0142on z materia\u0142u ABSORBER LIGHT; cech\u0105 szczeg\u00f3ln\u0105 jest dwukolorowa konstrukcja zas\u0142on w kolorze antracytowym i srebrnoszarym. Zawieszone na szynach ELEGANCE. Lokalizacja: Umkirch, Niemcy","protected":false},"featured_media":8940,"menu_order":0,"comment_status":"closed","ping_status":"closed","template":"","class_list":["post-2568","portfolio","type-portfolio","status-publish","has-post-thumbnail","hentry","types-buerowelten","types-lichtdurchlaessige-stoffe","types-schienensystem-elegance"],"aioseo_notices":[],"_links":{"self":[{"href":"http:\/\/www.gerriets-acoustics.com\/pl\/wp-json\/wp\/v2\/portfolio\/2568","targetHints":{"allow":["GET"]}}],"collection":[{"href":"http:\/\/www.gerriets-acoustics.com\/pl\/wp-json\/wp\/v2\/portfolio"}],"about":[{"href":"http:\/\/www.gerriets-acoustics.com\/pl\/wp-json\/wp\/v2\/types\/portfolio"}],"replies":[{"embeddable":true,"href":"http:\/\/www.gerriets-acoustics.com\/pl\/wp-json\/wp\/v2\/comments?post=2568"}],"wp:featuredmedia":[{"embeddable":true,"href":"http:\/\/www.gerriets-acoustics.com\/pl\/wp-json\/wp\/v2\/media\/8940"}],"wp:attachment":[{"href":"http:\/\/www.gerriets-acoustics.com\/pl\/wp-json\/wp\/v2\/media?parent=2568"}],"curies":[{"name":"wp","href":"https:\/\/api.w.org\/{rel}","templated":true}]}}