{"id":2829,"date":"2017-10-23T14:43:21","date_gmt":"2017-10-23T12:43:21","guid":{"rendered":"https:\/\/gerriets.webproofed.de\/?page_id=2829"},"modified":"2025-11-25T10:43:04","modified_gmt":"2025-11-25T09:43:04","slug":"unternehmen","status":"publish","type":"page","link":"https:\/\/www.gerriets-acoustics.com\/es\/empresa\/","title":{"rendered":"Empresa"},"content":{"rendered":"<section class=\"wpb-content-wrapper\"><section id=\"intro\" class=\"vc_section agni-section vc_custom_1508926109533 vc_section-has-fill\"><div id=\"agni-row-60106\" class=\"section-row\" ><div class=\"section-row-bg-container section-row-bg-container-agni-row-60106\"><div class=\"section-row-bg section-row-bg-color \"  ><\/div><\/div><div class=\"container\"><div class=\"vc_row vc_row_fluid \"><div id=\"agni-column-22992\" class=\"wpb_column agni_column_container agni_column vc_column_container vc_col-sm-12\"><div class=\"agni_column-inner vc_column-inner text-left\"  ><div class=\"section-column-bg-container section-column-bg-container-agni-column-22992 \" ><div class=\"section-column-bg section-column-bg-color \"  ><\/div><\/div><div class=\"wpb_wrapper\"><div class=\"vc_separator wpb_content_element vc_separator_align_center vc_sep_width_30 vc_sep_pos_align_center vc_separator_no_text vc_sep_color_grey\" ><span class=\"vc_sep_holder vc_sep_holder_l\"><span class=\"vc_sep_line\"><\/span><\/span><span class=\"vc_sep_holder vc_sep_holder_r\"><span class=\"vc_sep_line\"><\/span><\/span>\n<\/div><div class=\"agni_empty_space vc_empty_space\"  style=\"height: 80px\" data-height = \"80px\" data-height-tab = \"80px\" data-height-mobile = \"80px\"><span class=\"vc_empty_space_inner\"><\/span><\/div>\n<div class=\"agni_custom_heading page-scroll\" ><h4 class=\"vc_custom_heading agni_custom_heading_content \" style=\"color: #020202;text-align: center; \"><span>Das Unternehmen<\/span><\/h4><\/div><\/div><\/div><\/div><\/div><\/div><\/div><div id=\"agni-row-50724\" class=\"section-row\" ><div class=\"section-row-bg-container section-row-bg-container-agni-row-50724\"><div class=\"section-row-bg section-row-bg-color \"  ><\/div><\/div><div class=\"container\"><div class=\"vc_row vc_row_fluid \"><div id=\"agni-column-58705\" class=\"wpb_column agni_column_container agni_column vc_column_container vc_col-sm-12\"><div class=\"agni_column-inner vc_column-inner text-left\"  ><div class=\"section-column-bg-container section-column-bg-container-agni-column-58705 \" ><div class=\"section-column-bg section-column-bg-color \"  ><\/div><\/div><div class=\"wpb_wrapper\"><div class=\"agni_empty_space vc_empty_space\"  style=\"height: 50px\" data-height = \"50px\" data-height-tab = \"50px\" data-height-mobile = \"50px\"><span class=\"vc_empty_space_inner\"><\/span><\/div>\n<div class=\" separator separator_center\" style=\"width:100%; \">\r\n\t\t\t\t\t<span class=\"sep_holder sep_holder_l\"><span style=\"border-top-style:solid; border-color:\" class=\"sep_line\"><\/span><\/span>\r\n\t\t\t\t\t\r\n\t\t\t\t\t<span class=\"sep_holder sep_holder_r\"><span style=\"border-top-style:solid; border-color:\" class=\"sep_line\"><\/span><\/span>\r\n\t\t\t\t<\/div><div class=\"agni_empty_space vc_empty_space\"  style=\"height: 50px\" data-height = \"50px\" data-height-tab = \"50px\" data-height-mobile = \"50px\"><span class=\"vc_empty_space_inner\"><\/span><\/div>\n<\/div><\/div><\/div><\/div><\/div><\/div><div id=\"agni-row-61602\" class=\"section-row\" ><div class=\"section-row-bg-container section-row-bg-container-agni-row-61602\"><div class=\"section-row-bg section-row-bg-color \"  ><\/div><\/div><div class=\"container\"><div class=\"vc_row vc_row_fluid \"><div id=\"agni-column-38759\" class=\"wpb_column agni_column_container agni_column vc_column_container vc_col-sm-6\"><div class=\"agni_column-inner vc_column-inner text-left\"  ><div class=\"section-column-bg-container section-column-bg-container-agni-column-38759 \" ><div class=\"section-column-bg section-column-bg-color \"  ><\/div><\/div><div class=\"wpb_wrapper\">\n\t<div id=\"\" class=\"agni_text_column agni-text-block \"  >\n\t\t<p>Von der Metropolitan Opera in New York bis zur Welttournee von Adele, vom Mercedes Benz-Messestand auf der IAA Frankfurt, \u00fcber die Expo in Mailand, der Elbphilharmonie in Hamburg bis zur der B\u00fchne des Kreuzfahrtschiffes Queen Mary II: Seit \u00fcber 75 Jahren steht der Name Gerriets f\u00fcr die professionelle Ausstattung von Theatern und B\u00fchnen weltweit.<br \/>\nDar\u00fcber hinaus hat sich der Weltmarktf\u00fchrer auf die Bereiche variable Raumakustik im Office, auf Megascreens, Tanzb\u00f6den und Schienensysteme spezialisiert.<\/p>\n\n\t<\/div>\n<\/div><\/div><\/div><div id=\"agni-column-35178\" class=\"wpb_column agni_column_container agni_column vc_column_container vc_col-sm-6\"><div class=\"agni_column-inner vc_column-inner text-left\"  ><div class=\"section-column-bg-container section-column-bg-container-agni-column-35178 \" ><div class=\"section-column-bg section-column-bg-color \"  ><\/div><\/div><div class=\"wpb_wrapper\">\n\t<div id=\"\" class=\"agni_text_column agni-text-block \"  >\n\t\t<p>Unsere Produkte werden in hochwertiger Handarbeit in den Werken in Deutschland und Frankreich ma\u00dfgefertigt. Mit eigenen Tochterunternehmen und Vertriebspartnern in 19 L\u00e4ndern realisiert Gerriets komplexe Projekte nach \u00e4u\u00dferst spezifischen Kundenw\u00fcnschen \u2013 damit z\u00e4hlen Sonderl\u00f6sungen und Spezialanfertigungen zu unserer Expertise.<br \/>\nWeitere Informationen zu unseren anderen Produkten finden Sie auf unserer Unternehmensseite unter <span style=\"color: #999999;\"><a style=\"color: #999999;\" href=\"https:\/\/www.gerriets.com\/\" target=\"_blank\" rel=\"noopener\">gerriets.com<\/a><\/span>.<\/p>\n\n\t<\/div>\n<\/div><\/div><\/div><\/div><\/div><\/div><div id=\"agni-row-24757\" class=\"section-row\" ><div class=\"section-row-bg-container section-row-bg-container-agni-row-24757\"><div class=\"section-row-bg section-row-bg-color \"  ><\/div><\/div><div class=\"container\"><div class=\"vc_row vc_row_fluid \"><div id=\"agni-column-98639\" class=\"wpb_column agni_column_container agni_column vc_column_container vc_col-sm-12\"><div class=\"agni_column-inner vc_column-inner text-left\"  ><div class=\"section-column-bg-container section-column-bg-container-agni-column-98639 \" ><div class=\"section-column-bg section-column-bg-color \"  ><\/div><\/div><div class=\"wpb_wrapper\"><div class=\"agni_empty_space vc_empty_space\"  style=\"height: 50px\" data-height = \"50px\" data-height-tab = \"50px\" data-height-mobile = \"50px\"><span class=\"vc_empty_space_inner\"><\/span><\/div>\n<div class=\"agni_custom_heading page-scroll\" ><h6 class=\"vc_custom_heading agni_custom_heading_content \" style=\"color: #020202;text-align: center; \"><span>Seit \u00fcber 75 Jahren Weltmarktf\u00fchrer<\/p>\n<p>Ganz nach dem Motto: Wir machen jedes Theater mit.<\/span><\/h6><\/div><\/div><\/div><\/div><\/div><\/div><\/div><div id=\"agni-row-51174\" class=\"section-row\" ><div class=\"section-row-bg-container section-row-bg-container-agni-row-51174\"><div class=\"section-row-bg section-row-bg-color \"  ><\/div><\/div><div class=\"container\"><div class=\"vc_row vc_row_fluid \"><div id=\"agni-column-46880\" class=\"wpb_column agni_column_container agni_column vc_column_container vc_col-sm-12\"><div class=\"agni_column-inner vc_column-inner text-left\"  ><div class=\"section-column-bg-container section-column-bg-container-agni-column-46880 \" ><div class=\"section-column-bg section-column-bg-color \"  ><\/div><\/div><div class=\"wpb_wrapper\"><div class=\"agni_empty_space vc_empty_space\"  style=\"height: 50px\" data-height = \"50px\" data-height-tab = \"50px\" data-height-mobile = \"50px\"><span class=\"vc_empty_space_inner\"><\/span><\/div>\n<div class=\" separator separator_center\" style=\"width:100%; \">\r\n\t\t\t\t\t<span class=\"sep_holder sep_holder_l\"><span style=\"border-top-style:solid; border-color:\" class=\"sep_line\"><\/span><\/span>\r\n\t\t\t\t\t\r\n\t\t\t\t\t<span class=\"sep_holder sep_holder_r\"><span style=\"border-top-style:solid; border-color:\" class=\"sep_line\"><\/span><\/span>\r\n\t\t\t\t<\/div><div class=\"agni_empty_space vc_empty_space\"  style=\"height: 50px\" data-height = \"50px\" data-height-tab = \"50px\" data-height-mobile = \"50px\"><span class=\"vc_empty_space_inner\"><\/span><\/div>\n<\/div><\/div><\/div><\/div><\/div><\/div><div id=\"agni-row-52391\" class=\"section-row\" ><div class=\"section-row-bg-container section-row-bg-container-agni-row-52391\"><div class=\"section-row-bg section-row-bg-color \"  ><\/div><\/div><div class=\"container\"><div class=\"vc_row vc_row_fluid \"><div id=\"agni-column-76135\" class=\"wpb_column agni_column_container agni_column vc_column_container vc_col-sm-12\"><div class=\"agni_column-inner vc_column-inner text-left\" style=\"padding-top: 300px; padding-bottom: 300px; \" ><div class=\"section-column-bg-container section-column-bg-container-agni-column-76135 \" ><div class=\"section-column-bg section-column-bg-image \" style=\"background-image: url('https:\/\/www.gerriets-acoustics.com\/wp-content\/uploads\/2021\/11\/gerriets-akustik-projekt-elbphilharmonie-hamburg-1500x1000pix.jpg'); background-repeat:repeat; background-size:cover; background-position:center center; background-attachment:scroll; \" ><\/div><\/div><div class=\"wpb_wrapper\">\t\t<!-- HTML DESIGN HERE -->\r\n\t\t<div class=\"maw__modal_popup_box\" data-bodybg=\"#1a94ad\" style=\"justify-content: center; display: flex;\">\r\n\t\t\t\t\t\t\t<button class=\"mega-uae-btn model-popup-btn popup-468 hvr-fade\" data-id=\"popup-468\" style=\"color: #ffffff;background: rgba(221,51,51,0.01) ; border: 3px solid #ffffff; border-radius: 50px; font-size: 100px; padding: 0px 60px;\" data-text=\"\"> \r\n\t\t\t\t\t<span><i style=\"padding-right: 5px;\" class=\"fa fas fa-angle-right\"> <\/i> <\/span>\t\t\t\r\n\t\t\t\t\t<span style=\"background: rgba(221,221,221,0.21); padding: 0px 0; color: ;\" class=\"modal-popup-after\"><\/span>\r\n\t\t\t\t<\/button>\r\n\t\t\t\t<div style=\"clear: both;\"><\/div>\r\n\t\t\t\r\n\t\t\t\r\n\t\t\t<div class=\"mega-model-popup Default animated\" id=\"popup-468\" style=\"position:fixed;display: none; margin-top: 60px; width: 95%;max-width: 900px; background: #ececec;\">\r\n\t\t\t\t<span class=\"b-close\"><span><img decoding=\"async\" src=\"https:\/\/www.gerriets-acoustics.com\/wp-content\/plugins\/mega-addons-for-visual-composer\/render\/..\/images\/cross.png\"><\/span><\/span>\r\n\t\t\t    <div class=\"model-popup-container\">\r\n\t\t\t    \t<h2 style=\"border-bottom: 1px solid ; text-align: left; font-size: 20px; line-height: 2; color: ; background: ; margin: 0px; padding: 0px 20px;\">\r\n\t\t\t    \t\tImagefilm der Gerriets GmbH\t\t\t    \t<\/h2>\r\n\t\t\t      <span style=\"padding: 15px 15px; display: block;\">\r\n\t\t\t      \t<p><iframe loading=\"lazy\" hcb-fetch-image-from=\"https:\/\/vimeo.com\/333276653\" title=\"Gerriets Imagefilm DE\" src=\"https:\/\/player.vimeo.com\/video\/333276653?dnt=1&amp;app_id=122963\" width=\"500\" height=\"281\" frameborder=\"0\" allow=\"autoplay; fullscreen; picture-in-picture; clipboard-write\"><\/iframe><\/p>\n\t\t\t      <\/span>\r\n\t\t\t    <\/div>\r\n\t\t\t<\/div>\r\n\t\t<\/div>\r\n\t\t<style>\r\n\t\t\t.maw__modal_popup_box .popup-468:hover {\r\n\t\t\t\tbackground: rgba(221,221,221,0.21) !important;\r\n\t\t\t\tcolor:  !important;\r\n\t\t\t}\r\n\r\n\t\t<\/style>\r\n        <!-- HTML END DESIGN HERE -->\r\n\t\t<\/div><\/div><\/div><\/div><\/div><\/div><div id=\"agni-row-23734\" class=\"section-row\" ><div class=\"section-row-bg-container section-row-bg-container-agni-row-23734\"><div class=\"section-row-bg section-row-bg-color \"  ><\/div><\/div><div class=\"container\"><div class=\"vc_row vc_row_fluid \"><div id=\"agni-column-89670\" class=\"wpb_column agni_column_container agni_column vc_column_container vc_col-sm-12\"><div class=\"agni_column-inner vc_column-inner text-left\"  ><div class=\"section-column-bg-container section-column-bg-container-agni-column-89670 \" ><div class=\"section-column-bg section-column-bg-color \"  ><\/div><\/div><div class=\"wpb_wrapper\">\n\t<div id=\"\" class=\"agni_text_column agni-text-block \"  >\n\t\t<p style=\"text-align: right;\">Imagefilm der Firma Gerriets<\/p>\n\n\t<\/div>\n<div class=\"agni_empty_space vc_empty_space\"  style=\"height: 30px\" data-height = \"30px\" data-height-tab = \"30px\" data-height-mobile = \"30px\"><span class=\"vc_empty_space_inner\"><\/span><\/div>\n<div class=\" separator separator_center\" style=\"width:100%; \">\r\n\t\t\t\t\t<span class=\"sep_holder sep_holder_l\"><span style=\"border-top-style:solid; border-color:\" class=\"sep_line\"><\/span><\/span>\r\n\t\t\t\t\t\r\n\t\t\t\t\t<span class=\"sep_holder sep_holder_r\"><span style=\"border-top-style:solid; border-color:\" class=\"sep_line\"><\/span><\/span>\r\n\t\t\t\t<\/div><div class=\"agni_empty_space vc_empty_space\"  style=\"height: 30px\" data-height = \"30px\" data-height-tab = \"30px\" data-height-mobile = \"30px\"><span class=\"vc_empty_space_inner\"><\/span><\/div>\n<\/div><\/div><\/div><\/div><\/div><\/div><\/section><div id=\"agni-row-22686\" class=\"section-row\" ><div class=\"section-row-bg-container section-row-bg-container-agni-row-22686\"><div class=\"section-row-bg section-row-bg-color \" style=\"background-color: #efefef; \" ><\/div><\/div><div class=\"container\"><div class=\"vc_row vc_row_fluid \"><div id=\"agni-column-43695\" class=\"wpb_column agni_column_container agni_column vc_column_container vc_col-sm-12\"><div class=\"agni_column-inner vc_column-inner text-left\"  ><div class=\"section-column-bg-container section-column-bg-container-agni-column-43695 \" ><div class=\"section-column-bg section-column-bg-color \"  ><\/div><\/div><div class=\"wpb_wrapper\"><div class=\"agni_custom_heading page-scroll\" ><h4 class=\"vc_custom_heading agni_custom_heading_content \" style=\"color: #020202;text-align: center; \"><span>[FIRMENGESCHICHTE]<\/span><\/h4><div class=\"divide-line text-center \"><span style=\"width:90px; height:1px; background-color:#020000\"><\/span><\/div><\/div><\/div><\/div><\/div><\/div><\/div><\/div><div id=\"agni-row-26259\" class=\"section-row\" ><div class=\"section-row-bg-container section-row-bg-container-agni-row-26259\"><div class=\"section-row-bg section-row-bg-color \" style=\"background-color: #efefef; \" ><\/div><\/div><div class=\"container\"><div class=\"vc_row vc_row_fluid \"><div id=\"agni-column-88698\" class=\"wpb_column agni_column_container agni_column vc_column_container vc_col-sm-12\"><div class=\"agni_column-inner vc_column-inner text-left\"  ><div class=\"section-column-bg-container section-column-bg-container-agni-column-88698 \" ><div class=\"section-column-bg section-column-bg-color \"  ><\/div><\/div><div class=\"wpb_wrapper\">\t\t\r\n\t\t\t<div class=\"mega-timeline-title\"><span style=\"font-size: px; color: ;background:;\">\r\n\t\t\t\t\t\t\t<\/span><\/div>\r\n\t\t\t<div id=\"cd-timeline\" class=\"cd-container\">\r\n\t\t\t\t<span class=\"timeline-line\" style=\"width: px; background: ;\"><\/span>\r\n\t\t\t\t<span><\/span>\r\n\t\t\t\t<div class=\"cd-timeline-block\">\r\n\t\t\t\r\n\t\t\t\t\t\t\t<div class=\"cd-timeline-img cd-timeline-dot cd-picture\" style=\"background: #1e73be;border-radius: 50%\">\r\n\t\t\t\t<\/div>\t\r\n\t\t\t\r\n\t\t\t<div class=\"cd-timeline-content  vc_custom_1764063781549\">\r\n\t\t\t\t<span class=\"timeline-arrow\" style=\"border-right-color:\"><\/span>\r\n\t\t\t\t<span class=\"timeline-arrow\" style=\"border-left-color:\"><\/span>\r\n\t\t\t\t<span class=\"timeline-arrow\" style=\"border-right: 7px solid\"><\/span>\r\n\r\n\t\t\t\t<h2 style=\"background:;color:;font-size: px;text-align: left;padding: 10px 15px\">\r\n\t\t\t\t\tNachhaltigkeit: Recycling von Tanzb\u00f6den und Projektionsfolien \/\/ Neue RETEX-Produktreihe\t\t\t\t<\/h2>\r\n\t\t\t\t\t\t\t\t\t<img decoding=\"async\" src=\"https:\/\/www.gerriets-acoustics.com\/wp-content\/uploads\/2022\/03\/GAW-Firmengeschichte-532x532pix-2020-Retex.jpg\" style=\"max-width: 100%;width: px\">\r\n\t\t\t\t\t\t\t\t<div class=\"cd-timeline-content-area\" style=\"padding: 0 10px\">\r\n\t\t\t\t\t<p>Im Zuge der immer st\u00e4rker aufkommenden Diskussion um die Produktion von nachhaltigen Auff\u00fchrungen, Inszenierungen und Events im Kultur- und Entertainmentbereich, m\u00f6chte Gerriets neue Wege gehen. Wir sehen es als Selbstverpflichtung, recycelbare Materialien, die wir in den Kultur- und Entertainmentbereich liefern, so effektiv wie m\u00f6glich und f\u00fcr den Kunden kostenlos wieder in den Produktzyklus zur\u00fcckzuf\u00fchren. So m\u00f6chten wir Schritt f\u00fcr Schritt zur Durchf\u00fchrung nachhaltiger Produktionen in unserer Branche beitragen.<br \/>\nDar\u00fcber hinaus bilden unsere aus <strong>RE<\/strong>cycelten <strong>TEX<\/strong>tilien hergestellten Moltonstoffe und Velours den Anfang der GERRIETS Produktreihe <strong>RETEX<\/strong>, bei der die nachhaltigen Produktionsbedingungen eine wesentliche Rolle spielen.<\/p>\n<p>Mehr zum Nachhaltigkeitskonzept der Firma Gerriets erfahren Sie <a href=\"https:\/\/www.gerriets.com\/de\/unternehmen\/gerriets-sustainability\" target=\"_blank\" rel=\"noopener\">hier<\/a>.<\/p>\n\t\t\t\t<\/div>\r\n\t\t\t\t<span class=\"cd-date\" style=\"color:;font-size: px\">\r\n\t\t\t\t\t2020\t\t\t\t<\/span>\r\n\t\t\t<\/div>\r\n\t\t<\/div>\r\n\r\n\t\t\t\t\r\n\t\t<div class=\"cd-timeline-block\">\r\n\t\t\t\r\n\t\t\t\t\t\t\t<div class=\"cd-timeline-img cd-timeline-dot cd-picture\" style=\"background: #1e73be;border-radius: 50%\">\r\n\t\t\t\t<\/div>\t\r\n\t\t\t\r\n\t\t\t<div class=\"cd-timeline-content \">\r\n\t\t\t\t<span class=\"timeline-arrow\" style=\"border-right-color:\"><\/span>\r\n\t\t\t\t<span class=\"timeline-arrow\" style=\"border-left-color:\"><\/span>\r\n\t\t\t\t<span class=\"timeline-arrow\" style=\"border-right: 7px solid\"><\/span>\r\n\r\n\t\t\t\t<h2 style=\"background:;color:;font-size: px;text-align: left;padding: 10px 15px\">\r\n\t\t\t\t\t70-j\u00e4hriges Firmenjubil\u00e4um\t\t\t\t<\/h2>\r\n\t\t\t\t\t\t\t\t\t<img decoding=\"async\" src=\"https:\/\/www.gerriets-acoustics.com\/wp-content\/uploads\/2022\/06\/gerriets-firma-naeherei-02-1500x1000pix.jpg\" style=\"max-width: 100%;width: px\">\r\n\t\t\t\t\t\t\t\t<div class=\"cd-timeline-content-area\" style=\"padding: 0 10px\">\r\n\t\t\t\t\t<p>Im Jahr 2016 blicken wir auf die 70 Jahre w\u00e4hrende Geschichte unseres Familienunternehmens zur\u00fcck. Seit der Firmengr\u00fcndung 1946 hat sich Gerriets zu einem weltweit nachgefragten Spezialisten f\u00fcr B\u00fchnenbedarf und Veranstaltungsprojekte entwickelt. Drei Generationen pr\u00e4gen bis heute das Familienunternehmen Gerriets. Jede Generation hat eigene Business Schwerpunkte entwickelt und mit gro\u00dfem Engagement zum Wachstum und Erfolg der Firma beigetragen.<\/p>\n<p>Der Gr\u00fcnder Hans Gerriets war der Textilfabrikant in der Nachkriegszeit, Sohn Walter Gerriets war der spezialisierte B\u00fchnenausstatter, der die Internationalisierung vorantrieb, der Enkel Hannes Gerriets ist der Techniker der Familie, der das B\u00fchnenhandwerk im digitalen Zeitalter steuert.<\/p>\n\t\t\t\t<\/div>\r\n\t\t\t\t<span class=\"cd-date\" style=\"color:;font-size: px\">\r\n\t\t\t\t\t2016\t\t\t\t<\/span>\r\n\t\t\t<\/div>\r\n\t\t<\/div>\r\n\r\n\t\t\t\t\r\n\t\t<div class=\"cd-timeline-block\">\r\n\t\t\t\r\n\t\t\t\t\t\t\t<div class=\"cd-timeline-img cd-timeline-dot cd-picture\" style=\"background: #1e73be;border-radius: 50%\">\r\n\t\t\t\t<\/div>\t\r\n\t\t\t\r\n\t\t\t<div class=\"cd-timeline-content \">\r\n\t\t\t\t<span class=\"timeline-arrow\" style=\"border-right-color:\"><\/span>\r\n\t\t\t\t<span class=\"timeline-arrow\" style=\"border-left-color:\"><\/span>\r\n\t\t\t\t<span class=\"timeline-arrow\" style=\"border-right: 7px solid\"><\/span>\r\n\r\n\t\t\t\t<h2 style=\"background:;color:;font-size: px;text-align: left;padding: 10px 15px\">\r\n\t\t\t\t\tGerriets weiterhin auf Wachstumskurs\t\t\t\t<\/h2>\r\n\t\t\t\t\t\t\t\t\t<img decoding=\"async\" src=\"https:\/\/www.gerriets-acoustics.com\/wp-content\/uploads\/2017\/10\/gw-firma-2015.jpg\" style=\"max-width: 100%;width: px\">\r\n\t\t\t\t\t\t\t\t<div class=\"cd-timeline-content-area\" style=\"padding: 0 10px\">\r\n\t\t\t\t\t<p>Schon wieder platzt Gerriets aus allen N\u00e4hten. Die Produktionsst\u00e4tte in Volgelsheim hat ihre Kapazit\u00e4tsgrenze erreicht. 2015 haben wir mit der Planung eines Erweiterungsbaus begonnen. Um die Produktionstechniken auf den neuesten Stand zu bringen, bauen wir eine zus\u00e4tzliche Halle mit einer Grundfl\u00e4che von 2.000 m\u00b2 und einem Turm mit einer Gesamth\u00f6he von 14 Metern, um Vorh\u00e4nge und Projektionsfl\u00e4chen unter B\u00fchnenbedingungen bearbeiten zu k\u00f6nnen.<\/p>\n<p>Der Mitarbeiterstamm in der Produktionsst\u00e4tte Volgelsheim ist von urspr\u00fcnglich 20 auf 90 gestiegen. Das gro\u00dfe Auftragsvolumen ist in den begrenzten R\u00e4umlichkeiten nur noch im Zickzackkurs zu bew\u00e4ltigen. Die neue Halle ist Voraussetzung, um die Produktionsabl\u00e4ufe zu verschlanken und wieder effektiv produzieren zu k\u00f6nnen. Der geplante Turm mit einer Ger\u00fcst- und Schienenkonstruktion f\u00fcr die perfekte Aufh\u00e4ngung von Projektionsfl\u00e4chen, Vorh\u00e4ngen und Spezialstoffen erleichtert die Nachbearbeitung in der Fertigung.<\/p>\n\t\t\t\t<\/div>\r\n\t\t\t\t<span class=\"cd-date\" style=\"color:;font-size: px\">\r\n\t\t\t\t\t2015\t\t\t\t<\/span>\r\n\t\t\t<\/div>\r\n\t\t<\/div>\r\n\r\n\t\t\t\t\r\n\t\t<div class=\"cd-timeline-block\">\r\n\t\t\t\r\n\t\t\t\t\t\t\t<div class=\"cd-timeline-img cd-timeline-dot cd-picture\" style=\"background: #1e73be;border-radius: 50%\">\r\n\t\t\t\t<\/div>\t\r\n\t\t\t\r\n\t\t\t<div class=\"cd-timeline-content \">\r\n\t\t\t\t<span class=\"timeline-arrow\" style=\"border-right-color:\"><\/span>\r\n\t\t\t\t<span class=\"timeline-arrow\" style=\"border-left-color:\"><\/span>\r\n\t\t\t\t<span class=\"timeline-arrow\" style=\"border-right: 7px solid\"><\/span>\r\n\r\n\t\t\t\t<h2 style=\"background:;color:;font-size: px;text-align: left;padding: 10px 15px\">\r\n\t\t\t\t\tSpezialisierung auf Gro\u00dfprojekte\t\t\t\t<\/h2>\r\n\t\t\t\t\t\t\t\t\t<img decoding=\"async\" src=\"https:\/\/www.gerriets-acoustics.com\/wp-content\/uploads\/2017\/10\/gw-firma-2008.jpg\" style=\"max-width: 100%;width: px\">\r\n\t\t\t\t\t\t\t\t<div class=\"cd-timeline-content-area\" style=\"padding: 0 10px\">\r\n\t\t\t\t\t<p>Mega-Events pr\u00e4gen das 21. Jahrhundert. Weltweit steigt die Nachfrage nach Gro\u00dfprojekten. Die Gerriets GmbH ist von Anfang an dabei. \u201aMEGA\u2019 stand schon immer ganz oben auf ihrer Agenda \u2013 MEGASCREENS, Mega-Vorh\u00e4nge und Mega-Schienensysteme.<\/p>\n<p>Eine Spezialisierung auf Gro\u00dfprojekte erfordert auch eine aufw\u00e4ndigere Projektplanung \u2013 und erh\u00f6hten Platzbedarf f\u00fcr die Projektabteilung. Nach dem Umbau des Mutterhauses zieht die Projektabteilung von Volgelsheim nach Umkirch und treibt das Mega-Gesch\u00e4ft voran.<\/p>\n\t\t\t\t<\/div>\r\n\t\t\t\t<span class=\"cd-date\" style=\"color:;font-size: px\">\r\n\t\t\t\t\t2008\t\t\t\t<\/span>\r\n\t\t\t<\/div>\r\n\t\t<\/div>\r\n\r\n\t\t\t\t\r\n\t\t<div class=\"cd-timeline-block\">\r\n\t\t\t\r\n\t\t\t\t\t\t\t<div class=\"cd-timeline-img cd-timeline-dot cd-picture\" style=\"background: #1e73be;border-radius: 50%\">\r\n\t\t\t\t<\/div>\t\r\n\t\t\t\r\n\t\t\t<div class=\"cd-timeline-content \">\r\n\t\t\t\t<span class=\"timeline-arrow\" style=\"border-right-color:\"><\/span>\r\n\t\t\t\t<span class=\"timeline-arrow\" style=\"border-left-color:\"><\/span>\r\n\t\t\t\t<span class=\"timeline-arrow\" style=\"border-right: 7px solid\"><\/span>\r\n\r\n\t\t\t\t<h2 style=\"background:;color:;font-size: px;text-align: left;padding: 10px 15px\">\r\n\t\t\t\t\tBau des neuen Logistikzentrums und Hochregallagers\t\t\t\t<\/h2>\r\n\t\t\t\t\t\t\t\t\t<img decoding=\"async\" src=\"https:\/\/www.gerriets-acoustics.com\/wp-content\/uploads\/2017\/10\/gw-firma-2007.jpg\" style=\"max-width: 100%;width: px\">\r\n\t\t\t\t\t\t\t\t<div class=\"cd-timeline-content-area\" style=\"padding: 0 10px\">\r\n\t\t\t\t\t<p>Platzmangel ist unser st\u00e4ndiger Begleiter in der jahrzehntealten Firmengeschichte. Die L\u00f6sung im Jahr 2007 ist der Bau eines neuen Logistikzentrums und Hochregallagers in Umkirch. Modernste Logistik-Software und \u00fcber 3.500 qm Nutzfl\u00e4che sorgen f\u00fcr Abhilfe und effektive Arbeitsprozesse.<\/p>\n\t\t\t\t<\/div>\r\n\t\t\t\t<span class=\"cd-date\" style=\"color:;font-size: px\">\r\n\t\t\t\t\t2007\t\t\t\t<\/span>\r\n\t\t\t<\/div>\r\n\t\t<\/div>\r\n\r\n\t\t\t\t\r\n\t\t<div class=\"cd-timeline-block\">\r\n\t\t\t\r\n\t\t\t\t\t\t\t<div class=\"cd-timeline-img cd-timeline-dot cd-picture\" style=\"background: #1e73be;border-radius: 50%\">\r\n\t\t\t\t<\/div>\t\r\n\t\t\t\r\n\t\t\t<div class=\"cd-timeline-content \">\r\n\t\t\t\t<span class=\"timeline-arrow\" style=\"border-right-color:\"><\/span>\r\n\t\t\t\t<span class=\"timeline-arrow\" style=\"border-left-color:\"><\/span>\r\n\t\t\t\t<span class=\"timeline-arrow\" style=\"border-right: 7px solid\"><\/span>\r\n\r\n\t\t\t\t<h2 style=\"background:;color:;font-size: px;text-align: left;padding: 10px 15px\">\r\n\t\t\t\t\tHannes Gerriets und Bernd Baumeister treten in die Gesch\u00e4ftsleitung ein\t\t\t\t<\/h2>\r\n\t\t\t\t\t\t\t\t\t<img decoding=\"async\" src=\"https:\/\/www.gerriets-acoustics.com\/wp-content\/uploads\/2017\/10\/gw-firma-2002.jpg\" style=\"max-width: 100%;width: px\">\r\n\t\t\t\t\t\t\t\t<div class=\"cd-timeline-content-area\" style=\"padding: 0 10px\">\r\n\t\t\t\t\t<p>Die beiden steigen in die Gesch\u00e4ftsleitung ein. Sie \u00fcbernehmen das Ruder f\u00fcr ihre Spezialgebiete. Hannes Gerriets, der Technik-Begeisterte, \u00fcbernimmt die Bereiche Technik, Forschung und Entwicklung. Sein Schwager, der Diplom-Volkswirt Bernd Baumeister, verantwortet die Bereiche Finanzen, Controlling, Personal und Verwaltung der Gerriets GmbH.<\/p>\n<p>Unter den Gesch\u00e4ftsf\u00fchrern Hannes Gerriets und Bernd Baumeister w\u00e4chst das Unternehmen rasant weiter und wird zum Global Player auf dem Markt f\u00fcr Theater- und Veranstaltungsmanagement. Eine Tradition aus den Gr\u00fcnderjahren wird erfolgreich fortgesetzt. Gesch\u00e4ftsf\u00fchrer, Projektleiter und Mitarbeiter aus allen Bereichen haben das Ohr am Markt und sind offen f\u00fcr Kundenw\u00fcnsche aller Art. Entsprechend werden die internen Prozesse definiert: Spezialisierung auf Gro\u00dfprojekte, Entwicklung und Ausbau des technischen Bereichs.<\/p>\n\t\t\t\t<\/div>\r\n\t\t\t\t<span class=\"cd-date\" style=\"color:;font-size: px\">\r\n\t\t\t\t\t2002\t\t\t\t<\/span>\r\n\t\t\t<\/div>\r\n\t\t<\/div>\r\n\r\n\t\t\t\t\r\n\t\t<div class=\"cd-timeline-block\">\r\n\t\t\t\r\n\t\t\t\t\t\t\t<div class=\"cd-timeline-img cd-timeline-dot cd-picture\" style=\"background: #1e73be;border-radius: 50%\">\r\n\t\t\t\t<\/div>\t\r\n\t\t\t\r\n\t\t\t<div class=\"cd-timeline-content \">\r\n\t\t\t\t<span class=\"timeline-arrow\" style=\"border-right-color:\"><\/span>\r\n\t\t\t\t<span class=\"timeline-arrow\" style=\"border-left-color:\"><\/span>\r\n\t\t\t\t<span class=\"timeline-arrow\" style=\"border-right: 7px solid\"><\/span>\r\n\r\n\t\t\t\t<h2 style=\"background:;color:;font-size: px;text-align: left;padding: 10px 15px\">\r\n\t\t\t\t\tGerriets expandiert weltweit\t\t\t\t<\/h2>\r\n\t\t\t\t\t\t\t\t\t<img decoding=\"async\" src=\"https:\/\/www.gerriets-acoustics.com\/wp-content\/uploads\/2017\/10\/gw-firma-1992-2001.jpg\" style=\"max-width: 100%;width: px\">\r\n\t\t\t\t\t\t\t\t<div class=\"cd-timeline-content-area\" style=\"padding: 0 10px\">\r\n\t\t\t\t\t<p>Weitere Tochterunternehmen und Vertriebspartnerschaften werden weltweit gegr\u00fcndet. Gerriets verf\u00fcgt inzwischen \u00fcber Niederlassungen in Gro\u00dfbritannien, \u00d6sterreich, Frankreich, Spanien, Italien, Griechenland, T\u00fcrkei, Korea, Japan, S\u00fcdafrika, Brasilien, Niederlande, USA.<\/p>\n\t\t\t\t<\/div>\r\n\t\t\t\t<span class=\"cd-date\" style=\"color:;font-size: px\">\r\n\t\t\t\t\t1992-2001\t\t\t\t<\/span>\r\n\t\t\t<\/div>\r\n\t\t<\/div>\r\n\r\n\t\t\t\t\r\n\t\t<div class=\"cd-timeline-block\">\r\n\t\t\t\r\n\t\t\t\t\t\t\t<div class=\"cd-timeline-img cd-timeline-dot cd-picture\" style=\"background: #1e73be;border-radius: 50%\">\r\n\t\t\t\t<\/div>\t\r\n\t\t\t\r\n\t\t\t<div class=\"cd-timeline-content \">\r\n\t\t\t\t<span class=\"timeline-arrow\" style=\"border-right-color:\"><\/span>\r\n\t\t\t\t<span class=\"timeline-arrow\" style=\"border-left-color:\"><\/span>\r\n\t\t\t\t<span class=\"timeline-arrow\" style=\"border-right: 7px solid\"><\/span>\r\n\r\n\t\t\t\t<h2 style=\"background:;color:;font-size: px;text-align: left;padding: 10px 15px\">\r\n\t\t\t\t\tIn Volgelsheim entstehen gro\u00dfe Produktionsfl\u00e4chen f\u00fcr N\u00e4hatelier, Folienschwei\u00dferei und Metallwerkst\u00e4tten\t\t\t\t<\/h2>\r\n\t\t\t\t\t\t\t\t\t<img decoding=\"async\" src=\"https:\/\/www.gerriets-acoustics.com\/wp-content\/uploads\/2017\/10\/gw-firma-1990-1992.jpg\" style=\"max-width: 100%;width: px\">\r\n\t\t\t\t\t\t\t\t<div class=\"cd-timeline-content-area\" style=\"padding: 0 10px\">\r\n\t\t\t\t\t<p>Nach zweij\u00e4hriger Bauzeit bezieht Gerriets die neue Produktionsst\u00e4tte in Volgelsheim kurz hinter der franz\u00f6sischen Grenze. Die gesamte Produktionsfl\u00e4che f\u00fcr das N\u00e4hatelier, die Folienschwei\u00dferei und die Metallwerkst\u00e4tten umfasst 7.500 m\u00b2.<\/p>\n<p>Das Werk in Volgelsheim startet mit insgesamt 20 Mitarbeitern in drei Abteilungen: N\u00e4herei, Schwei\u00dferei und Projektabteilung. Gleichzeitig nimmt die Tochterfirma SARL f\u00fcr den franz\u00f6sischen Markt ihre Arbeit auf.<\/p>\n\t\t\t\t<\/div>\r\n\t\t\t\t<span class=\"cd-date\" style=\"color:;font-size: px\">\r\n\t\t\t\t\t1990-1992\t\t\t\t<\/span>\r\n\t\t\t<\/div>\r\n\t\t<\/div>\r\n\r\n\t\t\t\t\r\n\t\t<div class=\"cd-timeline-block\">\r\n\t\t\t\r\n\t\t\t\t\t\t\t<div class=\"cd-timeline-img cd-timeline-dot cd-picture\" style=\"background: #1e73be;border-radius: 50%\">\r\n\t\t\t\t<\/div>\t\r\n\t\t\t\r\n\t\t\t<div class=\"cd-timeline-content \">\r\n\t\t\t\t<span class=\"timeline-arrow\" style=\"border-right-color:\"><\/span>\r\n\t\t\t\t<span class=\"timeline-arrow\" style=\"border-left-color:\"><\/span>\r\n\t\t\t\t<span class=\"timeline-arrow\" style=\"border-right: 7px solid\"><\/span>\r\n\r\n\t\t\t\t<h2 style=\"background:;color:;font-size: px;text-align: left;padding: 10px 15px\">\r\n\t\t\t\t\tBau eines neuen Verwaltungstraktes in Umkirch\t\t\t\t<\/h2>\r\n\t\t\t\t\t\t\t\t\t<img decoding=\"async\" src=\"https:\/\/www.gerriets-acoustics.com\/wp-content\/uploads\/2017\/10\/gw-firma-1988.jpg\" style=\"max-width: 100%;width: px\">\r\n\t\t\t\t\t\t\t\t<div class=\"cd-timeline-content-area\" style=\"padding: 0 10px\">\r\n\t\t\t\t\t\t\t\t\t<\/div>\r\n\t\t\t\t<span class=\"cd-date\" style=\"color:;font-size: px\">\r\n\t\t\t\t\t1988\t\t\t\t<\/span>\r\n\t\t\t<\/div>\r\n\t\t<\/div>\r\n\r\n\t\t\t\t\r\n\t\t<div class=\"cd-timeline-block\">\r\n\t\t\t\r\n\t\t\t\t\t\t\t<div class=\"cd-timeline-img cd-timeline-dot cd-picture\" style=\"background: #1e73be;border-radius: 50%\">\r\n\t\t\t\t<\/div>\t\r\n\t\t\t\r\n\t\t\t<div class=\"cd-timeline-content \">\r\n\t\t\t\t<span class=\"timeline-arrow\" style=\"border-right-color:\"><\/span>\r\n\t\t\t\t<span class=\"timeline-arrow\" style=\"border-left-color:\"><\/span>\r\n\t\t\t\t<span class=\"timeline-arrow\" style=\"border-right: 7px solid\"><\/span>\r\n\r\n\t\t\t\t<h2 style=\"background:;color:;font-size: px;text-align: left;padding: 10px 15px\">\r\n\t\t\t\t\tGr\u00fcndung GGB, Gerriets Great Britain in London\t\t\t\t<\/h2>\r\n\t\t\t\t\t\t\t\t\t<img decoding=\"async\" src=\"https:\/\/www.gerriets-acoustics.com\/wp-content\/uploads\/2017\/10\/gw-firma-1986.jpg\" style=\"max-width: 100%;width: px\">\r\n\t\t\t\t\t\t\t\t<div class=\"cd-timeline-content-area\" style=\"padding: 0 10px\">\r\n\t\t\t\t\t\t\t\t\t<\/div>\r\n\t\t\t\t<span class=\"cd-date\" style=\"color:;font-size: px\">\r\n\t\t\t\t\t1986\t\t\t\t<\/span>\r\n\t\t\t<\/div>\r\n\t\t<\/div>\r\n\r\n\t\t\t\t\r\n\t\t<div class=\"cd-timeline-block\">\r\n\t\t\t\r\n\t\t\t\t\t\t\t<div class=\"cd-timeline-img cd-timeline-dot cd-picture\" style=\"background: #1e73be;border-radius: 50%\">\r\n\t\t\t\t<\/div>\t\r\n\t\t\t\r\n\t\t\t<div class=\"cd-timeline-content \">\r\n\t\t\t\t<span class=\"timeline-arrow\" style=\"border-right-color:\"><\/span>\r\n\t\t\t\t<span class=\"timeline-arrow\" style=\"border-left-color:\"><\/span>\r\n\t\t\t\t<span class=\"timeline-arrow\" style=\"border-right: 7px solid\"><\/span>\r\n\r\n\t\t\t\t<h2 style=\"background:;color:;font-size: px;text-align: left;padding: 10px 15px\">\r\n\t\t\t\t\tAnschaffung eigener Webst\u00fchle f\u00fcr Stoffe bis 12,45 m Breite\t\t\t\t<\/h2>\r\n\t\t\t\t\t\t\t\t\t<img decoding=\"async\" src=\"https:\/\/www.gerriets-acoustics.com\/wp-content\/uploads\/2017\/10\/gw-firma-1985.jpg\" style=\"max-width: 100%;width: px\">\r\n\t\t\t\t\t\t\t\t<div class=\"cd-timeline-content-area\" style=\"padding: 0 10px\">\r\n\t\t\t\t\t<p>Der Bedarf an \u00fcberbreiten Stoffen nimmt laufend zu. Auch die Konfektionierung von Vorh\u00e4ngen l\u00e4sst sich durch Stoffe in \u00dcberbreiten effektiver gestalten. 1985 beschlie\u00dft Gerriets, eigene Webst\u00fchle anzuschaffen und betreibt deren Weiterentwicklung bis 12,45 m Breite.<\/p>\n\t\t\t\t<\/div>\r\n\t\t\t\t<span class=\"cd-date\" style=\"color:;font-size: px\">\r\n\t\t\t\t\t1985\t\t\t\t<\/span>\r\n\t\t\t<\/div>\r\n\t\t<\/div>\r\n\r\n\t\t\t\t\r\n\t\t<div class=\"cd-timeline-block\">\r\n\t\t\t\r\n\t\t\t\t\t\t\t<div class=\"cd-timeline-img cd-timeline-dot cd-picture\" style=\"background: #1e73be;border-radius: 50%\">\r\n\t\t\t\t<\/div>\t\r\n\t\t\t\r\n\t\t\t<div class=\"cd-timeline-content \">\r\n\t\t\t\t<span class=\"timeline-arrow\" style=\"border-right-color:\"><\/span>\r\n\t\t\t\t<span class=\"timeline-arrow\" style=\"border-left-color:\"><\/span>\r\n\t\t\t\t<span class=\"timeline-arrow\" style=\"border-right: 7px solid\"><\/span>\r\n\r\n\t\t\t\t<h2 style=\"background:;color:;font-size: px;text-align: left;padding: 10px 15px\">\r\n\t\t\t\t\tGr\u00fcndung der ersten Auslandstochter Gerriets International in Allentown, USA\t\t\t\t<\/h2>\r\n\t\t\t\t\t\t\t\t\t<img decoding=\"async\" src=\"https:\/\/www.gerriets-acoustics.com\/wp-content\/uploads\/2017\/10\/gw-firma-1980.jpg\" style=\"max-width: 100%;width: px\">\r\n\t\t\t\t\t\t\t\t<div class=\"cd-timeline-content-area\" style=\"padding: 0 10px\">\r\n\t\t\t\t\t<p>Gerriets goes global \u2013 1980 wird die erste Auslandstochter gegr\u00fcndet \u201aGerriets International\u2019 in Allentown, USA.<\/p>\n\t\t\t\t<\/div>\r\n\t\t\t\t<span class=\"cd-date\" style=\"color:;font-size: px\">\r\n\t\t\t\t\t1980\t\t\t\t<\/span>\r\n\t\t\t<\/div>\r\n\t\t<\/div>\r\n\r\n\t\t\t\t\r\n\t\t<div class=\"cd-timeline-block\">\r\n\t\t\t\r\n\t\t\t\t\t\t\t<div class=\"cd-timeline-img cd-timeline-dot cd-picture\" style=\"background: #1e73be;border-radius: 50%\">\r\n\t\t\t\t<\/div>\t\r\n\t\t\t\r\n\t\t\t<div class=\"cd-timeline-content \">\r\n\t\t\t\t<span class=\"timeline-arrow\" style=\"border-right-color:\"><\/span>\r\n\t\t\t\t<span class=\"timeline-arrow\" style=\"border-left-color:\"><\/span>\r\n\t\t\t\t<span class=\"timeline-arrow\" style=\"border-right: 7px solid\"><\/span>\r\n\r\n\t\t\t\t<h2 style=\"background:;color:;font-size: px;text-align: left;padding: 10px 15px\">\r\n\t\t\t\t\tUmzug von Freiburg nach Umkirch\t\t\t\t<\/h2>\r\n\t\t\t\t\t\t\t\t\t<img decoding=\"async\" src=\"https:\/\/www.gerriets-acoustics.com\/wp-content\/uploads\/2017\/10\/gw-firma-1970.jpg\" style=\"max-width: 100%;width: px\">\r\n\t\t\t\t\t\t\t\t<div class=\"cd-timeline-content-area\" style=\"padding: 0 10px\">\r\n\t\t\t\t\t<p>Das schnell wachsende Gesch\u00e4ft von Gerriets sprengt die Kapazit\u00e4ten des Freiburger Stammhauses. Ausweichfl\u00e4chen in angemessener Gr\u00f6\u00dfe sind in Freiburg nicht vorhanden. In Umkirch bei Freiburg wird das neue Stammhaus der Gerriets GmbH gebaut und 1970 bezogen.<\/p>\n\t\t\t\t<\/div>\r\n\t\t\t\t<span class=\"cd-date\" style=\"color:;font-size: px\">\r\n\t\t\t\t\t1970\t\t\t\t<\/span>\r\n\t\t\t<\/div>\r\n\t\t<\/div>\r\n\r\n\t\t\t\t\r\n\t\t<div class=\"cd-timeline-block\">\r\n\t\t\t\r\n\t\t\t\t\t\t\t<div class=\"cd-timeline-img cd-timeline-dot cd-picture\" style=\"background: #1e73be;border-radius: 50%\">\r\n\t\t\t\t<\/div>\t\r\n\t\t\t\r\n\t\t\t<div class=\"cd-timeline-content \">\r\n\t\t\t\t<span class=\"timeline-arrow\" style=\"border-right-color:\"><\/span>\r\n\t\t\t\t<span class=\"timeline-arrow\" style=\"border-left-color:\"><\/span>\r\n\t\t\t\t<span class=\"timeline-arrow\" style=\"border-right: 7px solid\"><\/span>\r\n\r\n\t\t\t\t<h2 style=\"background:;color:;font-size: px;text-align: left;padding: 10px 15px\">\r\n\t\t\t\t\tGerriets entwickelt Spezialfolien\t\t\t\t<\/h2>\r\n\t\t\t\t\t\t\t\t\t<img decoding=\"async\" src=\"https:\/\/www.gerriets-acoustics.com\/wp-content\/uploads\/2017\/10\/gw-firma-1965.jpg\" style=\"max-width: 100%;width: px\">\r\n\t\t\t\t\t\t\t\t<div class=\"cd-timeline-content-area\" style=\"padding: 0 10px\">\r\n\t\t\t\t\t<p>Mitte der sechziger Jahre beginnt das Folien Zeitalter. Gerriets entwickelt zun\u00e4chst die REVUE-Folie. Die Nachfrage steigt rasant. Speziell f\u00fcr Gerriets wird daraufhin eine Folienschwei\u00dfmaschine erfunden und gebaut. Eine Anfrage nach Folienmaterial kommt aus Paris von der ber\u00fchmten Pariser Oper. Ihr Bedarf f\u00fchrt zur Weiterentwicklung der REVUE-Folie. Die bis heute bekannte und beliebte OPERA\u00ae-Folie entsteht.<\/p>\n\t\t\t\t<\/div>\r\n\t\t\t\t<span class=\"cd-date\" style=\"color:;font-size: px\">\r\n\t\t\t\t\t1965\t\t\t\t<\/span>\r\n\t\t\t<\/div>\r\n\t\t<\/div>\r\n\r\n\t\t\t\t\r\n\t\t<div class=\"cd-timeline-block\">\r\n\t\t\t\r\n\t\t\t\t\t\t\t<div class=\"cd-timeline-img cd-timeline-dot cd-picture\" style=\"background: #1e73be;border-radius: 50%\">\r\n\t\t\t\t<\/div>\t\r\n\t\t\t\r\n\t\t\t<div class=\"cd-timeline-content \">\r\n\t\t\t\t<span class=\"timeline-arrow\" style=\"border-right-color:\"><\/span>\r\n\t\t\t\t<span class=\"timeline-arrow\" style=\"border-left-color:\"><\/span>\r\n\t\t\t\t<span class=\"timeline-arrow\" style=\"border-right: 7px solid\"><\/span>\r\n\r\n\t\t\t\t<h2 style=\"background:;color:;font-size: px;text-align: left;padding: 10px 15px\">\r\n\t\t\t\t\tWalter und Johanna Gerriets werden Gesellschafter\t\t\t\t<\/h2>\r\n\t\t\t\t\t\t\t\t\t<img decoding=\"async\" src=\"https:\/\/www.gerriets-acoustics.com\/wp-content\/uploads\/2017\/10\/gw-firma-1961.jpg\" style=\"max-width: 100%;width: px\">\r\n\t\t\t\t\t\t\t\t<div class=\"cd-timeline-content-area\" style=\"padding: 0 10px\">\r\n\t\t\t\t\t<p>Nach dem Tod von Hans Gerriets werden seine Frau Johanna und sein Sohn Walter Gesellschafter der Gerriets GmbH.<\/p>\n\t\t\t\t<\/div>\r\n\t\t\t\t<span class=\"cd-date\" style=\"color:;font-size: px\">\r\n\t\t\t\t\t1961\t\t\t\t<\/span>\r\n\t\t\t<\/div>\r\n\t\t<\/div>\r\n\r\n\t\t\t\t\r\n\t\t<div class=\"cd-timeline-block\">\r\n\t\t\t\r\n\t\t\t\t\t\t\t<div class=\"cd-timeline-img cd-timeline-dot cd-picture\" style=\"background: #1e73be;border-radius: 50%\">\r\n\t\t\t\t<\/div>\t\r\n\t\t\t\r\n\t\t\t<div class=\"cd-timeline-content \">\r\n\t\t\t\t<span class=\"timeline-arrow\" style=\"border-right-color:\"><\/span>\r\n\t\t\t\t<span class=\"timeline-arrow\" style=\"border-left-color:\"><\/span>\r\n\t\t\t\t<span class=\"timeline-arrow\" style=\"border-right: 7px solid\"><\/span>\r\n\r\n\t\t\t\t<h2 style=\"background:;color:;font-size: px;text-align: left;padding: 10px 15px\">\r\n\t\t\t\t\tSteigender Bedarf an konfektionierter Ware\t\t\t\t<\/h2>\r\n\t\t\t\t\t\t\t\t\t<img decoding=\"async\" src=\"https:\/\/www.gerriets-acoustics.com\/wp-content\/uploads\/2017\/10\/gw-firma-1957-1959.jpg\" style=\"max-width: 100%;width: px\">\r\n\t\t\t\t\t\t\t\t<div class=\"cd-timeline-content-area\" style=\"padding: 0 10px\">\r\n\t\t\t\t\t<p>Die Bestellungen f\u00fcr B\u00fchnentextilien nehmen kontinuierlich zu. Gleichzeitig steigt die Nachfrage nach fertig konfektionierten Vorh\u00e4ngen. Die Ausstattungsleiter w\u00fcnschen sich immer h\u00e4ufiger das Komplettpaket Vorhang \u2013 vom Projektaufma\u00df bis zum montierten B\u00fchnenvorhang.<\/p>\n<p>F\u00fcr Gerriets ist es der Startschuss f\u00fcr eine weitere Spezialisierung \u2013 die Fertigung von Theaterausstattung. Ab sofort werden eigene Zuschneider\/Innen, N\u00e4her\/Innen und Monteure gesucht.<\/p>\n<p>Bis Ende der f\u00fcnfziger Jahre besteht das Produktportfolio fast ausschlie\u00dflich aus schwer entflammbaren B\u00fchnentextilien. Kunststofffolien wurden nur f\u00fcr dekorative Zwecke genutzt.<\/p>\n\t\t\t\t<\/div>\r\n\t\t\t\t<span class=\"cd-date\" style=\"color:;font-size: px\">\r\n\t\t\t\t\t1957-1959\t\t\t\t<\/span>\r\n\t\t\t<\/div>\r\n\t\t<\/div>\r\n\r\n\t\t\t\t\r\n\t\t<div class=\"cd-timeline-block\">\r\n\t\t\t\r\n\t\t\t\t\t\t\t<div class=\"cd-timeline-img cd-timeline-dot cd-picture\" style=\"background: #1e73be;border-radius: 50%\">\r\n\t\t\t\t<\/div>\t\r\n\t\t\t\r\n\t\t\t<div class=\"cd-timeline-content \">\r\n\t\t\t\t<span class=\"timeline-arrow\" style=\"border-right-color:\"><\/span>\r\n\t\t\t\t<span class=\"timeline-arrow\" style=\"border-left-color:\"><\/span>\r\n\t\t\t\t<span class=\"timeline-arrow\" style=\"border-right: 7px solid\"><\/span>\r\n\r\n\t\t\t\t<h2 style=\"background:;color:;font-size: px;text-align: left;padding: 10px 15px\">\r\n\t\t\t\t\tWalter Gerriets treibt die Spezialisierung auf Theaterbedarf voran\t\t\t\t<\/h2>\r\n\t\t\t\t\t\t\t\t\t<img decoding=\"async\" src=\"https:\/\/www.gerriets-acoustics.com\/wp-content\/uploads\/2017\/10\/gw-firma-1955.jpg\" style=\"max-width: 100%;width: px\">\r\n\t\t\t\t\t\t\t\t<div class=\"cd-timeline-content-area\" style=\"padding: 0 10px\">\r\n\t\t\t\t\t<p>Mitte der f\u00fcnfziger Jahre finden Kultur und Theater wieder vermehrt Eingang in die Haushaltsetats von St\u00e4dten und Gemeinden. Besonders gro\u00df ist die Nachfrage nach schwer entflammbaren Textilien.<\/p>\n<p>Walter Gerriets, der Sohn vom Firmengr\u00fcnder Hans, reist durchs Badische Land, um Technischen Direktoren und Ausstattungsleitern das Gerriets Produktportfolio vorzustellen. Unterm Arm tr\u00e4gt er stets einen Zollstock, um gleich Hand anlegen zu k\u00f6nnen \u2013 und eine Textil- Kollektion. Sie pr\u00e4sentiert den Entscheidern \u00fcbersichtlich und f\u00fchlbar das g\u00e4ngige Material f\u00fcr B\u00fchnenbedarf.<\/p>\n\t\t\t\t<\/div>\r\n\t\t\t\t<span class=\"cd-date\" style=\"color:;font-size: px\">\r\n\t\t\t\t\t1955\t\t\t\t<\/span>\r\n\t\t\t<\/div>\r\n\t\t<\/div>\r\n\r\n\t\t\t\t\r\n\t\t<div class=\"cd-timeline-block\">\r\n\t\t\t\r\n\t\t\t\t\t\t\t<div class=\"cd-timeline-img cd-timeline-dot cd-picture\" style=\"background: #1e73be;border-radius: 50%\">\r\n\t\t\t\t<\/div>\t\r\n\t\t\t\r\n\t\t\t<div class=\"cd-timeline-content \">\r\n\t\t\t\t<span class=\"timeline-arrow\" style=\"border-right-color:\"><\/span>\r\n\t\t\t\t<span class=\"timeline-arrow\" style=\"border-left-color:\"><\/span>\r\n\t\t\t\t<span class=\"timeline-arrow\" style=\"border-right: 7px solid\"><\/span>\r\n\r\n\t\t\t\t<h2 style=\"background:;color:;font-size: px;text-align: left;padding: 10px 15px\">\r\n\t\t\t\t\tWiederaufbau des Freiburger Theaters unter der Bauleitung von Hans Gerriets\t\t\t\t<\/h2>\r\n\t\t\t\t\t\t\t\t\t<img decoding=\"async\" src=\"https:\/\/www.gerriets-acoustics.com\/wp-content\/uploads\/2017\/10\/gw-firma-1949.jpg\" style=\"max-width: 100%;width: px\">\r\n\t\t\t\t\t\t\t\t<div class=\"cd-timeline-content-area\" style=\"padding: 0 10px\">\r\n\t\t\t\t\t<p>Die Zeit des Wiederaufbaus l\u00e4uft auf Hochtouren. Hans Gerriets k\u00e4mpft an zwei Fronten \u2013 als Bauleiter ist er f\u00fcr den Wiederaufbau des Freiburger Theaters verantwortlich. Zeitgleich treibt er seinen Textilhandel voran.<\/p>\n\t\t\t\t<\/div>\r\n\t\t\t\t<span class=\"cd-date\" style=\"color:;font-size: px\">\r\n\t\t\t\t\t1949\t\t\t\t<\/span>\r\n\t\t\t<\/div>\r\n\t\t<\/div>\r\n\r\n\t\t\t\t\r\n\t\t<div class=\"cd-timeline-block\">\r\n\t\t\t\r\n\t\t\t\t\t\t\t<div class=\"cd-timeline-img cd-timeline-dot cd-picture\" style=\"background: #1e73be;border-radius: 50%\">\r\n\t\t\t\t<\/div>\t\r\n\t\t\t\r\n\t\t\t<div class=\"cd-timeline-content \">\r\n\t\t\t\t<span class=\"timeline-arrow\" style=\"border-right-color:\"><\/span>\r\n\t\t\t\t<span class=\"timeline-arrow\" style=\"border-left-color:\"><\/span>\r\n\t\t\t\t<span class=\"timeline-arrow\" style=\"border-right: 7px solid\"><\/span>\r\n\r\n\t\t\t\t<h2 style=\"background:;color:;font-size: px;text-align: left;padding: 10px 15px\">\r\n\t\t\t\t\tGr\u00fcndung des Textilgro\u00dfhandels Hans Gerriets in Freiburg\t\t\t\t<\/h2>\r\n\t\t\t\t\t\t\t\t\t<img decoding=\"async\" src=\"https:\/\/www.gerriets-acoustics.com\/wp-content\/uploads\/2017\/10\/gw-firma-1946.jpg\" style=\"max-width: 100%;width: px\">\r\n\t\t\t\t\t\t\t\t<div class=\"cd-timeline-content-area\" style=\"padding: 0 10px\">\r\n\t\t\t\t\t<p>In der Nachkriegszeit ist die Nachfrage nach Textilien aller Art besonders hoch. Hans Gerriets, als erfahrener Textilfabrikant, hat ein Gesp\u00fcr daf\u00fcr. Bereits im April 1946 gr\u00fcndet Hans Gerriets seinen Textilgro\u00dfhandel.<\/p>\n<p>1946 pr\u00e4gen Ruinen das Stadtbild von Freiburg. Es fehlt \u00fcberall an den notwendigsten Dingen des Lebens. Die Nachfrage nach Textilien ist zu der Zeit besonders hoch. Kliniken melden gro\u00dfen Bedarf, Bekleidung f\u00fcr den bevorstehenden Winter und Wohntextilien fehlen \u00fcberall.<\/p>\n<p>Hans Gerriets ergreift die Gelegenheit, um sich erneut als Unternehmer in der Textil Branche selbstst\u00e4ndig zu machen. Seine Kenntnisse und Erfahrungen erwarb er in jungen Jahren in Riga als Gesch\u00e4ftsf\u00fchrer einer Weberei.<\/p>\n\t\t\t\t<\/div>\r\n\t\t\t\t<span class=\"cd-date\" style=\"color:;font-size: px\">\r\n\t\t\t\t\t1946\t\t\t\t<\/span>\r\n\t\t\t<\/div>\r\n\t\t<\/div>\n\t\t\t<\/div>\r\n\r\n\t\t<\/div><\/div><\/div><\/div><\/div><\/div><div id=\"agni-row-95475\" class=\"section-row\" ><div class=\"section-row-bg-container section-row-bg-container-agni-row-95475\"><div class=\"section-row-bg section-row-bg-color \" style=\"background-color: #efefef; \" ><\/div><\/div><div class=\"container\"><div class=\"vc_row vc_row_fluid \"><div id=\"agni-column-19434\" class=\"wpb_column agni_column_container agni_column vc_column_container vc_col-sm-12\"><div class=\"agni_column-inner vc_column-inner text-left\"  ><div class=\"section-column-bg-container section-column-bg-container-agni-column-19434 \" ><div class=\"section-column-bg section-column-bg-color \"  ><\/div><\/div><div class=\"wpb_wrapper\"><div class=\"agni_empty_space vc_empty_space\"  style=\"height: 32px\" data-height = \"32px\" data-height-tab = \"32px\" data-height-mobile = \"32px\"><span class=\"vc_empty_space_inner\"><\/span><\/div>\n<\/div><\/div><\/div><\/div><\/div><\/div>\n<\/section>","protected":false},"excerpt":{"rendered":"Das Unternehmen Von der Metropolitan Opera in New York bis zur Welttournee von Adele, vom Mercedes Benz-Messestand auf der IAA Frankfurt, \u00fcber die Expo in Mailand, der Elbphilharmonie in Hamburg bis zur der B\u00fchne des Kreuzfahrtschiffes Queen Mary II: Seit \u00fcber 75 Jahren steht der Name Gerriets f\u00fcr die professionelle Ausstattung von Theatern und B\u00fchnen [...]","protected":false},"author":1,"featured_media":0,"parent":0,"menu_order":0,"comment_status":"closed","ping_status":"closed","template":"","meta":{"footnotes":""},"class_list":["post-2829","page","type-page","status-publish","hentry"],"aioseo_notices":[],"_links":{"self":[{"href":"https:\/\/www.gerriets-acoustics.com\/es\/wp-json\/wp\/v2\/pages\/2829","targetHints":{"allow":["GET"]}}],"collection":[{"href":"https:\/\/www.gerriets-acoustics.com\/es\/wp-json\/wp\/v2\/pages"}],"about":[{"href":"https:\/\/www.gerriets-acoustics.com\/es\/wp-json\/wp\/v2\/types\/page"}],"author":[{"embeddable":true,"href":"https:\/\/www.gerriets-acoustics.com\/es\/wp-json\/wp\/v2\/users\/1"}],"replies":[{"embeddable":true,"href":"https:\/\/www.gerriets-acoustics.com\/es\/wp-json\/wp\/v2\/comments?post=2829"}],"version-history":[{"count":3,"href":"https:\/\/www.gerriets-acoustics.com\/es\/wp-json\/wp\/v2\/pages\/2829\/revisions"}],"predecessor-version":[{"id":10953,"href":"https:\/\/www.gerriets-acoustics.com\/es\/wp-json\/wp\/v2\/pages\/2829\/revisions\/10953"}],"wp:attachment":[{"href":"https:\/\/www.gerriets-acoustics.com\/es\/wp-json\/wp\/v2\/media?parent=2829"}],"curies":[{"name":"wp","href":"https:\/\/api.w.org\/{rel}","templated":true}]}}