{"id":4884,"date":"2021-02-03T14:45:25","date_gmt":"2021-02-03T13:45:25","guid":{"rendered":"https:\/\/gerriets2021.webproofed.de\/?page_id=4884"},"modified":"2025-09-17T15:40:44","modified_gmt":"2025-09-17T13:40:44","slug":"schallschutz-im-buero","status":"publish","type":"page","link":"https:\/\/www.gerriets-acoustics.com\/es\/planificacion-consultoria\/insonorizacion-en-la-oficina\/","title":{"rendered":"Aislamiento ac\u00fastico en la oficina"},"content":{"rendered":"<section class=\"wpb-content-wrapper\"><div id=\"absorberlight\" class=\"section-row\" ><div class=\"section-row-bg-container section-row-bg-container-absorberlight\"><div class=\"section-row-bg section-row-bg-color\"  ><\/div><\/div><div class=\"container\"><div class=\"vc_row vc_row_fluid\"><div id=\"agni-column-62099\" class=\"wpb_column agni_column_container agni_column vc_column_container vc_col-sm-12\"><div class=\"agni_column-inner vc_column-inner text-left\"  ><div class=\"section-column-bg-container section-column-bg-container-agni-column-62099\" ><div class=\"section-column-bg section-column-bg-color\"  ><\/div><\/div><div class=\"wpb_wrapper\"><div class=\"agni_empty_space vc_empty_space\"  style=\"height: 80px\" data-height = \"80px\" data-height-tab = \"70\" data-height-mobile = \"5\"><span class=\"vc_empty_space_inner\"><\/span><\/div>\n<div class=\"agni_custom_heading page-scroll\" ><h1 class=\"vc_custom_heading agni_custom_heading_content\" style=\"font-size: 36px;text-align: center; \"><span>Aislamiento ac\u00fastico en la oficina: por fin es posible trabajar en silencio y de forma productiva<\/span><\/h1><\/div><div class=\"agni_empty_space vc_empty_space\"  style=\"height: 30px\" data-height = \"30px\" data-height-tab = \"50\" data-height-mobile = \"5\"><span class=\"vc_empty_space_inner\"><\/span><\/div>\n\n\t<div id=\"\" class=\"agni_text_column agni-text-block\"  style=\"padding-bottom: 15px; \">\n\t\t<p>No hay nada m\u00e1s molesto en la oficina que el malestar ac\u00fastico, porque tiene un impacto significativo en la salud, la concentraci\u00f3n y el rendimiento de sus empleados. El ruido en la oficina aumenta la tasa de errores y el nivel de estr\u00e9s. Por eso es tan importante el aislamiento ac\u00fastico en la oficina. Los absorbentes ac\u00fasticos y las paredes insonorizadas pueden reducir el ruido en la oficina y optimizar as\u00ed el aislamiento ac\u00fastico de la misma.<\/p>\n<p>Los Gerriets <a href=\"https:\/\/www.gerriets-acoustics.com\/es\/cortinas-insonorizadas\/cortina-oficina\/\" target=\"_blank\" rel=\"noopener\"><span style=\"color: #999999;\">Cortina ac\u00fastica OFFICE<\/span><\/a> por ejemplo, consigue un aislamiento ac\u00fastico de hasta 26 decibelios. Eso es mucho, porque incluso 10 decibelios menos reducen a la mitad la sonoridad percibida y, por tanto, mejoran el rendimiento. Adem\u00e1s, las cortinas insonorizadas tambi\u00e9n pueden mejorar el aire de la habitaci\u00f3n y quedar muy bien. Con el <span style=\"color: #999999;\"><a style=\"color: #999999;\" href=\"https:\/\/www.gerriets-acoustics.com\/es\/cortinas-insonorizadas\/cortina-de-sonido-oficina-ventana\/\" target=\"_blank\" rel=\"noopener\">OFFICE WINDOWS<\/a><\/span> se pueden crear espacios de oficina iluminados por el sol y ac\u00fasticamente optimizados. Descubra c\u00f3mo los absorbentes ac\u00fasticos pueden proteger contra el ruido en el lugar de trabajo para mejorar la salud y la productividad en las oficinas.<\/p>\n<p class=\"translation-block\">\u00bfDesea coordinar con nosotros su soluci\u00f3n personal de insonorizaci\u00f3n en la oficina o necesita ayuda general para planificar su ac\u00fastica en la oficina? \u00a1P\u00f3ngase en contacto con nosotros <span style=\"color: #999999\"><a style=\"color: #999999\" href=\"https:\/\/www.gerriets-acoustics.com\/es\/pongase-en-contacto-con\/\" target=\"_blank\" rel=\"noopener\">aqu\u00ed <\/a><\/span>!<\/p>\n\n\t<\/div>\n<div class=\"agni-button  text-center page-scroll\"><a class=\"btn btn-alt btn-lg btn-accent\" target=\"_blank\" href=\"https:\/\/www.gerriets-acoustics.com\/es\/pongase-en-contacto-con\/\"  >Cont\u00e1ctenos<\/a><\/div><div class=\"agni_empty_space vc_empty_space\"  style=\"height: 30px\" data-height = \"30px\" data-height-tab = \"50\" data-height-mobile = \"5\"><span class=\"vc_empty_space_inner\"><\/span><\/div>\n<div class=\"separator separator_center\" style=\"width:100%; \">\r\n\t\t\t\t\t<span class=\"sep_holder sep_holder_l\"><span style=\"border-top-style:solid; border-color:\" class=\"sep_line\"><\/span><\/span>\r\n\t\t\t\t\t\r\n\t\t\t\t\t<span class=\"sep_holder sep_holder_r\"><span style=\"border-top-style:solid; border-color:\" class=\"sep_line\"><\/span><\/span>\r\n\t\t\t\t<\/div><div class=\"agni_empty_space vc_empty_space\"  style=\"height: 80px\" data-height = \"80px\" data-height-tab = \"50\" data-height-mobile = \"5\"><span class=\"vc_empty_space_inner\"><\/span><\/div>\n<\/div><\/div><\/div><\/div><\/div><\/div><section class=\"vc_section agni-section\"><div id=\"agni-row-10402\" class=\"section-row\" ><div class=\"section-row-bg-container section-row-bg-container-agni-row-10402\"><div class=\"section-row-bg section-row-bg-color\"  ><\/div><\/div><div class=\"container\"><div class=\"vc_row vc_row_fluid\"><div id=\"agni-column-62632\" class=\"wpb_column agni_column_container agni_column vc_column_container vc_col-sm-12\"><div class=\"agni_column-inner vc_column-inner text-left\"  ><div class=\"section-column-bg-container section-column-bg-container-agni-column-62632\" ><div class=\"section-column-bg section-column-bg-color\"  ><\/div><\/div><div class=\"wpb_wrapper\"><div class=\"agni_custom_heading page-scroll\" ><h2 class=\"vc_custom_heading agni_custom_heading_content\" style=\"font-size: 24px;text-align: left; \"><span>\u00bfQu\u00e9 es el ruido y qu\u00e9 efectos tiene sobre nosotros?<\/span><\/h2><\/div><\/div><\/div><\/div><\/div><\/div><\/div><div id=\"agni-row-36742\" class=\"section-row\" style=\"padding-top: 30px; padding-bottom: 30px; \"><div class=\"section-row-bg-container section-row-bg-container-agni-row-36742\"><div class=\"section-row-bg section-row-bg-color\"  ><\/div><\/div><div class=\"container\"><div class=\"vc_row vc_row_fluid vc_row-o-equal-height vc_row-o-content-middle vc_row-flex\"><div id=\"agni-column-39219\" class=\"wpb_column agni_column_container agni_column vc_column_container vc_col-sm-6\"><div class=\"agni_column-inner vc_column-inner text-left\"  ><div class=\"section-column-bg-container section-column-bg-container-agni-column-39219\" ><div class=\"section-column-bg section-column-bg-color\"  ><\/div><\/div><div class=\"wpb_wrapper\">\n\t<div id=\"\" class=\"agni_text_column agni-text-block\"  >\n\t\t<p>El ruido se define como un sonido no deseado:<\/p>\n\n\t<\/div>\n<div class=\"agni_empty_space vc_empty_space\"  style=\"height: 5px\" data-height = \"5px\" data-height-tab = \"50\" data-height-mobile = \"5\"><span class=\"vc_empty_space_inner\"><\/span><\/div>\n<ul class=\"list\">\n<li><i class=\"ion-android-checkbox-blank\" style=\"color:#dddddd\"><\/i>En la oficina, la contaminaci\u00f3n ac\u00fastica se considera un importante factor de perturbaci\u00f3n y estr\u00e9s<\/li>\n<li><i class=\"ion-android-checkbox-blank\" style=\"color:#dddddd\"><\/i>Afecta negativamente a la salud y al bienestar subjetivo<\/li>\n<li><i class=\"ion-android-checkbox-blank\" style=\"color:#dddddd\"><\/i>Reduce la concentraci\u00f3n y el rendimiento<\/li>\n<li><i class=\"ion-android-checkbox-blank\" style=\"color:#dddddd\"><\/i>Interrumpe la comunicaci\u00f3n<\/li>\n<\/ul>\n<div class=\"agni_empty_space vc_empty_space\"  style=\"height: 30px\" data-height = \"30px\" data-height-tab = \"50\" data-height-mobile = \"5\"><span class=\"vc_empty_space_inner\"><\/span><\/div>\n\n\t<div id=\"\" class=\"agni_text_column agni-text-block\"  >\n\t\t<p>Por ello, la planificaci\u00f3n de la ac\u00fastica del interior es esencial tanto para oficinas como para estancias privadas y edificios p\u00fablicos. Un dise\u00f1o ac\u00fastico adecuado para un espacio interior:<\/p>\n\n\t<\/div>\n<div class=\"agni_empty_space vc_empty_space\"  style=\"height: 5px\" data-height = \"5px\" data-height-tab = \"50\" data-height-mobile = \"5\"><span class=\"vc_empty_space_inner\"><\/span><\/div>\n<ul class=\"list\">\n<li><i class=\"ion-android-checkbox-blank\" style=\"color:#dddddd\"><\/i>Reduce el nivel de ruido<\/li>\n<li><i class=\"ion-android-checkbox-blank\" style=\"color:#dddddd\"><\/i>Aumenta la inteligibilidad del habla<\/li>\n<li><i class=\"ion-android-checkbox-blank\" style=\"color:#dddddd\"><\/i>Mejora la impresi\u00f3n subjetiva del espacio<\/li>\n<\/ul>\n<div class=\"agni_empty_space vc_empty_space\"  style=\"height: 20px\" data-height = \"20px\" data-height-tab = \"50\" data-height-mobile = \"5\"><span class=\"vc_empty_space_inner\"><\/span><\/div>\n<\/div><\/div><\/div><div id=\"agni-column-70897\" class=\"wpb_column agni_column_container agni_column vc_column_container vc_col-sm-6\"><div class=\"agni_column-inner vc_column-inner text-left\" style=\"padding-left: 30px; \" ><div class=\"section-column-bg-container section-column-bg-container-agni-column-70897\" ><div class=\"section-column-bg section-column-bg-color\"  ><\/div><\/div><div class=\"wpb_wrapper\"><div class=\"agni-image custom-image-container text-left\">\r\n\t\t\t<figure class=\"agni-image-figure\">\r\n\t\t\t\t<img loading=\"lazy\" decoding=\"async\" style=\"\" width=\"1500\" height=\"1000\" src=\"https:\/\/www.gerriets-acoustics.com\/wp-content\/uploads\/2022\/03\/gerriets-akustik-projekt-berlin-change-hub-1500x1000pix.jpg\" class=\"fullwidth-image attachment-full  attachment-full\" alt=\"Taller creativo amarillo, sala dentro de una sala con cortinas ac\u00fasticas\" title=\"OFFICE cortinas de sonido con construcci\u00f3n de soporte para sistema de ra\u00edles, Change Hub Berlin\" srcset=\"https:\/\/www.gerriets-acoustics.com\/wp-content\/uploads\/2022\/03\/gerriets-akustik-projekt-berlin-change-hub-1500x1000pix.jpg 1500w, https:\/\/www.gerriets-acoustics.com\/wp-content\/uploads\/2022\/03\/gerriets-akustik-projekt-berlin-change-hub-1500x1000pix-300x200.jpg 300w, https:\/\/www.gerriets-acoustics.com\/wp-content\/uploads\/2022\/03\/gerriets-akustik-projekt-berlin-change-hub-1500x1000pix-1024x683.jpg 1024w, https:\/\/www.gerriets-acoustics.com\/wp-content\/uploads\/2022\/03\/gerriets-akustik-projekt-berlin-change-hub-1500x1000pix-768x512.jpg 768w, https:\/\/www.gerriets-acoustics.com\/wp-content\/uploads\/2022\/03\/gerriets-akustik-projekt-berlin-change-hub-1500x1000pix-18x12.jpg 18w, https:\/\/www.gerriets-acoustics.com\/wp-content\/uploads\/2022\/03\/gerriets-akustik-projekt-berlin-change-hub-1500x1000pix-960x640.jpg 960w\" sizes=\"auto, (max-width: 1500px) 100vw, 1500px\" \/>\r\n\t\t\t\t<figcaption class=\"vc_figure-caption\"><\/figcaption>\r\n\t\t\t<\/figure>\r\n\t\t<\/div><\/div><\/div><\/div><\/div><\/div><\/div><div id=\"agni-row-96265\" class=\"section-row\" ><div class=\"section-row-bg-container section-row-bg-container-agni-row-96265\"><div class=\"section-row-bg section-row-bg-color\"  ><\/div><\/div><div class=\"container\"><div class=\"vc_row vc_row_fluid\"><div id=\"agni-column-19657\" class=\"wpb_column agni_column_container agni_column vc_column_container vc_col-sm-12\"><div class=\"agni_column-inner vc_column-inner text-left\"  ><div class=\"section-column-bg-container section-column-bg-container-agni-column-19657\" ><div class=\"section-column-bg section-column-bg-color\"  ><\/div><\/div><div class=\"wpb_wrapper\"><div class=\"vc_tta-container\" data-vc-action=\"collapseAll\"><div class=\"vc_general vc_tta vc_tta-accordion vc_tta-color-white vc_tta-style-classic vc_tta-shape-rounded vc_tta-o-shape-group vc_tta-controls-align-left vc_tta-o-all-clickable\"><div class=\"vc_tta-panels-container\"><div class=\"vc_tta-panels\"><div class=\"vc_tta-panel\" id=\"1612360733376-01b763a4-a74f\" data-vc-content=\".vc_tta-panel-body\"><div class=\"vc_tta-panel-heading\"><h3 class=\"vc_tta-panel-title vc_tta-controls-icon-position-left\"><a href=\"#1612360733376-01b763a4-a74f\" data-vc-accordion data-vc-container=\".vc_tta-container\"><span class=\"vc_tta-title-text\">Cinco tipos de eventos sonoros<\/span><i class=\"vc_tta-controls-icon vc_tta-controls-icon-plus\"><\/i><\/a><\/h3><\/div><div class=\"vc_tta-panel-body\">\n\t<div id=\"\" class=\"agni_text_column agni-text-block\"  >\n\t\t<p>\"Sonido\" es el nombre que recibe la propagaci\u00f3n de diminutas variaciones de presi\u00f3n en un medio el\u00e1stico. Nuestro o\u00eddo convierte estas diferencias de presi\u00f3n en se\u00f1ales el\u00e9ctricas que nuestro cerebro procesa para que podamos o\u00edr algo. Hay cinco tipos de eventos sonoros:<\/p>\n<ul>\n<li>Tono: vibraci\u00f3n peri\u00f3dica y sinusoidal (por ejemplo, un diapas\u00f3n).<\/li>\n<li>Sonido: una oscilaci\u00f3n peri\u00f3dica no sinusoidal (por ejemplo, el sonido de un viol\u00edn).<\/li>\n<li>Ruido: una vibraci\u00f3n irregular (por ejemplo, el habla).<\/li>\n<li>Estallido: vibraci\u00f3n irregular con un gran impulso inicial (por ejemplo, el disparo de un rifle).<\/li>\n<li>Ruido: debido a la estructura (generalmente sonora), ruido molesto, estresante o perjudicial.<\/li>\n<\/ul>\n<p>Si la vibraci\u00f3n se transporta a trav\u00e9s de un medio el\u00e1stico, el sonido puede propagarse. Los medios pueden ser aire, agua o hierro, por ejemplo. La fluctuaci\u00f3n de presi\u00f3n se denomina onda sonora cuando se propaga. Alcanza una velocidad del sonido de 343 m\/s en el aire a 20 grados Celsius.<\/p>\n<p>La intensidad de un evento sonoro depende de la presi\u00f3n sonora respectiva y se indica con la unidad decibelio.<\/p>\n\n\t<\/div>\n<\/div><\/div><div class=\"vc_tta-panel\" id=\"1612369760664-9beef344-25ee\" data-vc-content=\".vc_tta-panel-body\"><div class=\"vc_tta-panel-heading\"><h3 class=\"vc_tta-panel-title vc_tta-controls-icon-position-left\"><a href=\"#1612369760664-9beef344-25ee\" data-vc-accordion data-vc-container=\".vc_tta-container\"><span class=\"vc_tta-title-text\">C\u00f3mo se relaciona la salud con el ruido<\/span><i class=\"vc_tta-controls-icon vc_tta-controls-icon-plus\"><\/i><\/a><\/h3><\/div><div class=\"vc_tta-panel-body\"><div id=\"agni-row-inner-88634\" class=\"section-row-inner vc_inner\" ><div class=\"section-row-inner-bg-container section-row-inner-bg-container-agni-row-inner-88634\"><div class=\"section-row-inner-bg section-row-inner-bg-color\"  ><\/div><\/div><div class=\"vc_row vc_row_fluid\"><div class=\"wpb_column agni_column_container vc_column_container vc_col-sm-12\"><div class=\"section-column-bg-container section-column-bg-container-agni-column-62315\"><div class=\"section-column-inner-bg section-column-inner-bg-color\"  ><\/div><\/div><div class=\"agni_column-inner vc_column-inner text-left\" ><div class=\"wpb_wrapper\">\n\t<div id=\"\" class=\"agni_text_column agni-text-block\"  >\n\t\t<p>A diferencia de lo que ocurre en los talleres mec\u00e1nicos o en las zonas de trabajo, el ruido que se produce en la oficina no suele ser perjudicial para la audici\u00f3n. Sin embargo, el sonido molesto y la mala ac\u00fastica distraen, impiden los procesos creativos y pueden tener efectos duraderos en el cuerpo y la psique. Se ha demostrado que el nivel de hormonas del estr\u00e9s aumenta, as\u00ed como la presi\u00f3n arterial y la frecuencia cardiaca. Por esta raz\u00f3n, la Normativa alemana sobre lugares de trabajo tambi\u00e9n describe que la contaminaci\u00f3n ac\u00fastica en los lugares de trabajo con pantallas de visualizaci\u00f3n debe mantenerse baja para no perjudicar demasiado la concentraci\u00f3n y la inteligibilidad del habla\u00b9.<\/p>\n\n\t<\/div>\n\n\t<div id=\"\" class=\"agni_text_column agni-text-block\"  >\n\t\t<table style=\"border-collapse: collapse; width: 100%;\">\n<tbody>\n<tr>\n<td style=\"width: 50%;\"><img loading=\"lazy\" decoding=\"async\" class=\"aligncenter wp-image-9257\" src=\"https:\/\/www.gerriets-acoustics.com\/wp-content\/uploads\/2022\/06\/Gerriets-DEEN-Website-Grafik-Schallschutz-Buero-1-1500pix-300x200.jpg\" alt=\"\" width=\"450\" height=\"300\" srcset=\"https:\/\/www.gerriets-acoustics.com\/wp-content\/uploads\/2022\/06\/Gerriets-DEEN-Website-Grafik-Schallschutz-Buero-1-1500pix-300x200.jpg 300w, https:\/\/www.gerriets-acoustics.com\/wp-content\/uploads\/2022\/06\/Gerriets-DEEN-Website-Grafik-Schallschutz-Buero-1-1500pix-1024x683.jpg 1024w, https:\/\/www.gerriets-acoustics.com\/wp-content\/uploads\/2022\/06\/Gerriets-DEEN-Website-Grafik-Schallschutz-Buero-1-1500pix-768x512.jpg 768w, https:\/\/www.gerriets-acoustics.com\/wp-content\/uploads\/2022\/06\/Gerriets-DEEN-Website-Grafik-Schallschutz-Buero-1-1500pix-18x12.jpg 18w, https:\/\/www.gerriets-acoustics.com\/wp-content\/uploads\/2022\/06\/Gerriets-DEEN-Website-Grafik-Schallschutz-Buero-1-1500pix-960x640.jpg 960w, https:\/\/www.gerriets-acoustics.com\/wp-content\/uploads\/2022\/06\/Gerriets-DEEN-Website-Grafik-Schallschutz-Buero-1-1500pix.jpg 1500w\" sizes=\"auto, (max-width: 450px) 100vw, 450px\" \/><\/td>\n<td style=\"width: 50%;\"><img loading=\"lazy\" decoding=\"async\" class=\"aligncenter wp-image-9258\" src=\"https:\/\/www.gerriets-acoustics.com\/wp-content\/uploads\/2022\/06\/Gerriets-DEEN-Website-Grafik-Schallschutz-Buero-2-1500pix-300x200.jpg\" alt=\"\" width=\"450\" height=\"300\" srcset=\"https:\/\/www.gerriets-acoustics.com\/wp-content\/uploads\/2022\/06\/Gerriets-DEEN-Website-Grafik-Schallschutz-Buero-2-1500pix-300x200.jpg 300w, https:\/\/www.gerriets-acoustics.com\/wp-content\/uploads\/2022\/06\/Gerriets-DEEN-Website-Grafik-Schallschutz-Buero-2-1500pix-1024x683.jpg 1024w, https:\/\/www.gerriets-acoustics.com\/wp-content\/uploads\/2022\/06\/Gerriets-DEEN-Website-Grafik-Schallschutz-Buero-2-1500pix-768x512.jpg 768w, https:\/\/www.gerriets-acoustics.com\/wp-content\/uploads\/2022\/06\/Gerriets-DEEN-Website-Grafik-Schallschutz-Buero-2-1500pix-18x12.jpg 18w, https:\/\/www.gerriets-acoustics.com\/wp-content\/uploads\/2022\/06\/Gerriets-DEEN-Website-Grafik-Schallschutz-Buero-2-1500pix-960x640.jpg 960w, https:\/\/www.gerriets-acoustics.com\/wp-content\/uploads\/2022\/06\/Gerriets-DEEN-Website-Grafik-Schallschutz-Buero-2-1500pix.jpg 1500w\" sizes=\"auto, (max-width: 450px) 100vw, 450px\" \/><\/td>\n<\/tr>\n<\/tbody>\n<\/table>\n\n\t<\/div>\n<div class=\"agni_empty_space vc_empty_space\"  style=\"height: 20px\" data-height = \"20px\" data-height-tab = \"20px\" data-height-mobile = \"20px\"><span class=\"vc_empty_space_inner\"><\/span><\/div>\n\n\t<div id=\"\" class=\"agni_text_column agni-text-block\"  >\n\t\t<p><span style=\"font-size: 10pt;\"><em>1) Normativa sobre lugares de trabajo de 12 de agosto de 2004 (Bolet\u00edn Oficial del Estado, parte I, S 2179, Alemania), modificada en \u00faltimo lugar por el art. 1 V, de 30.11.2016, parte I, S 2681.<\/em><\/span><br \/>\n<span style=\"font-size: 10pt;\"><em>2) Sch\u00f6npflug &amp; Schulz, 1979.<\/em><\/span><br \/>\n<span style=\"font-size: 10pt;\"><em>3) Evaluaci\u00f3n del ruido - lugares de trabajo de oficina, Dortmund 1996, Instituto Federal para la Seguridad y la Salud en el Trabajo (BAuA) Frecuencia de errores en las actividades administrativas en funci\u00f3n del nivel de ruido<\/em><\/span><\/p>\n<p>Una cortina ac\u00fastica puede conseguir hasta 26 dB de aislamiento ac\u00fastico. Para poder estimar este valor, aqu\u00ed encontrar\u00e1 un resumen de los distintos niveles sonoros:<\/p>\n<ul>\n<li>Respiraci\u00f3n normal: 10 dB<\/li>\n<li>Tictac del despertador: 30 dB<\/li>\n<li>Biblioteca silenciosa: 40 dB<\/li>\n<li>Conversaci\u00f3n normal: 50 dB<\/li>\n<li>Carretera principal durante el d\u00eda: 70 dB<\/li>\n<li>Moto: 90 dB<\/li>\n<li>Martillo neum\u00e1tico, sierra circular: 100 dB<\/li>\n<li>Concierto de rock, discoteca: 110 dB<\/li>\n<li>Prueba de aviones a reacci\u00f3n: 120 dB<\/li>\n<li>Disparo de rifle a 1 m de distancia: 130 dB<\/li>\n<\/ul>\n<p>Pueden producirse da\u00f1os auditivos por encima de 85 dB, por encima de 120 dB al cabo de poco tiempo. Por ello, 85 dB es el valor l\u00edmite a partir del cual se recomienda la protecci\u00f3n auditiva en el lugar de trabajo. El riesgo de enfermedades cardiovasculares aumenta a partir de 65 dB, los trastornos del aprendizaje y la concentraci\u00f3n pueden aparecer ya a partir de 45 dB, es decir, el rango entre una biblioteca silenciosa y una conversaci\u00f3n normal.<\/p>\n<p>El sistema de 12 capas <a href=\"https:\/\/www.gerriets-acoustics.com\/es\/cortinas-insonorizadas\/cortina-oficina\/\" target=\"_blank\" rel=\"noopener\"><span style=\"color: #999999;\">Cortina ac\u00fastica OFFICE<\/span><\/a> consigue un aislamiento ac\u00fastico de hasta 26 dB, dependiendo de la situaci\u00f3n de instalaci\u00f3n. Si antes el ruido en la oficina recordaba m\u00e1s al de una carretera con mucho tr\u00e1fico, ahora se crea una atm\u00f3sfera parecida a la de una biblioteca. As\u00ed es como se consiguen mejoras notables en el lugar de trabajo.<\/p>\n<p class=\"translation-block\">\u00bfDesea coordinar con nosotros su soluci\u00f3n personal de insonorizaci\u00f3n en la oficina o necesita ayuda general para planificar su ac\u00fastica en la oficina? \u00a1P\u00f3ngase en contacto con nosotros <span style=\"color: #999999\"><a style=\"color: #999999\" href=\"https:\/\/www.gerriets-acoustics.com\/es\/pongase-en-contacto-con\/\" target=\"_blank\" rel=\"noopener\">aqu\u00ed <\/a><\/span>!<\/p>\n\n\t<\/div>\n<\/div><\/div><\/div><\/div><\/div><\/div><\/div><div class=\"vc_tta-panel\" id=\"1612361037199-945cb447-bef1\" data-vc-content=\".vc_tta-panel-body\"><div class=\"vc_tta-panel-heading\"><h3 class=\"vc_tta-panel-title vc_tta-controls-icon-position-left\"><a href=\"#1612361037199-945cb447-bef1\" data-vc-accordion data-vc-container=\".vc_tta-container\"><span class=\"vc_tta-title-text\">Nuestras soluciones de aislamiento ac\u00fastico para oficinas<\/span><i class=\"vc_tta-controls-icon vc_tta-controls-icon-plus\"><\/i><\/a><\/h3><\/div><div class=\"vc_tta-panel-body\">\n\t<div id=\"\" class=\"agni_text_column agni-text-block\"  >\n\t\t<p>Evitar el ruido en una oficina di\u00e1fana es casi imposible. Esto se debe a que, inevitablemente, en los grandes espacios de trabajo hay muchas fuentes de ruido y, cuanto mayor es el espacio de la oficina, m\u00e1s lejos puede propagarse el sonido: impresoras, fotocopiadoras, esc\u00e1neres, tel\u00e9fonos, aparatos de aire acondicionado, ventiladores y, sobre todo, las conversaciones de los compa\u00f1eros y las reuniones hacen que la concentraci\u00f3n se resienta mucho debido al ruido en el lugar de trabajo de la oficina.<\/p>\n<p>Los absorbentes ac\u00fasticos para la oficina, como cortinas de tejidos ac\u00fasticos o cuadros ac\u00fasticos, pueden mejorar esta situaci\u00f3n reduciendo el tiempo de reverberaci\u00f3n del conjunto hasta un nivel recomendable. Los separadores de espacios, los tabiques o las cortinas fonoabsorbentes ayudan a separar las zonas de reuni\u00f3n y crean una isla de tranquilidad. No s\u00f3lo los participantes en la reuni\u00f3n se alegran de ello, sino tambi\u00e9n los dem\u00e1s, que ahora ya no son participantes no deseados en la reuni\u00f3n. Pero las cortinas insonorizantes tambi\u00e9n pueden utilizarse para crear y mantener salas de reflexi\u00f3n, zonas de recreo o salas de trabajo intensivo. Aqu\u00ed no hay l\u00edmites para la imaginaci\u00f3n.<\/p>\n<p>Puede combinar nuestras cortinas ac\u00fasticas de diversas formas: con distintos valores de aislamiento, con una cara visible monocolor o con una elaborada impresi\u00f3n, con funcionamiento manual o automatizado: la variable y atractiva alternativa a la pared insonorizante se adapta perfectamente a sus deseos. Tambi\u00e9n puede reequipar las cortinas con capas interiores adicionales en cualquier momento para aumentar a\u00fan m\u00e1s el aislamiento ac\u00fastico en la oficina.<\/p>\n\n\t<\/div>\n<\/div><\/div><\/div><\/div><\/div><\/div><\/div><\/div><\/div><\/div><\/div><\/div><\/section><section class=\"vc_section agni-section\"><div id=\"agni-row-15119\" class=\"section-row\" style=\"padding-top: 30px; padding-bottom: 30px; \"><div class=\"section-row-bg-container section-row-bg-container-agni-row-15119\"><div class=\"section-row-bg section-row-bg-color\"  ><\/div><\/div><div class=\"container\"><div class=\"vc_row vc_row_fluid\"><div id=\"agni-column-40219\" class=\"wpb_column agni_column_container agni_column vc_column_container vc_col-sm-12\"><div class=\"agni_column-inner vc_column-inner text-left\"  ><div class=\"section-column-bg-container section-column-bg-container-agni-column-40219\" ><div class=\"section-column-bg section-column-bg-color\"  ><\/div><\/div><div class=\"wpb_wrapper\"><div id=\"agni-row-inner-88549\" class=\"section-row-inner vc_inner\" ><div class=\"section-row-inner-bg-container section-row-inner-bg-container-agni-row-inner-88549\"><div class=\"section-row-inner-bg section-row-inner-bg-color\"  ><\/div><\/div><div class=\"vc_row vc_row_fluid\"><div class=\"wpb_column agni_column_container vc_column_container vc_col-sm-12\"><div class=\"section-column-bg-container section-column-bg-container-agni-column-23373\"><div class=\"section-column-inner-bg section-column-inner-bg-color\"  ><\/div><\/div><div class=\"agni_column-inner vc_column-inner text-left\" ><div class=\"wpb_wrapper\"><div class=\"agni_empty_space vc_empty_space\"  style=\"height: 80px\" data-height = \"80px\" data-height-tab = \"80px\" data-height-mobile = \"80px\"><span class=\"vc_empty_space_inner\"><\/span><\/div>\n<div class=\"separator separator_center\" style=\"width:100%; \">\r\n\t\t\t\t\t<span class=\"sep_holder sep_holder_l\"><span style=\"border-top-style:solid; border-color:\" class=\"sep_line\"><\/span><\/span>\r\n\t\t\t\t\t\r\n\t\t\t\t\t<span class=\"sep_holder sep_holder_r\"><span style=\"border-top-style:solid; border-color:\" class=\"sep_line\"><\/span><\/span>\r\n\t\t\t\t<\/div><div class=\"agni_empty_space vc_empty_space\"  style=\"height: 80px\" data-height = \"80px\" data-height-tab = \"80px\" data-height-mobile = \"80px\"><span class=\"vc_empty_space_inner\"><\/span><\/div>\n<div class=\"agni_custom_heading page-scroll\" ><h2 class=\"vc_custom_heading agni_custom_heading_content\" style=\"text-align: center; \"><span>Lo m\u00e1s destacado entre los absorbentes ac\u00fasticos para oficinas<\/span><\/h2><div class=\"divide-line text-center\"><span style=\"width:90px; height:1px; background-color:#000000\"><\/span><\/div><\/div><div class=\"agni_empty_space vc_empty_space\"  style=\"height: 40px\" data-height = \"40px\" data-height-tab = \"40px\" data-height-mobile = \"40px\"><span class=\"vc_empty_space_inner\"><\/span><\/div>\n<\/div><\/div><\/div><\/div><\/div><div id=\"agni-row-inner-68435\" class=\"section-row-inner vc_inner\" ><div class=\"section-row-inner-bg-container section-row-inner-bg-container-agni-row-inner-68435\"><div class=\"section-row-inner-bg section-row-inner-bg-color\"  ><\/div><\/div><div class=\"vc_row vc_row_fluid\"><div class=\"wpb_column agni_column_container vc_column_container vc_col-sm-6\"><div class=\"section-column-bg-container section-column-bg-container-agni-column-63851\"><div class=\"section-column-inner-bg section-column-inner-bg-color\"  ><\/div><\/div><div class=\"agni_column-inner vc_column-inner text-left\" ><div class=\"wpb_wrapper\"><div class=\"animate\" data-animation-offset=\"95%\" data-animation=\"1\" style=\"animation-duration: 0.8s; \tanimation-delay: 0.4s; \t-moz-animation-duration: 0.8s; \t-moz-animation-delay: 0.4s; \t-webkit-animation-duration: 0.8s; \t-webkit-animation-delay: 0.4s; \"><div class=\"agni_empty_space vc_empty_space\"  style=\"height: 32px\" data-height = \"32px\" data-height-tab = \"32px\" data-height-mobile = \"32px\"><span class=\"vc_empty_space_inner\"><\/span><\/div>\n<div class=\"agni_custom_heading page-scroll\" ><h3 class=\"vc_custom_heading agni_custom_heading_content\" style=\"font-size: 24px;text-align: left; \"><span>WOOLSERGE OFFICE<\/span><\/h3><\/div><div class=\"agni_custom_heading page-scroll\" ><h3 class=\"vc_custom_heading agni_custom_heading_content\" style=\"font-size: 18px;text-align: left; \"><span>tejido de lana natural<\/span><\/h3><\/div><div class=\"agni_empty_space vc_empty_space\"  style=\"height: 20px\" data-height = \"20px\" data-height-tab = \"20px\" data-height-mobile = \"20px\"><span class=\"vc_empty_space_inner\"><\/span><\/div>\n\n\t<div id=\"\" class=\"agni_text_column agni-text-block\"  >\n\t\t<p>El <span style=\"color: #999999;\"><a style=\"color: #999999;\" href=\"https:\/\/www.gerriets-acoustics.com\/es\/coleccion-acustica-interior\/tejidos-opacos\/#woolserge\" target=\"_blank\" rel=\"noopener\">WOOLSERGE OFFICE<\/a><\/span> tiene un 80 % de lana, por lo que su tacto es muy natural. Adem\u00e1s, el material natural absorbe la humedad y vuelve a liberarla, regulando as\u00ed el aire de la habitaci\u00f3n. Esto hace que este absorbente ac\u00fastico para oficinas sea altamente fonoabsorbente y regula la humedad. Est\u00e1 disponible en 20 colores diferentes: la soluci\u00f3n eficaz y vers\u00e1til para el aislamiento ac\u00fastico en oficinas.<\/p>\n<p>Puede encargar el tejido altamente absorbente WOOLSERGE OFFICE directamente en nuestra tienda.<\/p>\n\n\t<\/div>\n<ul class=\"list\">\n<li><i class=\"fa fa-shopping-cart\" style=\"color:#757575\"><\/i><span style=\"text-decoration: underline;\"><a href=\"https:\/\/www.gerriets.com\/de\/shop\/woolserge-office-1A15000518\/\" target=\"_blank\" rel=\"noopener\">Al producto en gerriets.es<\/a><\/span><\/li>\n<\/ul>\n<div class=\"agni_empty_space vc_empty_space\"  style=\"height: 20px\" data-height = \"20px\" data-height-tab = \"20px\" data-height-mobile = \"20px\"><span class=\"vc_empty_space_inner\"><\/span><\/div>\n<ul class=\"list\">\n<li><i class=\"ion-android-color-palette\" style=\"color:#757575\"><\/i><span style=\"text-decoration: underline;\"><a href=\"https:\/\/view.publitas.com\/gerriets-gmbh\/akustik-woolserge-office\/page\/1\" target=\"_blank\" rel=\"noopener\">WOOLSERGE OFFICE: carta de colores<\/a><\/span><\/li>\n<\/ul>\n<\/div><\/div><\/div><\/div><div class=\"wpb_column agni_column_container vc_column_container vc_col-sm-6\"><div class=\"section-column-bg-container section-column-bg-container-agni-column-47562\"><div class=\"section-column-inner-bg section-column-inner-bg-color\"  ><\/div><\/div><div class=\"agni_column-inner vc_column-inner text-left\" ><div class=\"wpb_wrapper\"><div class=\"agni_empty_space vc_empty_space\"  style=\"height: 32px\" data-height = \"32px\" data-height-tab = \"32px\" data-height-mobile = \"32px\"><span class=\"vc_empty_space_inner\"><\/span><\/div>\n<div class=\"agni-image custom-image-container text-right\">\r\n\t\t\t<figure class=\"agni-image-figure\">\r\n\t\t\t\t<img loading=\"lazy\" decoding=\"async\" style=\"\" width=\"1472\" height=\"982\" src=\"https:\/\/www.gerriets-acoustics.com\/wp-content\/uploads\/2021\/02\/g-Nagold-Haefele-OFFICE-9746.jpg\" class=\"fullwidth-image attachment-full  attachment-full\" alt=\"Cortina ac\u00fastica roja para separar la zona tranquila de la oficina\" title=\"Cortina ac\u00fastica OFFICE con tejido ac\u00fastico WOOLSERGE OFFICE, H\u00e4fele GmbH &amp; Co. KG, Nagold\" srcset=\"https:\/\/www.gerriets-acoustics.com\/wp-content\/uploads\/2021\/02\/g-Nagold-Haefele-OFFICE-9746.jpg 1472w, https:\/\/www.gerriets-acoustics.com\/wp-content\/uploads\/2021\/02\/g-Nagold-Haefele-OFFICE-9746-300x200.jpg 300w, https:\/\/www.gerriets-acoustics.com\/wp-content\/uploads\/2021\/02\/g-Nagold-Haefele-OFFICE-9746-1024x683.jpg 1024w, https:\/\/www.gerriets-acoustics.com\/wp-content\/uploads\/2021\/02\/g-Nagold-Haefele-OFFICE-9746-768x512.jpg 768w, https:\/\/www.gerriets-acoustics.com\/wp-content\/uploads\/2021\/02\/g-Nagold-Haefele-OFFICE-9746-16x12.jpg 16w, https:\/\/www.gerriets-acoustics.com\/wp-content\/uploads\/2021\/02\/g-Nagold-Haefele-OFFICE-9746-960x640.jpg 960w\" sizes=\"auto, (max-width: 1472px) 100vw, 1472px\" \/>\r\n\t\t\t\t<figcaption class=\"vc_figure-caption\"><\/figcaption>\r\n\t\t\t<\/figure>\r\n\t\t<\/div><\/div><\/div><\/div><\/div><\/div><\/div><\/div><\/div><\/div><\/div><\/div><div id=\"agni-row-71668\" class=\"section-row\" style=\"padding-top: 30px; padding-bottom: 30px; \"><div class=\"section-row-bg-container section-row-bg-container-agni-row-71668\"><div class=\"section-row-bg section-row-bg-color\"  ><\/div><\/div><div class=\"container\"><div class=\"vc_row vc_row_fluid\"><div id=\"agni-column-54104\" class=\"wpb_column agni_column_container agni_column vc_column_container vc_col-sm-12\"><div class=\"agni_column-inner vc_column-inner text-left\"  ><div class=\"section-column-bg-container section-column-bg-container-agni-column-54104\" ><div class=\"section-column-bg section-column-bg-color\"  ><\/div><\/div><div class=\"wpb_wrapper\"><div id=\"agni-row-inner-24927\" class=\"section-row-inner vc_inner\" ><div class=\"section-row-inner-bg-container section-row-inner-bg-container-agni-row-inner-24927\"><div class=\"section-row-inner-bg section-row-inner-bg-color\"  ><\/div><\/div><div class=\"vc_row vc_row_fluid\"><div class=\"wpb_column agni_column_container vc_column_container vc_col-sm-12\"><div class=\"section-column-bg-container section-column-bg-container-agni-column-19883\"><div class=\"section-column-inner-bg section-column-inner-bg-color\"  ><\/div><\/div><div class=\"agni_column-inner vc_column-inner text-left\" ><div class=\"wpb_wrapper\"><div class=\"agni_empty_space vc_empty_space\"  style=\"height: 80px\" data-height = \"80px\" data-height-tab = \"80px\" data-height-mobile = \"80px\"><span class=\"vc_empty_space_inner\"><\/span><\/div>\n<div class=\"separator separator_center\" style=\"width:100%; \">\r\n\t\t\t\t\t<span class=\"sep_holder sep_holder_l\"><span style=\"border-top-style:solid; border-color:\" class=\"sep_line\"><\/span><\/span>\r\n\t\t\t\t\t\r\n\t\t\t\t\t<span class=\"sep_holder sep_holder_r\"><span style=\"border-top-style:solid; border-color:\" class=\"sep_line\"><\/span><\/span>\r\n\t\t\t\t<\/div><div class=\"agni_empty_space vc_empty_space\"  style=\"height: 80px\" data-height = \"80px\" data-height-tab = \"80px\" data-height-mobile = \"80px\"><span class=\"vc_empty_space_inner\"><\/span><\/div>\n<\/div><\/div><\/div><\/div><\/div><div id=\"agni-row-inner-36122\" class=\"section-row-inner vc_inner\" ><div class=\"section-row-inner-bg-container section-row-inner-bg-container-agni-row-inner-36122\"><div class=\"section-row-inner-bg section-row-inner-bg-color\"  ><\/div><\/div><div class=\"vc_row vc_row_fluid vc_column-gap-30 vc_row-o-equal-height vc_row-o-content-middle vc_row-flex\"><div class=\"wpb_column agni_column_container vc_column_container vc_col-sm-6\"><div class=\"section-column-bg-container section-column-bg-container-agni-column-42939\"><div class=\"section-column-inner-bg section-column-inner-bg-color\"  ><\/div><\/div><div class=\"agni_column-inner vc_column-inner text-left\" ><div class=\"wpb_wrapper\"><div class=\"animate\" data-animation-offset=\"95%\" data-animation=\"1\" style=\"animation-duration: 0.8s; \tanimation-delay: 0.8s; \t-moz-animation-duration: 0.8s; \t-moz-animation-delay: 0.8s; \t-webkit-animation-duration: 0.8s; \t-webkit-animation-delay: 0.8s; \"><div class=\"agni-image custom-image-container text-left\">\r\n\t\t\t<figure class=\"agni-image-figure\">\r\n\t\t\t\t<a href=\"https:\/\/www.gerriets-acoustics.com\/es\/schallschutz\/schallvorhang-office\/\"  target=\"_blank\"><img loading=\"lazy\" decoding=\"async\" style=\"\" width=\"1334\" height=\"1000\" src=\"https:\/\/www.gerriets-acoustics.com\/wp-content\/uploads\/2021\/02\/STREIT-SIKLA-Juli-2014_05-ansicht.jpg\" class=\"fullwidth-image attachment-full  attachment-full\" alt=\"Ac\u00fastica variable para salas de reuniones y grupos de reflexi\u00f3n mediante cortinas insonorizadas\" title=\"Cortina ac\u00fastica OFFICE con sistema de carriles TRUMPF 95 OFFICE, Sikla GmbH Villingen-Schwenningen\" srcset=\"https:\/\/www.gerriets-acoustics.com\/wp-content\/uploads\/2021\/02\/STREIT-SIKLA-Juli-2014_05-ansicht.jpg 1334w, https:\/\/www.gerriets-acoustics.com\/wp-content\/uploads\/2021\/02\/STREIT-SIKLA-Juli-2014_05-ansicht-300x225.jpg 300w, https:\/\/www.gerriets-acoustics.com\/wp-content\/uploads\/2021\/02\/STREIT-SIKLA-Juli-2014_05-ansicht-1024x768.jpg 1024w, https:\/\/www.gerriets-acoustics.com\/wp-content\/uploads\/2021\/02\/STREIT-SIKLA-Juli-2014_05-ansicht-768x576.jpg 768w, https:\/\/www.gerriets-acoustics.com\/wp-content\/uploads\/2021\/02\/STREIT-SIKLA-Juli-2014_05-ansicht-16x12.jpg 16w, https:\/\/www.gerriets-acoustics.com\/wp-content\/uploads\/2021\/02\/STREIT-SIKLA-Juli-2014_05-ansicht-960x720.jpg 960w\" sizes=\"auto, (max-width: 1334px) 100vw, 1334px\" \/><\/a>\r\n\t\t\t\t<figcaption class=\"vc_figure-caption\"><\/figcaption>\r\n\t\t\t<\/figure>\r\n\t\t<\/div>\n\t<div id=\"\" class=\"agni_text_column agni-text-block\"  >\n\t\t\n\t<\/div>\n<\/div><\/div><\/div><\/div><div class=\"wpb_column agni_column_container vc_column_container vc_col-sm-6\"><div class=\"section-column-bg-container section-column-bg-container-agni-column-87500\"><div class=\"section-column-inner-bg section-column-inner-bg-color\"  ><\/div><\/div><div class=\"agni_column-inner vc_column-inner text-left\" ><div class=\"wpb_wrapper\"><div class=\"animate\" data-animation-offset=\"95%\" data-animation=\"1\" style=\"animation-duration: 0.8s; \tanimation-delay: 0.4s; \t-moz-animation-duration: 0.8s; \t-moz-animation-delay: 0.4s; \t-webkit-animation-duration: 0.8s; \t-webkit-animation-delay: 0.4s; \"><div class=\"agni_custom_heading page-scroll\" ><h3 class=\"vc_custom_heading agni_custom_heading_content\" style=\"font-size: 24px;text-align: left; \"><span>Cortina separadora de ambientes OFFICE<\/span><\/h3><\/div><div class=\"agni_custom_heading page-scroll\" ><h3 class=\"vc_custom_heading agni_custom_heading_content\" style=\"font-size: 18px;text-align: left; \"><span>Crear \u00e1reas de descanso individuales<\/span><\/h3><\/div><div class=\"agni_empty_space vc_empty_space\"  style=\"height: 20px\" data-height = \"20px\" data-height-tab = \"20px\" data-height-mobile = \"20px\"><span class=\"vc_empty_space_inner\"><\/span><\/div>\n\n\t<div id=\"\" class=\"agni_text_column agni-text-block\"  >\n\t\t<p>Si desea separar ac\u00fastica y visualmente distintas zonas de trabajo o crear islas de reuni\u00f3n, las <span style=\"color: #000000;\">cortinas ac\u00fasticas OFFICE<\/span> son la soluci\u00f3n ideal.<br \/>\nLas capas exteriores est\u00e1ndar en terciopelo <span style=\"color: #999999;\"><a style=\"color: #999999;\" href=\"https:\/\/www.gerriets-acoustics.com\/es\/coleccion-acustica-interior\/tejidos-opacos\/#alicante\" target=\"_blank\" rel=\"noopener\">ALICANTE<\/a><\/span> de Trevira CS son permanentemente ign\u00edfugos, lavables, fonoabsorbentes e inodoros. Por supuesto, el dise\u00f1o tambi\u00e9n puede personalizarse. La cortina ac\u00fastica OFFICE es ideal para dise\u00f1ar oficinas di\u00e1fanas.<\/p>\n<p>M\u00e1s informaci\u00f3n sobre la <span style=\"color: #999999;\"><a style=\"color: #999999;\" href=\"https:\/\/www.gerriets-acoustics.com\/es\/cortinas-insonorizadas\/cortina-oficina\/\" target=\"_blank\" rel=\"noopener\">Cortina ac\u00fastica OFFICE<\/a><\/span> de Gerriets.<\/p>\n\n\t<\/div>\n<\/div><\/div><\/div><\/div><\/div><\/div><\/div><\/div><\/div><\/div><\/div><\/div><div id=\"agni-row-27036\" class=\"section-row\" style=\"padding-top: 30px; padding-bottom: 30px; \"><div class=\"section-row-bg-container section-row-bg-container-agni-row-27036\"><div class=\"section-row-bg section-row-bg-color\"  ><\/div><\/div><div class=\"container\"><div class=\"vc_row vc_row_fluid\"><div id=\"agni-column-77477\" class=\"wpb_column agni_column_container agni_column vc_column_container vc_col-sm-12\"><div class=\"agni_column-inner vc_column-inner text-left\"  ><div class=\"section-column-bg-container section-column-bg-container-agni-column-77477\" ><div class=\"section-column-bg section-column-bg-color\"  ><\/div><\/div><div class=\"wpb_wrapper\"><div id=\"agni-row-inner-79720\" class=\"section-row-inner vc_inner\" ><div class=\"section-row-inner-bg-container section-row-inner-bg-container-agni-row-inner-79720\"><div class=\"section-row-inner-bg section-row-inner-bg-color\"  ><\/div><\/div><div class=\"vc_row vc_row_fluid\"><div class=\"wpb_column agni_column_container vc_column_container vc_col-sm-12\"><div class=\"section-column-bg-container section-column-bg-container-agni-column-59274\"><div class=\"section-column-inner-bg section-column-inner-bg-color\"  ><\/div><\/div><div class=\"agni_column-inner vc_column-inner text-left\" ><div class=\"wpb_wrapper\"><div class=\"separator separator_center\" style=\"width:100%; \">\r\n\t\t\t\t\t<span class=\"sep_holder sep_holder_l\"><span style=\"border-top-style:solid; border-color:\" class=\"sep_line\"><\/span><\/span>\r\n\t\t\t\t\t\r\n\t\t\t\t\t<span class=\"sep_holder sep_holder_r\"><span style=\"border-top-style:solid; border-color:\" class=\"sep_line\"><\/span><\/span>\r\n\t\t\t\t<\/div><div class=\"agni_empty_space vc_empty_space\"  style=\"height: 80px\" data-height = \"80px\" data-height-tab = \"80px\" data-height-mobile = \"80px\"><span class=\"vc_empty_space_inner\"><\/span><\/div>\n<\/div><\/div><\/div><\/div><\/div><div id=\"agni-row-inner-33109\" class=\"section-row-inner vc_inner\" ><div class=\"section-row-inner-bg-container section-row-inner-bg-container-agni-row-inner-33109\"><div class=\"section-row-inner-bg section-row-inner-bg-color\"  ><\/div><\/div><div class=\"vc_row vc_row_fluid\"><div class=\"wpb_column agni_column_container vc_column_container vc_col-sm-6\"><div class=\"section-column-bg-container section-column-bg-container-agni-column-77764\"><div class=\"section-column-inner-bg section-column-inner-bg-color\"  ><\/div><\/div><div class=\"agni_column-inner vc_column-inner text-left\" ><div class=\"wpb_wrapper\"><div class=\"agni_custom_heading page-scroll\" ><h3 class=\"vc_custom_heading agni_custom_heading_content\" style=\"font-size: 24px;text-align: left; \"><span>ABSORBER LIGHT<\/span><\/h3><\/div><div class=\"agni_custom_heading page-scroll\" ><h3 class=\"vc_custom_heading agni_custom_heading_content\" style=\"font-size: 18px;text-align: left; \"><span>Aislamiento ac\u00fastico transl\u00facido para la oficina<\/span><\/h3><\/div><div class=\"agni_empty_space vc_empty_space\"  style=\"height: 20px\" data-height = \"20px\" data-height-tab = \"20px\" data-height-mobile = \"20px\"><span class=\"vc_empty_space_inner\"><\/span><\/div>\n\n\t<div id=\"\" class=\"agni_text_column agni-text-block\"  >\n\t\t<p>Durante mucho tiempo fue una contradicci\u00f3n, pero ahora se puede combinar: luz solar en la oficina y ac\u00fastica perfecta. El <span style=\"color: #999999;\"><a style=\"color: #999999;\" href=\"https:\/\/www.gerriets-acoustics.com\/es\/coleccion-acustica-interior\/tejidos-transparentes\/#absorberlight\" target=\"_blank\" rel=\"noopener\">ABSORBER LIGHT<\/a><\/span> es un tejido ac\u00fastico transl\u00facido que absorbe el sonido a trav\u00e9s de microfiltraciones en el tejido. Este absorbente es la mejor opci\u00f3n cuando las oficinas necesitan ser luminosas y silenciosas.<\/p>\n<p>Puede encargar el tejido ac\u00fastico ABSORBER LIGHT directamente en nuestra tienda.<\/p>\n\n\t<\/div>\n<ul class=\"list\">\n<li><i class=\"fa fa-shopping-cart\" style=\"color:#757575\"><\/i><span style=\"text-decoration: underline;\"><a href=\"https:\/\/www.gerriets.com\/de\/shop\/absorber-light-1A54002106\/\" target=\"_blank\" rel=\"noopener\">Al producto en gerriets.es<\/a><\/span><\/li>\n<\/ul>\n<div class=\"agni_empty_space vc_empty_space\"  style=\"height: 20px\" data-height = \"20px\" data-height-tab = \"20px\" data-height-mobile = \"20px\"><span class=\"vc_empty_space_inner\"><\/span><\/div>\n<ul class=\"list\">\n<li><i class=\"ion-android-color-palette\" style=\"color:#757575\"><\/i><span style=\"text-decoration: underline;\"><a href=\"https:\/\/view.publitas.com\/gerriets-gmbh\/akustik-absorber-light\/page\/1\" target=\"_blank\" rel=\"noopener\">Carta de colores ABSORBER LIGHT<\/a><\/span><\/li>\n<\/ul>\n<\/div><\/div><\/div><div class=\"wpb_column agni_column_container vc_column_container vc_col-sm-6\"><div class=\"section-column-bg-container section-column-bg-container-agni-column-75516\"><div class=\"section-column-inner-bg section-column-inner-bg-image\" style=\"background-image: url('https:\/\/www.gerriets-acoustics.com\/wp-content\/uploads\/2021\/11\/gerriets-akustik-projekt-anette-douglas-1500x1000pix.jpg'); background-repeat:repeat; background-size:cover; background-position:center center; background-attachment:scroll; \" ><\/div><\/div><div class=\"agni_column-inner vc_column-inner text-left\" style=\"padding-top: 150px; padding-bottom: 150px; \"><div class=\"wpb_wrapper\">\t\t<!-- HTML DESIGN HERE -->\r\n\t\t<div class=\"maw__modal_popup_box\" data-bodybg=\"#1a94ad\" style=\"justify-content: center; display: flex;\">\r\n\t\t\t\t\t\t\t<button class=\"mega-uae-btn model-popup-btn popup-244 hvr-fade\" data-id=\"popup-244\" style=\"color: #ffffff;background: rgba(255,255,255,0.01) ; border: 3px solid #ffffff; border-radius: 50px; font-size: 100px; padding: 0px 60px;\" data-text=\"\"> \r\n\t\t\t\t\t<span><i style=\"padding-right: 5px;\" class=\"fa fas fa-angle-right\"> <\/i> <\/span>\t\t\t\r\n\t\t\t\t\t<span style=\"background: rgba(221,221,221,0.21); padding: 0px 0; color: ;\" class=\"modal-popup-after\"><\/span>\r\n\t\t\t\t<\/button>\r\n\t\t\t\t<div style=\"clear: both;\"><\/div>\r\n\t\t\t\r\n\t\t\t\r\n\t\t\t<div class=\"mega-model-popup Default animated\" id=\"popup-244\" style=\"position:fixed;display: none; margin-top: 60px; width: 95%;max-width: 600px; background: #ececec;\">\r\n\t\t\t\t<span class=\"b-close\"><span><img decoding=\"async\" src=\"https:\/\/www.gerriets-acoustics.com\/wp-content\/plugins\/mega-addons-for-visual-composer\/render\/..\/images\/cross.png\"><\/span><\/span>\r\n\t\t\t    <div class=\"model-popup-container\">\r\n\t\t\t    \t<h2 style=\"border-bottom: 1px solid ; text-align: left; font-size: 20px; line-height: 2; color: ; background: ; margin: 0px; padding: 0px 20px;\">\r\n\t\t\t    \t\tABSORBER LIGHT\t\t\t    \t<\/h2>\r\n\t\t\t      <span style=\"padding: 15px 15px; display: block;\">\r\n\t\t\t      \t<p><iframe loading=\"lazy\" hcb-fetch-image-from=\"https:\/\/vimeo.com\/232832372\" title=\"Acoustic Fabric ABSORBER LIGHT - Alta absorci\u00f3n, transl\u00facido, dise\u00f1o \u00fanico\" src=\"https:\/\/player.vimeo.com\/video\/232832372?dnt=1&amp;app_id=122963\" width=\"500\" height=\"281\" frameborder=\"0\" allow=\"autoplay; fullscreen; picture-in-picture; clipboard-write\"><\/iframe><\/p>\n<p>V\u00eddeo del producto ABSORBER LIGHT - Dise\u00f1o: Annette Douglas<\/p>\n<p>&nbsp;<\/p>\n\t\t\t      <\/span>\r\n\t\t\t    <\/div>\r\n\t\t\t<\/div>\r\n\t\t<\/div>\r\n\t\t<style>\r\n\t\t\t.maw__modal_popup_box .popup-244:hover {\r\n\t\t\t\tbackground: rgba(221,221,221,0.21) !important;\r\n\t\t\t\tcolor:  !important;\r\n\t\t\t}\r\n\r\n\t\t<\/style>\r\n        <!-- HTML END DESIGN HERE -->\r\n\t\t<\/div><\/div><\/div><\/div><\/div><div id=\"agni-row-inner-54470\" class=\"section-row-inner vc_inner\" ><div class=\"section-row-inner-bg-container section-row-inner-bg-container-agni-row-inner-54470\"><div class=\"section-row-inner-bg section-row-inner-bg-color\"  ><\/div><\/div><div class=\"vc_row vc_row_fluid\"><div class=\"wpb_column agni_column_container vc_column_container vc_col-sm-12\"><div class=\"section-column-bg-container section-column-bg-container-agni-column-23476\"><div class=\"section-column-inner-bg section-column-inner-bg-color\"  ><\/div><\/div><div class=\"agni_column-inner vc_column-inner text-left\" ><div class=\"wpb_wrapper\">\n\t<div id=\"\" class=\"agni_text_column agni-text-block\"  >\n\t\t<p style=\"text-align: right;\">V\u00eddeo del producto ABSORBER LIGHT - Dise\u00f1o: Annette Douglas<\/p>\n\n\t<\/div>\n<\/div><\/div><\/div><\/div><\/div><div id=\"agni-row-inner-67769\" class=\"section-row-inner vc_inner\" ><div class=\"section-row-inner-bg-container section-row-inner-bg-container-agni-row-inner-67769\"><div class=\"section-row-inner-bg section-row-inner-bg-color\"  ><\/div><\/div><div class=\"vc_row vc_row_fluid\"><div class=\"wpb_column agni_column_container vc_column_container vc_col-sm-12\"><div class=\"section-column-bg-container section-column-bg-container-agni-column-27334\"><div class=\"section-column-inner-bg section-column-inner-bg-color\"  ><\/div><\/div><div class=\"agni_column-inner vc_column-inner text-left\" ><div class=\"wpb_wrapper\"><div class=\"agni_empty_space vc_empty_space\"  style=\"height: 80px\" data-height = \"80px\" data-height-tab = \"80px\" data-height-mobile = \"80px\"><span class=\"vc_empty_space_inner\"><\/span><\/div>\n<div class=\"separator separator_center\" style=\"width:100%; \">\r\n\t\t\t\t\t<span class=\"sep_holder sep_holder_l\"><span style=\"border-top-style:solid; border-color:\" class=\"sep_line\"><\/span><\/span>\r\n\t\t\t\t\t\r\n\t\t\t\t\t<span class=\"sep_holder sep_holder_r\"><span style=\"border-top-style:solid; border-color:\" class=\"sep_line\"><\/span><\/span>\r\n\t\t\t\t<\/div><div class=\"agni_empty_space vc_empty_space\"  style=\"height: 40px\" data-height = \"40px\" data-height-tab = \"40px\" data-height-mobile = \"40px\"><span class=\"vc_empty_space_inner\"><\/span><\/div>\n<\/div><\/div><\/div><\/div><\/div><\/div><\/div><\/div><\/div><\/div><\/div><div id=\"agni-row-66110\" class=\"section-row\" style=\"padding-top: 30px; padding-bottom: 30px; \"><div class=\"section-row-bg-container section-row-bg-container-agni-row-66110\"><div class=\"section-row-bg section-row-bg-color\"  ><\/div><\/div><div class=\"container\"><div class=\"vc_row vc_row_fluid\"><div id=\"agni-column-34294\" class=\"wpb_column agni_column_container agni_column vc_column_container vc_col-sm-12\"><div class=\"agni_column-inner vc_column-inner text-left\"  ><div class=\"section-column-bg-container section-column-bg-container-agni-column-34294\" ><div class=\"section-column-bg section-column-bg-color\"  ><\/div><\/div><div class=\"wpb_wrapper\"><div class=\"agni_custom_heading page-scroll\" ><h2 class=\"vc_custom_heading agni_custom_heading_content\" style=\"text-align: left; \"><span>SISTEMAS DE CARRILES GERRIETS<\/span><\/h2><\/div><div class=\"agni_custom_heading page-scroll\" ><h2 class=\"vc_custom_heading agni_custom_heading_content\" style=\"font-size: 24px;text-align: left; \"><span>\u00bfC\u00f3mo se controlan los absorbedores ac\u00fasticos en oficinas?<\/span><\/h2><\/div><div class=\"agni_empty_space vc_empty_space\"  style=\"height: 20px\" data-height = \"20px\" data-height-tab = \"20px\" data-height-mobile = \"20px\"><span class=\"vc_empty_space_inner\"><\/span><\/div>\n\n\t<div id=\"\" class=\"agni_text_column agni-text-block\"  >\n\t\t<p>Nuestras <span style=\"color: #999999;\"><a style=\"color: #999999;\" href=\"https:\/\/www.gerriets-acoustics.com\/es\/produkte\/schallschutz\/\" target=\"_blank\" rel=\"noopener\">cortinas ac\u00fasticas<\/a><\/span> para oficinas se adaptan de forma \u00f3ptima al <span style=\"color: #999999;\"><a style=\"color: #999999;\" href=\"https:\/\/www.gerriets-acoustics.com\/es\/sistemas-ferroviarios\/\" target=\"_blank\" rel=\"noopener\">nuestros sistemas de carriles<\/a><\/span> y, por tanto, ofrecen una amplia gama de posibles usos. Las cortinas pueden moverse manualmente o por motor. Pueden manejarse mediante mando a distancia, panel t\u00e1ctil o el sistema BUS.<\/p>\n<p>Nuestras soluciones en detalle:<\/p>\n\n\t<\/div>\n<div class=\"vc_tta-container\" data-vc-action=\"collapseAll\"><div class=\"vc_general vc_tta vc_tta-accordion vc_tta-color-white vc_tta-style-classic vc_tta-shape-rounded vc_tta-o-shape-group vc_tta-controls-align-left vc_tta-o-all-clickable\"><div class=\"vc_tta-panels-container\"><div class=\"vc_tta-panels\"><div class=\"vc_tta-panel\" id=\"1612367724130-75c2aa56-f730\" data-vc-content=\".vc_tta-panel-body\"><div class=\"vc_tta-panel-heading\"><h3 class=\"vc_tta-panel-title vc_tta-controls-icon-position-left\"><a href=\"#1612367724130-75c2aa56-f730\" data-vc-accordion data-vc-container=\".vc_tta-container\"><span class=\"vc_tta-title-text\">TRUMPF 95 OFFICE: La soluci\u00f3n cl\u00e1sica<\/span><i class=\"vc_tta-controls-icon vc_tta-controls-icon-plus\"><\/i><\/a><\/h3><\/div><div class=\"vc_tta-panel-body\"><div id=\"agni-row-inner-16503\" class=\"section-row-inner vc_inner\" ><div class=\"section-row-inner-bg-container section-row-inner-bg-container-agni-row-inner-16503\"><div class=\"section-row-inner-bg section-row-inner-bg-color\"  ><\/div><\/div><div class=\"vc_row vc_row_fluid\"><div class=\"wpb_column agni_column_container vc_column_container vc_col-sm-12\"><div class=\"section-column-bg-container section-column-bg-container-agni-column-30636\"><div class=\"section-column-inner-bg section-column-inner-bg-color\"  ><\/div><\/div><div class=\"agni_column-inner vc_column-inner text-left\" ><div class=\"wpb_wrapper\">\n\t<div id=\"\" class=\"agni_text_column agni-text-block\"  >\n\t\t<p><a href=\"https:\/\/www.gerriets-acoustics.com\/es\/schienensystem-trumpf-95\/\" target=\"_blank\" rel=\"noopener\"><span style=\"color: #999999;\">TRUMP 95 OFFICE<\/span><\/a> es el perfeccionamiento del conocido carril TRUMPF 95 del sector teatral, utilizado en todo el mundo para tejidos de peso medio y pesado. El sistema de carriles es multifuncional, fiable, ligero y silencioso. A trav\u00e9s de un canal ranurado se puede realizar una gran variedad de fijaciones.<\/p>\n\n\t<\/div>\n<\/div><\/div><\/div><\/div><\/div><\/div><\/div><div class=\"vc_tta-panel\" id=\"1612367724173-1a8d5688-5ae0\" data-vc-content=\".vc_tta-panel-body\"><div class=\"vc_tta-panel-heading\"><h3 class=\"vc_tta-panel-title vc_tta-controls-icon-position-left\"><a href=\"#1612367724173-1a8d5688-5ae0\" data-vc-accordion data-vc-container=\".vc_tta-container\"><span class=\"vc_tta-title-text\">FRICTION-DRIVE: Movimiento sin cuerda de tracci\u00f3n<\/span><i class=\"vc_tta-controls-icon vc_tta-controls-icon-plus\"><\/i><\/a><\/h3><\/div><div class=\"vc_tta-panel-body\"><div id=\"agni-row-inner-25936\" class=\"section-row-inner vc_inner\" ><div class=\"section-row-inner-bg-container section-row-inner-bg-container-agni-row-inner-25936\"><div class=\"section-row-inner-bg section-row-inner-bg-color\"  ><\/div><\/div><div class=\"vc_row vc_row_fluid\"><div class=\"wpb_column agni_column_container vc_column_container vc_col-sm-6\"><div class=\"section-column-bg-container section-column-bg-container-agni-column-78530\"><div class=\"section-column-inner-bg section-column-inner-bg-color\"  ><\/div><\/div><div class=\"agni_column-inner vc_column-inner text-left\" ><div class=\"wpb_wrapper\">\n\t<div id=\"\" class=\"agni_text_column agni-text-block\"  >\n\t\t<p>El motor FRICTION-DRIVE es \u00fanico, porque las cortinas ac\u00fasticas se mueven por el carril sin cable de tracci\u00f3n y el motor funciona de forma casi silenciosa y extremadamente fiable. Esto es posible, porque las cortinas ac\u00fasticas se fijan directamente a la unidad motriz. Y ni siquiera lo ves: con la <span style=\"color: #999999;\"><a style=\"color: #999999;\" href=\"https:\/\/www.gerriets-acoustics.com\/es\/cortinas-insonorizadas\/cortina-oficina\/\" target=\"_blank\" rel=\"noopener\">Cortina ac\u00fastica OFFICE<\/a><\/span> el motor FRICTION-DRIVE tambi\u00e9n puede ocultarse entre las capas de cortina y se desplaza sin unidad de accionamiento ni cuerdas visibles.<br \/>\n\u00bfLe interesa el motor FRICTION-DRIVE?<\/p>\n<p>P\u00f3ngase en contacto con nosotros y juntos crearemos su soluci\u00f3n personalizada.<\/p>\n\n\t<\/div>\n<div class=\"agni_empty_space vc_empty_space\"  style=\"height: 32px\" data-height = \"32px\" data-height-tab = \"32px\" data-height-mobile = \"32px\"><span class=\"vc_empty_space_inner\"><\/span><\/div>\n<\/div><\/div><\/div><div class=\"wpb_column agni_column_container vc_column_container vc_col-sm-6\"><div class=\"section-column-bg-container section-column-bg-container-agni-column-89463\"><div class=\"section-column-inner-bg section-column-inner-bg-image\" style=\"background-image: url('https:\/\/www.gerriets-acoustics.com\/wp-content\/uploads\/2022\/05\/gerriets-akustik-video-friction-drive-GI-1500x1000pix-1.jpg'); background-repeat:repeat; background-size:cover; background-position:center center; background-attachment:scroll; \" ><\/div><\/div><div class=\"agni_column-inner vc_column-inner text-left\" style=\"padding-bottom: 100px; \"><div class=\"wpb_wrapper\"><div class=\"agni_empty_space vc_empty_space\"  style=\"height: 50px\" data-height = \"50px\" data-height-tab = \"50px\" data-height-mobile = \"50px\"><span class=\"vc_empty_space_inner\"><\/span><\/div>\n\t\t<!-- HTML DESIGN HERE -->\r\n\t\t<div class=\"maw__modal_popup_box\" data-bodybg=\"#1a94ad\" style=\"justify-content: center; display: flex;\">\r\n\t\t\t\t\t\t\t<button class=\"mega-uae-btn model-popup-btn popup-13 hvr-fade\" data-id=\"popup-13\" style=\"color: #ffffff;background: rgba(255,255,255,0.01) ; border: 3px solid #ffffff; border-radius: 50px; font-size: 100px; padding: 0px 60px;\" data-text=\"\"> \r\n\t\t\t\t\t<span><i style=\"padding-right: 5px;\" class=\"fa fas fa-angle-right\"> <\/i> <\/span>\t\t\t\r\n\t\t\t\t\t<span style=\"background: ; padding: 0px 0; color: ;\" class=\"modal-popup-after\"><\/span>\r\n\t\t\t\t<\/button>\r\n\t\t\t\t<div style=\"clear: both;\"><\/div>\r\n\t\t\t\r\n\t\t\t\r\n\t\t\t<div class=\"mega-model-popup Default animated\" id=\"popup-13\" style=\"position:fixed;display: none; margin-top: 60px; width: 95%;max-width: 600px; background: #ececec;\">\r\n\t\t\t\t<span class=\"b-close\"><span><img decoding=\"async\" src=\"https:\/\/www.gerriets-acoustics.com\/wp-content\/plugins\/mega-addons-for-visual-composer\/render\/..\/images\/cross.png\"><\/span><\/span>\r\n\t\t\t    <div class=\"model-popup-container\">\r\n\t\t\t    \t<h2 style=\"border-bottom: 1px solid ; text-align: left; font-size: 20px; line-height: 2; color: ; background: ; margin: 0px; padding: 0px 20px;\">\r\n\t\t\t    \t\tMotor FRICTION-DRIVE\t\t\t    \t<\/h2>\r\n\t\t\t      <span style=\"padding: 15px 15px; display: block;\">\r\n\t\t\t      \t<p><\/p>\n<p>Motor FRICTION-DRIVE - la forma inteligente y silenciosa de mover cortinas from Gerriets GmbH on Vimeo.<\/p>\n\t\t\t      <\/span>\r\n\t\t\t    <\/div>\r\n\t\t\t<\/div>\r\n\t\t<\/div>\r\n\t\t<style>\r\n\t\t\t.maw__modal_popup_box .popup-13:hover {\r\n\t\t\t\tbackground:  !important;\r\n\t\t\t\tcolor:  !important;\r\n\t\t\t}\r\n\r\n\t\t<\/style>\r\n        <!-- HTML END DESIGN HERE -->\r\n\t\t\n\t<div id=\"\" class=\"agni_text_column agni-text-block\"  >\n\t\t<p style=\"text-align: right;\">V\u00eddeo del producto FRICTION DRIVE<\/p>\n\n\t<\/div>\n<div class=\"agni_empty_space vc_empty_space\"  style=\"height: 50px\" data-height = \"50px\" data-height-tab = \"50px\" data-height-mobile = \"50px\"><span class=\"vc_empty_space_inner\"><\/span><\/div>\n<\/div><\/div><\/div><\/div><\/div><\/div><\/div><\/div><\/div><\/div><\/div><\/div><\/div><\/div><\/div><\/div><\/div><\/section><div id=\"agni-row-62269\" class=\"section-row\" style=\"padding-top: 30px; padding-bottom: 30px; \"><div class=\"section-row-bg-container section-row-bg-container-agni-row-62269\"><div class=\"section-row-bg section-row-bg-color\"  ><\/div><\/div><div class=\"container\"><div class=\"vc_row vc_row_fluid\"><div id=\"agni-column-23262\" class=\"wpb_column agni_column_container agni_column vc_column_container vc_col-sm-12\"><div class=\"agni_column-inner vc_column-inner text-left\"  ><div class=\"section-column-bg-container section-column-bg-container-agni-column-23262\" ><div class=\"section-column-bg section-column-bg-color\"  ><\/div><\/div><div class=\"wpb_wrapper\"><div id=\"agni-row-inner-52273\" class=\"section-row-inner vc_inner\" ><div class=\"section-row-inner-bg-container section-row-inner-bg-container-agni-row-inner-52273\"><div class=\"section-row-inner-bg section-row-inner-bg-color\"  ><\/div><\/div><div class=\"vc_row vc_row_fluid\"><div class=\"wpb_column agni_column_container vc_column_container vc_col-sm-12\"><div class=\"section-column-bg-container section-column-bg-container-agni-column-19423\"><div class=\"section-column-inner-bg section-column-inner-bg-color\"  ><\/div><\/div><div class=\"agni_column-inner vc_column-inner text-left\" ><div class=\"wpb_wrapper\"><div class=\"agni_empty_space vc_empty_space\"  style=\"height: 80px\" data-height = \"80px\" data-height-tab = \"80px\" data-height-mobile = \"80px\"><span class=\"vc_empty_space_inner\"><\/span><\/div>\n<div class=\"separator separator_center\" style=\"width:100%; \">\r\n\t\t\t\t\t<span class=\"sep_holder sep_holder_l\"><span style=\"border-top-style:solid; border-color:\" class=\"sep_line\"><\/span><\/span>\r\n\t\t\t\t\t\r\n\t\t\t\t\t<span class=\"sep_holder sep_holder_r\"><span style=\"border-top-style:solid; border-color:\" class=\"sep_line\"><\/span><\/span>\r\n\t\t\t\t<\/div><div class=\"agni_empty_space vc_empty_space\"  style=\"height: 40px\" data-height = \"40px\" data-height-tab = \"40px\" data-height-mobile = \"40px\"><span class=\"vc_empty_space_inner\"><\/span><\/div>\n<\/div><\/div><\/div><\/div><\/div><div class=\"agni_custom_heading page-scroll\" ><h2 class=\"vc_custom_heading agni_custom_heading_content\" style=\"text-align: left; \"><span>Soluciones de insonorizaci\u00f3n de Gerriets<\/span><\/h2><\/div><div class=\"agni_custom_heading page-scroll\" ><h2 class=\"vc_custom_heading agni_custom_heading_content\" style=\"font-size: 24px;text-align: left; \"><span>Le acompa\u00f1amos desde la planificaci\u00f3n hasta la instalaci\u00f3n<\/span><\/h2><\/div><div class=\"agni_empty_space vc_empty_space\"  style=\"height: 20px\" data-height = \"20px\" data-height-tab = \"20px\" data-height-mobile = \"20px\"><span class=\"vc_empty_space_inner\"><\/span><\/div>\n\n\t<div id=\"\" class=\"agni_text_column agni-text-block\"  >\n\t\t<p>Para la planificaci\u00f3n de oficinas ac\u00fasticas, son cruciales unas mediciones fiables y la posibilidad de acompa\u00f1a el proceso de construcci\u00f3n con mediciones y el asesoramiento. Ah\u00ed es donde estamos nosotros para ayudarle: comprobamos la eficacia de todos los textiles y, para garantizar que su proyecto de oficina sea un \u00e9xito ac\u00fastico, le asesoramos durante todo el proceso, desde la planificaci\u00f3n hasta la instalaci\u00f3n. Suministramos e instalamos las soluciones de insonorizaci\u00f3n de oficinas adecuadas para usted. Nuestra cartera de soluciones de insonorizaci\u00f3n para oficinas es tan vers\u00e1til que podemos elaborar una soluci\u00f3n adecuada para usted de forma individualizada. Simplemente hablemos y juntos encontraremos la combinaci\u00f3n \u00f3ptima para su oficina.<\/p>\n\n\t<\/div>\n<div class=\"agni-button  text-center page-scroll\"><a class=\"btn btn-alt btn-lg btn-accent\" target=\"_blank\" href=\"https:\/\/www.gerriets-acoustics.com\/es\/pongase-en-contacto-con\/\"  >Concierte ahora una cita de consulta<\/a><\/div><div class=\"agni_empty_space vc_empty_space\"  style=\"height: 40px\" data-height = \"40px\" data-height-tab = \"40px\" data-height-mobile = \"40px\"><span class=\"vc_empty_space_inner\"><\/span><\/div>\n<div class=\"agni-image custom-image-container text-left\">\r\n\t\t\t<figure class=\"agni-image-figure\">\r\n\t\t\t\t<img loading=\"lazy\" decoding=\"async\" style=\"\" width=\"1440\" height=\"809\" src=\"https:\/\/www.gerriets-acoustics.com\/wp-content\/uploads\/2022\/03\/gw-2021-Gerriets-kriens-showroom-vorhangsschiene-schallvorhang-01.jpg\" class=\"fullwidth-image attachment-full  attachment-full\" alt=\"Soluci\u00f3n flexible de insonorizaci\u00f3n con cortina ac\u00fastica en la oficina\" title=\"OFFICE cortina de sonido en aspecto ondulado y con Handgrip, Waldis B\u00fcro und Wohnen AG, Kriens\" srcset=\"https:\/\/www.gerriets-acoustics.com\/wp-content\/uploads\/2022\/03\/gw-2021-Gerriets-kriens-showroom-vorhangsschiene-schallvorhang-01.jpg 1440w, https:\/\/www.gerriets-acoustics.com\/wp-content\/uploads\/2022\/03\/gw-2021-Gerriets-kriens-showroom-vorhangsschiene-schallvorhang-01-300x169.jpg 300w, https:\/\/www.gerriets-acoustics.com\/wp-content\/uploads\/2022\/03\/gw-2021-Gerriets-kriens-showroom-vorhangsschiene-schallvorhang-01-1024x575.jpg 1024w, https:\/\/www.gerriets-acoustics.com\/wp-content\/uploads\/2022\/03\/gw-2021-Gerriets-kriens-showroom-vorhangsschiene-schallvorhang-01-768x431.jpg 768w, https:\/\/www.gerriets-acoustics.com\/wp-content\/uploads\/2022\/03\/gw-2021-Gerriets-kriens-showroom-vorhangsschiene-schallvorhang-01-18x10.jpg 18w, https:\/\/www.gerriets-acoustics.com\/wp-content\/uploads\/2022\/03\/gw-2021-Gerriets-kriens-showroom-vorhangsschiene-schallvorhang-01-960x539.jpg 960w\" sizes=\"auto, (max-width: 1440px) 100vw, 1440px\" \/>\r\n\t\t\t\t<figcaption class=\"vc_figure-caption\"><\/figcaption>\r\n\t\t\t<\/figure>\r\n\t\t<\/div><\/div><\/div><\/div><\/div><\/div><\/div><div id=\"agni-row-94162\" class=\"section-row\" style=\"padding-top: 30px; padding-bottom: 30px; \"><div class=\"section-row-bg-container section-row-bg-container-agni-row-94162\"><div class=\"section-row-bg section-row-bg-color\"  ><\/div><\/div><div class=\"container\"><div class=\"vc_row vc_row_fluid\"><div id=\"agni-column-23112\" class=\"wpb_column agni_column_container agni_column vc_column_container vc_col-sm-12\"><div class=\"agni_column-inner vc_column-inner text-left\"  ><div class=\"section-column-bg-container section-column-bg-container-agni-column-23112\" ><div class=\"section-column-bg section-column-bg-color\"  ><\/div><\/div><div class=\"wpb_wrapper\"><div class=\"agni_empty_space vc_empty_space\"  style=\"height: 120px\" data-height = \"120px\" data-height-tab = \"120px\" data-height-mobile = \"120px\"><span class=\"vc_empty_space_inner\"><\/span><\/div>\n<\/div><\/div><\/div><\/div><\/div><\/div>\n<\/section>","protected":false},"excerpt":{"rendered":"Schallschutz im B\u00fcro: Endlich ruhig und produktiv arbeiten Nichts st\u00f6rt im B\u00fcro mehr als akustische Unruhe, denn die wirkt sich erheblich auf die Gesundheit, Konzentration und Leistungsf\u00e4higkeit Ihrer Mitarbeiter:innen aus. Durch L\u00e4rm im B\u00fcro steigt die Fehlerquote und das Stresslevel. Darum ist Schallschutz im B\u00fcro so wichtig. Durch Schallabsorber und Schallschutzw\u00e4nde l\u00e4sst sich der L\u00e4rm [...]","protected":false},"author":1,"featured_media":0,"parent":4800,"menu_order":0,"comment_status":"closed","ping_status":"closed","template":"","meta":{"footnotes":""},"class_list":["post-4884","page","type-page","status-publish","hentry"],"aioseo_notices":[],"_links":{"self":[{"href":"https:\/\/www.gerriets-acoustics.com\/es\/wp-json\/wp\/v2\/pages\/4884","targetHints":{"allow":["GET"]}}],"collection":[{"href":"https:\/\/www.gerriets-acoustics.com\/es\/wp-json\/wp\/v2\/pages"}],"about":[{"href":"https:\/\/www.gerriets-acoustics.com\/es\/wp-json\/wp\/v2\/types\/page"}],"author":[{"embeddable":true,"href":"https:\/\/www.gerriets-acoustics.com\/es\/wp-json\/wp\/v2\/users\/1"}],"replies":[{"embeddable":true,"href":"https:\/\/www.gerriets-acoustics.com\/es\/wp-json\/wp\/v2\/comments?post=4884"}],"version-history":[{"count":5,"href":"https:\/\/www.gerriets-acoustics.com\/es\/wp-json\/wp\/v2\/pages\/4884\/revisions"}],"predecessor-version":[{"id":10880,"href":"https:\/\/www.gerriets-acoustics.com\/es\/wp-json\/wp\/v2\/pages\/4884\/revisions\/10880"}],"up":[{"embeddable":true,"href":"https:\/\/www.gerriets-acoustics.com\/es\/wp-json\/wp\/v2\/pages\/4800"}],"wp:attachment":[{"href":"https:\/\/www.gerriets-acoustics.com\/es\/wp-json\/wp\/v2\/media?parent=4884"}],"curies":[{"name":"wp","href":"https:\/\/api.w.org\/{rel}","templated":true}]}}