{"id":9753,"date":"2023-01-26T11:58:29","date_gmt":"2023-01-26T10:58:29","guid":{"rendered":"https:\/\/www.gerriets-acoustics.com\/?page_id=9753"},"modified":"2025-06-16T13:56:02","modified_gmt":"2025-06-16T11:56:02","slug":"open-space-buero","status":"publish","type":"page","link":"https:\/\/www.gerriets-acoustics.com\/es\/planificacion-consultoria\/espacio-abierto-buero\/","title":{"rendered":"Ac\u00fastica en el espacio abierto"},"content":{"rendered":"<section class=\"wpb-content-wrapper\"><section class=\"vc_section agni-section vc_custom_1674556576803 vc_section-has-fill\"><div id=\"intro\" class=\"section-row\" ><div class=\"section-row-bg-container section-row-bg-container-intro\"><div class=\"section-row-bg section-row-bg-color\" style=\"background-color: #ffffff; \" ><\/div><\/div><div class=\"container\"><div class=\"vc_row vc_row_fluid\"><div id=\"agni-column-41267\" class=\"wpb_column agni_column_container agni_column vc_column_container vc_col-sm-12\"><div class=\"agni_column-inner vc_column-inner text-left\"  ><div class=\"section-column-bg-container section-column-bg-container-agni-column-41267\" ><div class=\"section-column-bg section-column-bg-color\"  ><\/div><\/div><div class=\"wpb_wrapper\"><div class=\"agni_empty_space vc_empty_space\"  style=\"height: 32px\" data-height = \"32px\" data-height-tab = \"32px\" data-height-mobile = \"300px\"><span class=\"vc_empty_space_inner\"><\/span><\/div>\n<div class=\"agni_custom_heading page-scroll\" ><h1 class=\"vc_custom_heading agni_custom_heading_content\" style=\"font-size: 36px;text-align: center; \"><span>Planificaci\u00f3n ac\u00fastica del espacio en la oficina de Open Space<\/span><\/h1><div class=\"divide-line text-center\"><span style=\"width:90px; height:1px; background-color:#020000\"><\/span><\/div><\/div>\n\t<div id=\"\" class=\"agni_text_column agni-text-block\"  style=\"padding-bottom: 15px; \">\n\t\t<p>Es imposible imaginar conceptos de oficina modernos sin \u00e9l: la oficina de espacio abierto. Sobre todo desde la fuerte incursi\u00f3n de Corona, el concepto de la llamada oficina de espacio abierto est\u00e1 cobrando cada vez m\u00e1s importancia. El mundo laboral ha cambiado y con \u00e9l la demanda de la buena y vieja oficina abierta.<\/p>\n<p>El n\u00facleo del paisaje de las oficinas modernas suele ser una gran zona de oficinas multiespacio en la que pueden combinarse distintos tipos de trabajo diario. La gran ventaja de estas oficinas de espacios abiertos son las distancias cortas, la posibilidad de comunicaci\u00f3n abierta y la representaci\u00f3n de jerarqu\u00edas planas a trav\u00e9s de medios arquitect\u00f3nicos abiertos.<\/p>\n\n\t<\/div>\n<div class=\"agni_empty_space vc_empty_space\"  style=\"height: 32px\" data-height = \"32px\" data-height-tab = \"32px\" data-height-mobile = \"300px\"><span class=\"vc_empty_space_inner\"><\/span><\/div>\n<\/div><\/div><\/div><\/div><\/div><\/div><\/section><div id=\"herausforderung\" class=\"section-row\" ><div class=\"section-row-bg-container section-row-bg-container-herausforderung\"><div class=\"section-row-bg section-row-bg-color  parallax\" style=\"background-color: #efefef; \" data-top-bottom=\"background-position: 0px 600px;\" data-center=\"background-position: 0px 0px\" data-bottom-top=\"background-position: 0px 0px\"><\/div><\/div><div class=\"container\"><div class=\"vc_row vc_row_fluid vc_row-o-equal-height vc_row-flex\"><div id=\"agni-column-42389\" class=\"wpb_column agni_column_container agni_column vc_column_container vc_col-sm-12 vc_col-md-5\"><div class=\"agni_column-inner vc_column-inner text-left\" style=\"padding-top: 100px; padding-bottom: 50px; \" ><div class=\"section-column-bg-container section-column-bg-container-agni-column-42389\" ><div class=\"section-column-bg section-column-bg-color\"  ><\/div><\/div><div class=\"wpb_wrapper\"><div class=\"agni_custom_heading page-scroll\" ><h2 class=\"vc_custom_heading agni_custom_heading_content\" style=\"font-size: 24px;text-align: center; \"><span>Desaf\u00edo ac\u00fastico<br \/>\nen la oficina abierta<\/span><\/h2><div class=\"divide-line text-center\"><span style=\"width:90px; height:1px; background-color:#020000\"><\/span><\/div><\/div>\n\t<div id=\"\" class=\"agni_text_column agni-text-block\"  >\n\t\t<p>Pero por muy agradable que pueda ser disfrutar de la flexibilidad de un concepto de oficina abierta, a menudo surgen problemas cuando se trata de la ac\u00fastica. Por muy positivas que sean las ventajas de trabajar juntos en una oficina de espacio abierto, la situaci\u00f3n ac\u00fastica en una zona de espacios m\u00faltiples de este tipo sin separaci\u00f3n ac\u00fastica de salas es dif\u00edcil.<\/p>\n<p>Un compa\u00f1ero habla en voz alta por tel\u00e9fono, el siguiente teclea extasiado y, de fondo, la gente intercambia brevemente sus experiencias del fin de semana. Genial para la interacci\u00f3n entre compa\u00f1eros, pero no es una situaci\u00f3n ac\u00fastica \u00f3ptima para trabajar en la Nueva Oficina de Trabajo.<\/p>\n\n\t<\/div>\n<div class=\"agni_empty_space vc_empty_space\"  style=\"height: 150px\" data-height = \"150px\" data-height-tab = \"30\" data-height-mobile = \"5\"><span class=\"vc_empty_space_inner\"><\/span><\/div>\n<\/div><\/div><\/div><div id=\"agni-column-58168\" class=\"wpb_column agni_column_container agni_column vc_column_container vc_col-sm-12 vc_col-md-offset-1 vc_col-md-6\"><div class=\"agni_column-inner vc_column-inner text-left\"  ><div class=\"section-column-bg-container section-column-bg-container-agni-column-58168 has-bg-edge\" data-bg-edge=\"right\"><div class=\"section-column-bg section-column-bg-image\" style=\"background-image: url('https:\/\/www.gerriets-acoustics.com\/wp-content\/uploads\/2023\/01\/2022-Uster-CH-foryouandyourcustomers-Gerriets-Schallvorhang-02.jpg'); background-repeat:repeat; background-size:cover; background-position:left top; background-attachment:scroll; \" ><\/div><\/div><div class=\"wpb_wrapper\"><div class=\"agni_empty_space vc_empty_space\"  style=\"height: 32px\" data-height = \"32px\" data-height-tab = \"32px\" data-height-mobile = \"300px\"><span class=\"vc_empty_space_inner\"><\/span><\/div>\n<\/div><\/div><\/div><\/div><\/div><\/div><div id=\"agni-row-89360\" class=\"section-row\" ><div class=\"section-row-bg-container section-row-bg-container-agni-row-89360\"><div class=\"section-row-bg section-row-bg-color\" style=\"background-color: #efefef; \" ><\/div><\/div><div class=\"container\"><div class=\"vc_row vc_row_fluid vc_row-o-equal-height vc_row-flex\"><div id=\"agni-column-50212\" class=\"wpb_column agni_column_container agni_column vc_column_container vc_col-sm-12 vc_col-md-6 vc_hidden-sm vc_hidden-xs\"><div class=\"agni_column-inner vc_column-inner text-left\"  ><div class=\"section-column-bg-container section-column-bg-container-agni-column-50212 has-bg-edge\" data-bg-edge=\"left\"><div class=\"section-column-bg section-column-bg-image\" style=\"background-image: url('https:\/\/www.gerriets-acoustics.com\/wp-content\/uploads\/2023\/01\/2022-Stuttgart-Studio-Hans-SVO-6.jpg'); background-repeat:repeat; background-size:cover; background-position:center center; background-attachment:scroll; background-color: #ffffff; \" ><\/div><\/div><div class=\"wpb_wrapper\"><div class=\"agni_empty_space vc_empty_space\"  style=\"height: 32px\" data-height = \"32px\" data-height-tab = \"32px\" data-height-mobile = \"300px\"><span class=\"vc_empty_space_inner\"><\/span><\/div>\n<\/div><\/div><\/div><div id=\"agni-column-56205\" class=\"wpb_column agni_column_container agni_column vc_column_container vc_col-sm-12 vc_col-md-offset-1 vc_col-md-5\"><div class=\"agni_column-inner vc_column-inner text-left\" style=\"padding-top: 40px; padding-bottom: 40px; \" ><div class=\"section-column-bg-container section-column-bg-container-agni-column-56205\" ><div class=\"section-column-bg section-column-bg-color\"  ><\/div><\/div><div class=\"wpb_wrapper\"><div class=\"agni_custom_heading page-scroll\" ><h2 class=\"vc_custom_heading agni_custom_heading_content\" style=\"font-size: 24px;text-align: center; \"><span>Cortinas de sonido en el<br \/>\nOficina Open Space<\/span><\/h2><div class=\"divide-line text-center\"><span style=\"width:90px; height:1px; background-color:#020000\"><\/span><\/div><\/div><div class=\"agni_empty_space vc_empty_space\"  style=\"height: 20px\" data-height = \"20px\" data-height-tab = \"50\" data-height-mobile = \"5\"><span class=\"vc_empty_space_inner\"><\/span><\/div>\n\n\t<div id=\"\" class=\"agni_text_column agni-text-block\"  >\n\t\t<p>No ser\u00edamos especialistas en ac\u00fastica si no tuvi\u00e9ramos una soluci\u00f3n para este problema en la oficina de espacio abierto. Por eso ofrecemos a los planificadores de oficinas New Work nuestras <a href=\"https:\/\/www.gerriets-acoustics.com\/es\/cortinas-insonorizadas\/\">Cortinas de sonido<\/a> permite ahora crear zonas flexibles dentro del concepto de oficina Open Space. Esto permite crear una separaci\u00f3n ac\u00fastica en la oficina Multi Space sin reducir la ligereza de la arquitectura abierta.<\/p>\n<p>Separando temporalmente las zonas de reuni\u00f3n, los grupos de reflexi\u00f3n o las zonas de silencio, por ejemplo, se puede mantener la apertura de la zona multiespacio y, al mismo tiempo, crear zonas de trabajo separadas ac\u00fasticamente para lograr un ambiente de trabajo concentrado.<\/p>\n<p>\u00bfLe gustar\u00eda coordinar con nosotros su soluci\u00f3n personal de insonorizaci\u00f3n para su oficina Open Space o Multi Space? P\u00f3ngase en contacto con nosotros aqu\u00ed.<\/p>\n\n\t<\/div>\n<div class=\"agni-button  text-center page-scroll\"><a class=\"btn btn-alt btn-lg btn-accent\" target=\"_blank\" href=\"https:\/\/www.gerriets-acoustics.com\/es\/pongase-en-contacto-con\/\"  >Cont\u00e1ctenos<\/a><\/div><div class=\"agni_empty_space vc_empty_space\"  style=\"height: 32px\" data-height = \"32px\" data-height-tab = \"50\" data-height-mobile = \"5\"><span class=\"vc_empty_space_inner\"><\/span><\/div>\n<\/div><\/div><\/div><\/div><\/div><\/div><div id=\"agni-row-47810\" class=\"section-row\" ><div class=\"section-row-bg-container section-row-bg-container-agni-row-47810\"><div class=\"section-row-bg section-row-bg-color  parallax\" style=\"background-color: #efefef; \" data-top-bottom=\"background-position: 0px 600px;\" data-center=\"background-position: 0px 0px\" data-bottom-top=\"background-position: 0px 0px\"><\/div><\/div><div class=\"container\"><div class=\"vc_row vc_row_fluid vc_row-o-equal-height vc_row-flex\"><div id=\"agni-column-21384\" class=\"wpb_column agni_column_container agni_column vc_column_container vc_col-sm-12 vc_col-md-5\"><div class=\"agni_column-inner vc_column-inner text-left\" style=\"padding-top: 40px; padding-bottom: 40px; \" ><div class=\"section-column-bg-container section-column-bg-container-agni-column-21384\" ><div class=\"section-column-bg section-column-bg-color\" style=\"background-color: #efefef; \" ><\/div><\/div><div class=\"wpb_wrapper\"><div class=\"agni_custom_heading page-scroll\" ><h2 class=\"vc_custom_heading agni_custom_heading_content\" style=\"font-size: 24px;text-align: center; \"><span>Planificaci\u00f3n ac\u00fastica de la nueva oficina de trabajo<\/span><\/h2><div class=\"divide-line text-center\"><span style=\"width:90px; height:1px; background-color:#020000\"><\/span><\/div><\/div>\n\t<div id=\"\" class=\"agni_text_column agni-text-block\"  >\n\t\t<p>Una buena planificaci\u00f3n permite trabajar con m\u00e1s tranquilidad. Por eso, antes de equipar una oficina di\u00e1fana, hay que estudiar detenidamente su superficie. La planificaci\u00f3n ac\u00fastica actual de oficinas suele utilizar la norma ISO 22955 (Calidad ac\u00fastica en oficinas di\u00e1fanas) para el proceso de planificaci\u00f3n de oficinas di\u00e1fanas.<\/p>\n<p>Esto divide una oficina de espacio abierto en diferentes tipos de aplicaciones, que pueden separarse ac\u00fasticamente entre s\u00ed mediante soluciones de sala en sala, zonificaci\u00f3n variable, tabiques m\u00f3viles y una divisi\u00f3n de salas bien pensada.<\/p>\n<p>Dentro de estos tipos (\"Tipos de espacio\"), los lugares de trabajo de New Work se planifican en funci\u00f3n de la comunicaci\u00f3n entre s\u00ed o del trabajo individual concentrado. Los absorbentes ac\u00fasticos colocados con sensatez en la oficina de espacio abierto y, por ejemplo, los espacios de trabajo flexibles pueden ayudar. <a href=\"https:\/\/www.gerriets-acoustics.com\/es\/planificacion-consultoria\/cortina-acustica\/\">Cortinas ac\u00fasticas<\/a>para dividir ac\u00fasticamente la Oficina de Espacio Abierto.<\/p>\n\n\t<\/div>\n<div class=\"agni_empty_space vc_empty_space\"  style=\"height: 60px\" data-height = \"60px\" data-height-tab = \"50\" data-height-mobile = \"5\"><span class=\"vc_empty_space_inner\"><\/span><\/div>\n<\/div><\/div><\/div><div id=\"agni-column-49896\" class=\"wpb_column agni_column_container agni_column vc_column_container vc_col-sm-12 vc_col-md-offset-1 vc_col-md-6\"><div class=\"agni_column-inner vc_column-inner text-left\"  ><div class=\"section-column-bg-container section-column-bg-container-agni-column-49896 has-bg-edge\" data-bg-edge=\"right\"><div class=\"section-column-bg section-column-bg-image\" style=\"background-image: url('https:\/\/www.gerriets-acoustics.com\/wp-content\/uploads\/2023\/01\/2022-Stuttgart-Gerriets_Schallvorhang_OFFICE_Fraunhofer_Institut_-1.jpg'); background-repeat:repeat; background-size:cover; background-position:center center; background-attachment:scroll; background-color: #ffffff; \" ><\/div><\/div><div class=\"wpb_wrapper\"><div class=\"agni_empty_space vc_empty_space\"  style=\"height: 32px\" data-height = \"32px\" data-height-tab = \"32px\" data-height-mobile = \"300px\"><span class=\"vc_empty_space_inner\"><\/span><\/div>\n<\/div><\/div><\/div><\/div><\/div><\/div><div id=\"agni-row-78166\" class=\"section-row\" ><div class=\"section-row-bg-container section-row-bg-container-agni-row-78166\"><div class=\"section-row-bg section-row-bg-color\" style=\"background-color: #efefef; \" ><\/div><\/div><div class=\"container\"><div class=\"vc_row vc_row_fluid vc_row-o-equal-height vc_row-flex\"><div id=\"agni-column-31338\" class=\"wpb_column agni_column_container agni_column vc_column_container vc_col-sm-12 vc_col-md-6 vc_hidden-sm vc_hidden-xs\"><div class=\"agni_column-inner vc_column-inner text-left\"  ><div class=\"section-column-bg-container section-column-bg-container-agni-column-31338 has-bg-edge\" data-bg-edge=\"left\"><div class=\"section-column-bg section-column-bg-image\" style=\"background-image: url('https:\/\/www.gerriets-acoustics.com\/wp-content\/uploads\/2022\/03\/gw-2021-vitra-club-office-03.jpg'); background-repeat:repeat; background-size:cover; background-position:right top; background-attachment:scroll; background-color: #ffffff; \" ><\/div><\/div><div class=\"wpb_wrapper\"><div class=\"agni_empty_space vc_empty_space\"  style=\"height: 32px\" data-height = \"32px\" data-height-tab = \"32px\" data-height-mobile = \"300px\"><span class=\"vc_empty_space_inner\"><\/span><\/div>\n<\/div><\/div><\/div><div id=\"agni-column-50472\" class=\"wpb_column agni_column_container agni_column vc_column_container vc_col-sm-12 vc_col-md-offset-1 vc_col-md-5\"><div class=\"agni_column-inner vc_column-inner text-left\" style=\"padding-top: 40px; padding-bottom: 40px; \" ><div class=\"section-column-bg-container section-column-bg-container-agni-column-50472\" ><div class=\"section-column-bg section-column-bg-color\"  ><\/div><\/div><div class=\"wpb_wrapper\"><div class=\"agni_custom_heading page-scroll\" ><h2 class=\"vc_custom_heading agni_custom_heading_content\" style=\"font-size: 24px;text-align: center; \"><span>Vitra - un Club Office como oficina de espacio abierto<\/span><\/h2><div class=\"divide-line text-center\"><span style=\"width:90px; height:1px; background-color:#020000\"><\/span><\/div><\/div><div class=\"agni_empty_space vc_empty_space\"  style=\"height: 20px\" data-height = \"20px\" data-height-tab = \"50\" data-height-mobile = \"5\"><span class=\"vc_empty_space_inner\"><\/span><\/div>\n\n\t<div id=\"\" class=\"agni_text_column agni-text-block\"  >\n\t\t<p>Un buen ejemplo de este moderno concepto de oficina abierta es el <a href=\"https:\/\/www.gerriets-acoustics.com\/es\/portfolio\/vitra-club-office\/\" target=\"_blank\" rel=\"noopener\">Oficina Vitra Club<\/a> en la sede de Vitra en Birsfelden. Gerriets Interior Acoustic Solutions se enorgullece de suministrar cortinas fonoabsorbentes (<a href=\"https:\/\/www.gerriets-acoustics.com\/es\/coleccion-acustica-interior\/tejidos-transparentes\/\" target=\"_blank\" rel=\"noopener\">ABSORBER LIGHT<\/a>), cortinas fonoabsorbentes (<a href=\"https:\/\/www.gerriets-acoustics.com\/es\/cortinas-insonorizadas\/\" target=\"_blank\" rel=\"noopener\">CORTINA DE SONIDO PARA OFICINAS<\/a>) y perfiles de carril especiales (<a href=\"https:\/\/www.gerriets-acoustics.com\/es\/sistemas-ferroviarios\/\" target=\"_blank\" rel=\"noopener\">Sistema de carriles OFFICE STUDIO<\/a>) que se representar\u00e1n en el proyecto.<\/p>\n<p>Con la ayuda de nuestros separadores de espacios flexibles para la Open Space Office, la Vitra Club Office puede dividirse en una zona p\u00fablica, una semip\u00fablica y una privada. La ac\u00fastica de sala variable resultante en la oficina New Work favorece que las reuniones espont\u00e1neas en la Vitra Club Office puedan celebrarse de forma semip\u00fablica, mientras que los talleres o las videoconferencias tienen lugar en la zona privada de la Open Space Office.<\/p>\n\n\t<\/div>\n<div class=\"agni_empty_space vc_empty_space\"  style=\"height: 50px\" data-height = \"50px\" data-height-tab = \"50\" data-height-mobile = \"5\"><span class=\"vc_empty_space_inner\"><\/span><\/div>\n<\/div><\/div><\/div><\/div><\/div><\/div><div id=\"agni-row-41866\" class=\"section-row\" ><div class=\"section-row-bg-container section-row-bg-container-agni-row-41866\"><div class=\"section-row-bg section-row-bg-color  parallax\" style=\"background-color: #efefef; \" data-top-bottom=\"background-position: 0px 600px;\" data-center=\"background-position: 0px 0px\" data-bottom-top=\"background-position: 0px 0px\"><\/div><\/div><div class=\"container\"><div class=\"vc_row vc_row_fluid vc_row-o-equal-height vc_row-flex\"><div id=\"agni-column-79586\" class=\"wpb_column agni_column_container agni_column vc_column_container vc_col-sm-12 vc_col-md-5\"><div class=\"agni_column-inner vc_column-inner text-left\" style=\"padding-top: 40px; padding-bottom: 40px; \" ><div class=\"section-column-bg-container section-column-bg-container-agni-column-79586\" ><div class=\"section-column-bg section-column-bg-color\" style=\"background-color: #efefef; \" ><\/div><\/div><div class=\"wpb_wrapper\"><div class=\"agni_custom_heading page-scroll\" ><h2 class=\"vc_custom_heading agni_custom_heading_content\" style=\"font-size: 24px;text-align: center; \"><span>Separadores de espacios flexibles y temporales en la Oficina Open Space<\/span><\/h2><div class=\"divide-line text-center\"><span style=\"width:90px; height:1px; background-color:#020000\"><\/span><\/div><\/div>\n\t<div id=\"\" class=\"agni_text_column agni-text-block\"  >\n\t\t<p>Por lo tanto, la planificaci\u00f3n ac\u00fastica del espacio en una oficina de espacio abierto debe tener siempre en cuenta los requisitos de uso respectivos de las distintas zonas dentro de un \u00e1rea de espacios m\u00faltiples. Una vez definida claramente, la informaci\u00f3n puede utilizarse para zonificar fundamentalmente el espacio de la oficina de espacio abierto.<\/p>\n<p>Los separadores de espacios flexibles y temporales ofrecen un soporte \u00f3ptimo para crear islas de reuni\u00f3n, zonas de descanso o zonas de sala dentro de la oficina Multi Space. Junto con elementos de sala ac\u00fasticamente eficaces que crean una microarquitectura en la zona Multi Space, un concepto de oficina abierta tambi\u00e9n puede funcionar con pocas interrupciones y crear un ambiente de trabajo estimulante y moderno en una oficina Open Space.<\/p>\n\n\t<\/div>\n<div class=\"agni_empty_space vc_empty_space\"  style=\"height: 60px\" data-height = \"60px\" data-height-tab = \"50\" data-height-mobile = \"5\"><span class=\"vc_empty_space_inner\"><\/span><\/div>\n<\/div><\/div><\/div><div id=\"agni-column-66486\" class=\"wpb_column agni_column_container agni_column vc_column_container vc_col-sm-12 vc_col-md-offset-1 vc_col-md-6\"><div class=\"agni_column-inner vc_column-inner text-left\"  ><div class=\"section-column-bg-container section-column-bg-container-agni-column-66486 has-bg-edge\" data-bg-edge=\"right\"><div class=\"section-column-bg section-column-bg-image\" style=\"background-image: url('https:\/\/www.gerriets-acoustics.com\/wp-content\/uploads\/2025\/04\/2025-Bad-Homburg-Mainmetall-SVO-10.jpg'); background-repeat:repeat; background-size:cover; background-position:center center; background-attachment:scroll; background-color: #ffffff; \" ><\/div><\/div><div class=\"wpb_wrapper\"><div class=\"agni_empty_space vc_empty_space\"  style=\"height: 32px\" data-height = \"32px\" data-height-tab = \"32px\" data-height-mobile = \"300px\"><span class=\"vc_empty_space_inner\"><\/span><\/div>\n<\/div><\/div><\/div><\/div><\/div><\/div><div id=\"agni-row-31824\" class=\"section-row\" ><div class=\"section-row-bg-container section-row-bg-container-agni-row-31824\"><div class=\"section-row-bg section-row-bg-color\" style=\"background-color: #efefef; \" ><\/div><\/div><div class=\"container\"><div class=\"vc_row vc_row_fluid vc_row-o-equal-height vc_row-flex\"><div id=\"agni-column-74345\" class=\"wpb_column agni_column_container agni_column vc_column_container vc_col-sm-12 vc_col-md-6 vc_hidden-sm vc_hidden-xs\"><div class=\"agni_column-inner vc_column-inner text-left\"  ><div class=\"section-column-bg-container section-column-bg-container-agni-column-74345 has-bg-edge\" data-bg-edge=\"left\"><div class=\"section-column-bg section-column-bg-image\" style=\"background-image: url('https:\/\/www.gerriets-acoustics.com\/wp-content\/uploads\/2023\/01\/2022-Gerriets-London-Vitra-Showroom-Tramshed-HR-1-curtains-05.jpg'); background-repeat:repeat; background-size:cover; background-position:left center; background-attachment:scroll; background-color: #ffffff; \" ><\/div><\/div><div class=\"wpb_wrapper\"><div class=\"agni_empty_space vc_empty_space\"  style=\"height: 32px\" data-height = \"32px\" data-height-tab = \"32px\" data-height-mobile = \"300px\"><span class=\"vc_empty_space_inner\"><\/span><\/div>\n<\/div><\/div><\/div><div id=\"agni-column-49016\" class=\"wpb_column agni_column_container agni_column vc_column_container vc_col-sm-12 vc_col-md-offset-1 vc_col-md-5\"><div class=\"agni_column-inner vc_column-inner text-left\" style=\"padding-top: 40px; padding-bottom: 40px; \" ><div class=\"section-column-bg-container section-column-bg-container-agni-column-49016\" ><div class=\"section-column-bg section-column-bg-color\"  ><\/div><\/div><div class=\"wpb_wrapper\"><div class=\"agni_custom_heading page-scroll\" ><h2 class=\"vc_custom_heading agni_custom_heading_content\" style=\"font-size: 24px;text-align: center; \"><span>Su nueva oficina de trabajo: desde la planificaci\u00f3n hasta la instalaci\u00f3n<br \/>\nall\u00ed para ti<\/span><\/h2><div class=\"divide-line text-center\"><span style=\"width:90px; height:1px; background-color:#020000\"><\/span><\/div><\/div><div class=\"agni_empty_space vc_empty_space\"  style=\"height: 20px\" data-height = \"20px\" data-height-tab = \"50\" data-height-mobile = \"5\"><span class=\"vc_empty_space_inner\"><\/span><\/div>\n\n\t<div id=\"\" class=\"agni_text_column agni-text-block\"  >\n\t\t<p>Para la planificaci\u00f3n ac\u00fastica de oficinas Multi Space son cruciales unos valores medidos fiables, as\u00ed como la posibilidad de acompa\u00f1ar las mediciones y el asesoramiento durante todo el proceso de construcci\u00f3n. Por eso estamos a su lado desde la idea inicial hasta la ejecuci\u00f3n final, planificamos, suministramos e instalamos.<\/p>\n<p>Comprobamos la eficacia de todos los textiles utilizados para encontrar la combinaci\u00f3n \u00f3ptima para su oficina de espacio abierto. Nuestra cartera de soluciones de insonorizaci\u00f3n para nuevas oficinas de trabajo es tan vers\u00e1til que podemos elaborar una variante adecuada para usted de forma individual. \u00bfEst\u00e1 interesado en una soluci\u00f3n de insonorizaci\u00f3n de oficinas optimizada y flexible para su oficina multiespacio?<\/p>\n<p>Entonces hablemos sin compromiso.<\/p>\n\n\t<\/div>\n<div class=\"agni_empty_space vc_empty_space\"  style=\"height: 50px\" data-height = \"50px\" data-height-tab = \"50\" data-height-mobile = \"5\"><span class=\"vc_empty_space_inner\"><\/span><\/div>\n<div class=\"agni-button  text-center page-scroll\"><a class=\"btn btn-alt btn-lg btn-accent\" target=\"_blank\" href=\"https:\/\/www.gerriets-acoustics.com\/es\/pongase-en-contacto-con\/\"  >Concierte ahora una cita de consulta<\/a><\/div><div class=\"agni_empty_space vc_empty_space\"  style=\"height: 50px\" data-height = \"50px\" data-height-tab = \"50\" data-height-mobile = \"5\"><span class=\"vc_empty_space_inner\"><\/span><\/div>\n<\/div><\/div><\/div><\/div><\/div><\/div>\n<\/section>","protected":false},"excerpt":{"rendered":"Akustische Raumplanung im Open Space \u00adB\u00fcro Es ist aus dem Bereich der modernen B\u00fcrokonzepte nicht mehr wegzudenken: das Open Space B\u00fcro. Insbesondere seit dem starken Einschnitt durch Corona gewinnt der Begriff des sogenannten Open Space Office immer mehr an Bedeutung. Die Arbeitswelt hat sich ver\u00e4ndert und damit auch der Anspruch an das gute alte offene [...]","protected":false},"author":33,"featured_media":0,"parent":4800,"menu_order":0,"comment_status":"closed","ping_status":"closed","template":"","meta":{"footnotes":""},"class_list":["post-9753","page","type-page","status-publish","hentry"],"aioseo_notices":[],"_links":{"self":[{"href":"https:\/\/www.gerriets-acoustics.com\/es\/wp-json\/wp\/v2\/pages\/9753","targetHints":{"allow":["GET"]}}],"collection":[{"href":"https:\/\/www.gerriets-acoustics.com\/es\/wp-json\/wp\/v2\/pages"}],"about":[{"href":"https:\/\/www.gerriets-acoustics.com\/es\/wp-json\/wp\/v2\/types\/page"}],"author":[{"embeddable":true,"href":"https:\/\/www.gerriets-acoustics.com\/es\/wp-json\/wp\/v2\/users\/33"}],"replies":[{"embeddable":true,"href":"https:\/\/www.gerriets-acoustics.com\/es\/wp-json\/wp\/v2\/comments?post=9753"}],"version-history":[{"count":3,"href":"https:\/\/www.gerriets-acoustics.com\/es\/wp-json\/wp\/v2\/pages\/9753\/revisions"}],"predecessor-version":[{"id":10796,"href":"https:\/\/www.gerriets-acoustics.com\/es\/wp-json\/wp\/v2\/pages\/9753\/revisions\/10796"}],"up":[{"embeddable":true,"href":"https:\/\/www.gerriets-acoustics.com\/es\/wp-json\/wp\/v2\/pages\/4800"}],"wp:attachment":[{"href":"https:\/\/www.gerriets-acoustics.com\/es\/wp-json\/wp\/v2\/media?parent=9753"}],"curies":[{"name":"wp","href":"https:\/\/api.w.org\/{rel}","templated":true}]}}