{"id":2464,"date":"2017-10-10T15:01:21","date_gmt":"2017-10-10T13:01:21","guid":{"rendered":"http:\/\/gerriets.webproofed.de\/?post_type=portfolio&#038;p=2464"},"modified":"2022-07-05T10:03:08","modified_gmt":"2022-07-05T08:03:08","slug":"mueller-huber-architekturbuero","status":"publish","type":"portfolio","link":"https:\/\/www.gerriets-acoustics.com\/es\/portfolio\/mueller-huber-architekturbuero\/","title":{"rendered":"Estudio de arquitectura M\u00fcller + Huber <br> Oberkirch \/ Alemania"},"content":{"rendered":"<section class=\"wpb-content-wrapper\"><section class=\"vc_section agni-section\"><div id=\"agni-row-23675\" class=\"section-row\" ><div class=\"section-row-bg-container section-row-bg-container-agni-row-23675\"><div class=\"section-row-bg section-row-bg-color\"  ><\/div><\/div><div class=\"container\"><div class=\"vc_row vc_row_fluid\"><div id=\"agni-column-84198\" class=\"wpb_column agni_column_container agni_column vc_column_container vc_col-sm-12\"><div class=\"agni_column-inner vc_column-inner text-left\"  ><div class=\"section-column-bg-container section-column-bg-container-agni-column-84198\" ><div class=\"section-column-bg section-column-bg-color\"  ><\/div><\/div><div class=\"wpb_wrapper\">\t\t<section class=\"tm-slider slider  default-tdt\" id=\"tdt-slider-469\" data-mobiles=\"1\" data-tabs=\"1\" data-slick='{\"arrows\": true, \"autoplaySpeed\": 8000, \"speed\": 500, \"dots\": false, \"autoplay\": true, \"slidesToShow\": 1, \"slidesToScroll\": 1, \"fade\": false}'>\r\n\t\t    \t\t<div class=\"carousel-caption\" style=\"background: none\">\r\n\t\t  <div>\r\n\t\t  \t\t\t\t\t\t\t\t<a>\r\n\t\t\t\t\t\t\t\t\t  \t<img decoding=\"async\" src=\"https:\/\/www.gerriets-acoustics.com\/wp-content\/uploads\/2017\/10\/gw-2014-oberkirch-haus-der-ing-office-1.jpg\" alt=\"\" class=\"ultimate-slide-img\" style=\"max-width: 100%;width: 1000px;height:;border-radius: 0;margin-bottom: 15px\">\r\n\t\t\t\t\r\n\t\t\t\t<\/a>\r\n\t\t  \t<span class=\"content-section\" style=\"text-align: center;top: 0%\">\r\n\t\t\t  \t<h2 class=\"tdt-slider-heading\" style=\"font-size: 22px;color:;font-weight: normal;line-height: 1\">\r\n\t\t\t  \t\t\t\t\t  \t<\/h2>\r\n\t\t\t  \t\t\t\t  \t\r\n\t\t\t  \t<br>\r\n\r\n\t\t\t  \t\t\t\t  \t<p>&nbsp;<\/p>\r\n\t\t  \t<\/span>\r\n\t\t  <\/div>\r\n\t\t<\/div>\r\n\t\t\t\t<div class=\"carousel-caption\" style=\"background: none\">\r\n\t\t  <div>\r\n\t\t  \t\t\t\t\t\t\t\t<a>\r\n\t\t\t\t\t\t\t\t\t  \t<img decoding=\"async\" src=\"https:\/\/www.gerriets-acoustics.com\/wp-content\/uploads\/2017\/10\/gw-2014-oberkirch-haus-der-ing-office-2.jpg\" alt=\"\" class=\"ultimate-slide-img\" style=\"max-width: 100%;width: 1000px;height:;border-radius: 0;margin-bottom: 15px\">\r\n\t\t\t\t\r\n\t\t\t\t<\/a>\r\n\t\t  \t<span class=\"content-section\" style=\"text-align: center;top: 0%\">\r\n\t\t\t  \t<h2 class=\"tdt-slider-heading\" style=\"font-size: 22px;color:;font-weight: normal;line-height: 1\">\r\n\t\t\t  \t\t\t\t\t  \t<\/h2>\r\n\t\t\t  \t\t\t\t  \t\r\n\t\t\t  \t<br>\r\n\r\n\t\t\t  \t\t\t\t  \t<p>&nbsp;<\/p>\r\n\t\t  \t<\/span>\r\n\t\t  <\/div>\r\n\t\t<\/div>\r\n\t\t\t\t<div class=\"carousel-caption\" style=\"background: none\">\r\n\t\t  <div>\r\n\t\t  \t\t\t\t\t\t\t\t<a>\r\n\t\t\t\t\t\t\t\t\t  \t<img decoding=\"async\" src=\"https:\/\/www.gerriets-acoustics.com\/wp-content\/uploads\/2017\/10\/gw-2014-oberkirch-haus-der-ing-office-3.jpg\" alt=\"\" class=\"ultimate-slide-img\" style=\"max-width: 100%;width: 1000px;height:;border-radius: 0;margin-bottom: 15px\">\r\n\t\t\t\t\r\n\t\t\t\t<\/a>\r\n\t\t  \t<span class=\"content-section\" style=\"text-align: center;top: 0%\">\r\n\t\t\t  \t<h2 class=\"tdt-slider-heading\" style=\"font-size: 22px;color:;font-weight: normal;line-height: 1\">\r\n\t\t\t  \t\t\t\t\t  \t<\/h2>\r\n\t\t\t  \t\t\t\t  \t\r\n\t\t\t  \t<br>\r\n\r\n\t\t\t  \t\t\t\t  \t<p>&nbsp;<\/p>\r\n\t\t  \t<\/span>\r\n\t\t  <\/div>\r\n\t\t<\/div>\r\n\t\t\t\t<div class=\"carousel-caption\" style=\"background: none\">\r\n\t\t  <div>\r\n\t\t  \t\t\t\t\t\t\t\t<a>\r\n\t\t\t\t\t\t\t\t\t  \t<img decoding=\"async\" src=\"https:\/\/www.gerriets-acoustics.com\/wp-content\/uploads\/2017\/10\/gw-2014-oberkirch-haus-der-ing-office-4.jpg\" alt=\"\" class=\"ultimate-slide-img\" style=\"max-width: 100%;width: 1000px;height:;border-radius: 0;margin-bottom: 15px\">\r\n\t\t\t\t\r\n\t\t\t\t<\/a>\r\n\t\t  \t<span class=\"content-section\" style=\"text-align: center;top: 0%\">\r\n\t\t\t  \t<h2 class=\"tdt-slider-heading\" style=\"font-size: 22px;color:;font-weight: normal;line-height: 1\">\r\n\t\t\t  \t\t\t\t\t  \t<\/h2>\r\n\t\t\t  \t\t\t\t  \t\r\n\t\t\t  \t<br>\r\n\r\n\t\t\t  \t\t\t\t  \t<p>&nbsp;<\/p>\r\n\t\t  \t<\/span>\r\n\t\t  <\/div>\r\n\t\t<\/div>\r\n\t\t\t\t<\/section>\r\n\r\n\t\t<style>\r\n\t\t\t#tdt-slider-469 .slick-slide {\r\n\t\t\t\tpadding: 0 0px !important;\r\n\t\t\t}\r\n\t\t\t\t\t\t\t\t\t\t#tdt-slider-469 .slick-next:before, #tdt-slider-469 .slick-prev:before {\r\n\t\t\t\t\tcolor: #000000 !important;\r\n\t\t\t\t\tbackground:  !important;\r\n\t\t\t\t\tfont-size: 20px !important;\r\n\t\t\t\t}\r\n\t\t\t\t\t\t\t\t<\/style>\r\n\t\t<\/div><\/div><\/div><\/div><\/div><\/div><div id=\"agni-row-90210\" class=\"section-row\" ><div class=\"section-row-bg-container section-row-bg-container-agni-row-90210\"><div class=\"section-row-bg section-row-bg-color\"  ><\/div><\/div><div class=\"container\"><div class=\"vc_row vc_row_fluid\"><div id=\"agni-column-66522\" class=\"wpb_column agni_column_container agni_column vc_column_container vc_col-sm-10\"><div class=\"agni_column-inner vc_column-inner text-left\"  ><div class=\"section-column-bg-container section-column-bg-container-agni-column-66522\" ><div class=\"section-column-bg section-column-bg-color\"  ><\/div><\/div><div class=\"wpb_wrapper\">\n\t<div id=\"\" class=\"agni_text_column agni-text-block\"  >\n\t\t<p style=\"padding-left: 30px;\"><strong>Datos del proyecto<\/strong><\/p>\n<ul>\n<li>Separaci\u00f3n visual y mejora ac\u00fastica de los espacios de oficina<\/li>\n<li>Fabricaci\u00f3n e instalaci\u00f3n de cinco cortinas ac\u00fasticas OFFICE de 5 capas en \u00f3ptica ondulada; dos cortinas con una altura aproximada de 5,40 m.<\/li>\n<li>Capa exterior de terciopelo ac\u00fastico ALICANTE CS; color gris oscuro<\/li>\n<li>Suspensi\u00f3n sobre ra\u00edles centr\u00edfugos TRUMPF 95 OFFICE de un solo recorrido<\/li>\n<li>El interruptor de ajuste el\u00e9ctrico permite desplazar las cortinas por diferentes carriles<\/li>\n<\/ul>\n<p style=\"padding-left: 30px;\"><strong>Cliente final<\/strong><br \/>\nEstudio de arquitectura M\u00fcller + Huber<\/p>\n<p style=\"padding-left: 30px;\"><strong>Ubicaci\u00f3n<\/strong><br \/>\nOberkirch \/ Alemania<\/p>\n\n\t<\/div>\n<div class=\"agni_empty_space vc_empty_space\"  style=\"height: 30px\" data-height = \"30px\" data-height-tab = \"30px\" data-height-mobile = \"30px\"><span class=\"vc_empty_space_inner\"><\/span><\/div>\n<\/div><\/div><\/div><div id=\"agni-column-64937\" class=\"wpb_column agni_column_container agni_column vc_column_container vc_col-sm-2\"><div class=\"agni_column-inner vc_column-inner text-left\"  ><div class=\"section-column-bg-container section-column-bg-container-agni-column-64937\" ><div class=\"section-column-bg section-column-bg-color\"  ><\/div><\/div><div class=\"wpb_wrapper\"><\/div><\/div><\/div><\/div><\/div><\/div><\/section>\n<\/section>","protected":false},"excerpt":{"rendered":"&nbsp; &nbsp; &nbsp; &nbsp; Projektdaten Optische Abtrennung und akustische Verbesserung der B\u00fcror\u00e4ume Fertigung und Installation von f\u00fcnf 5-lagigen Schallvorh\u00e4ngen OFFICE in Wave-Optik; zwei Vorh\u00e4nge mit einer H\u00f6he von ca. 5,40 m Au\u00dfenlage aus dem schallabsorbierenden B\u00fchnenvelours ALICANTE CS; in der Farbe Dunkelgrau Aufh\u00e4ngung an einl\u00e4ufigen TRUMPF 95 OFFICE-Schleuderschienen Elektrisch verstellbare Weiche erm\u00f6glicht Verfahren der Vorh\u00e4nge [...]","protected":false},"featured_media":8905,"menu_order":0,"comment_status":"closed","ping_status":"closed","template":"","class_list":["post-2464","portfolio","type-portfolio","status-publish","has-post-thumbnail","hentry","types-buerowelten","types-schallvorhang-office"],"aioseo_notices":[],"_links":{"self":[{"href":"https:\/\/www.gerriets-acoustics.com\/es\/wp-json\/wp\/v2\/portfolio\/2464","targetHints":{"allow":["GET"]}}],"collection":[{"href":"https:\/\/www.gerriets-acoustics.com\/es\/wp-json\/wp\/v2\/portfolio"}],"about":[{"href":"https:\/\/www.gerriets-acoustics.com\/es\/wp-json\/wp\/v2\/types\/portfolio"}],"replies":[{"embeddable":true,"href":"https:\/\/www.gerriets-acoustics.com\/es\/wp-json\/wp\/v2\/comments?post=2464"}],"wp:featuredmedia":[{"embeddable":true,"href":"https:\/\/www.gerriets-acoustics.com\/es\/wp-json\/wp\/v2\/media\/8905"}],"wp:attachment":[{"href":"https:\/\/www.gerriets-acoustics.com\/es\/wp-json\/wp\/v2\/media?parent=2464"}],"curies":[{"name":"wp","href":"https:\/\/api.w.org\/{rel}","templated":true}]}}