{"id":2565,"date":"2017-10-11T10:46:30","date_gmt":"2017-10-11T08:46:30","guid":{"rendered":"http:\/\/gerriets.webproofed.de\/?post_type=portfolio&#038;p=2565"},"modified":"2022-06-08T12:34:40","modified_gmt":"2022-06-08T10:34:40","slug":"kulturzentrum-fuer-europaeische-weltraumtechnologien","status":"publish","type":"portfolio","link":"https:\/\/www.gerriets-acoustics.com\/es\/portfolio\/cultural-centre-for-european-space-technologies\/","title":{"rendered":"Centro Cultural de Tecnolog\u00edas Espaciales Europeas <br> Vitanje \/ Eslovenia"},"content":{"rendered":"<section class=\"wpb-content-wrapper\"><section class=\"vc_section agni-section\"><div id=\"agni-row-45797\" class=\"section-row\" ><div class=\"section-row-bg-container section-row-bg-container-agni-row-45797\"><div class=\"section-row-bg section-row-bg-color\"  ><\/div><\/div><div class=\"container\"><div class=\"vc_row vc_row_fluid\"><div id=\"agni-column-74399\" class=\"wpb_column agni_column_container agni_column vc_column_container vc_col-sm-12\"><div class=\"agni_column-inner vc_column-inner text-left\"  ><div class=\"section-column-bg-container section-column-bg-container-agni-column-74399\" ><div class=\"section-column-bg section-column-bg-color\"  ><\/div><\/div><div class=\"wpb_wrapper\">\t\t<section class=\"tm-slider slider  default-tdt\" id=\"tdt-slider-45\" data-mobiles=\"1\" data-tabs=\"1\" data-slick='{\"arrows\": true, \"autoplaySpeed\": 8000, \"speed\": 500, \"dots\": false, \"autoplay\": true, \"slidesToShow\": 1, \"slidesToScroll\": 1, \"fade\": false}'>\r\n\t\t    \t\t<div class=\"carousel-caption\" style=\"background: none\">\r\n\t\t  <div>\r\n\t\t  \t\t\t\t\t\t\t\t<a>\r\n\t\t\t\t\t\t\t\t\t  \t<img decoding=\"async\" src=\"https:\/\/www.gerriets-acoustics.com\/wp-content\/uploads\/2017\/10\/2012-kulturzentrum-weltraumtechnik-1.jpg\" alt=\"\" class=\"ultimate-slide-img\" style=\"max-width: 100%;width: 1000px;height:;border-radius: 0;margin-bottom: 15px\">\r\n\t\t\t\t\r\n\t\t\t\t<\/a>\r\n\t\t  \t<span class=\"content-section\" style=\"text-align: center;top: 0%\">\r\n\t\t\t  \t<h2 class=\"tdt-slider-heading\" style=\"font-size: 22px;color:;font-weight: normal;line-height: 1\">\r\n\t\t\t  \t\t\t\t\t  \t<\/h2>\r\n\t\t\t  \t\t\t\t  \t\r\n\t\t\t  \t<br>\r\n\r\n\t\t\t  \t\t\t\t  \t<p>&nbsp;<\/p>\r\n\t\t  \t<\/span>\r\n\t\t  <\/div>\r\n\t\t<\/div>\r\n\t\t\t\t<div class=\"carousel-caption\" style=\"background: none\">\r\n\t\t  <div>\r\n\t\t  \t\t\t\t\t\t\t\t<a>\r\n\t\t\t\t\t\t\t\t\t  \t<img decoding=\"async\" src=\"https:\/\/www.gerriets-acoustics.com\/wp-content\/uploads\/2017\/10\/2012-kulturzentrum-weltraumtechnik-2.jpg\" alt=\"\" class=\"ultimate-slide-img\" style=\"max-width: 100%;width: 1000px;height:;border-radius: 0;margin-bottom: 15px\">\r\n\t\t\t\t\r\n\t\t\t\t<\/a>\r\n\t\t  \t<span class=\"content-section\" style=\"text-align: center;top: 0%\">\r\n\t\t\t  \t<h2 class=\"tdt-slider-heading\" style=\"font-size: 22px;color:;font-weight: normal;line-height: 1\">\r\n\t\t\t  \t\t\t\t\t  \t<\/h2>\r\n\t\t\t  \t\t\t\t  \t\r\n\t\t\t  \t<br>\r\n\r\n\t\t\t  \t\t\t\t  \t<p>&nbsp;<\/p>\r\n\t\t  \t<\/span>\r\n\t\t  <\/div>\r\n\t\t<\/div>\r\n\t\t\t\t<\/section>\r\n\r\n\t\t<style>\r\n\t\t\t#tdt-slider-45 .slick-slide {\r\n\t\t\t\tpadding: 0 0px !important;\r\n\t\t\t}\r\n\t\t\t\t\t\t\t\t\t\t#tdt-slider-45 .slick-next:before, #tdt-slider-45 .slick-prev:before {\r\n\t\t\t\t\tcolor: #000000 !important;\r\n\t\t\t\t\tbackground:  !important;\r\n\t\t\t\t\tfont-size: 20px !important;\r\n\t\t\t\t}\r\n\t\t\t\t\t\t\t\t<\/style>\r\n\t\t<\/div><\/div><\/div><\/div><\/div><\/div><div id=\"agni-row-65816\" class=\"section-row\" ><div class=\"section-row-bg-container section-row-bg-container-agni-row-65816\"><div class=\"section-row-bg section-row-bg-color\"  ><\/div><\/div><div class=\"container\"><div class=\"vc_row vc_row_fluid\"><div id=\"agni-column-58450\" class=\"wpb_column agni_column_container agni_column vc_column_container vc_col-sm-10\"><div class=\"agni_column-inner vc_column-inner text-left\"  ><div class=\"section-column-bg-container section-column-bg-container-agni-column-58450\" ><div class=\"section-column-bg section-column-bg-color\"  ><\/div><\/div><div class=\"wpb_wrapper\">\n\t<div id=\"\" class=\"agni_text_column agni-text-block\"  >\n\t\t<p style=\"padding-left: 30px;\"><strong>Datos del proyecto<\/strong><\/p>\n<ul>\n<li>Revestimiento integral de muros de hormig\u00f3n de diferentes alturas para realzar visualmente y mejorar ac\u00fasticamente el vest\u00edbulo.<\/li>\n<li>Fabricaci\u00f3n e instalaci\u00f3n de una cortina de ABSORBER CS; en color negro; aprox. 21,0 m de ancho y entre 3,3 m y 6,6 m de alto.<\/li>\n<li>Suspensi\u00f3n en un sistema de ra\u00edles TRUMPF 95<\/li>\n<\/ul>\n<p style=\"padding-left: 30px;\"><strong>Arquitecto<\/strong><br \/>\nMatija Bevk, Aljo\u0161a Dekleva, Tina Gregori\u010d, Rok Oman, Vasa J. Perovi\u0107, Jurij Sadar, \u0160pela Vide\u010dnik, Bo\u0161tjan Vuga.<\/p>\n<p style=\"padding-left: 30px;\"><strong>Cliente final<\/strong><br \/>\nComunidad de Vitanje<\/p>\n<p style=\"padding-left: 30px;\"><strong>Ubicaci\u00f3n<br \/>\n<\/strong>Vitanje \/ Eslovenia<\/p>\n\n\t<\/div>\n<div class=\"agni_empty_space vc_empty_space\"  style=\"height: 30px\" data-height = \"30px\" data-height-tab = \"30px\" data-height-mobile = \"30px\"><span class=\"vc_empty_space_inner\"><\/span><\/div>\n<\/div><\/div><\/div><div id=\"agni-column-14573\" class=\"wpb_column agni_column_container agni_column vc_column_container vc_col-sm-2\"><div class=\"agni_column-inner vc_column-inner text-left\"  ><div class=\"section-column-bg-container section-column-bg-container-agni-column-14573\" ><div class=\"section-column-bg section-column-bg-color\"  ><\/div><\/div><div class=\"wpb_wrapper\"><\/div><\/div><\/div><\/div><\/div><\/div><\/section>\n<\/section>","protected":false},"excerpt":{"rendered":"&nbsp; &nbsp; Projektdaten Rundumverkleidung von unterschiedlich hohen Betonw\u00e4nden zur optischen Aufwertung und akustischen Verbesserung der Halle Fertigung und Installation eines Vorhanges aus ABSORBER CS; in der Farbe Schwarz; ca. 21,0 m breit und zwischen 3,3 m und 6,6 m hoch Aufh\u00e4ngung an einem TRUMPF 95-Schienensystem Architekt Matija Bevk, Aljo\u0161a Dekleva, Tina Gregori\u010d, Rok Oman, Vasa [...]","protected":false},"featured_media":8800,"menu_order":0,"comment_status":"closed","ping_status":"closed","template":"","class_list":["post-2565","portfolio","type-portfolio","status-publish","has-post-thumbnail","hentry","types-bildung-und-lehre","types-kulturbauten","types-variable-raumakustik"],"aioseo_notices":[],"_links":{"self":[{"href":"https:\/\/www.gerriets-acoustics.com\/es\/wp-json\/wp\/v2\/portfolio\/2565","targetHints":{"allow":["GET"]}}],"collection":[{"href":"https:\/\/www.gerriets-acoustics.com\/es\/wp-json\/wp\/v2\/portfolio"}],"about":[{"href":"https:\/\/www.gerriets-acoustics.com\/es\/wp-json\/wp\/v2\/types\/portfolio"}],"replies":[{"embeddable":true,"href":"https:\/\/www.gerriets-acoustics.com\/es\/wp-json\/wp\/v2\/comments?post=2565"}],"wp:featuredmedia":[{"embeddable":true,"href":"https:\/\/www.gerriets-acoustics.com\/es\/wp-json\/wp\/v2\/media\/8800"}],"wp:attachment":[{"href":"https:\/\/www.gerriets-acoustics.com\/es\/wp-json\/wp\/v2\/media?parent=2565"}],"curies":[{"name":"wp","href":"https:\/\/api.w.org\/{rel}","templated":true}]}}