{"id":7461,"date":"2020-05-09T12:02:01","date_gmt":"2020-05-09T10:02:01","guid":{"rendered":"https:\/\/gerriets2021.webproofed.de\/?post_type=portfolio&#038;p=7461"},"modified":"2022-06-10T11:14:05","modified_gmt":"2022-06-10T09:14:05","slug":"kraftwerk-konzert-berlin-deutschland","status":"publish","type":"portfolio","link":"https:\/\/www.gerriets-acoustics.com\/es\/portfolio\/kraftwerk-concierto-berlin-alemania\/","title":{"rendered":"Concierto KRAFTWERK<br> Berl\u00edn \/ Alemania"},"content":{"rendered":"<section class=\"wpb-content-wrapper\"><section class=\"vc_section agni-section\"><div id=\"agni-row-53733\" class=\"section-row\" ><div class=\"section-row-bg-container section-row-bg-container-agni-row-53733\"><div class=\"section-row-bg section-row-bg-color\"  ><\/div><\/div><div class=\"container\"><div class=\"vc_row vc_row_fluid\"><div id=\"agni-column-38866\" class=\"wpb_column agni_column_container agni_column vc_column_container vc_col-sm-12\"><div class=\"agni_column-inner vc_column-inner text-left\"  ><div class=\"section-column-bg-container section-column-bg-container-agni-column-38866\" ><div class=\"section-column-bg section-column-bg-color\"  ><\/div><\/div><div class=\"wpb_wrapper\">\t\t<section class=\"tm-slider slider  default-tdt\" id=\"tdt-slider-119\" data-mobiles=\"1\" data-tabs=\"1\" data-slick='{\"arrows\": true, \"autoplaySpeed\": 8000, \"speed\": 500, \"dots\": false, \"autoplay\": true, \"slidesToShow\": 1, \"slidesToScroll\": 1, \"fade\": false}'>\r\n\t\t    \t\t<div class=\"carousel-caption\" style=\"background: none\">\r\n\t\t  <div>\r\n\t\t  \t\t\t\t\t\t\t\t<a>\r\n\t\t\t\t\t\t\t\t\t  \t<img decoding=\"async\" src=\"https:\/\/www.gerriets-acoustics.com\/wp-content\/uploads\/2022\/04\/2015-kraftwerkkonzert-berlin-1.jpg\" alt=\"\" class=\"ultimate-slide-img\" style=\"max-width: 100%;width: 1000px;height:;border-radius: 0;margin-bottom: 15px\">\r\n\t\t\t\t\r\n\t\t\t\t<\/a>\r\n\t\t  \t<span class=\"content-section\" style=\"text-align: center;top: 0%\">\r\n\t\t\t  \t<h2 class=\"tdt-slider-heading\" style=\"font-size: 22px;color:;font-weight: normal;line-height: 1\">\r\n\t\t\t  \t\t\t\t\t  \t<\/h2>\r\n\t\t\t  \t\t\t\t  \t\r\n\t\t\t  \t<br>\r\n\r\n\t\t\t  \t\t\t\t  \t<p>&nbsp;<\/p>\r\n\t\t  \t<\/span>\r\n\t\t  <\/div>\r\n\t\t<\/div>\r\n\t\t\t\t<div class=\"carousel-caption\" style=\"background: none\">\r\n\t\t  <div>\r\n\t\t  \t\t\t\t\t\t\t\t<a>\r\n\t\t\t\t\t\t\t\t\t  \t<img decoding=\"async\" src=\"https:\/\/www.gerriets-acoustics.com\/wp-content\/uploads\/2022\/04\/2015-kraftwerkkonzert-berlin-2.jpg\" alt=\"\" class=\"ultimate-slide-img\" style=\"max-width: 100%;width: 1000px;height:;border-radius: 0;margin-bottom: 15px\">\r\n\t\t\t\t\r\n\t\t\t\t<\/a>\r\n\t\t  \t<span class=\"content-section\" style=\"text-align: center;top: 0%\">\r\n\t\t\t  \t<h2 class=\"tdt-slider-heading\" style=\"font-size: 22px;color:;font-weight: normal;line-height: 1\">\r\n\t\t\t  \t\t\t\t\t  \t<\/h2>\r\n\t\t\t  \t\t\t\t  \t\r\n\t\t\t  \t<br>\r\n\r\n\t\t\t  \t\t\t\t  \t<p>&nbsp;<\/p>\r\n\t\t  \t<\/span>\r\n\t\t  <\/div>\r\n\t\t<\/div>\r\n\t\t\t\t<div class=\"carousel-caption\" style=\"background: none\">\r\n\t\t  <div>\r\n\t\t  \t\t\t\t\t\t\t\t<a>\r\n\t\t\t\t\t\t\t\t\t  \t<img decoding=\"async\" src=\"https:\/\/www.gerriets-acoustics.com\/wp-content\/uploads\/2022\/04\/2015-kraftwerkkonzert-berlin-3.jpg\" alt=\"\" class=\"ultimate-slide-img\" style=\"max-width: 100%;width: 1000px;height:;border-radius: 0;margin-bottom: 15px\">\r\n\t\t\t\t\r\n\t\t\t\t<\/a>\r\n\t\t  \t<span class=\"content-section\" style=\"text-align: center;top: 0%\">\r\n\t\t\t  \t<h2 class=\"tdt-slider-heading\" style=\"font-size: 22px;color:;font-weight: normal;line-height: 1\">\r\n\t\t\t  \t\t\t\t\t  \t<\/h2>\r\n\t\t\t  \t\t\t\t  \t\r\n\t\t\t  \t<br>\r\n\r\n\t\t\t  \t\t\t\t  \t<p>&nbsp;<\/p>\r\n\t\t  \t<\/span>\r\n\t\t  <\/div>\r\n\t\t<\/div>\r\n\t\t\t\t<div class=\"carousel-caption\" style=\"background: none\">\r\n\t\t  <div>\r\n\t\t  \t\t\t\t\t\t\t\t<a>\r\n\t\t\t\t\t\t\t\t\t  \t<img decoding=\"async\" src=\"https:\/\/www.gerriets-acoustics.com\/wp-content\/uploads\/2022\/04\/2015-kraftwerkkonzert-berlin-4.jpg\" alt=\"\" class=\"ultimate-slide-img\" style=\"max-width: 100%;width: 1000px;height:;border-radius: 0;margin-bottom: 15px\">\r\n\t\t\t\t\r\n\t\t\t\t<\/a>\r\n\t\t  \t<span class=\"content-section\" style=\"text-align: center;top: 0%\">\r\n\t\t\t  \t<h2 class=\"tdt-slider-heading\" style=\"font-size: 22px;color:;font-weight: normal;line-height: 1\">\r\n\t\t\t  \t\t\t\t\t  \t<\/h2>\r\n\t\t\t  \t\t\t\t  \t\r\n\t\t\t  \t<br>\r\n\r\n\t\t\t  \t\t\t\t  \t<p>&nbsp;<\/p>\r\n\t\t  \t<\/span>\r\n\t\t  <\/div>\r\n\t\t<\/div>\r\n\t\t\t\t<div class=\"carousel-caption\" style=\"background: none\">\r\n\t\t  <div>\r\n\t\t  \t\t\t\t\t\t\t\t<a>\r\n\t\t\t\t\t\t\t\t\t  \t<img decoding=\"async\" src=\"https:\/\/www.gerriets-acoustics.com\/wp-content\/uploads\/2022\/04\/2015-kraftwerkkonzert-berlin-5.jpg\" alt=\"\" class=\"ultimate-slide-img\" style=\"max-width: 100%;width: 1000px;height:;border-radius: 0;margin-bottom: 15px\">\r\n\t\t\t\t\r\n\t\t\t\t<\/a>\r\n\t\t  \t<span class=\"content-section\" style=\"text-align: center;top: 0%\">\r\n\t\t\t  \t<h2 class=\"tdt-slider-heading\" style=\"font-size: 22px;color:;font-weight: normal;line-height: 1\">\r\n\t\t\t  \t\t\t\t\t  \t<\/h2>\r\n\t\t\t  \t\t\t\t  \t\r\n\t\t\t  \t<br>\r\n\r\n\t\t\t  \t\t\t\t  \t<p>&nbsp;<\/p>\r\n\t\t  \t<\/span>\r\n\t\t  <\/div>\r\n\t\t<\/div>\r\n\t\t\t\t<\/section>\r\n\r\n\t\t<style>\r\n\t\t\t#tdt-slider-119 .slick-slide {\r\n\t\t\t\tpadding: 0 0px !important;\r\n\t\t\t}\r\n\t\t\t\t\t\t\t\t\t\t#tdt-slider-119 .slick-next:before, #tdt-slider-119 .slick-prev:before {\r\n\t\t\t\t\tcolor: #000000 !important;\r\n\t\t\t\t\tbackground:  !important;\r\n\t\t\t\t\tfont-size: 20px !important;\r\n\t\t\t\t}\r\n\t\t\t\t\t\t\t\t<\/style>\r\n\t\t<\/div><\/div><\/div><\/div><\/div><\/div><div id=\"agni-row-72552\" class=\"section-row\" ><div class=\"section-row-bg-container section-row-bg-container-agni-row-72552\"><div class=\"section-row-bg section-row-bg-color\"  ><\/div><\/div><div class=\"container\"><div class=\"vc_row vc_row_fluid\"><div id=\"agni-column-87938\" class=\"wpb_column agni_column_container agni_column vc_column_container vc_col-sm-10\"><div class=\"agni_column-inner vc_column-inner text-left\"  ><div class=\"section-column-bg-container section-column-bg-container-agni-column-87938\" ><div class=\"section-column-bg section-column-bg-color\"  ><\/div><\/div><div class=\"wpb_wrapper\">\n\t<div id=\"\" class=\"agni_text_column agni-text-block\"  >\n\t\t<p><strong>Datos del proyecto<\/strong><\/p>\n<ul>\n<li>Uso de los absorbentes de graves hinchables \"aQflex\u2122\" para reducir los tiempos de reverberaci\u00f3n.<\/li>\n<li>Realizaci\u00f3n de las superficies de proyecci\u00f3n laterales del escenario con material OPTILUX<\/li>\n<li>Cortina de inauguraci\u00f3n (24,00 m x 10,00 m) de tejido para eventos CS Taffeta en gris claro sobre sistema de ca\u00edda KABUKI G2<\/li>\n<li>Carril KING de tracci\u00f3n por cuerda para cortina separadora de escenarios<\/li>\n<\/ul>\n<p><strong><br \/>\nGesti\u00f3n de proyectos<br \/>\n<\/strong>cc:blank GmbH<\/p>\n<p><strong>Cliente<br \/>\n<\/strong>KRAFTWERK<\/p>\n<p><strong>Ubicaci\u00f3n<br \/>\n<\/strong>Nueva Galer\u00eda Nacional de Berl\u00edn \/ Alemania<\/p>\n\n\t<\/div>\n<div class=\"agni_empty_space vc_empty_space\"  style=\"height: 30px\" data-height = \"30px\" data-height-tab = \"30px\" data-height-mobile = \"30px\"><span class=\"vc_empty_space_inner\"><\/span><\/div>\n<\/div><\/div><\/div><div id=\"agni-column-95041\" class=\"wpb_column agni_column_container agni_column vc_column_container vc_col-sm-2\"><div class=\"agni_column-inner vc_column-inner text-left\"  ><div class=\"section-column-bg-container section-column-bg-container-agni-column-95041\" ><div class=\"section-column-bg section-column-bg-color\"  ><\/div><\/div><div class=\"wpb_wrapper\"><\/div><\/div><\/div><\/div><\/div><\/div><\/section>\n<\/section>","protected":false},"excerpt":{"rendered":"&nbsp; &nbsp; &nbsp; &nbsp; &nbsp; Projektdaten Einsatz der aufblasbaren Bass-Absorber \u201eaQflex\u2122\u201c zur Reduktion der Nachhallzeiten Fertigung der Projektionsfl\u00e4chen seitlich der B\u00fchne aus dem Material OPTILUX Enth\u00fcllungsvorhang (24,00 m x 10,00 m) aus Eventtextil CS Taft in hellgrau an KABUKI G2 Abwurfsystem KING-Seilzugschiene f\u00fcr B\u00fchnentrennvorhang Projektleitung cc:blank GmbH Kunde KRAFTWERK Standort Neue Nationalgalerie Berlin \/ Deutschland","protected":false},"featured_media":7462,"menu_order":0,"comment_status":"closed","ping_status":"closed","template":"","class_list":["post-7461","portfolio","type-portfolio","status-publish","has-post-thumbnail","hentry","types-kulturbauten","types-variable-raumakustik"],"aioseo_notices":[],"_links":{"self":[{"href":"https:\/\/www.gerriets-acoustics.com\/es\/wp-json\/wp\/v2\/portfolio\/7461","targetHints":{"allow":["GET"]}}],"collection":[{"href":"https:\/\/www.gerriets-acoustics.com\/es\/wp-json\/wp\/v2\/portfolio"}],"about":[{"href":"https:\/\/www.gerriets-acoustics.com\/es\/wp-json\/wp\/v2\/types\/portfolio"}],"replies":[{"embeddable":true,"href":"https:\/\/www.gerriets-acoustics.com\/es\/wp-json\/wp\/v2\/comments?post=7461"}],"wp:featuredmedia":[{"embeddable":true,"href":"https:\/\/www.gerriets-acoustics.com\/es\/wp-json\/wp\/v2\/media\/7462"}],"wp:attachment":[{"href":"https:\/\/www.gerriets-acoustics.com\/es\/wp-json\/wp\/v2\/media?parent=7461"}],"curies":[{"name":"wp","href":"https:\/\/api.w.org\/{rel}","templated":true}]}}