{"id":35,"date":"2016-02-11T06:03:46","date_gmt":"2016-02-11T05:03:46","guid":{"rendered":"http:\/\/designova.net\/themes\/wordpress\/signature\/gozzo\/?page_id=2"},"modified":"2022-12-02T11:26:13","modified_gmt":"2022-12-02T10:26:13","slug":"referenzen","status":"publish","type":"page","link":"https:\/\/www.gerriets-acoustics.com\/fr\/references\/","title":{"rendered":"R\u00e9f\u00e9rences"},"content":{"rendered":"<section class=\"wpb-content-wrapper\"><div id=\"referenzen\" class=\"section-row kunden\" ><div class=\"section-row-bg-container section-row-bg-container-referenzen\"><div class=\"section-row-bg section-row-bg-color\"  ><\/div><\/div><div class=\"container\"><div class=\"vc_row vc_row_fluid\"><div id=\"agni-column-14748\" class=\"wpb_column agni_column_container agni_column vc_column_container vc_col-sm-12\"><div class=\"agni_column-inner vc_column-inner text-left\" style=\"padding-top: 30px; padding-bottom: 30px; \" ><div class=\"section-column-bg-container section-column-bg-container-agni-column-14748\" ><div class=\"section-column-bg section-column-bg-color\"  ><\/div><\/div><div class=\"wpb_wrapper\">    <div id=\"primary-portfolio\" class=\"page-portfolio content-area shortcode-page-portfolio\">\r\n        <div id=\"main-portfolio\" class=\"page-portfolio-container container-fluid  site-main\">\r\n\r\n            <div class=\"portfolio-filter container-fluid text-center\"><span class=\"filter-button\"><i class=\"pe-7f-filter\"><\/i><\/span><ul id=\"filters\" class=\"filter list-inline\"><li><a class=\"active\" href=\"#all\" data-filter=\".all\" title=\"Tout voir\">Tout voir<\/a><\/li><li><a href=\"#aussenvorhaenge\" data-filter=\".aussenvorhaenge\" title=\"Rideaux d&#039;ext\u00e9rieur\">Rideaux d'ext\u00e9rieur<\/a><\/li><li><a href=\"#bildung-und-lehre\" data-filter=\".bildung-und-lehre\" title=\"\u00c9ducation et enseignement\">\u00c9ducation &amp; enseignement<\/a><\/li><li><a href=\"#buerowelten\" data-filter=\".buerowelten\" title=\"Bureaux\">Bureaux<\/a><\/li><li><a href=\"#design-und-schmuckvorhaenge\" data-filter=\".design-und-schmuckvorhaenge\" title=\"Rideaux design et d\u00e9coratifs\">Rideaux design et d\u00e9coratifs<\/a><\/li><li><a href=\"#gastronomie-und-handel\" data-filter=\".gastronomie-und-handel\" title=\"Restauration &amp; commerce\">Restauration &amp; commerce<\/a><\/li><li><a href=\"#kulturbauten\" data-filter=\".kulturbauten\" title=\"B\u00e2timents culturels\">B\u00e2timents culturels<\/a><\/li><li><a href=\"#lichtdurchlaessige-stoffe\" data-filter=\".lichtdurchlaessige-stoffe\" title=\"Textiles translucides\">Textiles translucides<\/a><\/li><li><a href=\"#metallgewebe-g-mesh\" data-filter=\".metallgewebe-g-mesh\" title=\"Treillis m\u00e9tallique G-MESH\">Treillis m\u00e9tallique G-MESH<\/a><\/li><li><a href=\"#oeffentlicher-aum\" data-filter=\".oeffentlicher-aum\" title=\"Lieu recevant du public\">Lieu recevant du public<\/a><\/li><li><a href=\"#schallvorhang-office\" data-filter=\".schallvorhang-office\" title=\"Rideau acoustique OFFICE\">Rideau acoustique OFFICE<\/a><\/li><li><a href=\"#schallvorhang-office-elegance\" data-filter=\".schallvorhang-office-elegance\" title=\"Rideau acoustique OFFICE ELEGANCE\">Rideau acoustique OFFICE ELEGANCE<\/a><\/li><li><a href=\"#schallvorhang-office-window\" data-filter=\".schallvorhang-office-window\" title=\"Rideau acoustique OFFICE WINDOW\">Rideau acoustique OFFICE WINDOW<\/a><\/li><li><a href=\"#schienensystem-elegance\" data-filter=\".schienensystem-elegance\" title=\"Syst\u00e8me de rails ELEGANCE OFFICE\">Syst\u00e8me de rails ELEGANCE OFFICE<\/a><\/li><li><a href=\"#schienensystem-studio-office\" data-filter=\".schienensystem-studio-office\" title=\"Syst\u00e8me de rails STUDIO OFFICE\">Syst\u00e8me de rails STUDIO OFFICE<\/a><\/li><li><a href=\"#schienensystem-trumpf-95\" data-filter=\".schienensystem-trumpf-95\" title=\"Syst\u00e8me de rails TRUMPF 95 OFFICE\">Syst\u00e8me de rails TRUMPF 95 OFFICE<\/a><\/li><li><a href=\"#variable-raumakustik\" data-filter=\".variable-raumakustik\" title=\"Acoustique variable\">Acoustique variable<\/a><\/li><\/ul><\/div>            <div class=\"portfolio-container portfolio-fullwidth\">\r\n                <div class=\"row portfolio-row\" style=\"margin: 0 -15px; margin: 0 15px; \" data-gutter=\"30\"  data-grid=\"fitRows\"  data-posttype-autoplay=\"true\" data-posttype-autoplay-timeout=\"4000\" data-posttype-autoplay-speed=\"700\" data-posttype-autoplay-hover=\"true\" data-posttype-loop=\"true\" data-posttype-pagination=\"true\" data-posttype-navigation=\"false\">\r\n                    <div id=\"portfolio-post-10938\" class=\"portfolio-column portfolio-post portfolio-hover-style-5 all buerowelten schallvorhang-office schallvorhang-office-window  width1x height1x col-xs-12 col-sm-6 col-md-4 animate\"  data-animation=\"fadeInUp\" data-animation-offset=\"90%\" style=\"margin: 15px 0; padding: 0 15px; -webkit-animation-duration: 0.8s; -webkit-animation-delay: 0.4s; animation-duration: 0.8s; animation-delay: 0.4s;\">\r\n                            <div class=\"portfolio-content-container\" >\r\n                                <div class=\"portfolio-thumbnail\">\r\n                                    <img loading=\"lazy\" decoding=\"async\" width=\"1707\" height=\"1707\" src=\"https:\/\/www.gerriets-acoustics.com\/wp-content\/uploads\/2025\/10\/Interstuhl-2OG-Juni2025-1970-scaled-e1760948396568.jpg\" class=\"attachment-post-thumbnail size-post-thumbnail wp-post-image\" alt=\"\" \/>                                <\/div> \r\n                                <div class=\"portfolio-caption-content\">\r\n                                    <a class=\"portfolio-content-link\" href=\"https:\/\/www.gerriets-acoustics.com\/fr\/portfolio\/interstuhl-liveroom-messstetten-allemagne\/\" target=\"_self\"><\/a>\r\n                                    <div class=\"portfolio-content\">\r\n                                        <div class=\"portfolio-content-details\">\r\n                                            <a class=\"portfolio-content-link\" href=\"https:\/\/www.gerriets-acoustics.com\/fr\/portfolio\/interstuhl-liveroom-messstetten-allemagne\/\" target=\"_self\">\r\n                                                <div class=\"portfolio-content-inner\" >\r\n                                                    <h5 class=\"portfolio-title\">Salle de spectacle Interstuhl <br> Me\u00dfstetten \/ Allemagne<\/h5><ul class=\"portfolio-category list-inline\"><li>Bureaux<\/li><li>Rideau acoustique OFFICE<\/li><li>Rideau acoustique OFFICE WINDOW<\/li><\/ul>                                                <\/div>\r\n                                            <\/a>\r\n                                                                                   <\/div>\r\n                                    <\/div>\r\n                                <\/div>\r\n                            <\/div>\r\n                                                    <\/div><div id=\"portfolio-post-10767\" class=\"portfolio-column portfolio-post portfolio-hover-style-5 all kulturbauten variable-raumakustik  width1x height1x col-xs-12 col-sm-6 col-md-4 animate\"  data-animation=\"fadeInUp\" data-animation-offset=\"90%\" style=\"margin: 15px 0; padding: 0 15px; -webkit-animation-duration: 0.8s; -webkit-animation-delay: 0.8s; animation-duration: 0.8s; animation-delay: 0.8s;\">\r\n                            <div class=\"portfolio-content-container\" >\r\n                                <div class=\"portfolio-thumbnail\">\r\n                                    <img loading=\"lazy\" decoding=\"async\" width=\"1200\" height=\"1200\" src=\"https:\/\/www.gerriets-acoustics.com\/wp-content\/uploads\/2025\/05\/2024-Berlin-Komische-Oper-aQflex-11-e1747916551231.jpg\" class=\"attachment-post-thumbnail size-post-thumbnail wp-post-image\" alt=\"\" \/>                                <\/div> \r\n                                <div class=\"portfolio-caption-content\">\r\n                                    <a class=\"portfolio-content-link\" href=\"https:\/\/www.gerriets-acoustics.com\/fr\/portfolio\/hangar-opera-comique-de-berlin\/\" target=\"_self\"><\/a>\r\n                                    <div class=\"portfolio-content\">\r\n                                        <div class=\"portfolio-content-details\">\r\n                                            <a class=\"portfolio-content-link\" href=\"https:\/\/www.gerriets-acoustics.com\/fr\/portfolio\/hangar-opera-comique-de-berlin\/\" target=\"_self\">\r\n                                                <div class=\"portfolio-content-inner\" >\r\n                                                    <h5 class=\"portfolio-title\">Hangar 4 - Op\u00e9ra comique <br> Berlin \/ Allemagne<\/h5><ul class=\"portfolio-category list-inline\"><li>B\u00e2timents culturels<\/li><li>Acoustique variable<\/li><\/ul>                                                <\/div>\r\n                                            <\/a>\r\n                                                                                   <\/div>\r\n                                    <\/div>\r\n                                <\/div>\r\n                            <\/div>\r\n                                                    <\/div><div id=\"portfolio-post-10762\" class=\"portfolio-column portfolio-post portfolio-hover-style-5 all buerowelten schallvorhang-office schienensystem-trumpf-95  width1x height1x col-xs-12 col-sm-6 col-md-4 animate\"  data-animation=\"fadeInUp\" data-animation-offset=\"90%\" style=\"margin: 15px 0; padding: 0 15px; -webkit-animation-duration: 0.8s; -webkit-animation-delay: 1.2s; animation-duration: 0.8s; animation-delay: 1.2s;\">\r\n                            <div class=\"portfolio-content-container\" >\r\n                                <div class=\"portfolio-thumbnail\">\r\n                                    <img loading=\"lazy\" decoding=\"async\" width=\"748\" height=\"748\" src=\"https:\/\/www.gerriets-acoustics.com\/wp-content\/uploads\/2025\/04\/2025-Bad-Homburg-Mainmetall-SVO-1-e1744199097418.jpg\" class=\"attachment-post-thumbnail size-post-thumbnail wp-post-image\" alt=\"Bureaux modernes avec table et rideaux bleu fonc\u00e9\" \/>                                <\/div> \r\n                                <div class=\"portfolio-caption-content\">\r\n                                    <a class=\"portfolio-content-link\" href=\"https:\/\/www.gerriets-acoustics.com\/fr\/portfolio\/rideau-acoustique-en-metal-principal-badhomburg-allemagne\/\" target=\"_self\"><\/a>\r\n                                    <div class=\"portfolio-content\">\r\n                                        <div class=\"portfolio-content-details\">\r\n                                            <a class=\"portfolio-content-link\" href=\"https:\/\/www.gerriets-acoustics.com\/fr\/portfolio\/rideau-acoustique-en-metal-principal-badhomburg-allemagne\/\" target=\"_self\">\r\n                                                <div class=\"portfolio-content-inner\" >\r\n                                                    <h5 class=\"portfolio-title\">Mainmetall <br> Bad Homburg \/ Allemagne<\/h5><ul class=\"portfolio-category list-inline\"><li>Bureaux<\/li><li>Rideau acoustique OFFICE<\/li><li>Syst\u00e8me de rails TRUMPF 95 OFFICE<\/li><\/ul>                                                <\/div>\r\n                                            <\/a>\r\n                                                                                   <\/div>\r\n                                    <\/div>\r\n                                <\/div>\r\n                            <\/div>\r\n                                                    <\/div><div id=\"portfolio-post-10713\" class=\"portfolio-column portfolio-post portfolio-hover-style-5 all buerowelten lichtdurchlaessige-stoffe schallvorhang-office schallvorhang-office-window schienensystem-trumpf-95  width1x height1x col-xs-12 col-sm-6 col-md-4 animate\"  data-animation=\"fadeInUp\" data-animation-offset=\"90%\" style=\"margin: 15px 0; padding: 0 15px; -webkit-animation-duration: 0.8s; -webkit-animation-delay: 0.4s; animation-duration: 0.8s; animation-delay: 0.4s;\">\r\n                            <div class=\"portfolio-content-container\" >\r\n                                <div class=\"portfolio-thumbnail\">\r\n                                    <img loading=\"lazy\" decoding=\"async\" width=\"1707\" height=\"1707\" src=\"https:\/\/www.gerriets-acoustics.com\/wp-content\/uploads\/2025\/03\/241127_LP2_5724-1-scaled-e1742378181407.jpg\" class=\"attachment-post-thumbnail size-post-thumbnail wp-post-image\" alt=\"Salle de r\u00e9union moderne avec table haute, chaises et rideau acoustique OFFICE Window par temps ensoleill\u00e9\" \/>                                <\/div> \r\n                                <div class=\"portfolio-caption-content\">\r\n                                    <a class=\"portfolio-content-link\" href=\"https:\/\/www.gerriets-acoustics.com\/fr\/portfolio\/servusotto-munich-allemagne\/\" target=\"_self\"><\/a>\r\n                                    <div class=\"portfolio-content\">\r\n                                        <div class=\"portfolio-content-details\">\r\n                                            <a class=\"portfolio-content-link\" href=\"https:\/\/www.gerriets-acoustics.com\/fr\/portfolio\/servusotto-munich-allemagne\/\" target=\"_self\">\r\n                                                <div class=\"portfolio-content-inner\" >\r\n                                                    <h5 class=\"portfolio-title\">servusotto <br> Munich \/ Allemagne<\/h5><ul class=\"portfolio-category list-inline\"><li>Bureaux<\/li><li>Textiles translucides<\/li><li>Rideau acoustique OFFICE<\/li><li>Rideau acoustique OFFICE WINDOW<\/li><li>Syst\u00e8me de rails TRUMPF 95 OFFICE<\/li><\/ul>                                                <\/div>\r\n                                            <\/a>\r\n                                                                                   <\/div>\r\n                                    <\/div>\r\n                                <\/div>\r\n                            <\/div>\r\n                                                    <\/div><div id=\"portfolio-post-10690\" class=\"portfolio-column portfolio-post portfolio-hover-style-5 all buerowelten schallvorhang-office schallvorhang-office-elegance schienensystem-trumpf-95  width1x height1x col-xs-12 col-sm-6 col-md-4 animate\"  data-animation=\"fadeInUp\" data-animation-offset=\"90%\" style=\"margin: 15px 0; padding: 0 15px; -webkit-animation-duration: 0.8s; -webkit-animation-delay: 0.8s; animation-duration: 0.8s; animation-delay: 0.8s;\">\r\n                            <div class=\"portfolio-content-container\" >\r\n                                <div class=\"portfolio-thumbnail\">\r\n                                    <img loading=\"lazy\" decoding=\"async\" width=\"929\" height=\"929\" src=\"https:\/\/www.gerriets-acoustics.com\/wp-content\/uploads\/2024\/12\/Krefeld_Fressnapf_6-quadratisch.jpg\" class=\"attachment-post-thumbnail size-post-thumbnail wp-post-image\" alt=\"des salles de r\u00e9union flexibles avec des rideaux verts\" \/>                                <\/div> \r\n                                <div class=\"portfolio-caption-content\">\r\n                                    <a class=\"portfolio-content-link\" href=\"https:\/\/www.gerriets-acoustics.com\/fr\/portfolio\/rideaux-acoustiques-retaillab-fressnapf-krefeld-allemagne\/\" target=\"_self\"><\/a>\r\n                                    <div class=\"portfolio-content\">\r\n                                        <div class=\"portfolio-content-details\">\r\n                                            <a class=\"portfolio-content-link\" href=\"https:\/\/www.gerriets-acoustics.com\/fr\/portfolio\/rideaux-acoustiques-retaillab-fressnapf-krefeld-allemagne\/\" target=\"_self\">\r\n                                                <div class=\"portfolio-content-inner\" >\r\n                                                    <h5 class=\"portfolio-title\">Retail LAB - Fressnapf Tiernahrungs GmbH <br> Krefeld \/ Allemagne<\/h5><ul class=\"portfolio-category list-inline\"><li>Bureaux<\/li><li>Rideau acoustique OFFICE<\/li><li>Rideau acoustique OFFICE ELEGANCE<\/li><li>Syst\u00e8me de rails TRUMPF 95 OFFICE<\/li><\/ul>                                                <\/div>\r\n                                            <\/a>\r\n                                                                                   <\/div>\r\n                                    <\/div>\r\n                                <\/div>\r\n                            <\/div>\r\n                                                    <\/div><div id=\"portfolio-post-10241\" class=\"portfolio-column portfolio-post portfolio-hover-style-5 all variable-raumakustik  width1x height1x col-xs-12 col-sm-6 col-md-4 animate\"  data-animation=\"fadeInUp\" data-animation-offset=\"90%\" style=\"margin: 15px 0; padding: 0 15px; -webkit-animation-duration: 0.8s; -webkit-animation-delay: 1.2s; animation-duration: 0.8s; animation-delay: 1.2s;\">\r\n                            <div class=\"portfolio-content-container\" >\r\n                                <div class=\"portfolio-thumbnail\">\r\n                                    <img loading=\"lazy\" decoding=\"async\" width=\"532\" height=\"532\" src=\"https:\/\/www.gerriets-acoustics.com\/wp-content\/uploads\/2023\/07\/2019-Berlin-Georg-Friedrich-Haendel-Saal-rollbanner-absorber-cs-small.jpg\" class=\"attachment-post-thumbnail size-post-thumbnail wp-post-image\" alt=\"Berlin Georg-Friedrich-Haendel-Saal, banni\u00e8re enroulable en ABSORBER CS 450\" \/>                                <\/div> \r\n                                <div class=\"portfolio-caption-content\">\r\n                                    <a class=\"portfolio-content-link\" href=\"https:\/\/www.gerriets-acoustics.com\/fr\/portfolio\/salle-de-concert-georg-friedrich-haendel-gymnasium-berlin-deutschland\/\" target=\"_self\"><\/a>\r\n                                    <div class=\"portfolio-content\">\r\n                                        <div class=\"portfolio-content-details\">\r\n                                            <a class=\"portfolio-content-link\" href=\"https:\/\/www.gerriets-acoustics.com\/fr\/portfolio\/salle-de-concert-georg-friedrich-haendel-gymnasium-berlin-deutschland\/\" target=\"_self\">\r\n                                                <div class=\"portfolio-content-inner\" >\r\n                                                    <h5 class=\"portfolio-title\">Salle de concert - Georg-Friedrich-H\u00e4ndel-Gymnasium, <br> Berlin \/ Allemagne<\/h5><ul class=\"portfolio-category list-inline\"><li>Acoustique variable<\/li><\/ul>                                                <\/div>\r\n                                            <\/a>\r\n                                                                                   <\/div>\r\n                                    <\/div>\r\n                                <\/div>\r\n                            <\/div>\r\n                                                    <\/div><div id=\"portfolio-post-10163\" class=\"portfolio-column portfolio-post portfolio-hover-style-5 all buerowelten schallvorhang-office  width1x height1x col-xs-12 col-sm-6 col-md-4 animate\"  data-animation=\"fadeInUp\" data-animation-offset=\"90%\" style=\"margin: 15px 0; padding: 0 15px; -webkit-animation-duration: 0.8s; -webkit-animation-delay: 0.4s; animation-duration: 0.8s; animation-delay: 0.4s;\">\r\n                            <div class=\"portfolio-content-container\" >\r\n                                <div class=\"portfolio-thumbnail\">\r\n                                    <img loading=\"lazy\" decoding=\"async\" width=\"532\" height=\"532\" src=\"https:\/\/www.gerriets-acoustics.com\/wp-content\/uploads\/2023\/07\/2023-Freiburg-5CMilestone-Hochbauamt-SVO-small.jpg\" class=\"attachment-post-thumbnail size-post-thumbnail wp-post-image\" alt=\"\" \/>                                <\/div> \r\n                                <div class=\"portfolio-caption-content\">\r\n                                    <a class=\"portfolio-content-link\" href=\"https:\/\/www.gerriets-acoustics.com\/fr\/portfolio\/bundesbau-bw-milestone-5c-freiburg-allemagne\/\" target=\"_self\"><\/a>\r\n                                    <div class=\"portfolio-content\">\r\n                                        <div class=\"portfolio-content-details\">\r\n                                            <a class=\"portfolio-content-link\" href=\"https:\/\/www.gerriets-acoustics.com\/fr\/portfolio\/bundesbau-bw-milestone-5c-freiburg-allemagne\/\" target=\"_self\">\r\n                                                <div class=\"portfolio-content-inner\" >\r\n                                                    <h5 class=\"portfolio-title\">Construction f\u00e9d\u00e9rale BW -<br>Milestone 5c, <br>Fribourg \/ Allemagne<\/h5><ul class=\"portfolio-category list-inline\"><li>Bureaux<\/li><li>Rideau acoustique OFFICE<\/li><\/ul>                                                <\/div>\r\n                                            <\/a>\r\n                                                                                   <\/div>\r\n                                    <\/div>\r\n                                <\/div>\r\n                            <\/div>\r\n                                                    <\/div><div id=\"portfolio-post-10137\" class=\"portfolio-column portfolio-post portfolio-hover-style-5 all buerowelten oeffentlicher-aum schallvorhang-office schienensystem-studio-office schienensystem-trumpf-95  width1x height1x col-xs-12 col-sm-6 col-md-4 animate\"  data-animation=\"fadeInUp\" data-animation-offset=\"90%\" style=\"margin: 15px 0; padding: 0 15px; -webkit-animation-duration: 0.8s; -webkit-animation-delay: 0.8s; animation-duration: 0.8s; animation-delay: 0.8s;\">\r\n                            <div class=\"portfolio-content-container\" >\r\n                                <div class=\"portfolio-thumbnail\">\r\n                                    <img loading=\"lazy\" decoding=\"async\" width=\"532\" height=\"532\" src=\"https:\/\/www.gerriets-acoustics.com\/wp-content\/uploads\/2023\/06\/2023-Freiburg-Jobrad-SVO_small.jpg\" class=\"attachment-post-thumbnail size-post-thumbnail wp-post-image\" alt=\"\" \/>                                <\/div> \r\n                                <div class=\"portfolio-caption-content\">\r\n                                    <a class=\"portfolio-content-link\" href=\"https:\/\/www.gerriets-acoustics.com\/fr\/portfolio\/jobrad-fribourg-rideau-acoustique-office\/\" target=\"_self\"><\/a>\r\n                                    <div class=\"portfolio-content\">\r\n                                        <div class=\"portfolio-content-details\">\r\n                                            <a class=\"portfolio-content-link\" href=\"https:\/\/www.gerriets-acoustics.com\/fr\/portfolio\/jobrad-fribourg-rideau-acoustique-office\/\" target=\"_self\">\r\n                                                <div class=\"portfolio-content-inner\" >\r\n                                                    <h5 class=\"portfolio-title\">V\u00e9lo de travail - Milestone 4<br> Fribourg \/ Allemagne<\/h5><ul class=\"portfolio-category list-inline\"><li>Bureaux<\/li><li>Lieu recevant du public<\/li><li>Rideau acoustique OFFICE<\/li><li>Syst\u00e8me de rails STUDIO OFFICE<\/li><li>Syst\u00e8me de rails TRUMPF 95 OFFICE<\/li><\/ul>                                                <\/div>\r\n                                            <\/a>\r\n                                                                                   <\/div>\r\n                                    <\/div>\r\n                                <\/div>\r\n                            <\/div>\r\n                                                    <\/div><div id=\"portfolio-post-10053\" class=\"portfolio-column portfolio-post portfolio-hover-style-5 all buerowelten lichtdurchlaessige-stoffe oeffentlicher-aum schallvorhang-office schienensystem-studio-office schienensystem-trumpf-95 variable-raumakustik  width1x height1x col-xs-12 col-sm-6 col-md-4 animate\"  data-animation=\"fadeInUp\" data-animation-offset=\"90%\" style=\"margin: 15px 0; padding: 0 15px; -webkit-animation-duration: 0.8s; -webkit-animation-delay: 1.2s; animation-duration: 0.8s; animation-delay: 1.2s;\">\r\n                            <div class=\"portfolio-content-container\" >\r\n                                <div class=\"portfolio-thumbnail\">\r\n                                    <img loading=\"lazy\" decoding=\"async\" width=\"532\" height=\"532\" src=\"https:\/\/www.gerriets-acoustics.com\/wp-content\/uploads\/2023\/03\/2022-Duesseldorf-CitizenOffice-SVO-small.jpg\" class=\"attachment-post-thumbnail size-post-thumbnail wp-post-image\" alt=\"Rideau courb\u00e9 en 3 parties, en NESSELLE CS de couleur blanche avec syst\u00e8me de rails STUDIO\" \/>                                <\/div> \r\n                                <div class=\"portfolio-caption-content\">\r\n                                    <a class=\"portfolio-content-link\" href=\"https:\/\/www.gerriets-acoustics.com\/fr\/portfolio\/citizen-office-duesseldorf-allemagne\/\" target=\"_self\"><\/a>\r\n                                    <div class=\"portfolio-content\">\r\n                                        <div class=\"portfolio-content-details\">\r\n                                            <a class=\"portfolio-content-link\" href=\"https:\/\/www.gerriets-acoustics.com\/fr\/portfolio\/citizen-office-duesseldorf-allemagne\/\" target=\"_self\">\r\n                                                <div class=\"portfolio-content-inner\" >\r\n                                                    <h5 class=\"portfolio-title\">Citizen Office<br> D\u00fcsseldorf \/ Allemagne<\/h5><ul class=\"portfolio-category list-inline\"><li>Bureaux<\/li><li>Textiles translucides<\/li><li>Lieu recevant du public<\/li><li>Rideau acoustique OFFICE<\/li><li>Syst\u00e8me de rails STUDIO OFFICE<\/li><li>Syst\u00e8me de rails TRUMPF 95 OFFICE<\/li><li>Acoustique variable<\/li><\/ul>                                                <\/div>\r\n                                            <\/a>\r\n                                                                                   <\/div>\r\n                                    <\/div>\r\n                                <\/div>\r\n                            <\/div>\r\n                                                    <\/div><div id=\"portfolio-post-10052\" class=\"portfolio-column portfolio-post portfolio-hover-style-5 all bildung-und-lehre buerowelten schallvorhang-office schallvorhang-office-window schienensystem-trumpf-95 variable-raumakustik  width1x height1x col-xs-12 col-sm-6 col-md-4 animate\"  data-animation=\"fadeInUp\" data-animation-offset=\"90%\" style=\"margin: 15px 0; padding: 0 15px; -webkit-animation-duration: 0.8s; -webkit-animation-delay: 0.4s; animation-duration: 0.8s; animation-delay: 0.4s;\">\r\n                            <div class=\"portfolio-content-container\" >\r\n                                <div class=\"portfolio-thumbnail\">\r\n                                    <img loading=\"lazy\" decoding=\"async\" width=\"532\" height=\"532\" src=\"https:\/\/www.gerriets-acoustics.com\/wp-content\/uploads\/2023\/03\/2023-Gueby-Louisenlund-SVO-Window-small.jpg\" class=\"attachment-post-thumbnail size-post-thumbnail wp-post-image\" alt=\"Rideaux acoustiques OFFICE WINDOW 5 et 7 couches, couches ext\u00e9rieures en WOOLSERGE dans diff\u00e9rentes combinaisons de couleurs\" \/>                                <\/div> \r\n                                <div class=\"portfolio-caption-content\">\r\n                                    <a class=\"portfolio-content-link\" href=\"https:\/\/www.gerriets-acoustics.com\/fr\/portfolio\/fondation-louisenlund-gueby-allemagne\/\" target=\"_self\"><\/a>\r\n                                    <div class=\"portfolio-content\">\r\n                                        <div class=\"portfolio-content-details\">\r\n                                            <a class=\"portfolio-content-link\" href=\"https:\/\/www.gerriets-acoustics.com\/fr\/portfolio\/fondation-louisenlund-gueby-allemagne\/\" target=\"_self\">\r\n                                                <div class=\"portfolio-content-inner\" >\r\n                                                    <h5 class=\"portfolio-title\">Fondation Louisenlund<br> G\u00fcby \/ Allemagne<\/h5><ul class=\"portfolio-category list-inline\"><li>\u00c9ducation &amp; enseignement<\/li><li>Bureaux<\/li><li>Rideau acoustique OFFICE<\/li><li>Rideau acoustique OFFICE WINDOW<\/li><li>Syst\u00e8me de rails TRUMPF 95 OFFICE<\/li><li>Acoustique variable<\/li><\/ul>                                                <\/div>\r\n                                            <\/a>\r\n                                                                                   <\/div>\r\n                                    <\/div>\r\n                                <\/div>\r\n                            <\/div>\r\n                                                    <\/div><div id=\"portfolio-post-9890\" class=\"portfolio-column portfolio-post portfolio-hover-style-5 all buerowelten schallvorhang-office schallvorhang-office-elegance schallvorhang-office-window schienensystem-trumpf-95 variable-raumakustik  width1x height1x col-xs-12 col-sm-6 col-md-4 animate\"  data-animation=\"fadeInUp\" data-animation-offset=\"90%\" style=\"margin: 15px 0; padding: 0 15px; -webkit-animation-duration: 0.8s; -webkit-animation-delay: 0.8s; animation-duration: 0.8s; animation-delay: 0.8s;\">\r\n                            <div class=\"portfolio-content-container\" >\r\n                                <div class=\"portfolio-thumbnail\">\r\n                                    <img loading=\"lazy\" decoding=\"async\" width=\"532\" height=\"532\" src=\"https:\/\/www.gerriets-acoustics.com\/wp-content\/uploads\/2023\/02\/2022_Koeln_Orgatec-roocs-small.jpg\" class=\"attachment-post-thumbnail size-post-thumbnail wp-post-image\" alt=\"\" \/>                                <\/div> \r\n                                <div class=\"portfolio-caption-content\">\r\n                                    <a class=\"portfolio-content-link\" href=\"https:\/\/www.gerriets-acoustics.com\/fr\/portfolio\/roocs-systeme-separation-stand-orgatec-cologne-allemagne\/\" target=\"_self\"><\/a>\r\n                                    <div class=\"portfolio-content\">\r\n                                        <div class=\"portfolio-content-details\">\r\n                                            <a class=\"portfolio-content-link\" href=\"https:\/\/www.gerriets-acoustics.com\/fr\/portfolio\/roocs-systeme-separation-stand-orgatec-cologne-allemagne\/\" target=\"_self\">\r\n                                                <div class=\"portfolio-content-inner\" >\r\n                                                    <h5 class=\"portfolio-title\">Syst\u00e8me de s\u00e9paration d'espace roocs Stand d'exposition Orgatec<br> Cologne \/ Allemagne<\/h5><ul class=\"portfolio-category list-inline\"><li>Bureaux<\/li><li>Rideau acoustique OFFICE<\/li><li>Rideau acoustique OFFICE ELEGANCE<\/li><li>Rideau acoustique OFFICE WINDOW<\/li><li>Syst\u00e8me de rails TRUMPF 95 OFFICE<\/li><li>Acoustique variable<\/li><\/ul>                                                <\/div>\r\n                                            <\/a>\r\n                                                                                   <\/div>\r\n                                    <\/div>\r\n                                <\/div>\r\n                            <\/div>\r\n                                                    <\/div><div id=\"portfolio-post-9552\" class=\"portfolio-column portfolio-post portfolio-hover-style-5 all buerowelten schallvorhang-office schallvorhang-office-elegance schienensystem-elegance schienensystem-trumpf-95  width1x height1x col-xs-12 col-sm-6 col-md-4 animate\"  data-animation=\"fadeInUp\" data-animation-offset=\"90%\" style=\"margin: 15px 0; padding: 0 15px; -webkit-animation-duration: 0.8s; -webkit-animation-delay: 1.2s; animation-duration: 0.8s; animation-delay: 1.2s;\">\r\n                            <div class=\"portfolio-content-container\" >\r\n                                <div class=\"portfolio-thumbnail\">\r\n                                    <img loading=\"lazy\" decoding=\"async\" width=\"532\" height=\"532\" src=\"https:\/\/www.gerriets-acoustics.com\/wp-content\/uploads\/2022\/11\/2022-Stuttgart-Studio-Hans-SVO-small.jpg\" class=\"attachment-post-thumbnail size-post-thumbnail wp-post-image\" alt=\"\" \/>                                <\/div> \r\n                                <div class=\"portfolio-caption-content\">\r\n                                    <a class=\"portfolio-content-link\" href=\"https:\/\/www.gerriets-acoustics.com\/fr\/portfolio\/studio-hans-stuttgart-rideau-acoustique-office\/\" target=\"_self\"><\/a>\r\n                                    <div class=\"portfolio-content\">\r\n                                        <div class=\"portfolio-content-details\">\r\n                                            <a class=\"portfolio-content-link\" href=\"https:\/\/www.gerriets-acoustics.com\/fr\/portfolio\/studio-hans-stuttgart-rideau-acoustique-office\/\" target=\"_self\">\r\n                                                <div class=\"portfolio-content-inner\" >\r\n                                                    <h5 class=\"portfolio-title\">Studio HANS<br> Stuttgart \/ Allemagne<\/h5><ul class=\"portfolio-category list-inline\"><li>Bureaux<\/li><li>Rideau acoustique OFFICE<\/li><li>Rideau acoustique OFFICE ELEGANCE<\/li><li>Syst\u00e8me de rails ELEGANCE OFFICE<\/li><li>Syst\u00e8me de rails TRUMPF 95 OFFICE<\/li><\/ul>                                                <\/div>\r\n                                            <\/a>\r\n                                                                                   <\/div>\r\n                                    <\/div>\r\n                                <\/div>\r\n                            <\/div>\r\n                                                    <\/div><div id=\"portfolio-post-9276\" class=\"portfolio-column portfolio-post portfolio-hover-style-5 all buerowelten schallvorhang-office schienensystem-trumpf-95  width1x height1x col-xs-12 col-sm-6 col-md-4 animate\"  data-animation=\"fadeInUp\" data-animation-offset=\"90%\" style=\"margin: 15px 0; padding: 0 15px; -webkit-animation-duration: 0.8s; -webkit-animation-delay: 0.4s; animation-duration: 0.8s; animation-delay: 0.4s;\">\r\n                            <div class=\"portfolio-content-container\" >\r\n                                <div class=\"portfolio-thumbnail\">\r\n                                    <img loading=\"lazy\" decoding=\"async\" width=\"532\" height=\"532\" src=\"https:\/\/www.gerriets-acoustics.com\/wp-content\/uploads\/2022\/07\/2021-gerriets-reutlingen-bueckle-und-partner-akustik-schallvorhang-office-small.jpg\" class=\"attachment-post-thumbnail size-post-thumbnail wp-post-image\" alt=\"Espace de bureau et zone de repos dans le style des Simpson, s\u00e9par\u00e9s par un rideau sonore\" \/>                                <\/div> \r\n                                <div class=\"portfolio-caption-content\">\r\n                                    <a class=\"portfolio-content-link\" href=\"https:\/\/www.gerriets-acoustics.com\/fr\/portfolio\/bueckle-partner-gmbh-reutlingen-deutschland\/\" target=\"_self\"><\/a>\r\n                                    <div class=\"portfolio-content\">\r\n                                        <div class=\"portfolio-content-details\">\r\n                                            <a class=\"portfolio-content-link\" href=\"https:\/\/www.gerriets-acoustics.com\/fr\/portfolio\/bueckle-partner-gmbh-reutlingen-deutschland\/\" target=\"_self\">\r\n                                                <div class=\"portfolio-content-inner\" >\r\n                                                    <h5 class=\"portfolio-title\">B\u00fcckle &amp; Partner GmbH<br> Reutlingen \/ Allemagne<\/h5><ul class=\"portfolio-category list-inline\"><li>Bureaux<\/li><li>Rideau acoustique OFFICE<\/li><li>Syst\u00e8me de rails TRUMPF 95 OFFICE<\/li><\/ul>                                                <\/div>\r\n                                            <\/a>\r\n                                                                                   <\/div>\r\n                                    <\/div>\r\n                                <\/div>\r\n                            <\/div>\r\n                                                    <\/div><div id=\"portfolio-post-9129\" class=\"portfolio-column portfolio-post portfolio-hover-style-5 all buerowelten design-und-schmuckvorhaenge schienensystem-elegance schienensystem-trumpf-95  width1x height1x col-xs-12 col-sm-6 col-md-4 animate\"  data-animation=\"fadeInUp\" data-animation-offset=\"90%\" style=\"margin: 15px 0; padding: 0 15px; -webkit-animation-duration: 0.8s; -webkit-animation-delay: 0.8s; animation-duration: 0.8s; animation-delay: 0.8s;\">\r\n                            <div class=\"portfolio-content-container\" >\r\n                                <div class=\"portfolio-thumbnail\">\r\n                                    <img loading=\"lazy\" decoding=\"async\" width=\"532\" height=\"532\" src=\"https:\/\/www.gerriets-acoustics.com\/wp-content\/uploads\/2022\/06\/2022-gerriets-axel-springer-vorhang-design-raumtrennung-small.jpg\" class=\"attachment-post-thumbnail size-post-thumbnail wp-post-image\" alt=\"Vue ext\u00e9rieure du nouveau b\u00e2timent d&#039;Axel Springer SE \u00e0 Berlin, cube avec fa\u00e7ade vitr\u00e9e futuriste\" \/>                                <\/div> \r\n                                <div class=\"portfolio-caption-content\">\r\n                                    <a class=\"portfolio-content-link\" href=\"https:\/\/www.gerriets-acoustics.com\/fr\/portfolio\/axel-springer-se-berlin-deutschland\/\" target=\"_self\"><\/a>\r\n                                    <div class=\"portfolio-content\">\r\n                                        <div class=\"portfolio-content-details\">\r\n                                            <a class=\"portfolio-content-link\" href=\"https:\/\/www.gerriets-acoustics.com\/fr\/portfolio\/axel-springer-se-berlin-deutschland\/\" target=\"_self\">\r\n                                                <div class=\"portfolio-content-inner\" >\r\n                                                    <h5 class=\"portfolio-title\">Axel Springer SE<br> Berlin \/ Allemagne<\/h5><ul class=\"portfolio-category list-inline\"><li>Bureaux<\/li><li>Rideaux design et d\u00e9coratifs<\/li><li>Syst\u00e8me de rails ELEGANCE OFFICE<\/li><li>Syst\u00e8me de rails TRUMPF 95 OFFICE<\/li><\/ul>                                                <\/div>\r\n                                            <\/a>\r\n                                                                                   <\/div>\r\n                                    <\/div>\r\n                                <\/div>\r\n                            <\/div>\r\n                                                    <\/div><div id=\"portfolio-post-8551\" class=\"portfolio-column portfolio-post portfolio-hover-style-5 all buerowelten schallvorhang-office  width1x height1x col-xs-12 col-sm-6 col-md-4 animate\"  data-animation=\"fadeInUp\" data-animation-offset=\"90%\" style=\"margin: 15px 0; padding: 0 15px; -webkit-animation-duration: 0.8s; -webkit-animation-delay: 1.2s; animation-duration: 0.8s; animation-delay: 1.2s;\">\r\n                            <div class=\"portfolio-content-container\" >\r\n                                <div class=\"portfolio-thumbnail\">\r\n                                    <img loading=\"lazy\" decoding=\"async\" width=\"532\" height=\"532\" src=\"https:\/\/www.gerriets-acoustics.com\/wp-content\/uploads\/2022\/06\/2022-Uster-CH-foryouandyourcustomers-Gerriets-Schallvorhang-small.jpg\" class=\"attachment-post-thumbnail size-post-thumbnail wp-post-image\" alt=\"Bureau paysager avec salle de r\u00e9union s\u00e9par\u00e9e optiquement et acoustiquement\" \/>                                <\/div> \r\n                                <div class=\"portfolio-caption-content\">\r\n                                    <a class=\"portfolio-content-link\" href=\"https:\/\/www.gerriets-acoustics.com\/fr\/portfolio\/foryouandyourcustomer-ag-uster-schweiz\/\" target=\"_self\"><\/a>\r\n                                    <div class=\"portfolio-content\">\r\n                                        <div class=\"portfolio-content-details\">\r\n                                            <a class=\"portfolio-content-link\" href=\"https:\/\/www.gerriets-acoustics.com\/fr\/portfolio\/foryouandyourcustomer-ag-uster-schweiz\/\" target=\"_self\">\r\n                                                <div class=\"portfolio-content-inner\" >\r\n                                                    <h5 class=\"portfolio-title\">foryouandyourcustomer AG<br> Uster \/ Suisse<\/h5><ul class=\"portfolio-category list-inline\"><li>Bureaux<\/li><li>Rideau acoustique OFFICE<\/li><\/ul>                                                <\/div>\r\n                                            <\/a>\r\n                                                                                   <\/div>\r\n                                    <\/div>\r\n                                <\/div>\r\n                            <\/div>\r\n                                                    <\/div><div id=\"portfolio-post-8541\" class=\"portfolio-column portfolio-post portfolio-hover-style-5 all buerowelten lichtdurchlaessige-stoffe schienensystem-trumpf-95  width1x height1x col-xs-12 col-sm-6 col-md-4 animate\"  data-animation=\"fadeInUp\" data-animation-offset=\"90%\" style=\"margin: 15px 0; padding: 0 15px; -webkit-animation-duration: 0.8s; -webkit-animation-delay: 0.4s; animation-duration: 0.8s; animation-delay: 0.4s;\">\r\n                            <div class=\"portfolio-content-container\" >\r\n                                <div class=\"portfolio-thumbnail\">\r\n                                    <img loading=\"lazy\" decoding=\"async\" width=\"532\" height=\"532\" src=\"https:\/\/www.gerriets-acoustics.com\/wp-content\/uploads\/2022\/06\/2021-gerriets-neu-ulm-carl-goetz-gmbh-vorhangschiene-small.jpg\" class=\"attachment-post-thumbnail size-post-thumbnail wp-post-image\" alt=\"rideau translucide sur l&#039;ovale du rail pour une zone de repos s\u00e9par\u00e9e\" \/>                                <\/div> \r\n                                <div class=\"portfolio-caption-content\">\r\n                                    <a class=\"portfolio-content-link\" href=\"https:\/\/www.gerriets-acoustics.com\/fr\/portfolio\/carl-goetz-gmbh-neu-ulm-deutschland\/\" target=\"_self\"><\/a>\r\n                                    <div class=\"portfolio-content\">\r\n                                        <div class=\"portfolio-content-details\">\r\n                                            <a class=\"portfolio-content-link\" href=\"https:\/\/www.gerriets-acoustics.com\/fr\/portfolio\/carl-goetz-gmbh-neu-ulm-deutschland\/\" target=\"_self\">\r\n                                                <div class=\"portfolio-content-inner\" >\r\n                                                    <h5 class=\"portfolio-title\">Carl G\u00f6tz GmbH<br> Neu-Ulm \/ Allemagne<\/h5><ul class=\"portfolio-category list-inline\"><li>Bureaux<\/li><li>Textiles translucides<\/li><li>Syst\u00e8me de rails TRUMPF 95 OFFICE<\/li><\/ul>                                                <\/div>\r\n                                            <\/a>\r\n                                                                                   <\/div>\r\n                                    <\/div>\r\n                                <\/div>\r\n                            <\/div>\r\n                                                    <\/div><div id=\"portfolio-post-7455\" class=\"portfolio-column portfolio-post portfolio-hover-style-5 all aussenvorhaenge gastronomie-und-handel schienensystem-trumpf-95  width1x height1x col-xs-12 col-sm-6 col-md-4 animate\"  data-animation=\"fadeInUp\" data-animation-offset=\"90%\" style=\"margin: 15px 0; padding: 0 15px; -webkit-animation-duration: 0.8s; -webkit-animation-delay: 0.8s; animation-duration: 0.8s; animation-delay: 0.8s;\">\r\n                            <div class=\"portfolio-content-container\" >\r\n                                <div class=\"portfolio-thumbnail\">\r\n                                    <img loading=\"lazy\" decoding=\"async\" width=\"532\" height=\"532\" src=\"https:\/\/www.gerriets-acoustics.com\/wp-content\/uploads\/2022\/04\/gw-2019-pavillion-gurten-small.jpg\" class=\"attachment-post-thumbnail size-post-thumbnail wp-post-image\" alt=\"Cube avec entr\u00e9e dor\u00e9e et rideaux ext\u00e9rieurs\" \/>                                <\/div> \r\n                                <div class=\"portfolio-caption-content\">\r\n                                    <a class=\"portfolio-content-link\" href=\"https:\/\/www.gerriets-acoustics.com\/fr\/portfolio\/gurten-pavillon-wabern-schweiz\/\" target=\"_self\"><\/a>\r\n                                    <div class=\"portfolio-content\">\r\n                                        <div class=\"portfolio-content-details\">\r\n                                            <a class=\"portfolio-content-link\" href=\"https:\/\/www.gerriets-acoustics.com\/fr\/portfolio\/gurten-pavillon-wabern-schweiz\/\" target=\"_self\">\r\n                                                <div class=\"portfolio-content-inner\" >\r\n                                                    <h5 class=\"portfolio-title\">Pavillon Gurten<br> Wabern \/ Suisse<\/h5><ul class=\"portfolio-category list-inline\"><li>Rideaux d'ext\u00e9rieur<\/li><li>Restauration &amp; commerce<\/li><li>Syst\u00e8me de rails TRUMPF 95 OFFICE<\/li><\/ul>                                                <\/div>\r\n                                            <\/a>\r\n                                                                                   <\/div>\r\n                                    <\/div>\r\n                                <\/div>\r\n                            <\/div>\r\n                                                    <\/div><div id=\"portfolio-post-7287\" class=\"portfolio-column portfolio-post portfolio-hover-style-5 all buerowelten schallvorhang-office schienensystem-trumpf-95  width1x height1x col-xs-12 col-sm-6 col-md-4 animate\"  data-animation=\"fadeInUp\" data-animation-offset=\"90%\" style=\"margin: 15px 0; padding: 0 15px; -webkit-animation-duration: 0.8s; -webkit-animation-delay: 1.2s; animation-duration: 0.8s; animation-delay: 1.2s;\">\r\n                            <div class=\"portfolio-content-container\" >\r\n                                <div class=\"portfolio-thumbnail\">\r\n                                    <img loading=\"lazy\" decoding=\"async\" width=\"532\" height=\"532\" src=\"https:\/\/www.gerriets-acoustics.com\/wp-content\/uploads\/2022\/03\/gw-2021-Gerriets-kriens-showroom-vorhangsschiene-schallvorhang-small.jpg\" class=\"attachment-post-thumbnail size-post-thumbnail wp-post-image\" alt=\"salle de r\u00e9union moderne et temporaire avec rideaux acoustiques flexibles\" \/>                                <\/div> \r\n                                <div class=\"portfolio-caption-content\">\r\n                                    <a class=\"portfolio-content-link\" href=\"https:\/\/www.gerriets-acoustics.com\/fr\/portfolio\/showroom-waldis-kriens-suisse\/\" target=\"_self\"><\/a>\r\n                                    <div class=\"portfolio-content\">\r\n                                        <div class=\"portfolio-content-details\">\r\n                                            <a class=\"portfolio-content-link\" href=\"https:\/\/www.gerriets-acoustics.com\/fr\/portfolio\/showroom-waldis-kriens-suisse\/\" target=\"_self\">\r\n                                                <div class=\"portfolio-content-inner\" >\r\n                                                    <h5 class=\"portfolio-title\">Showroom Waldis <br>Kriens \/ Suisse<\/h5><ul class=\"portfolio-category list-inline\"><li>Bureaux<\/li><li>Rideau acoustique OFFICE<\/li><li>Syst\u00e8me de rails TRUMPF 95 OFFICE<\/li><\/ul>                                                <\/div>\r\n                                            <\/a>\r\n                                                                                   <\/div>\r\n                                    <\/div>\r\n                                <\/div>\r\n                            <\/div>\r\n                                                    <\/div><div id=\"portfolio-post-7278\" class=\"portfolio-column portfolio-post portfolio-hover-style-5 all gastronomie-und-handel schallvorhang-office schienensystem-trumpf-95  width1x height1x col-xs-12 col-sm-6 col-md-4 animate\"  data-animation=\"fadeInUp\" data-animation-offset=\"90%\" style=\"margin: 15px 0; padding: 0 15px; -webkit-animation-duration: 0.8s; -webkit-animation-delay: 0.4s; animation-duration: 0.8s; animation-delay: 0.4s;\">\r\n                            <div class=\"portfolio-content-container\" >\r\n                                <div class=\"portfolio-thumbnail\">\r\n                                    <img loading=\"lazy\" decoding=\"async\" width=\"532\" height=\"532\" src=\"https:\/\/www.gerriets-acoustics.com\/wp-content\/uploads\/2022\/03\/gw-2020-Gerriets-landgasthof-linde-akustikvorhang-small.jpg\" class=\"attachment-post-thumbnail size-post-thumbnail wp-post-image\" alt=\"Tables de restaurant avec rideaux en tissu acoustique\" \/>                                <\/div> \r\n                                <div class=\"portfolio-caption-content\">\r\n                                    <a class=\"portfolio-content-link\" href=\"https:\/\/www.gerriets-acoustics.com\/fr\/portfolio\/landgasthof-linde-markdorf-deutschland\/\" target=\"_self\"><\/a>\r\n                                    <div class=\"portfolio-content\">\r\n                                        <div class=\"portfolio-content-details\">\r\n                                            <a class=\"portfolio-content-link\" href=\"https:\/\/www.gerriets-acoustics.com\/fr\/portfolio\/landgasthof-linde-markdorf-deutschland\/\" target=\"_self\">\r\n                                                <div class=\"portfolio-content-inner\" >\r\n                                                    <h5 class=\"portfolio-title\">Auberge de campagne Linde <br> Markdorf \/ Allemagne<\/h5><ul class=\"portfolio-category list-inline\"><li>Restauration &amp; commerce<\/li><li>Rideau acoustique OFFICE<\/li><li>Syst\u00e8me de rails TRUMPF 95 OFFICE<\/li><\/ul>                                                <\/div>\r\n                                            <\/a>\r\n                                                                                   <\/div>\r\n                                    <\/div>\r\n                                <\/div>\r\n                            <\/div>\r\n                                                    <\/div><div id=\"portfolio-post-7260\" class=\"portfolio-column portfolio-post portfolio-hover-style-5 all kulturbauten schienensystem-trumpf-95 variable-raumakustik  width1x height1x col-xs-12 col-sm-6 col-md-4 animate\"  data-animation=\"fadeInUp\" data-animation-offset=\"90%\" style=\"margin: 15px 0; padding: 0 15px; -webkit-animation-duration: 0.8s; -webkit-animation-delay: 0.8s; animation-duration: 0.8s; animation-delay: 0.8s;\">\r\n                            <div class=\"portfolio-content-container\" >\r\n                                <div class=\"portfolio-thumbnail\">\r\n                                    <img loading=\"lazy\" decoding=\"async\" width=\"532\" height=\"532\" src=\"https:\/\/www.gerriets-acoustics.com\/wp-content\/uploads\/2022\/03\/gw-2021-gerriets-reithalle-aarau-cargo-schienensystem-akustik-small.jpg\" class=\"attachment-post-thumbnail size-post-thumbnail wp-post-image\" alt=\"Tissu acoustique Absorbeur de son dans un b\u00e2timent multi-usages d&#039;un ancien man\u00e8ge d&#039;\u00e9quitation\" \/>                                <\/div> \r\n                                <div class=\"portfolio-caption-content\">\r\n                                    <a class=\"portfolio-content-link\" href=\"https:\/\/www.gerriets-acoustics.com\/fr\/portfolio\/ancien-centre-equestre-aarau\/\" target=\"_self\"><\/a>\r\n                                    <div class=\"portfolio-content\">\r\n                                        <div class=\"portfolio-content-details\">\r\n                                            <a class=\"portfolio-content-link\" href=\"https:\/\/www.gerriets-acoustics.com\/fr\/portfolio\/ancien-centre-equestre-aarau\/\" target=\"_self\">\r\n                                                <div class=\"portfolio-content-inner\" >\r\n                                                    <h5 class=\"portfolio-title\">Ancien man\u00e8ge d'Aarau<br> Aarau \/ Suisse<\/h5><ul class=\"portfolio-category list-inline\"><li>B\u00e2timents culturels<\/li><li>Syst\u00e8me de rails TRUMPF 95 OFFICE<\/li><li>Acoustique variable<\/li><\/ul>                                                <\/div>\r\n                                            <\/a>\r\n                                                                                   <\/div>\r\n                                    <\/div>\r\n                                <\/div>\r\n                            <\/div>\r\n                                                    <\/div><div id=\"portfolio-post-7252\" class=\"portfolio-column portfolio-post portfolio-hover-style-5 all buerowelten lichtdurchlaessige-stoffe schallvorhang-office schienensystem-studio-office  width1x height1x col-xs-12 col-sm-6 col-md-4 animate\"  data-animation=\"fadeInUp\" data-animation-offset=\"90%\" style=\"margin: 15px 0; padding: 0 15px; -webkit-animation-duration: 0.8s; -webkit-animation-delay: 1.2s; animation-duration: 0.8s; animation-delay: 1.2s;\">\r\n                            <div class=\"portfolio-content-container\" >\r\n                                <div class=\"portfolio-thumbnail\">\r\n                                    <img loading=\"lazy\" decoding=\"async\" width=\"532\" height=\"532\" src=\"https:\/\/www.gerriets-acoustics.com\/wp-content\/uploads\/2022\/03\/gw-2021-vitra-club-office-small.jpg\" class=\"attachment-post-thumbnail size-post-thumbnail wp-post-image\" alt=\"Ilot de si\u00e8ges avec coin cuisine, s\u00e9par\u00e9 acoustiquement par un syst\u00e8me de rideaux\" \/>                                <\/div> \r\n                                <div class=\"portfolio-caption-content\">\r\n                                    <a class=\"portfolio-content-link\" href=\"https:\/\/www.gerriets-acoustics.com\/fr\/portfolio\/vitra-club-office\/\" target=\"_self\"><\/a>\r\n                                    <div class=\"portfolio-content\">\r\n                                        <div class=\"portfolio-content-details\">\r\n                                            <a class=\"portfolio-content-link\" href=\"https:\/\/www.gerriets-acoustics.com\/fr\/portfolio\/vitra-club-office\/\" target=\"_self\">\r\n                                                <div class=\"portfolio-content-inner\" >\r\n                                                    <h5 class=\"portfolio-title\">Vitra Club Office <br>Birsfelden \/ Suisse<\/h5><ul class=\"portfolio-category list-inline\"><li>Bureaux<\/li><li>Textiles translucides<\/li><li>Rideau acoustique OFFICE<\/li><li>Syst\u00e8me de rails STUDIO OFFICE<\/li><\/ul>                                                <\/div>\r\n                                            <\/a>\r\n                                                                                   <\/div>\r\n                                    <\/div>\r\n                                <\/div>\r\n                            <\/div>\r\n                                                    <\/div><div id=\"portfolio-post-7155\" class=\"portfolio-column portfolio-post portfolio-hover-style-5 all aussenvorhaenge kulturbauten schienensystem-trumpf-95 variable-raumakustik  width1x height1x col-xs-12 col-sm-6 col-md-4 animate\"  data-animation=\"fadeInUp\" data-animation-offset=\"90%\" style=\"margin: 15px 0; padding: 0 15px; -webkit-animation-duration: 0.8s; -webkit-animation-delay: 0.4s; animation-duration: 0.8s; animation-delay: 0.4s;\">\r\n                            <div class=\"portfolio-content-container\" >\r\n                                <div class=\"portfolio-thumbnail\">\r\n                                    <img loading=\"lazy\" decoding=\"async\" width=\"532\" height=\"532\" src=\"https:\/\/www.gerriets-acoustics.com\/wp-content\/uploads\/2022\/03\/gw-2020-kressbronn-boden-werft-friction-drive-satin-cs-small.jpg\" class=\"attachment-post-thumbnail size-post-thumbnail wp-post-image\" alt=\"chantier naval modernis\u00e9 comme lieu de spectacle avec rideaux acoustiques\" \/>                                <\/div> \r\n                                <div class=\"portfolio-caption-content\">\r\n                                    <a class=\"portfolio-content-link\" href=\"https:\/\/www.gerriets-acoustics.com\/fr\/portfolio\/chantier-naval-1919\/\" target=\"_self\"><\/a>\r\n                                    <div class=\"portfolio-content\">\r\n                                        <div class=\"portfolio-content-details\">\r\n                                            <a class=\"portfolio-content-link\" href=\"https:\/\/www.gerriets-acoustics.com\/fr\/portfolio\/chantier-naval-1919\/\" target=\"_self\">\r\n                                                <div class=\"portfolio-content-inner\" >\r\n                                                    <h5 class=\"portfolio-title\">Chantier naval 1919 <br> Kressbronn \/ Allemagne<\/h5><ul class=\"portfolio-category list-inline\"><li>Rideaux d'ext\u00e9rieur<\/li><li>B\u00e2timents culturels<\/li><li>Syst\u00e8me de rails TRUMPF 95 OFFICE<\/li><li>Acoustique variable<\/li><\/ul>                                                <\/div>\r\n                                            <\/a>\r\n                                                                                   <\/div>\r\n                                    <\/div>\r\n                                <\/div>\r\n                            <\/div>\r\n                                                    <\/div><div id=\"portfolio-post-7555\" class=\"portfolio-column portfolio-post portfolio-hover-style-5 all aussenvorhaenge design-und-schmuckvorhaenge metallgewebe-g-mesh  width1x height1x col-xs-12 col-sm-6 col-md-4 animate\"  data-animation=\"fadeInUp\" data-animation-offset=\"90%\" style=\"margin: 15px 0; padding: 0 15px; -webkit-animation-duration: 0.8s; -webkit-animation-delay: 0.8s; animation-duration: 0.8s; animation-delay: 0.8s;\">\r\n                            <div class=\"portfolio-content-container\" >\r\n                                <div class=\"portfolio-thumbnail\">\r\n                                    <img loading=\"lazy\" decoding=\"async\" width=\"532\" height=\"532\" src=\"https:\/\/www.gerriets-acoustics.com\/wp-content\/uploads\/2022\/04\/2008-gw-swarovski-g-mesh-small.jpg\" class=\"attachment-post-thumbnail size-post-thumbnail wp-post-image\" alt=\"Rideau en tissu m\u00e9tallique chatoyant sur rail incurv\u00e9\" \/>                                <\/div> \r\n                                <div class=\"portfolio-caption-content\">\r\n                                    <a class=\"portfolio-content-link\" href=\"https:\/\/www.gerriets-acoustics.com\/fr\/portfolio\/swarovski-werksgelaende-wattens-oesterreich\/\" target=\"_self\"><\/a>\r\n                                    <div class=\"portfolio-content\">\r\n                                        <div class=\"portfolio-content-details\">\r\n                                            <a class=\"portfolio-content-link\" href=\"https:\/\/www.gerriets-acoustics.com\/fr\/portfolio\/swarovski-werksgelaende-wattens-oesterreich\/\" target=\"_self\">\r\n                                                <div class=\"portfolio-content-inner\" >\r\n                                                    <h5 class=\"portfolio-title\">Site de l'usine Swarovski<br> Wattens \/ Autriche<\/h5><ul class=\"portfolio-category list-inline\"><li>Rideaux d'ext\u00e9rieur<\/li><li>Rideaux design et d\u00e9coratifs<\/li><li>Treillis m\u00e9tallique G-MESH<\/li><\/ul>                                                <\/div>\r\n                                            <\/a>\r\n                                                                                   <\/div>\r\n                                    <\/div>\r\n                                <\/div>\r\n                            <\/div>\r\n                                                    <\/div><div id=\"portfolio-post-8577\" class=\"portfolio-column portfolio-post portfolio-hover-style-5 all buerowelten schallvorhang-office schienensystem-elegance schienensystem-trumpf-95  width1x height1x col-xs-12 col-sm-6 col-md-4 animate\"  data-animation=\"fadeInUp\" data-animation-offset=\"90%\" style=\"margin: 15px 0; padding: 0 15px; -webkit-animation-duration: 0.8s; -webkit-animation-delay: 1.2s; animation-duration: 0.8s; animation-delay: 1.2s;\">\r\n                            <div class=\"portfolio-content-container\" >\r\n                                <div class=\"portfolio-thumbnail\">\r\n                                    <img loading=\"lazy\" decoding=\"async\" width=\"532\" height=\"532\" src=\"https:\/\/www.gerriets-acoustics.com\/wp-content\/uploads\/2022\/06\/gw-2019-lautertal-architekturwerkstatt-office-small.jpg\" class=\"attachment-post-thumbnail size-post-thumbnail wp-post-image\" alt=\"Ilot de r\u00e9union avec rideau acoustique\" \/>                                <\/div> \r\n                                <div class=\"portfolio-caption-content\">\r\n                                    <a class=\"portfolio-content-link\" href=\"https:\/\/www.gerriets-acoustics.com\/fr\/portfolio\/architekturwerkstatt-im-kleinen-lautertal-2-blaustein-deutschland\/\" target=\"_self\"><\/a>\r\n                                    <div class=\"portfolio-content\">\r\n                                        <div class=\"portfolio-content-details\">\r\n                                            <a class=\"portfolio-content-link\" href=\"https:\/\/www.gerriets-acoustics.com\/fr\/portfolio\/architekturwerkstatt-im-kleinen-lautertal-2-blaustein-deutschland\/\" target=\"_self\">\r\n                                                <div class=\"portfolio-content-inner\" >\r\n                                                    <h5 class=\"portfolio-title\">Cabinet d'architecture dans la vall\u00e9e de la Lauter <br> Blaustein \/ Allemagne<\/h5><ul class=\"portfolio-category list-inline\"><li>Bureaux<\/li><li>Rideau acoustique OFFICE<\/li><li>Syst\u00e8me de rails ELEGANCE OFFICE<\/li><li>Syst\u00e8me de rails TRUMPF 95 OFFICE<\/li><\/ul>                                                <\/div>\r\n                                            <\/a>\r\n                                                                                   <\/div>\r\n                                    <\/div>\r\n                                <\/div>\r\n                            <\/div>\r\n                                                    <\/div><div id=\"portfolio-post-8567\" class=\"portfolio-column portfolio-post portfolio-hover-style-5 all bildung-und-lehre schallvorhang-office schienensystem-trumpf-95  width1x height1x col-xs-12 col-sm-6 col-md-4 animate\"  data-animation=\"fadeInUp\" data-animation-offset=\"90%\" style=\"margin: 15px 0; padding: 0 15px; -webkit-animation-duration: 0.8s; -webkit-animation-delay: 0.4s; animation-duration: 0.8s; animation-delay: 0.4s;\">\r\n                            <div class=\"portfolio-content-container\" >\r\n                                <div class=\"portfolio-thumbnail\">\r\n                                    <img loading=\"lazy\" decoding=\"async\" width=\"532\" height=\"532\" src=\"https:\/\/www.gerriets-acoustics.com\/wp-content\/uploads\/2022\/06\/gw-FHNW-Campus-Muttenz-Schallvorhang-OFFICE-small.jpg\" class=\"attachment-post-thumbnail size-post-thumbnail wp-post-image\" alt=\"Vue ext\u00e9rieure du b\u00e2timent du campus FHNW \u00e0 Muttenz Suisse\" \/>                                <\/div> \r\n                                <div class=\"portfolio-caption-content\">\r\n                                    <a class=\"portfolio-content-link\" href=\"https:\/\/www.gerriets-acoustics.com\/fr\/portfolio\/fhnw-campus-muttenz-2-schweiz\/\" target=\"_self\"><\/a>\r\n                                    <div class=\"portfolio-content\">\r\n                                        <div class=\"portfolio-content-details\">\r\n                                            <a class=\"portfolio-content-link\" href=\"https:\/\/www.gerriets-acoustics.com\/fr\/portfolio\/fhnw-campus-muttenz-2-schweiz\/\" target=\"_self\">\r\n                                                <div class=\"portfolio-content-inner\" >\r\n                                                    <h5 class=\"portfolio-title\">FHNW Campus<br> Muttenz \/ Suisse<\/h5><ul class=\"portfolio-category list-inline\"><li>\u00c9ducation &amp; enseignement<\/li><li>Rideau acoustique OFFICE<\/li><li>Syst\u00e8me de rails TRUMPF 95 OFFICE<\/li><\/ul>                                                <\/div>\r\n                                            <\/a>\r\n                                                                                   <\/div>\r\n                                    <\/div>\r\n                                <\/div>\r\n                            <\/div>\r\n                                                    <\/div><div id=\"portfolio-post-8595\" class=\"portfolio-column portfolio-post portfolio-hover-style-5 all buerowelten schallvorhang-office schienensystem-studio-office  width1x height1x col-xs-12 col-sm-6 col-md-4 animate\"  data-animation=\"fadeInUp\" data-animation-offset=\"90%\" style=\"margin: 15px 0; padding: 0 15px; -webkit-animation-duration: 0.8s; -webkit-animation-delay: 0.8s; animation-duration: 0.8s; animation-delay: 0.8s;\">\r\n                            <div class=\"portfolio-content-container\" >\r\n                                <div class=\"portfolio-thumbnail\">\r\n                                    <img loading=\"lazy\" decoding=\"async\" width=\"532\" height=\"532\" src=\"https:\/\/www.gerriets-acoustics.com\/wp-content\/uploads\/2020\/11\/gw-2019-change-hub-schallvorhang-office-small.jpg\" class=\"attachment-post-thumbnail size-post-thumbnail wp-post-image\" alt=\"zonage flexible des postes de travail dans les bureaux avec des rideaux acoustiques\" \/>                                <\/div> \r\n                                <div class=\"portfolio-caption-content\">\r\n                                    <a class=\"portfolio-content-link\" href=\"https:\/\/www.gerriets-acoustics.com\/fr\/portfolio\/change-hub-gmbh-2-berlin-deutschland\/\" target=\"_self\"><\/a>\r\n                                    <div class=\"portfolio-content\">\r\n                                        <div class=\"portfolio-content-details\">\r\n                                            <a class=\"portfolio-content-link\" href=\"https:\/\/www.gerriets-acoustics.com\/fr\/portfolio\/change-hub-gmbh-2-berlin-deutschland\/\" target=\"_self\">\r\n                                                <div class=\"portfolio-content-inner\" >\r\n                                                    <h5 class=\"portfolio-title\">Change Hub GmbH <br> Berlin \/ Allemagne<\/h5><ul class=\"portfolio-category list-inline\"><li>Bureaux<\/li><li>Rideau acoustique OFFICE<\/li><li>Syst\u00e8me de rails STUDIO OFFICE<\/li><\/ul>                                                <\/div>\r\n                                            <\/a>\r\n                                                                                   <\/div>\r\n                                    <\/div>\r\n                                <\/div>\r\n                            <\/div>\r\n                                                    <\/div><div id=\"portfolio-post-8598\" class=\"portfolio-column portfolio-post portfolio-hover-style-5 all buerowelten schallvorhang-office schienensystem-trumpf-95 variable-raumakustik  width1x height1x col-xs-12 col-sm-6 col-md-4 animate\"  data-animation=\"fadeInUp\" data-animation-offset=\"90%\" style=\"margin: 15px 0; padding: 0 15px; -webkit-animation-duration: 0.8s; -webkit-animation-delay: 1.2s; animation-duration: 0.8s; animation-delay: 1.2s;\">\r\n                            <div class=\"portfolio-content-container\" >\r\n                                <div class=\"portfolio-thumbnail\">\r\n                                    <img loading=\"lazy\" decoding=\"async\" width=\"532\" height=\"532\" src=\"https:\/\/www.gerriets-acoustics.com\/wp-content\/uploads\/2022\/06\/gw-2020-EWS-schoenau-night-frictiondrive-small.jpg\" class=\"attachment-post-thumbnail size-post-thumbnail wp-post-image\" alt=\"Caf\u00e9t\u00e9ria avec rideaux acoustiques et construction sp\u00e9ciale du plafond\" \/>                                <\/div> \r\n                                <div class=\"portfolio-caption-content\">\r\n                                    <a class=\"portfolio-content-link\" href=\"https:\/\/www.gerriets-acoustics.com\/fr\/portfolio\/ews-elektrizitaetswerke-schoenau-2-schoenau-deutschland\/\" target=\"_self\"><\/a>\r\n                                    <div class=\"portfolio-content\">\r\n                                        <div class=\"portfolio-content-details\">\r\n                                            <a class=\"portfolio-content-link\" href=\"https:\/\/www.gerriets-acoustics.com\/fr\/portfolio\/ews-elektrizitaetswerke-schoenau-2-schoenau-deutschland\/\" target=\"_self\">\r\n                                                <div class=\"portfolio-content-inner\" >\r\n                                                    <h5 class=\"portfolio-title\">EWS Centrale \u00e9lectrique Sch\u00f6nau<br> Sch\u00f6nau \/ Allemagne<\/h5><ul class=\"portfolio-category list-inline\"><li>Bureaux<\/li><li>Rideau acoustique OFFICE<\/li><li>Syst\u00e8me de rails TRUMPF 95 OFFICE<\/li><li>Acoustique variable<\/li><\/ul>                                                <\/div>\r\n                                            <\/a>\r\n                                                                                   <\/div>\r\n                                    <\/div>\r\n                                <\/div>\r\n                            <\/div>\r\n                                                    <\/div><div id=\"portfolio-post-8610\" class=\"portfolio-column portfolio-post portfolio-hover-style-5 all gastronomie-und-handel schallvorhang-office  width1x height1x col-xs-12 col-sm-6 col-md-4 animate\"  data-animation=\"fadeInUp\" data-animation-offset=\"90%\" style=\"margin: 15px 0; padding: 0 15px; -webkit-animation-duration: 0.8s; -webkit-animation-delay: 0.4s; animation-duration: 0.8s; animation-delay: 0.4s;\">\r\n                            <div class=\"portfolio-content-container\" >\r\n                                <div class=\"portfolio-thumbnail\">\r\n                                    <img loading=\"lazy\" decoding=\"async\" width=\"532\" height=\"532\" src=\"https:\/\/www.gerriets-acoustics.com\/wp-content\/uploads\/2022\/06\/gw-2020-finaliv-schallvorhang-office-small.jpg\" class=\"attachment-post-thumbnail size-post-thumbnail wp-post-image\" alt=\"Cabines d&#039;essayage avec rideaux insonorisants pour des consultations discr\u00e8tes dans les cabinets m\u00e9dicaux\" \/>                                <\/div> \r\n                                <div class=\"portfolio-caption-content\">\r\n                                    <a class=\"portfolio-content-link\" href=\"https:\/\/www.gerriets-acoustics.com\/fr\/portfolio\/boutique-fina-liv-2-muenchen-leipzig-deutschland\/\" target=\"_self\"><\/a>\r\n                                    <div class=\"portfolio-content\">\r\n                                        <div class=\"portfolio-content-details\">\r\n                                            <a class=\"portfolio-content-link\" href=\"https:\/\/www.gerriets-acoustics.com\/fr\/portfolio\/boutique-fina-liv-2-muenchen-leipzig-deutschland\/\" target=\"_self\">\r\n                                                <div class=\"portfolio-content-inner\" >\r\n                                                    <h5 class=\"portfolio-title\">Boutique Fina &amp; Liv<br> Munich, Leipzig \/ Allemagne<\/h5><ul class=\"portfolio-category list-inline\"><li>Restauration &amp; commerce<\/li><li>Rideau acoustique OFFICE<\/li><\/ul>                                                <\/div>\r\n                                            <\/a>\r\n                                                                                   <\/div>\r\n                                    <\/div>\r\n                                <\/div>\r\n                            <\/div>\r\n                                                    <\/div><div id=\"portfolio-post-4270\" class=\"portfolio-column portfolio-post portfolio-hover-style-5 all buerowelten schallvorhang-office schienensystem-trumpf-95  width1x height1x col-xs-12 col-sm-6 col-md-4 animate\"  data-animation=\"fadeInUp\" data-animation-offset=\"90%\" style=\"margin: 15px 0; padding: 0 15px; -webkit-animation-duration: 0.8s; -webkit-animation-delay: 0.8s; animation-duration: 0.8s; animation-delay: 0.8s;\">\r\n                            <div class=\"portfolio-content-container\" >\r\n                                <div class=\"portfolio-thumbnail\">\r\n                                    <img loading=\"lazy\" decoding=\"async\" width=\"532\" height=\"532\" src=\"https:\/\/www.gerriets-acoustics.com\/wp-content\/uploads\/2020\/06\/2019-alnatura-schallvorhang-office-small.jpg\" class=\"attachment-post-thumbnail size-post-thumbnail wp-post-image\" alt=\"Foyer de l&#039;espace de travail Alnatura avec rideaux acoustiques\" \/>                                <\/div> \r\n                                <div class=\"portfolio-caption-content\">\r\n                                    <a class=\"portfolio-content-link\" href=\"https:\/\/www.gerriets-acoustics.com\/fr\/portfolio\/alnatura-arbeitswelt\/\" target=\"_self\"><\/a>\r\n                                    <div class=\"portfolio-content\">\r\n                                        <div class=\"portfolio-content-details\">\r\n                                            <a class=\"portfolio-content-link\" href=\"https:\/\/www.gerriets-acoustics.com\/fr\/portfolio\/alnatura-arbeitswelt\/\" target=\"_self\">\r\n                                                <div class=\"portfolio-content-inner\" >\r\n                                                    <h5 class=\"portfolio-title\">Le monde du travail chez Alnatura <br> Darmstadt \/ Allemagne<\/h5><ul class=\"portfolio-category list-inline\"><li>Bureaux<\/li><li>Rideau acoustique OFFICE<\/li><li>Syst\u00e8me de rails TRUMPF 95 OFFICE<\/li><\/ul>                                                <\/div>\r\n                                            <\/a>\r\n                                                                                   <\/div>\r\n                                    <\/div>\r\n                                <\/div>\r\n                            <\/div>\r\n                                                    <\/div><div id=\"portfolio-post-7461\" class=\"portfolio-column portfolio-post portfolio-hover-style-5 all kulturbauten variable-raumakustik  width1x height1x col-xs-12 col-sm-6 col-md-4 animate\"  data-animation=\"fadeInUp\" data-animation-offset=\"90%\" style=\"margin: 15px 0; padding: 0 15px; -webkit-animation-duration: 0.8s; -webkit-animation-delay: 1.2s; animation-duration: 0.8s; animation-delay: 1.2s;\">\r\n                            <div class=\"portfolio-content-container\" >\r\n                                <div class=\"portfolio-thumbnail\">\r\n                                    <img loading=\"lazy\" decoding=\"async\" width=\"532\" height=\"532\" src=\"https:\/\/www.gerriets-acoustics.com\/wp-content\/uploads\/2022\/04\/2015-kraftwerkkonzert-berlin-small.jpg\" class=\"attachment-post-thumbnail size-post-thumbnail wp-post-image\" alt=\"Fa\u00e7ade en verre avec logo KRAFTWERK et absorbeurs de basses en arri\u00e8re-plan\" \/>                                <\/div> \r\n                                <div class=\"portfolio-caption-content\">\r\n                                    <a class=\"portfolio-content-link\" href=\"https:\/\/www.gerriets-acoustics.com\/fr\/portfolio\/kraftwerk-konzert-berlin-deutschland\/\" target=\"_self\"><\/a>\r\n                                    <div class=\"portfolio-content\">\r\n                                        <div class=\"portfolio-content-details\">\r\n                                            <a class=\"portfolio-content-link\" href=\"https:\/\/www.gerriets-acoustics.com\/fr\/portfolio\/kraftwerk-konzert-berlin-deutschland\/\" target=\"_self\">\r\n                                                <div class=\"portfolio-content-inner\" >\r\n                                                    <h5 class=\"portfolio-title\">Concert KRAFTWERK<br> Berlin \/ Allemagne<\/h5><ul class=\"portfolio-category list-inline\"><li>B\u00e2timents culturels<\/li><li>Acoustique variable<\/li><\/ul>                                                <\/div>\r\n                                            <\/a>\r\n                                                                                   <\/div>\r\n                                    <\/div>\r\n                                <\/div>\r\n                            <\/div>\r\n                                                    <\/div><div id=\"portfolio-post-4253\" class=\"portfolio-column portfolio-post portfolio-hover-style-5 all kulturbauten variable-raumakustik  width1x height1x col-xs-12 col-sm-6 col-md-4 animate\"  data-animation=\"fadeInUp\" data-animation-offset=\"90%\" style=\"margin: 15px 0; padding: 0 15px; -webkit-animation-duration: 0.8s; -webkit-animation-delay: 0.4s; animation-duration: 0.8s; animation-delay: 0.4s;\">\r\n                            <div class=\"portfolio-content-container\" >\r\n                                <div class=\"portfolio-thumbnail\">\r\n                                    <img loading=\"lazy\" decoding=\"async\" width=\"532\" height=\"532\" src=\"https:\/\/www.gerriets-acoustics.com\/wp-content\/uploads\/2022\/06\/gw-2020-ventspils-music-school-RUNWAY-PLUS-small.jpg\" class=\"attachment-post-thumbnail size-post-thumbnail wp-post-image\" alt=\"Salle de concert avec b\u00e2ches acoustiques et rideaux antibruit\" \/>                                <\/div> \r\n                                <div class=\"portfolio-caption-content\">\r\n                                    <a class=\"portfolio-content-link\" href=\"https:\/\/www.gerriets-acoustics.com\/fr\/portfolio\/music-school-and-concert-hall\/\" target=\"_self\"><\/a>\r\n                                    <div class=\"portfolio-content\">\r\n                                        <div class=\"portfolio-content-details\">\r\n                                            <a class=\"portfolio-content-link\" href=\"https:\/\/www.gerriets-acoustics.com\/fr\/portfolio\/music-school-and-concert-hall\/\" target=\"_self\">\r\n                                                <div class=\"portfolio-content-inner\" >\r\n                                                    <h5 class=\"portfolio-title\">Music School and Concert Hall <br> Ventspils \/ Lettonie<\/h5><ul class=\"portfolio-category list-inline\"><li>B\u00e2timents culturels<\/li><li>Acoustique variable<\/li><\/ul>                                                <\/div>\r\n                                            <\/a>\r\n                                                                                   <\/div>\r\n                                    <\/div>\r\n                                <\/div>\r\n                            <\/div>\r\n                                                    <\/div><div id=\"portfolio-post-4232\" class=\"portfolio-column portfolio-post portfolio-hover-style-5 all buerowelten schallvorhang-office schienensystem-trumpf-95  width1x height1x col-xs-12 col-sm-6 col-md-4 animate\"  data-animation=\"fadeInUp\" data-animation-offset=\"90%\" style=\"margin: 15px 0; padding: 0 15px; -webkit-animation-duration: 0.8s; -webkit-animation-delay: 0.8s; animation-duration: 0.8s; animation-delay: 0.8s;\">\r\n                            <div class=\"portfolio-content-container\" >\r\n                                <div class=\"portfolio-thumbnail\">\r\n                                    <img loading=\"lazy\" decoding=\"async\" width=\"532\" height=\"532\" src=\"https:\/\/www.gerriets-acoustics.com\/wp-content\/uploads\/2022\/06\/2019-huerlemanns-dancing-office-schallvorhang-small.jpg\" class=\"attachment-post-thumbnail size-post-thumbnail wp-post-image\" alt=\"\" \/>                                <\/div> \r\n                                <div class=\"portfolio-caption-content\">\r\n                                    <a class=\"portfolio-content-link\" href=\"https:\/\/www.gerriets-acoustics.com\/fr\/portfolio\/stephan-huerlemanns-dancing-office\/\" target=\"_self\"><\/a>\r\n                                    <div class=\"portfolio-content\">\r\n                                        <div class=\"portfolio-content-details\">\r\n                                            <a class=\"portfolio-content-link\" href=\"https:\/\/www.gerriets-acoustics.com\/fr\/portfolio\/stephan-huerlemanns-dancing-office\/\" target=\"_self\">\r\n                                                <div class=\"portfolio-content-inner\" >\r\n                                                    <h5 class=\"portfolio-title\">Le bureau de danse de Stephan H\u00fcrlemann <br> Zurich \/ Suisse<\/h5><ul class=\"portfolio-category list-inline\"><li>Bureaux<\/li><li>Rideau acoustique OFFICE<\/li><li>Syst\u00e8me de rails TRUMPF 95 OFFICE<\/li><\/ul>                                                <\/div>\r\n                                            <\/a>\r\n                                                                                   <\/div>\r\n                                    <\/div>\r\n                                <\/div>\r\n                            <\/div>\r\n                                                    <\/div><div id=\"portfolio-post-4210\" class=\"portfolio-column portfolio-post portfolio-hover-style-5 all bildung-und-lehre schallvorhang-office schienensystem-trumpf-95  width1x height1x col-xs-12 col-sm-6 col-md-4 animate\"  data-animation=\"fadeInUp\" data-animation-offset=\"90%\" style=\"margin: 15px 0; padding: 0 15px; -webkit-animation-duration: 0.8s; -webkit-animation-delay: 1.2s; animation-duration: 0.8s; animation-delay: 1.2s;\">\r\n                            <div class=\"portfolio-content-container\" >\r\n                                <div class=\"portfolio-thumbnail\">\r\n                                    <img loading=\"lazy\" decoding=\"async\" width=\"532\" height=\"532\" src=\"https:\/\/www.gerriets-acoustics.com\/wp-content\/uploads\/2022\/06\/gw-2018-koeln-bibliothek-schallvorhang-office-small.jpg\" class=\"attachment-post-thumbnail size-post-thumbnail wp-post-image\" alt=\"Salle de r\u00e9union avec table ronde et rideau acoustique, le tout en blanc\" \/>                                <\/div> \r\n                                <div class=\"portfolio-caption-content\">\r\n                                    <a class=\"portfolio-content-link\" href=\"https:\/\/www.gerriets-acoustics.com\/fr\/portfolio\/bibliothek-fachhochschule-fuer-oeffentliche-verwaltung\/\" target=\"_self\"><\/a>\r\n                                    <div class=\"portfolio-content\">\r\n                                        <div class=\"portfolio-content-details\">\r\n                                            <a class=\"portfolio-content-link\" href=\"https:\/\/www.gerriets-acoustics.com\/fr\/portfolio\/bibliothek-fachhochschule-fuer-oeffentliche-verwaltung\/\" target=\"_self\">\r\n                                                <div class=\"portfolio-content-inner\" >\r\n                                                    <h5 class=\"portfolio-title\">Biblioth\u00e8que de l'\u00c9cole sup\u00e9rieure de police et d'administration publique <br> Cologne \/ Allemagne<\/h5><ul class=\"portfolio-category list-inline\"><li>\u00c9ducation &amp; enseignement<\/li><li>Rideau acoustique OFFICE<\/li><li>Syst\u00e8me de rails TRUMPF 95 OFFICE<\/li><\/ul>                                                <\/div>\r\n                                            <\/a>\r\n                                                                                   <\/div>\r\n                                    <\/div>\r\n                                <\/div>\r\n                            <\/div>\r\n                                                    <\/div><div id=\"portfolio-post-4202\" class=\"portfolio-column portfolio-post portfolio-hover-style-5 all buerowelten schallvorhang-office schallvorhang-office-window  width1x height1x col-xs-12 col-sm-6 col-md-4 animate\"  data-animation=\"fadeInUp\" data-animation-offset=\"90%\" style=\"margin: 15px 0; padding: 0 15px; -webkit-animation-duration: 0.8s; -webkit-animation-delay: 0.4s; animation-duration: 0.8s; animation-delay: 0.4s;\">\r\n                            <div class=\"portfolio-content-container\" >\r\n                                <div class=\"portfolio-thumbnail\">\r\n                                    <img loading=\"lazy\" decoding=\"async\" width=\"532\" height=\"532\" src=\"https:\/\/www.gerriets-acoustics.com\/wp-content\/uploads\/2022\/06\/2019-adidas-schallvorhang-office-small.jpg\" class=\"attachment-post-thumbnail size-post-thumbnail wp-post-image\" alt=\"Espace de bureau et rideau acoustique avec fen\u00eatres acoustiques visibles\" \/>                                <\/div> \r\n                                <div class=\"portfolio-caption-content\">\r\n                                    <a class=\"portfolio-content-link\" href=\"https:\/\/www.gerriets-acoustics.com\/fr\/portfolio\/adidas-laces\/\" target=\"_self\"><\/a>\r\n                                    <div class=\"portfolio-content\">\r\n                                        <div class=\"portfolio-content-details\">\r\n                                            <a class=\"portfolio-content-link\" href=\"https:\/\/www.gerriets-acoustics.com\/fr\/portfolio\/adidas-laces\/\" target=\"_self\">\r\n                                                <div class=\"portfolio-content-inner\" >\r\n                                                    <h5 class=\"portfolio-title\">adidas Laces <br> Herzogenaurach \/ Allemagne<\/h5><ul class=\"portfolio-category list-inline\"><li>Bureaux<\/li><li>Rideau acoustique OFFICE<\/li><li>Rideau acoustique OFFICE WINDOW<\/li><\/ul>                                                <\/div>\r\n                                            <\/a>\r\n                                                                                   <\/div>\r\n                                    <\/div>\r\n                                <\/div>\r\n                            <\/div>\r\n                                                    <\/div><div id=\"portfolio-post-5184\" class=\"portfolio-column portfolio-post portfolio-hover-style-5 all schallvorhang-office schallvorhang-office-window  width1x height1x col-xs-12 col-sm-6 col-md-4 animate\"  data-animation=\"fadeInUp\" data-animation-offset=\"90%\" style=\"margin: 15px 0; padding: 0 15px; -webkit-animation-duration: 0.8s; -webkit-animation-delay: 0.8s; animation-duration: 0.8s; animation-delay: 0.8s;\">\r\n                            <div class=\"portfolio-content-container\" >\r\n                                <div class=\"portfolio-thumbnail\">\r\n                                    <img loading=\"lazy\" decoding=\"async\" width=\"532\" height=\"532\" src=\"https:\/\/www.gerriets-acoustics.com\/wp-content\/uploads\/2022\/06\/gw-2018-orgatec-schallvorhang-office-window-small.jpg\" class=\"attachment-post-thumbnail size-post-thumbnail wp-post-image\" alt=\"Stand d&#039;exposition de Gerriets avec rideau acoustique et fen\u00eatre de visualisation int\u00e9gr\u00e9e\" \/>                                <\/div> \r\n                                <div class=\"portfolio-caption-content\">\r\n                                    <a class=\"portfolio-content-link\" href=\"https:\/\/www.gerriets-acoustics.com\/fr\/portfolio\/orgatec-messestand-gerriets\/\" target=\"_self\"><\/a>\r\n                                    <div class=\"portfolio-content\">\r\n                                        <div class=\"portfolio-content-details\">\r\n                                            <a class=\"portfolio-content-link\" href=\"https:\/\/www.gerriets-acoustics.com\/fr\/portfolio\/orgatec-messestand-gerriets\/\" target=\"_self\">\r\n                                                <div class=\"portfolio-content-inner\" >\r\n                                                    <h5 class=\"portfolio-title\">Stand d'exposition ORGATEC Gerriets 2018<br> Cologne \/ Allemagne<\/h5><ul class=\"portfolio-category list-inline\"><li>Rideau acoustique OFFICE<\/li><li>Rideau acoustique OFFICE WINDOW<\/li><\/ul>                                                <\/div>\r\n                                            <\/a>\r\n                                                                                   <\/div>\r\n                                    <\/div>\r\n                                <\/div>\r\n                            <\/div>\r\n                                                    <\/div><div id=\"portfolio-post-5181\" class=\"portfolio-column portfolio-post portfolio-hover-style-5 all buerowelten schallvorhang-office schienensystem-trumpf-95  width1x height1x col-xs-12 col-sm-6 col-md-4 animate\"  data-animation=\"fadeInUp\" data-animation-offset=\"90%\" style=\"margin: 15px 0; padding: 0 15px; -webkit-animation-duration: 0.8s; -webkit-animation-delay: 1.2s; animation-duration: 0.8s; animation-delay: 1.2s;\">\r\n                            <div class=\"portfolio-content-container\" >\r\n                                <div class=\"portfolio-thumbnail\">\r\n                                    <img loading=\"lazy\" decoding=\"async\" width=\"532\" height=\"532\" src=\"https:\/\/www.gerriets-acoustics.com\/wp-content\/uploads\/2019\/05\/gw-2019-Buehler-AG-OFFICE-small.jpg\" class=\"attachment-post-thumbnail size-post-thumbnail wp-post-image\" alt=\"Auditorium avec rideau acoustique variable et si\u00e8ges color\u00e9s\" \/>                                <\/div> \r\n                                <div class=\"portfolio-caption-content\">\r\n                                    <a class=\"portfolio-content-link\" href=\"https:\/\/www.gerriets-acoustics.com\/fr\/portfolio\/buehler-ag-2\/\" target=\"_self\"><\/a>\r\n                                    <div class=\"portfolio-content\">\r\n                                        <div class=\"portfolio-content-details\">\r\n                                            <a class=\"portfolio-content-link\" href=\"https:\/\/www.gerriets-acoustics.com\/fr\/portfolio\/buehler-ag-2\/\" target=\"_self\">\r\n                                                <div class=\"portfolio-content-inner\" >\r\n                                                    <h5 class=\"portfolio-title\">B\u00fchler AG <br> Uzwil \/ Suisse<\/h5><ul class=\"portfolio-category list-inline\"><li>Bureaux<\/li><li>Rideau acoustique OFFICE<\/li><li>Syst\u00e8me de rails TRUMPF 95 OFFICE<\/li><\/ul>                                                <\/div>\r\n                                            <\/a>\r\n                                                                                   <\/div>\r\n                                    <\/div>\r\n                                <\/div>\r\n                            <\/div>\r\n                                                    <\/div><div id=\"portfolio-post-7550\" class=\"portfolio-column portfolio-post portfolio-hover-style-5 all buerowelten metallgewebe-g-mesh  width1x height1x col-xs-12 col-sm-6 col-md-4 animate\"  data-animation=\"fadeInUp\" data-animation-offset=\"90%\" style=\"margin: 15px 0; padding: 0 15px; -webkit-animation-duration: 0.8s; -webkit-animation-delay: 0.4s; animation-duration: 0.8s; animation-delay: 0.4s;\">\r\n                            <div class=\"portfolio-content-container\" >\r\n                                <div class=\"portfolio-thumbnail\">\r\n                                    <img loading=\"lazy\" decoding=\"async\" width=\"532\" height=\"532\" src=\"https:\/\/www.gerriets-acoustics.com\/wp-content\/uploads\/2022\/04\/gw-zf-forum-small.jpg\" class=\"attachment-post-thumbnail size-post-thumbnail wp-post-image\" alt=\"Vue d\u00e9taill\u00e9e du rideau de s\u00e9paration en tissu m\u00e9tallique G-MESH\" \/>                                <\/div> \r\n                                <div class=\"portfolio-caption-content\">\r\n                                    <a class=\"portfolio-content-link\" href=\"https:\/\/www.gerriets-acoustics.com\/fr\/portfolio\/zf-forum-friedrichshafen-deutschland\/\" target=\"_self\"><\/a>\r\n                                    <div class=\"portfolio-content\">\r\n                                        <div class=\"portfolio-content-details\">\r\n                                            <a class=\"portfolio-content-link\" href=\"https:\/\/www.gerriets-acoustics.com\/fr\/portfolio\/zf-forum-friedrichshafen-deutschland\/\" target=\"_self\">\r\n                                                <div class=\"portfolio-content-inner\" >\r\n                                                    <h5 class=\"portfolio-title\">Forum ZF<br> Friedrichshafen \/ Allemagne<\/h5><ul class=\"portfolio-category list-inline\"><li>Bureaux<\/li><li>Treillis m\u00e9tallique G-MESH<\/li><\/ul>                                                <\/div>\r\n                                            <\/a>\r\n                                                                                   <\/div>\r\n                                    <\/div>\r\n                                <\/div>\r\n                            <\/div>\r\n                                                    <\/div><div id=\"portfolio-post-3361\" class=\"portfolio-column portfolio-post portfolio-hover-style-5 all bildung-und-lehre buerowelten lichtdurchlaessige-stoffe schallvorhang-office variable-raumakustik  width1x height1x col-xs-12 col-sm-6 col-md-4 animate\"  data-animation=\"fadeInUp\" data-animation-offset=\"90%\" style=\"margin: 15px 0; padding: 0 15px; -webkit-animation-duration: 0.8s; -webkit-animation-delay: 0.8s; animation-duration: 0.8s; animation-delay: 0.8s;\">\r\n                            <div class=\"portfolio-content-container\" >\r\n                                <div class=\"portfolio-thumbnail\">\r\n                                    <img loading=\"lazy\" decoding=\"async\" width=\"532\" height=\"532\" src=\"https:\/\/www.gerriets-acoustics.com\/wp-content\/uploads\/2022\/06\/gw-2017-gap-quartier-akustik-small.jpg\" class=\"attachment-post-thumbnail size-post-thumbnail wp-post-image\" alt=\"Rideau d&#039;insonorisation comme s\u00e9paration flexible pour les \u00eelots de r\u00e9union\" \/>                                <\/div> \r\n                                <div class=\"portfolio-caption-content\">\r\n                                    <a class=\"portfolio-content-link\" href=\"https:\/\/www.gerriets-acoustics.com\/fr\/portfolio\/gap-quartier-gbr\/\" target=\"_self\"><\/a>\r\n                                    <div class=\"portfolio-content\">\r\n                                        <div class=\"portfolio-content-details\">\r\n                                            <a class=\"portfolio-content-link\" href=\"https:\/\/www.gerriets-acoustics.com\/fr\/portfolio\/gap-quartier-gbr\/\" target=\"_self\">\r\n                                                <div class=\"portfolio-content-inner\" >\r\n                                                    <h5 class=\"portfolio-title\">gap.Quartier GbR <br> Garmisch-Partenkirchen \/ Allemagne<\/h5><ul class=\"portfolio-category list-inline\"><li>\u00c9ducation &amp; enseignement<\/li><li>Bureaux<\/li><li>Textiles translucides<\/li><li>Rideau acoustique OFFICE<\/li><li>Acoustique variable<\/li><\/ul>                                                <\/div>\r\n                                            <\/a>\r\n                                                                                   <\/div>\r\n                                    <\/div>\r\n                                <\/div>\r\n                            <\/div>\r\n                                                    <\/div><div id=\"portfolio-post-3323\" class=\"portfolio-column portfolio-post portfolio-hover-style-5 all kulturbauten variable-raumakustik  width1x height1x col-xs-12 col-sm-6 col-md-4 animate\"  data-animation=\"fadeInUp\" data-animation-offset=\"90%\" style=\"margin: 15px 0; padding: 0 15px; -webkit-animation-duration: 0.8s; -webkit-animation-delay: 1.2s; animation-duration: 0.8s; animation-delay: 1.2s;\">\r\n                            <div class=\"portfolio-content-container\" >\r\n                                <div class=\"portfolio-thumbnail\">\r\n                                    <img loading=\"lazy\" decoding=\"async\" width=\"532\" height=\"532\" src=\"https:\/\/www.gerriets-acoustics.com\/wp-content\/uploads\/2022\/06\/gw-2017-unterfoehring-g-sorber-small.jpg\" class=\"attachment-post-thumbnail size-post-thumbnail wp-post-image\" alt=\"Banni\u00e8re d\u00e9roulante acoustique dans la salle polyvalente, maison des citoyens\" \/>                                <\/div> \r\n                                <div class=\"portfolio-caption-content\">\r\n                                    <a class=\"portfolio-content-link\" href=\"https:\/\/www.gerriets-acoustics.com\/fr\/portfolio\/buergerhaus-unterfoehring\/\" target=\"_self\"><\/a>\r\n                                    <div class=\"portfolio-content\">\r\n                                        <div class=\"portfolio-content-details\">\r\n                                            <a class=\"portfolio-content-link\" href=\"https:\/\/www.gerriets-acoustics.com\/fr\/portfolio\/buergerhaus-unterfoehring\/\" target=\"_self\">\r\n                                                <div class=\"portfolio-content-inner\" >\r\n                                                    <h5 class=\"portfolio-title\">Maison communautaire d'Unterf\u00f6hring <br> Unterf\u00f6hring \/ Allemagne<\/h5><ul class=\"portfolio-category list-inline\"><li>B\u00e2timents culturels<\/li><li>Acoustique variable<\/li><\/ul>                                                <\/div>\r\n                                            <\/a>\r\n                                                                                   <\/div>\r\n                                    <\/div>\r\n                                <\/div>\r\n                            <\/div>\r\n                                                    <\/div><div id=\"portfolio-post-3310\" class=\"portfolio-column portfolio-post portfolio-hover-style-5 all design-und-schmuckvorhaenge gastronomie-und-handel schallvorhang-office  width1x height1x col-xs-12 col-sm-6 col-md-4 animate\"  data-animation=\"fadeInUp\" data-animation-offset=\"90%\" style=\"margin: 15px 0; padding: 0 15px; -webkit-animation-duration: 0.8s; -webkit-animation-delay: 0.4s; animation-duration: 0.8s; animation-delay: 0.4s;\">\r\n                            <div class=\"portfolio-content-container\" >\r\n                                <div class=\"portfolio-thumbnail\">\r\n                                    <img loading=\"lazy\" decoding=\"async\" width=\"532\" height=\"532\" src=\"https:\/\/www.gerriets-acoustics.com\/wp-content\/uploads\/2022\/06\/gw-2017-hotel-glockenspitze-akustik-trennvorhaenge-small.jpg\" class=\"attachment-post-thumbnail size-post-thumbnail wp-post-image\" alt=\"Places assises entour\u00e9es d&#039;un rideau de fils, restaurant Espace VIP\" \/>                                <\/div> \r\n                                <div class=\"portfolio-caption-content\">\r\n                                    <a class=\"portfolio-content-link\" href=\"https:\/\/www.gerriets-acoustics.com\/fr\/portfolio\/hotel-glockenspitze-restaurant-maracana\/\" target=\"_self\"><\/a>\r\n                                    <div class=\"portfolio-content\">\r\n                                        <div class=\"portfolio-content-details\">\r\n                                            <a class=\"portfolio-content-link\" href=\"https:\/\/www.gerriets-acoustics.com\/fr\/portfolio\/hotel-glockenspitze-restaurant-maracana\/\" target=\"_self\">\r\n                                                <div class=\"portfolio-content-inner\" >\r\n                                                    <h5 class=\"portfolio-title\">H\u00f4tel Glockenspitze \/ Restaurant Maracana <br> Altenkirchen \/ Allemagne<\/h5><ul class=\"portfolio-category list-inline\"><li>Rideaux design et d\u00e9coratifs<\/li><li>Restauration &amp; commerce<\/li><li>Rideau acoustique OFFICE<\/li><\/ul>                                                <\/div>\r\n                                            <\/a>\r\n                                                                                   <\/div>\r\n                                    <\/div>\r\n                                <\/div>\r\n                            <\/div>\r\n                                                    <\/div><div id=\"portfolio-post-7471\" class=\"portfolio-column portfolio-post portfolio-hover-style-5 all kulturbauten variable-raumakustik  width1x height1x col-xs-12 col-sm-6 col-md-4 animate\"  data-animation=\"fadeInUp\" data-animation-offset=\"90%\" style=\"margin: 15px 0; padding: 0 15px; -webkit-animation-duration: 0.8s; -webkit-animation-delay: 0.8s; animation-duration: 0.8s; animation-delay: 0.8s;\">\r\n                            <div class=\"portfolio-content-container\" >\r\n                                <div class=\"portfolio-thumbnail\">\r\n                                    <img loading=\"lazy\" decoding=\"async\" width=\"532\" height=\"532\" src=\"https:\/\/www.gerriets-acoustics.com\/wp-content\/uploads\/2022\/04\/gw-2018-staatsoperette-dresden-small.jpg\" class=\"attachment-post-thumbnail size-post-thumbnail wp-post-image\" alt=\"Vue d\u00e9taill\u00e9e de l&#039;absorbeur de son gonfl\u00e9 pour une absorption cibl\u00e9e dans les graves\" \/>                                <\/div> \r\n                                <div class=\"portfolio-caption-content\">\r\n                                    <a class=\"portfolio-content-link\" href=\"https:\/\/www.gerriets-acoustics.com\/fr\/portfolio\/staatsoperette-dresden-dresden-deutschland\/\" target=\"_self\"><\/a>\r\n                                    <div class=\"portfolio-content\">\r\n                                        <div class=\"portfolio-content-details\">\r\n                                            <a class=\"portfolio-content-link\" href=\"https:\/\/www.gerriets-acoustics.com\/fr\/portfolio\/staatsoperette-dresden-dresden-deutschland\/\" target=\"_self\">\r\n                                                <div class=\"portfolio-content-inner\" >\r\n                                                    <h5 class=\"portfolio-title\">Op\u00e9ra de Dresde<br> Dresde \/ Allemagne<\/h5><ul class=\"portfolio-category list-inline\"><li>B\u00e2timents culturels<\/li><li>Acoustique variable<\/li><\/ul>                                                <\/div>\r\n                                            <\/a>\r\n                                                                                   <\/div>\r\n                                    <\/div>\r\n                                <\/div>\r\n                            <\/div>\r\n                                                    <\/div><div id=\"portfolio-post-3302\" class=\"portfolio-column portfolio-post portfolio-hover-style-5 all gastronomie-und-handel oeffentlicher-aum variable-raumakustik  width1x height1x col-xs-12 col-sm-6 col-md-4 animate\"  data-animation=\"fadeInUp\" data-animation-offset=\"90%\" style=\"margin: 15px 0; padding: 0 15px; -webkit-animation-duration: 0.8s; -webkit-animation-delay: 1.2s; animation-duration: 0.8s; animation-delay: 1.2s;\">\r\n                            <div class=\"portfolio-content-container\" >\r\n                                <div class=\"portfolio-thumbnail\">\r\n                                    <img loading=\"lazy\" decoding=\"async\" width=\"532\" height=\"532\" src=\"https:\/\/www.gerriets-acoustics.com\/wp-content\/uploads\/2022\/06\/gw-2016-boesers-restaurant-absorber-small.jpg\" class=\"attachment-post-thumbnail size-post-thumbnail wp-post-image\" alt=\"salle de spectacle \u00e0 l&#039;acoustique optimis\u00e9e avec gradins et sc\u00e8ne\" \/>                                <\/div> \r\n                                <div class=\"portfolio-caption-content\">\r\n                                    <a class=\"portfolio-content-link\" href=\"https:\/\/www.gerriets-acoustics.com\/fr\/portfolio\/boesers-spargelrestaurant\/\" target=\"_self\"><\/a>\r\n                                    <div class=\"portfolio-content\">\r\n                                        <div class=\"portfolio-content-details\">\r\n                                            <a class=\"portfolio-content-link\" href=\"https:\/\/www.gerriets-acoustics.com\/fr\/portfolio\/boesers-spargelrestaurant\/\" target=\"_self\">\r\n                                                <div class=\"portfolio-content-inner\" >\r\n                                                    <h5 class=\"portfolio-title\">B\u00f6sers Spargelrestaurant <br> Forst \/ Allemagne<\/h5><ul class=\"portfolio-category list-inline\"><li>Restauration &amp; commerce<\/li><li>Lieu recevant du public<\/li><li>Acoustique variable<\/li><\/ul>                                                <\/div>\r\n                                            <\/a>\r\n                                                                                   <\/div>\r\n                                    <\/div>\r\n                                <\/div>\r\n                            <\/div>\r\n                                                    <\/div><div id=\"portfolio-post-2993\" class=\"portfolio-column portfolio-post portfolio-hover-style-5 all buerowelten design-und-schmuckvorhaenge schallvorhang-office schienensystem-trumpf-95  width1x height1x col-xs-12 col-sm-6 col-md-4 animate\"  data-animation=\"fadeInUp\" data-animation-offset=\"90%\" style=\"margin: 15px 0; padding: 0 15px; -webkit-animation-duration: 0.8s; -webkit-animation-delay: 0.4s; animation-duration: 0.8s; animation-delay: 0.4s;\">\r\n                            <div class=\"portfolio-content-container\" >\r\n                                <div class=\"portfolio-thumbnail\">\r\n                                    <img loading=\"lazy\" decoding=\"async\" width=\"532\" height=\"532\" src=\"https:\/\/www.gerriets-acoustics.com\/wp-content\/uploads\/2022\/06\/gw-2017-umkirch-schallvorhang-small.jpg\" class=\"attachment-post-thumbnail size-post-thumbnail wp-post-image\" alt=\"Rideau d&#039;insonorisation comme s\u00e9parateur d&#039;espace flexible, avec impression de colonnes\" \/>                                <\/div> \r\n                                <div class=\"portfolio-caption-content\">\r\n                                    <a class=\"portfolio-content-link\" href=\"https:\/\/www.gerriets-acoustics.com\/fr\/portfolio\/gerriets-gmbh-2\/\" target=\"_self\"><\/a>\r\n                                    <div class=\"portfolio-content\">\r\n                                        <div class=\"portfolio-content-details\">\r\n                                            <a class=\"portfolio-content-link\" href=\"https:\/\/www.gerriets-acoustics.com\/fr\/portfolio\/gerriets-gmbh-2\/\" target=\"_self\">\r\n                                                <div class=\"portfolio-content-inner\" >\r\n                                                    <h5 class=\"portfolio-title\">Gerriets GmbH <br> S\u00e4ulenhalle, Umkirch \/ Allemagne<\/h5><ul class=\"portfolio-category list-inline\"><li>Bureaux<\/li><li>Rideaux design et d\u00e9coratifs<\/li><li>Rideau acoustique OFFICE<\/li><li>Syst\u00e8me de rails TRUMPF 95 OFFICE<\/li><\/ul>                                                <\/div>\r\n                                            <\/a>\r\n                                                                                   <\/div>\r\n                                    <\/div>\r\n                                <\/div>\r\n                            <\/div>\r\n                                                    <\/div><div id=\"portfolio-post-2918\" class=\"portfolio-column portfolio-post portfolio-hover-style-5 all buerowelten design-und-schmuckvorhaenge schallvorhang-office schienensystem-trumpf-95  width1x height1x col-xs-12 col-sm-6 col-md-4 animate\"  data-animation=\"fadeInUp\" data-animation-offset=\"90%\" style=\"margin: 15px 0; padding: 0 15px; -webkit-animation-duration: 0.8s; -webkit-animation-delay: 0.8s; animation-duration: 0.8s; animation-delay: 0.8s;\">\r\n                            <div class=\"portfolio-content-container\" >\r\n                                <div class=\"portfolio-thumbnail\">\r\n                                    <img loading=\"lazy\" decoding=\"async\" width=\"532\" height=\"532\" src=\"https:\/\/www.gerriets-acoustics.com\/wp-content\/uploads\/2022\/06\/gw-2016-orgatec-gerriets-small.jpg\" class=\"attachment-post-thumbnail size-post-thumbnail wp-post-image\" alt=\"Stand d&#039;exposition Gerriets avec rideau acoustique, ORGATEC 2016\" \/>                                <\/div> \r\n                                <div class=\"portfolio-caption-content\">\r\n                                    <a class=\"portfolio-content-link\" href=\"https:\/\/www.gerriets-acoustics.com\/fr\/portfolio\/gerriets-orgatec-2016\/\" target=\"_self\"><\/a>\r\n                                    <div class=\"portfolio-content\">\r\n                                        <div class=\"portfolio-content-details\">\r\n                                            <a class=\"portfolio-content-link\" href=\"https:\/\/www.gerriets-acoustics.com\/fr\/portfolio\/gerriets-orgatec-2016\/\" target=\"_self\">\r\n                                                <div class=\"portfolio-content-inner\" >\r\n                                                    <h5 class=\"portfolio-title\">ORGATEC Stand Gerriets 2016<br> Cologne \/ Allemagne<\/h5><ul class=\"portfolio-category list-inline\"><li>Bureaux<\/li><li>Rideaux design et d\u00e9coratifs<\/li><li>Rideau acoustique OFFICE<\/li><li>Syst\u00e8me de rails TRUMPF 95 OFFICE<\/li><\/ul>                                                <\/div>\r\n                                            <\/a>\r\n                                                                                   <\/div>\r\n                                    <\/div>\r\n                                <\/div>\r\n                            <\/div>\r\n                                                    <\/div><div id=\"portfolio-post-2911\" class=\"portfolio-column portfolio-post portfolio-hover-style-5 all lichtdurchlaessige-stoffe oeffentlicher-aum  width1x height1x col-xs-12 col-sm-6 col-md-4 animate\"  data-animation=\"fadeInUp\" data-animation-offset=\"90%\" style=\"margin: 15px 0; padding: 0 15px; -webkit-animation-duration: 0.8s; -webkit-animation-delay: 1.2s; animation-duration: 0.8s; animation-delay: 1.2s;\">\r\n                            <div class=\"portfolio-content-container\" >\r\n                                <div class=\"portfolio-thumbnail\">\r\n                                    <img loading=\"lazy\" decoding=\"async\" width=\"532\" height=\"532\" src=\"https:\/\/www.gerriets-acoustics.com\/wp-content\/uploads\/2022\/06\/gw-2017-iaa-mercdes-benz-small.jpg\" class=\"attachment-post-thumbnail size-post-thumbnail wp-post-image\" alt=\"Sc\u00e8ne avec si\u00e8ges et gradins et rideau acoustique transparent\" \/>                                <\/div> \r\n                                <div class=\"portfolio-caption-content\">\r\n                                    <a class=\"portfolio-content-link\" href=\"https:\/\/www.gerriets-acoustics.com\/fr\/portfolio\/mercedes-benz-iaa-2017\/\" target=\"_self\"><\/a>\r\n                                    <div class=\"portfolio-content\">\r\n                                        <div class=\"portfolio-content-details\">\r\n                                            <a class=\"portfolio-content-link\" href=\"https:\/\/www.gerriets-acoustics.com\/fr\/portfolio\/mercedes-benz-iaa-2017\/\" target=\"_self\">\r\n                                                <div class=\"portfolio-content-inner\" >\r\n                                                    <h5 class=\"portfolio-title\">Stand d'exposition Mercedes Benz \u00e0 l'IAA <br> Francfort \/ Allemagne<\/h5><ul class=\"portfolio-category list-inline\"><li>Textiles translucides<\/li><li>Lieu recevant du public<\/li><\/ul>                                                <\/div>\r\n                                            <\/a>\r\n                                                                                   <\/div>\r\n                                    <\/div>\r\n                                <\/div>\r\n                            <\/div>\r\n                                                    <\/div><div id=\"portfolio-post-7469\" class=\"portfolio-column portfolio-post portfolio-hover-style-5 all kulturbauten variable-raumakustik  width1x height1x col-xs-12 col-sm-6 col-md-4 animate\"  data-animation=\"fadeInUp\" data-animation-offset=\"90%\" style=\"margin: 15px 0; padding: 0 15px; -webkit-animation-duration: 0.8s; -webkit-animation-delay: 0.4s; animation-duration: 0.8s; animation-delay: 0.4s;\">\r\n                            <div class=\"portfolio-content-container\" >\r\n                                <div class=\"portfolio-thumbnail\">\r\n                                    <img loading=\"lazy\" decoding=\"async\" width=\"532\" height=\"532\" src=\"https:\/\/www.gerriets-acoustics.com\/wp-content\/uploads\/2022\/04\/gw-2015-London-Symphony-Orchestra-Audi-Ingoldstadt-Deutschland-aQflex-small.jpg\" class=\"attachment-post-thumbnail size-post-thumbnail wp-post-image\" alt=\"Plafond du hall avec absorbeurs aQflex\u2122\" \/>                                <\/div> \r\n                                <div class=\"portfolio-caption-content\">\r\n                                    <a class=\"portfolio-content-link\" href=\"https:\/\/www.gerriets-acoustics.com\/fr\/portfolio\/london-symphony-orchestra-ingolstadt-deutschland\/\" target=\"_self\"><\/a>\r\n                                    <div class=\"portfolio-content\">\r\n                                        <div class=\"portfolio-content-details\">\r\n                                            <a class=\"portfolio-content-link\" href=\"https:\/\/www.gerriets-acoustics.com\/fr\/portfolio\/london-symphony-orchestra-ingolstadt-deutschland\/\" target=\"_self\">\r\n                                                <div class=\"portfolio-content-inner\" >\r\n                                                    <h5 class=\"portfolio-title\">Orchestre symphonique de Londres<br> Ingolstadt \/ Allemagne<\/h5><ul class=\"portfolio-category list-inline\"><li>B\u00e2timents culturels<\/li><li>Acoustique variable<\/li><\/ul>                                                <\/div>\r\n                                            <\/a>\r\n                                                                                   <\/div>\r\n                                    <\/div>\r\n                                <\/div>\r\n                            <\/div>\r\n                                                    <\/div><div id=\"portfolio-post-7537\" class=\"portfolio-column portfolio-post portfolio-hover-style-5 all kulturbauten oeffentlicher-aum variable-raumakustik  width1x height1x col-xs-12 col-sm-6 col-md-4 animate\"  data-animation=\"fadeInUp\" data-animation-offset=\"90%\" style=\"margin: 15px 0; padding: 0 15px; -webkit-animation-duration: 0.8s; -webkit-animation-delay: 0.8s; animation-duration: 0.8s; animation-delay: 0.8s;\">\r\n                            <div class=\"portfolio-content-container\" >\r\n                                <div class=\"portfolio-thumbnail\">\r\n                                    <img loading=\"lazy\" decoding=\"async\" width=\"532\" height=\"532\" src=\"https:\/\/www.gerriets-acoustics.com\/wp-content\/uploads\/2022\/04\/2014-esc-small-Schallabsorber-AqFlex.jpg\" class=\"attachment-post-thumbnail size-post-thumbnail wp-post-image\" alt=\"Plafond de la halle avec absorbeurs acoustiques et \u00e9l\u00e9vateurs\" \/>                                <\/div> \r\n                                <div class=\"portfolio-caption-content\">\r\n                                    <a class=\"portfolio-content-link\" href=\"https:\/\/www.gerriets-acoustics.com\/fr\/portfolio\/eurovision-song-contest-2014-kopenhagen-daenemark\/\" target=\"_self\"><\/a>\r\n                                    <div class=\"portfolio-content\">\r\n                                        <div class=\"portfolio-content-details\">\r\n                                            <a class=\"portfolio-content-link\" href=\"https:\/\/www.gerriets-acoustics.com\/fr\/portfolio\/eurovision-song-contest-2014-kopenhagen-daenemark\/\" target=\"_self\">\r\n                                                <div class=\"portfolio-content-inner\" >\r\n                                                    <h5 class=\"portfolio-title\">Eurovision Song Contest 2014 <br> Copenhague \/ Danemark<\/h5><ul class=\"portfolio-category list-inline\"><li>B\u00e2timents culturels<\/li><li>Lieu recevant du public<\/li><li>Acoustique variable<\/li><\/ul>                                                <\/div>\r\n                                            <\/a>\r\n                                                                                   <\/div>\r\n                                    <\/div>\r\n                                <\/div>\r\n                            <\/div>\r\n                                                    <\/div><div id=\"portfolio-post-2610\" class=\"portfolio-column portfolio-post portfolio-hover-style-5 all design-und-schmuckvorhaenge kulturbauten  width1x height1x col-xs-12 col-sm-6 col-md-4 animate\"  data-animation=\"fadeInUp\" data-animation-offset=\"90%\" style=\"margin: 15px 0; padding: 0 15px; -webkit-animation-duration: 0.8s; -webkit-animation-delay: 1.2s; animation-duration: 0.8s; animation-delay: 1.2s;\">\r\n                            <div class=\"portfolio-content-container\" >\r\n                                <div class=\"portfolio-thumbnail\">\r\n                                    <img loading=\"lazy\" decoding=\"async\" width=\"532\" height=\"532\" src=\"https:\/\/www.gerriets-acoustics.com\/wp-content\/uploads\/2022\/06\/2007-quai-branly-small.jpg\" class=\"attachment-post-thumbnail size-post-thumbnail wp-post-image\" alt=\"rang\u00e9es de si\u00e8ges \u00e9clair\u00e9s avec rideau argent\u00e9 sur tout le pourtour\" \/>                                <\/div> \r\n                                <div class=\"portfolio-caption-content\">\r\n                                    <a class=\"portfolio-content-link\" href=\"https:\/\/www.gerriets-acoustics.com\/fr\/portfolio\/musee-du-quai-branly\/\" target=\"_self\"><\/a>\r\n                                    <div class=\"portfolio-content\">\r\n                                        <div class=\"portfolio-content-details\">\r\n                                            <a class=\"portfolio-content-link\" href=\"https:\/\/www.gerriets-acoustics.com\/fr\/portfolio\/musee-du-quai-branly\/\" target=\"_self\">\r\n                                                <div class=\"portfolio-content-inner\" >\r\n                                                    <h5 class=\"portfolio-title\">Mus\u00e9e du quai Branly <br> Paris \/ France<\/h5><ul class=\"portfolio-category list-inline\"><li>Rideaux design et d\u00e9coratifs<\/li><li>B\u00e2timents culturels<\/li><\/ul>                                                <\/div>\r\n                                            <\/a>\r\n                                                                                   <\/div>\r\n                                    <\/div>\r\n                                <\/div>\r\n                            <\/div>\r\n                                                    <\/div><div id=\"portfolio-post-2608\" class=\"portfolio-column portfolio-post portfolio-hover-style-5 all oeffentlicher-aum schallvorhang-office  width1x height1x col-xs-12 col-sm-6 col-md-4 animate\"  data-animation=\"fadeInUp\" data-animation-offset=\"90%\" style=\"margin: 15px 0; padding: 0 15px; -webkit-animation-duration: 0.8s; -webkit-animation-delay: 0.4s; animation-duration: 0.8s; animation-delay: 0.4s;\">\r\n                            <div class=\"portfolio-content-container\" >\r\n                                <div class=\"portfolio-thumbnail\">\r\n                                    <img loading=\"lazy\" decoding=\"async\" width=\"532\" height=\"532\" src=\"https:\/\/www.gerriets-acoustics.com\/wp-content\/uploads\/2017\/10\/2008-etihad-lounge-abu-dhabi-small-2.jpg\" class=\"attachment-post-thumbnail size-post-thumbnail wp-post-image\" alt=\"Salon d&#039;a\u00e9roport avec rideaux comme s\u00e9paration acoustique de la pi\u00e8ce\" \/>                                <\/div> \r\n                                <div class=\"portfolio-caption-content\">\r\n                                    <a class=\"portfolio-content-link\" href=\"https:\/\/www.gerriets-acoustics.com\/fr\/portfolio\/etihad-lounge\/\" target=\"_self\"><\/a>\r\n                                    <div class=\"portfolio-content\">\r\n                                        <div class=\"portfolio-content-details\">\r\n                                            <a class=\"portfolio-content-link\" href=\"https:\/\/www.gerriets-acoustics.com\/fr\/portfolio\/etihad-lounge\/\" target=\"_self\">\r\n                                                <div class=\"portfolio-content-inner\" >\r\n                                                    <h5 class=\"portfolio-title\">Salon Etihad <br> Abu Dhabi \/ \u00c9mirats arabes unis<\/h5><ul class=\"portfolio-category list-inline\"><li>Lieu recevant du public<\/li><li>Rideau acoustique OFFICE<\/li><\/ul>                                                <\/div>\r\n                                            <\/a>\r\n                                                                                   <\/div>\r\n                                    <\/div>\r\n                                <\/div>\r\n                            <\/div>\r\n                                                    <\/div><div id=\"portfolio-post-2606\" class=\"portfolio-column portfolio-post portfolio-hover-style-5 all kulturbauten variable-raumakustik  width1x height1x col-xs-12 col-sm-6 col-md-4 animate\"  data-animation=\"fadeInUp\" data-animation-offset=\"90%\" style=\"margin: 15px 0; padding: 0 15px; -webkit-animation-duration: 0.8s; -webkit-animation-delay: 0.8s; animation-duration: 0.8s; animation-delay: 0.8s;\">\r\n                            <div class=\"portfolio-content-container\" >\r\n                                <div class=\"portfolio-thumbnail\">\r\n                                    <img loading=\"lazy\" decoding=\"async\" width=\"532\" height=\"532\" src=\"https:\/\/www.gerriets-acoustics.com\/wp-content\/uploads\/2017\/10\/2009-danish-radio-concert-hall-kopenhagen-small.jpg\" class=\"attachment-post-thumbnail size-post-thumbnail wp-post-image\" alt=\"Salle de concert avec canope acoustique et rideaux acoustiques\" \/>                                <\/div> \r\n                                <div class=\"portfolio-caption-content\">\r\n                                    <a class=\"portfolio-content-link\" href=\"https:\/\/www.gerriets-acoustics.com\/fr\/portfolio\/danish-radio-concert-hall\/\" target=\"_self\"><\/a>\r\n                                    <div class=\"portfolio-content\">\r\n                                        <div class=\"portfolio-content-details\">\r\n                                            <a class=\"portfolio-content-link\" href=\"https:\/\/www.gerriets-acoustics.com\/fr\/portfolio\/danish-radio-concert-hall\/\" target=\"_self\">\r\n                                                <div class=\"portfolio-content-inner\" >\r\n                                                    <h5 class=\"portfolio-title\">Danish Radio Concert Hall <br> Copenhague \/ Danemark<\/h5><ul class=\"portfolio-category list-inline\"><li>B\u00e2timents culturels<\/li><li>Acoustique variable<\/li><\/ul>                                                <\/div>\r\n                                            <\/a>\r\n                                                                                   <\/div>\r\n                                    <\/div>\r\n                                <\/div>\r\n                            <\/div>\r\n                                                    <\/div><div id=\"portfolio-post-2604\" class=\"portfolio-column portfolio-post portfolio-hover-style-5 all aussenvorhaenge gastronomie-und-handel schallvorhang-office  width1x height1x col-xs-12 col-sm-6 col-md-4 animate\"  data-animation=\"fadeInUp\" data-animation-offset=\"90%\" style=\"margin: 15px 0; padding: 0 15px; -webkit-animation-duration: 0.8s; -webkit-animation-delay: 1.2s; animation-duration: 0.8s; animation-delay: 1.2s;\">\r\n                            <div class=\"portfolio-content-container\" >\r\n                                <div class=\"portfolio-thumbnail\">\r\n                                    <img loading=\"lazy\" decoding=\"async\" width=\"532\" height=\"532\" src=\"https:\/\/www.gerriets-acoustics.com\/wp-content\/uploads\/2017\/10\/2010-reina-club-istanbul-small-1.jpg\" class=\"attachment-post-thumbnail size-post-thumbnail wp-post-image\" alt=\"vue nocturne floue Club Reina, Istanbul\" \/>                                <\/div> \r\n                                <div class=\"portfolio-caption-content\">\r\n                                    <a class=\"portfolio-content-link\" href=\"https:\/\/www.gerriets-acoustics.com\/fr\/portfolio\/club-reina\/\" target=\"_self\"><\/a>\r\n                                    <div class=\"portfolio-content\">\r\n                                        <div class=\"portfolio-content-details\">\r\n                                            <a class=\"portfolio-content-link\" href=\"https:\/\/www.gerriets-acoustics.com\/fr\/portfolio\/club-reina\/\" target=\"_self\">\r\n                                                <div class=\"portfolio-content-inner\" >\r\n                                                    <h5 class=\"portfolio-title\">Club Reina<br> Istanbul \/ Turquie<\/h5><ul class=\"portfolio-category list-inline\"><li>Rideaux d'ext\u00e9rieur<\/li><li>Restauration &amp; commerce<\/li><li>Rideau acoustique OFFICE<\/li><\/ul>                                                <\/div>\r\n                                            <\/a>\r\n                                                                                   <\/div>\r\n                                    <\/div>\r\n                                <\/div>\r\n                            <\/div>\r\n                                                    <\/div><div id=\"portfolio-post-2602\" class=\"portfolio-column portfolio-post portfolio-hover-style-5 all bildung-und-lehre schallvorhang-office  width1x height1x col-xs-12 col-sm-6 col-md-4 animate\"  data-animation=\"fadeInUp\" data-animation-offset=\"90%\" style=\"margin: 15px 0; padding: 0 15px; -webkit-animation-duration: 0.8s; -webkit-animation-delay: 0.4s; animation-duration: 0.8s; animation-delay: 0.4s;\">\r\n                            <div class=\"portfolio-content-container\" >\r\n                                <div class=\"portfolio-thumbnail\">\r\n                                    <img loading=\"lazy\" decoding=\"async\" width=\"532\" height=\"532\" src=\"https:\/\/www.gerriets-acoustics.com\/wp-content\/uploads\/2017\/10\/2011-blue-box-fh-bochum-small-2.jpg\" class=\"attachment-post-thumbnail size-post-thumbnail wp-post-image\" alt=\"rideau blanc sur rail incurv\u00e9 dans le hall d&#039;entr\u00e9e\" \/>                                <\/div> \r\n                                <div class=\"portfolio-caption-content\">\r\n                                    <a class=\"portfolio-content-link\" href=\"https:\/\/www.gerriets-acoustics.com\/fr\/portfolio\/blue-box-fachhochschule-bochum\/\" target=\"_self\"><\/a>\r\n                                    <div class=\"portfolio-content\">\r\n                                        <div class=\"portfolio-content-details\">\r\n                                            <a class=\"portfolio-content-link\" href=\"https:\/\/www.gerriets-acoustics.com\/fr\/portfolio\/blue-box-fachhochschule-bochum\/\" target=\"_self\">\r\n                                                <div class=\"portfolio-content-inner\" >\r\n                                                    <h5 class=\"portfolio-title\">Blue Box \/ Universit\u00e9 de Bochum <br> Bochum \/ Allemagne<\/h5><ul class=\"portfolio-category list-inline\"><li>\u00c9ducation &amp; enseignement<\/li><li>Rideau acoustique OFFICE<\/li><\/ul>                                                <\/div>\r\n                                            <\/a>\r\n                                                                                   <\/div>\r\n                                    <\/div>\r\n                                <\/div>\r\n                            <\/div>\r\n                                                    <\/div><div id=\"portfolio-post-2600\" class=\"portfolio-column portfolio-post portfolio-hover-style-5 all kulturbauten variable-raumakustik  width1x height1x col-xs-12 col-sm-6 col-md-4 animate\"  data-animation=\"fadeInUp\" data-animation-offset=\"90%\" style=\"margin: 15px 0; padding: 0 15px; -webkit-animation-duration: 0.8s; -webkit-animation-delay: 0.8s; animation-duration: 0.8s; animation-delay: 0.8s;\">\r\n                            <div class=\"portfolio-content-container\" >\r\n                                <div class=\"portfolio-thumbnail\">\r\n                                    <img loading=\"lazy\" decoding=\"async\" width=\"532\" height=\"532\" src=\"https:\/\/www.gerriets-acoustics.com\/wp-content\/uploads\/2017\/10\/2011-la-maison-montreal-small-1.jpg\" class=\"attachment-post-thumbnail size-post-thumbnail wp-post-image\" alt=\"Vue de la salle de concert avec mesures acoustiques\" \/>                                <\/div> \r\n                                <div class=\"portfolio-caption-content\">\r\n                                    <a class=\"portfolio-content-link\" href=\"https:\/\/www.gerriets-acoustics.com\/fr\/portfolio\/la-maison-symphonique-du-montreal\/\" target=\"_self\"><\/a>\r\n                                    <div class=\"portfolio-content\">\r\n                                        <div class=\"portfolio-content-details\">\r\n                                            <a class=\"portfolio-content-link\" href=\"https:\/\/www.gerriets-acoustics.com\/fr\/portfolio\/la-maison-symphonique-du-montreal\/\" target=\"_self\">\r\n                                                <div class=\"portfolio-content-inner\" >\r\n                                                    <h5 class=\"portfolio-title\">La Maison Symphonique de Montr\u00e9al <br> Montr\u00e9al \/ Canada<\/h5><ul class=\"portfolio-category list-inline\"><li>B\u00e2timents culturels<\/li><li>Acoustique variable<\/li><\/ul>                                                <\/div>\r\n                                            <\/a>\r\n                                                                                   <\/div>\r\n                                    <\/div>\r\n                                <\/div>\r\n                            <\/div>\r\n                                                    <\/div><div id=\"portfolio-post-2598\" class=\"portfolio-column portfolio-post portfolio-hover-style-5 all buerowelten schallvorhang-office  width1x height1x col-xs-12 col-sm-6 col-md-4 animate\"  data-animation=\"fadeInUp\" data-animation-offset=\"90%\" style=\"margin: 15px 0; padding: 0 15px; -webkit-animation-duration: 0.8s; -webkit-animation-delay: 1.2s; animation-duration: 0.8s; animation-delay: 1.2s;\">\r\n                            <div class=\"portfolio-content-container\" >\r\n                                <div class=\"portfolio-thumbnail\">\r\n                                    <img loading=\"lazy\" decoding=\"async\" width=\"532\" height=\"532\" src=\"https:\/\/www.gerriets-acoustics.com\/wp-content\/uploads\/2017\/10\/2011-verwaltung-spielbanken-bw-small-1.jpg\" class=\"attachment-post-thumbnail size-post-thumbnail wp-post-image\" alt=\"Salle de r\u00e9union avec rideau acoustique et grand tableau repr\u00e9sentant une sc\u00e8ne de casino\" \/>                                <\/div> \r\n                                <div class=\"portfolio-caption-content\">\r\n                                    <a class=\"portfolio-content-link\" href=\"https:\/\/www.gerriets-acoustics.com\/fr\/portfolio\/verwaltung-baden-wuerttembergische-spielbanken\/\" target=\"_self\"><\/a>\r\n                                    <div class=\"portfolio-content\">\r\n                                        <div class=\"portfolio-content-details\">\r\n                                            <a class=\"portfolio-content-link\" href=\"https:\/\/www.gerriets-acoustics.com\/fr\/portfolio\/verwaltung-baden-wuerttembergische-spielbanken\/\" target=\"_self\">\r\n                                                <div class=\"portfolio-content-inner\" >\r\n                                                    <h5 class=\"portfolio-title\">Administration des casinos du Bade-Wurtemberg<br> Stuttgart \/ Allemagne<\/h5><ul class=\"portfolio-category list-inline\"><li>Bureaux<\/li><li>Rideau acoustique OFFICE<\/li><\/ul>                                                <\/div>\r\n                                            <\/a>\r\n                                                                                   <\/div>\r\n                                    <\/div>\r\n                                <\/div>\r\n                            <\/div>\r\n                                                    <\/div><div id=\"portfolio-post-2596\" class=\"portfolio-column portfolio-post portfolio-hover-style-5 all kulturbauten variable-raumakustik  width1x height1x col-xs-12 col-sm-6 col-md-4 animate\"  data-animation=\"fadeInUp\" data-animation-offset=\"90%\" style=\"margin: 15px 0; padding: 0 15px; -webkit-animation-duration: 0.8s; -webkit-animation-delay: 0.4s; animation-duration: 0.8s; animation-delay: 0.4s;\">\r\n                            <div class=\"portfolio-content-container\" >\r\n                                <div class=\"portfolio-thumbnail\">\r\n                                    <img loading=\"lazy\" decoding=\"async\" width=\"532\" height=\"532\" src=\"https:\/\/www.gerriets-acoustics.com\/wp-content\/uploads\/2017\/10\/2013-commune-montreux-ch-small-1.jpg\" class=\"attachment-post-thumbnail size-post-thumbnail wp-post-image\" alt=\"Centre de congr\u00e8s en tant que salle polyvalente avec insonorisation\" \/>                                <\/div> \r\n                                <div class=\"portfolio-caption-content\">\r\n                                    <a class=\"portfolio-content-link\" href=\"https:\/\/www.gerriets-acoustics.com\/fr\/portfolio\/centre-de-congres\/\" target=\"_self\"><\/a>\r\n                                    <div class=\"portfolio-content\">\r\n                                        <div class=\"portfolio-content-details\">\r\n                                            <a class=\"portfolio-content-link\" href=\"https:\/\/www.gerriets-acoustics.com\/fr\/portfolio\/centre-de-congres\/\" target=\"_self\">\r\n                                                <div class=\"portfolio-content-inner\" >\r\n                                                    <h5 class=\"portfolio-title\">Centre de Congr\u00e8s <br> Montreux \/ Suisse<\/h5><ul class=\"portfolio-category list-inline\"><li>B\u00e2timents culturels<\/li><li>Acoustique variable<\/li><\/ul>                                                <\/div>\r\n                                            <\/a>\r\n                                                                                   <\/div>\r\n                                    <\/div>\r\n                                <\/div>\r\n                            <\/div>\r\n                                                    <\/div><div id=\"portfolio-post-2594\" class=\"portfolio-column portfolio-post portfolio-hover-style-5 all kulturbauten variable-raumakustik  width1x height1x col-xs-12 col-sm-6 col-md-4 animate\"  data-animation=\"fadeInUp\" data-animation-offset=\"90%\" style=\"margin: 15px 0; padding: 0 15px; -webkit-animation-duration: 0.8s; -webkit-animation-delay: 0.8s; animation-duration: 0.8s; animation-delay: 0.8s;\">\r\n                            <div class=\"portfolio-content-container\" >\r\n                                <div class=\"portfolio-thumbnail\">\r\n                                    <img loading=\"lazy\" decoding=\"async\" width=\"532\" height=\"532\" src=\"https:\/\/www.gerriets-acoustics.com\/wp-content\/uploads\/2017\/10\/gw-2017-elbphilharmonie-hamburg-small.jpg\" class=\"attachment-post-thumbnail size-post-thumbnail wp-post-image\" alt=\"Vue ext\u00e9rieure de l&#039;Elbphilharmonie de Hambourg\" \/>                                <\/div> \r\n                                <div class=\"portfolio-caption-content\">\r\n                                    <a class=\"portfolio-content-link\" href=\"https:\/\/www.gerriets-acoustics.com\/fr\/portfolio\/elbphilharmonie\/\" target=\"_self\"><\/a>\r\n                                    <div class=\"portfolio-content\">\r\n                                        <div class=\"portfolio-content-details\">\r\n                                            <a class=\"portfolio-content-link\" href=\"https:\/\/www.gerriets-acoustics.com\/fr\/portfolio\/elbphilharmonie\/\" target=\"_self\">\r\n                                                <div class=\"portfolio-content-inner\" >\r\n                                                    <h5 class=\"portfolio-title\">Philharmonie de l'Elbe <br>Hambourg \/ Allemagne<\/h5><ul class=\"portfolio-category list-inline\"><li>B\u00e2timents culturels<\/li><li>Acoustique variable<\/li><\/ul>                                                <\/div>\r\n                                            <\/a>\r\n                                                                                   <\/div>\r\n                                    <\/div>\r\n                                <\/div>\r\n                            <\/div>\r\n                                                    <\/div><div id=\"portfolio-post-2592\" class=\"portfolio-column portfolio-post portfolio-hover-style-5 all buerowelten lichtdurchlaessige-stoffe schienensystem-elegance  width1x height1x col-xs-12 col-sm-6 col-md-4 animate\"  data-animation=\"fadeInUp\" data-animation-offset=\"90%\" style=\"margin: 15px 0; padding: 0 15px; -webkit-animation-duration: 0.8s; -webkit-animation-delay: 1.2s; animation-duration: 0.8s; animation-delay: 1.2s;\">\r\n                            <div class=\"portfolio-content-container\" >\r\n                                <div class=\"portfolio-thumbnail\">\r\n                                    <img loading=\"lazy\" decoding=\"async\" width=\"532\" height=\"532\" src=\"https:\/\/www.gerriets-acoustics.com\/wp-content\/uploads\/2017\/10\/gw-2017-puma-verwaltung-absorber-light-small-1.jpg\" class=\"attachment-post-thumbnail size-post-thumbnail wp-post-image\" alt=\"Foyer avec rideau acoustique translucide donnant sur les bureaux\" \/>                                <\/div> \r\n                                <div class=\"portfolio-caption-content\">\r\n                                    <a class=\"portfolio-content-link\" href=\"https:\/\/www.gerriets-acoustics.com\/fr\/portfolio\/puma-se\/\" target=\"_self\"><\/a>\r\n                                    <div class=\"portfolio-content\">\r\n                                        <div class=\"portfolio-content-details\">\r\n                                            <a class=\"portfolio-content-link\" href=\"https:\/\/www.gerriets-acoustics.com\/fr\/portfolio\/puma-se\/\" target=\"_self\">\r\n                                                <div class=\"portfolio-content-inner\" >\r\n                                                    <h5 class=\"portfolio-title\">PUMA SE <br> Herzogenaurach \/ Allemagne<\/h5><ul class=\"portfolio-category list-inline\"><li>Bureaux<\/li><li>Textiles translucides<\/li><li>Syst\u00e8me de rails ELEGANCE OFFICE<\/li><\/ul>                                                <\/div>\r\n                                            <\/a>\r\n                                                                                   <\/div>\r\n                                    <\/div>\r\n                                <\/div>\r\n                            <\/div>\r\n                                                    <\/div><div id=\"portfolio-post-2585\" class=\"portfolio-column portfolio-post portfolio-hover-style-5 all buerowelten lichtdurchlaessige-stoffe  width1x height1x col-xs-12 col-sm-6 col-md-4 animate\"  data-animation=\"fadeInUp\" data-animation-offset=\"90%\" style=\"margin: 15px 0; padding: 0 15px; -webkit-animation-duration: 0.8s; -webkit-animation-delay: 0.4s; animation-duration: 0.8s; animation-delay: 0.4s;\">\r\n                            <div class=\"portfolio-content-container\" >\r\n                                <div class=\"portfolio-thumbnail\">\r\n                                    <img loading=\"lazy\" decoding=\"async\" width=\"532\" height=\"532\" src=\"https:\/\/www.gerriets-acoustics.com\/wp-content\/uploads\/2017\/10\/gw-2016-open-systems-small.jpg\" class=\"attachment-post-thumbnail size-post-thumbnail wp-post-image\" alt=\"postes de travail s\u00e9par\u00e9s individuellement avec un rideau acoustique translucide en arri\u00e8re-plan\" \/>                                <\/div> \r\n                                <div class=\"portfolio-caption-content\">\r\n                                    <a class=\"portfolio-content-link\" href=\"https:\/\/www.gerriets-acoustics.com\/fr\/portfolio\/open-systems-ag\/\" target=\"_self\"><\/a>\r\n                                    <div class=\"portfolio-content\">\r\n                                        <div class=\"portfolio-content-details\">\r\n                                            <a class=\"portfolio-content-link\" href=\"https:\/\/www.gerriets-acoustics.com\/fr\/portfolio\/open-systems-ag\/\" target=\"_self\">\r\n                                                <div class=\"portfolio-content-inner\" >\r\n                                                    <h5 class=\"portfolio-title\">Open Systems AG <br> Zurich \/ Suisse<\/h5><ul class=\"portfolio-category list-inline\"><li>Bureaux<\/li><li>Textiles translucides<\/li><\/ul>                                                <\/div>\r\n                                            <\/a>\r\n                                                                                   <\/div>\r\n                                    <\/div>\r\n                                <\/div>\r\n                            <\/div>\r\n                                                    <\/div><div id=\"portfolio-post-2580\" class=\"portfolio-column portfolio-post portfolio-hover-style-5 all buerowelten lichtdurchlaessige-stoffe oeffentlicher-aum schienensystem-elegance  width1x height1x col-xs-12 col-sm-6 col-md-4 animate\"  data-animation=\"fadeInUp\" data-animation-offset=\"90%\" style=\"margin: 15px 0; padding: 0 15px; -webkit-animation-duration: 0.8s; -webkit-animation-delay: 0.8s; animation-duration: 0.8s; animation-delay: 0.8s;\">\r\n                            <div class=\"portfolio-content-container\" >\r\n                                <div class=\"portfolio-thumbnail\">\r\n                                    <img loading=\"lazy\" decoding=\"async\" width=\"532\" height=\"532\" src=\"https:\/\/www.gerriets-acoustics.com\/wp-content\/uploads\/2017\/10\/gw-2016-koeln-holzmarkt1-small.jpg\" class=\"attachment-post-thumbnail size-post-thumbnail wp-post-image\" alt=\"rideau acoustique transparent dans le foyer avec des figures g\u00e9om\u00e9triques\" \/>                                <\/div> \r\n                                <div class=\"portfolio-caption-content\">\r\n                                    <a class=\"portfolio-content-link\" href=\"https:\/\/www.gerriets-acoustics.com\/fr\/portfolio\/holzmarkt-1\/\" target=\"_self\"><\/a>\r\n                                    <div class=\"portfolio-content\">\r\n                                        <div class=\"portfolio-content-details\">\r\n                                            <a class=\"portfolio-content-link\" href=\"https:\/\/www.gerriets-acoustics.com\/fr\/portfolio\/holzmarkt-1\/\" target=\"_self\">\r\n                                                <div class=\"portfolio-content-inner\" >\r\n                                                    <h5 class=\"portfolio-title\">Holzmarkt 1<br> Cologne \/ Allemagne<\/h5><ul class=\"portfolio-category list-inline\"><li>Bureaux<\/li><li>Textiles translucides<\/li><li>Lieu recevant du public<\/li><li>Syst\u00e8me de rails ELEGANCE OFFICE<\/li><\/ul>                                                <\/div>\r\n                                            <\/a>\r\n                                                                                   <\/div>\r\n                                    <\/div>\r\n                                <\/div>\r\n                            <\/div>\r\n                                                    <\/div><div id=\"portfolio-post-2570\" class=\"portfolio-column portfolio-post portfolio-hover-style-5 all kulturbauten lichtdurchlaessige-stoffe  width1x height1x col-xs-12 col-sm-6 col-md-4 animate\"  data-animation=\"fadeInUp\" data-animation-offset=\"90%\" style=\"margin: 15px 0; padding: 0 15px; -webkit-animation-duration: 0.8s; -webkit-animation-delay: 1.2s; animation-duration: 0.8s; animation-delay: 1.2s;\">\r\n                            <div class=\"portfolio-content-container\" >\r\n                                <div class=\"portfolio-thumbnail\">\r\n                                    <img loading=\"lazy\" decoding=\"async\" width=\"532\" height=\"532\" src=\"https:\/\/www.gerriets-acoustics.com\/wp-content\/uploads\/2017\/10\/gw-GI-absorber-light-lawrenceville-small.jpg\" class=\"attachment-post-thumbnail size-post-thumbnail wp-post-image\" alt=\"Vantail devant une fen\u00eatre en arc de cercle avec rideau acoustique\" \/>                                <\/div> \r\n                                <div class=\"portfolio-caption-content\">\r\n                                    <a class=\"portfolio-content-link\" href=\"https:\/\/www.gerriets-acoustics.com\/fr\/portfolio\/english-clark-music-center-lawrenceville-school\/\" target=\"_self\"><\/a>\r\n                                    <div class=\"portfolio-content\">\r\n                                        <div class=\"portfolio-content-details\">\r\n                                            <a class=\"portfolio-content-link\" href=\"https:\/\/www.gerriets-acoustics.com\/fr\/portfolio\/english-clark-music-center-lawrenceville-school\/\" target=\"_self\">\r\n                                                <div class=\"portfolio-content-inner\" >\r\n                                                    <h5 class=\"portfolio-title\">Clark Music Center Lawrenceville School <br> New Jersey \/ \u00c9tats-Unis<\/h5><ul class=\"portfolio-category list-inline\"><li>B\u00e2timents culturels<\/li><li>Textiles translucides<\/li><\/ul>                                                <\/div>\r\n                                            <\/a>\r\n                                                                                   <\/div>\r\n                                    <\/div>\r\n                                <\/div>\r\n                            <\/div>\r\n                                                    <\/div><div id=\"portfolio-post-2568\" class=\"portfolio-column portfolio-post portfolio-hover-style-5 all buerowelten lichtdurchlaessige-stoffe schienensystem-elegance  width1x height1x col-xs-12 col-sm-6 col-md-4 animate\"  data-animation=\"fadeInUp\" data-animation-offset=\"90%\" style=\"margin: 15px 0; padding: 0 15px; -webkit-animation-duration: 0.8s; -webkit-animation-delay: 0.4s; animation-duration: 0.8s; animation-delay: 0.4s;\">\r\n                            <div class=\"portfolio-content-container\" >\r\n                                <div class=\"portfolio-thumbnail\">\r\n                                    <img loading=\"lazy\" decoding=\"async\" width=\"532\" height=\"532\" src=\"https:\/\/www.gerriets-acoustics.com\/wp-content\/uploads\/2022\/06\/gw-2017-umkirch-absorber-light-small.jpg\" class=\"attachment-post-thumbnail size-post-thumbnail wp-post-image\" alt=\"Bureau avec rideau translucide et maquette de bateau sur le bureau\" \/>                                <\/div> \r\n                                <div class=\"portfolio-caption-content\">\r\n                                    <a class=\"portfolio-content-link\" href=\"https:\/\/www.gerriets-acoustics.com\/fr\/portfolio\/gerriets-gmbh\/\" target=\"_self\"><\/a>\r\n                                    <div class=\"portfolio-content\">\r\n                                        <div class=\"portfolio-content-details\">\r\n                                            <a class=\"portfolio-content-link\" href=\"https:\/\/www.gerriets-acoustics.com\/fr\/portfolio\/gerriets-gmbh\/\" target=\"_self\">\r\n                                                <div class=\"portfolio-content-inner\" >\r\n                                                    <h5 class=\"portfolio-title\">Gerriets GmbH<br> Umkirch \/ Allemagne<\/h5><ul class=\"portfolio-category list-inline\"><li>Bureaux<\/li><li>Textiles translucides<\/li><li>Syst\u00e8me de rails ELEGANCE OFFICE<\/li><\/ul>                                                <\/div>\r\n                                            <\/a>\r\n                                                                                   <\/div>\r\n                                    <\/div>\r\n                                <\/div>\r\n                            <\/div>\r\n                                                    <\/div><div id=\"portfolio-post-2565\" class=\"portfolio-column portfolio-post portfolio-hover-style-5 all bildung-und-lehre kulturbauten variable-raumakustik  width1x height1x col-xs-12 col-sm-6 col-md-4 animate\"  data-animation=\"fadeInUp\" data-animation-offset=\"90%\" style=\"margin: 15px 0; padding: 0 15px; -webkit-animation-duration: 0.8s; -webkit-animation-delay: 0.8s; animation-duration: 0.8s; animation-delay: 0.8s;\">\r\n                            <div class=\"portfolio-content-container\" >\r\n                                <div class=\"portfolio-thumbnail\">\r\n                                    <img loading=\"lazy\" decoding=\"async\" width=\"532\" height=\"532\" src=\"https:\/\/www.gerriets-acoustics.com\/wp-content\/uploads\/2017\/10\/2012-kulturzentrum-weltraumtechnik-small.jpg\" class=\"attachment-post-thumbnail size-post-thumbnail wp-post-image\" alt=\"Vue ext\u00e9rieure du Centre culturel de technologie spatiale europ\u00e9enne de Vitanje, Slov\u00e9nie\" \/>                                <\/div> \r\n                                <div class=\"portfolio-caption-content\">\r\n                                    <a class=\"portfolio-content-link\" href=\"https:\/\/www.gerriets-acoustics.com\/fr\/portfolio\/kulturzentrum-fuer-europaeische-weltraumtechnologien\/\" target=\"_self\"><\/a>\r\n                                    <div class=\"portfolio-content\">\r\n                                        <div class=\"portfolio-content-details\">\r\n                                            <a class=\"portfolio-content-link\" href=\"https:\/\/www.gerriets-acoustics.com\/fr\/portfolio\/kulturzentrum-fuer-europaeische-weltraumtechnologien\/\" target=\"_self\">\r\n                                                <div class=\"portfolio-content-inner\" >\r\n                                                    <h5 class=\"portfolio-title\">Cultural centre of european space technologies <br> Vitanje \/ Slov\u00e9nie<\/h5><ul class=\"portfolio-category list-inline\"><li>\u00c9ducation &amp; enseignement<\/li><li>B\u00e2timents culturels<\/li><li>Acoustique variable<\/li><\/ul>                                                <\/div>\r\n                                            <\/a>\r\n                                                                                   <\/div>\r\n                                    <\/div>\r\n                                <\/div>\r\n                            <\/div>\r\n                                                    <\/div><div id=\"portfolio-post-2563\" class=\"portfolio-column portfolio-post portfolio-hover-style-5 all kulturbauten variable-raumakustik  width1x height1x col-xs-12 col-sm-6 col-md-4 animate\"  data-animation=\"fadeInUp\" data-animation-offset=\"90%\" style=\"margin: 15px 0; padding: 0 15px; -webkit-animation-duration: 0.8s; -webkit-animation-delay: 1.2s; animation-duration: 0.8s; animation-delay: 1.2s;\">\r\n                            <div class=\"portfolio-content-container\" >\r\n                                <div class=\"portfolio-thumbnail\">\r\n                                    <img loading=\"lazy\" decoding=\"async\" width=\"532\" height=\"532\" src=\"https:\/\/www.gerriets-acoustics.com\/wp-content\/uploads\/2022\/06\/2016-gerriets-wismar-st-georgen-akustikbanner-g-sorber-small-1.jpg\" class=\"attachment-post-thumbnail size-post-thumbnail wp-post-image\" alt=\"Banni\u00e8re d\u00e9roulante acoustique dans un b\u00e2timent religieux de style gothique en brique\" \/>                                <\/div> \r\n                                <div class=\"portfolio-caption-content\">\r\n                                    <a class=\"portfolio-content-link\" href=\"https:\/\/www.gerriets-acoustics.com\/fr\/portfolio\/st-georgen-kirche\/\" target=\"_self\"><\/a>\r\n                                    <div class=\"portfolio-content\">\r\n                                        <div class=\"portfolio-content-details\">\r\n                                            <a class=\"portfolio-content-link\" href=\"https:\/\/www.gerriets-acoustics.com\/fr\/portfolio\/st-georgen-kirche\/\" target=\"_self\">\r\n                                                <div class=\"portfolio-content-inner\" >\r\n                                                    <h5 class=\"portfolio-title\">\u00c9glise St. Georgen <br> Wismar \/ Allemagne<\/h5><ul class=\"portfolio-category list-inline\"><li>B\u00e2timents culturels<\/li><li>Acoustique variable<\/li><\/ul>                                                <\/div>\r\n                                            <\/a>\r\n                                                                                   <\/div>\r\n                                    <\/div>\r\n                                <\/div>\r\n                            <\/div>\r\n                                                    <\/div><div id=\"portfolio-post-2561\" class=\"portfolio-column portfolio-post portfolio-hover-style-5 all aussenvorhaenge kulturbauten variable-raumakustik  width1x height1x col-xs-12 col-sm-6 col-md-4 animate\"  data-animation=\"fadeInUp\" data-animation-offset=\"90%\" style=\"margin: 15px 0; padding: 0 15px; -webkit-animation-duration: 0.8s; -webkit-animation-delay: 0.4s; animation-duration: 0.8s; animation-delay: 0.4s;\">\r\n                            <div class=\"portfolio-content-container\" >\r\n                                <div class=\"portfolio-thumbnail\">\r\n                                    <img loading=\"lazy\" decoding=\"async\" width=\"532\" height=\"532\" src=\"https:\/\/www.gerriets-acoustics.com\/wp-content\/uploads\/2017\/10\/2012-st-prex-schweiz-small-1.jpg\" class=\"attachment-post-thumbnail size-post-thumbnail wp-post-image\" alt=\"Vue ext\u00e9rieure du d\u00f4me Saint-Prex Classics, Suisse\" \/>                                <\/div> \r\n                                <div class=\"portfolio-caption-content\">\r\n                                    <a class=\"portfolio-content-link\" href=\"https:\/\/www.gerriets-acoustics.com\/fr\/portfolio\/st-prex-classics\/\" target=\"_self\"><\/a>\r\n                                    <div class=\"portfolio-content\">\r\n                                        <div class=\"portfolio-content-details\">\r\n                                            <a class=\"portfolio-content-link\" href=\"https:\/\/www.gerriets-acoustics.com\/fr\/portfolio\/st-prex-classics\/\" target=\"_self\">\r\n                                                <div class=\"portfolio-content-inner\" >\r\n                                                    <h5 class=\"portfolio-title\">St Prex Classics <br> Saint-Prex \/ Suisse<\/h5><ul class=\"portfolio-category list-inline\"><li>Rideaux d'ext\u00e9rieur<\/li><li>B\u00e2timents culturels<\/li><li>Acoustique variable<\/li><\/ul>                                                <\/div>\r\n                                            <\/a>\r\n                                                                                   <\/div>\r\n                                    <\/div>\r\n                                <\/div>\r\n                            <\/div>\r\n                                                    <\/div><div id=\"portfolio-post-2551\" class=\"portfolio-column portfolio-post portfolio-hover-style-5 all kulturbauten variable-raumakustik  width1x height1x col-xs-12 col-sm-6 col-md-4 animate\"  data-animation=\"fadeInUp\" data-animation-offset=\"90%\" style=\"margin: 15px 0; padding: 0 15px; -webkit-animation-duration: 0.8s; -webkit-animation-delay: 0.8s; animation-duration: 0.8s; animation-delay: 0.8s;\">\r\n                            <div class=\"portfolio-content-container\" >\r\n                                <div class=\"portfolio-thumbnail\">\r\n                                    <img loading=\"lazy\" decoding=\"async\" width=\"532\" height=\"532\" src=\"https:\/\/www.gerriets-acoustics.com\/wp-content\/uploads\/2017\/10\/2013-art-museum-miami-small.jpg\" class=\"attachment-post-thumbnail size-post-thumbnail wp-post-image\" alt=\"Vue de l&#039;auditorium avec le rideau antibruit ouvert\" \/>                                <\/div> \r\n                                <div class=\"portfolio-caption-content\">\r\n                                    <a class=\"portfolio-content-link\" href=\"https:\/\/www.gerriets-acoustics.com\/fr\/portfolio\/perez-art-museum-pamm\/\" target=\"_self\"><\/a>\r\n                                    <div class=\"portfolio-content\">\r\n                                        <div class=\"portfolio-content-details\">\r\n                                            <a class=\"portfolio-content-link\" href=\"https:\/\/www.gerriets-acoustics.com\/fr\/portfolio\/perez-art-museum-pamm\/\" target=\"_self\">\r\n                                                <div class=\"portfolio-content-inner\" >\r\n                                                    <h5 class=\"portfolio-title\">Mus\u00e9e d'art Perez (PAMM) <br> Miami, Floride \/ \u00c9tats-Unis<\/h5><ul class=\"portfolio-category list-inline\"><li>B\u00e2timents culturels<\/li><li>Acoustique variable<\/li><\/ul>                                                <\/div>\r\n                                            <\/a>\r\n                                                                                   <\/div>\r\n                                    <\/div>\r\n                                <\/div>\r\n                            <\/div>\r\n                                                    <\/div><div id=\"portfolio-post-8828\" class=\"portfolio-column portfolio-post portfolio-hover-style-5 all buerowelten schallvorhang-office  width1x height1x col-xs-12 col-sm-6 col-md-4 animate\"  data-animation=\"fadeInUp\" data-animation-offset=\"90%\" style=\"margin: 15px 0; padding: 0 15px; -webkit-animation-duration: 0.8s; -webkit-animation-delay: 1.2s; animation-duration: 0.8s; animation-delay: 1.2s;\">\r\n                            <div class=\"portfolio-content-container\" >\r\n                                <div class=\"portfolio-thumbnail\">\r\n                                    <img loading=\"lazy\" decoding=\"async\" width=\"532\" height=\"532\" src=\"https:\/\/www.gerriets-acoustics.com\/wp-content\/uploads\/2022\/06\/gw-GI-vancouver-millerthomson-office-small.jpg\" class=\"attachment-post-thumbnail size-post-thumbnail wp-post-image\" alt=\"rideau acoustique flexible pour s\u00e9parer les salles de r\u00e9union\" \/>                                <\/div> \r\n                                <div class=\"portfolio-caption-content\">\r\n                                    <a class=\"portfolio-content-link\" href=\"https:\/\/www.gerriets-acoustics.com\/fr\/portfolio\/miller-thomson-llp-vancouver-kanada\/\" target=\"_self\"><\/a>\r\n                                    <div class=\"portfolio-content\">\r\n                                        <div class=\"portfolio-content-details\">\r\n                                            <a class=\"portfolio-content-link\" href=\"https:\/\/www.gerriets-acoustics.com\/fr\/portfolio\/miller-thomson-llp-vancouver-kanada\/\" target=\"_self\">\r\n                                                <div class=\"portfolio-content-inner\" >\r\n                                                    <h5 class=\"portfolio-title\">Miller Thomson LLP<br> Vancouver \/ Canada<\/h5><ul class=\"portfolio-category list-inline\"><li>Bureaux<\/li><li>Rideau acoustique OFFICE<\/li><\/ul>                                                <\/div>\r\n                                            <\/a>\r\n                                                                                   <\/div>\r\n                                    <\/div>\r\n                                <\/div>\r\n                            <\/div>\r\n                                                    <\/div><div id=\"portfolio-post-2542\" class=\"portfolio-column portfolio-post portfolio-hover-style-5 all buerowelten schallvorhang-office  width1x height1x col-xs-12 col-sm-6 col-md-4 animate\"  data-animation=\"fadeInUp\" data-animation-offset=\"90%\" style=\"margin: 15px 0; padding: 0 15px; -webkit-animation-duration: 0.8s; -webkit-animation-delay: 0.4s; animation-duration: 0.8s; animation-delay: 0.4s;\">\r\n                            <div class=\"portfolio-content-container\" >\r\n                                <div class=\"portfolio-thumbnail\">\r\n                                    <img loading=\"lazy\" decoding=\"async\" width=\"532\" height=\"532\" src=\"https:\/\/www.gerriets-acoustics.com\/wp-content\/uploads\/2017\/10\/gw-GI-austin-texas-ottobock-office-small.jpg\" class=\"attachment-post-thumbnail size-post-thumbnail wp-post-image\" alt=\"Ilot de r\u00e9union avec meeting et ouverture du rideau acoustique\" \/>                                <\/div> \r\n                                <div class=\"portfolio-caption-content\">\r\n                                    <a class=\"portfolio-content-link\" href=\"https:\/\/www.gerriets-acoustics.com\/fr\/portfolio\/ottobock-healthcare\/\" target=\"_self\"><\/a>\r\n                                    <div class=\"portfolio-content\">\r\n                                        <div class=\"portfolio-content-details\">\r\n                                            <a class=\"portfolio-content-link\" href=\"https:\/\/www.gerriets-acoustics.com\/fr\/portfolio\/ottobock-healthcare\/\" target=\"_self\">\r\n                                                <div class=\"portfolio-content-inner\" >\r\n                                                    <h5 class=\"portfolio-title\">Ottobock HealthCare <br> Austin, Texas \/ \u00c9tats-Unis<\/h5><ul class=\"portfolio-category list-inline\"><li>Bureaux<\/li><li>Rideau acoustique OFFICE<\/li><\/ul>                                                <\/div>\r\n                                            <\/a>\r\n                                                                                   <\/div>\r\n                                    <\/div>\r\n                                <\/div>\r\n                            <\/div>\r\n                                                    <\/div><div id=\"portfolio-post-2532\" class=\"portfolio-column portfolio-post portfolio-hover-style-5 all buerowelten schallvorhang-office  width1x height1x col-xs-12 col-sm-6 col-md-4 animate\"  data-animation=\"fadeInUp\" data-animation-offset=\"90%\" style=\"margin: 15px 0; padding: 0 15px; -webkit-animation-duration: 0.8s; -webkit-animation-delay: 0.8s; animation-duration: 0.8s; animation-delay: 0.8s;\">\r\n                            <div class=\"portfolio-content-container\" >\r\n                                <div class=\"portfolio-thumbnail\">\r\n                                    <img loading=\"lazy\" decoding=\"async\" width=\"532\" height=\"532\" src=\"https:\/\/www.gerriets-acoustics.com\/wp-content\/uploads\/2017\/10\/gw-2016-kirchzarten-FSM-small.jpg\" class=\"attachment-post-thumbnail size-post-thumbnail wp-post-image\" alt=\"Op\u00e9ration d&#039;insonorisation comme s\u00e9paration d&#039;une salle de r\u00e9union\" \/>                                <\/div> \r\n                                <div class=\"portfolio-caption-content\">\r\n                                    <a class=\"portfolio-content-link\" href=\"https:\/\/www.gerriets-acoustics.com\/fr\/portfolio\/fsm-ag\/\" target=\"_self\"><\/a>\r\n                                    <div class=\"portfolio-content\">\r\n                                        <div class=\"portfolio-content-details\">\r\n                                            <a class=\"portfolio-content-link\" href=\"https:\/\/www.gerriets-acoustics.com\/fr\/portfolio\/fsm-ag\/\" target=\"_self\">\r\n                                                <div class=\"portfolio-content-inner\" >\r\n                                                    <h5 class=\"portfolio-title\">FSM AG <br> Kirchzarten \/ Allemagne<\/h5><ul class=\"portfolio-category list-inline\"><li>Bureaux<\/li><li>Rideau acoustique OFFICE<\/li><\/ul>                                                <\/div>\r\n                                            <\/a>\r\n                                                                                   <\/div>\r\n                                    <\/div>\r\n                                <\/div>\r\n                            <\/div>\r\n                                                    <\/div><div id=\"portfolio-post-2522\" class=\"portfolio-column portfolio-post portfolio-hover-style-5 all buerowelten schallvorhang-office schienensystem-trumpf-95  width1x height1x col-xs-12 col-sm-6 col-md-4 animate\"  data-animation=\"fadeInUp\" data-animation-offset=\"90%\" style=\"margin: 15px 0; padding: 0 15px; -webkit-animation-duration: 0.8s; -webkit-animation-delay: 1.2s; animation-duration: 0.8s; animation-delay: 1.2s;\">\r\n                            <div class=\"portfolio-content-container\" >\r\n                                <div class=\"portfolio-thumbnail\">\r\n                                    <img loading=\"lazy\" decoding=\"async\" width=\"532\" height=\"532\" src=\"https:\/\/www.gerriets-acoustics.com\/wp-content\/uploads\/2017\/10\/gw-2016-nagold-haefele-small.jpg\" class=\"attachment-post-thumbnail size-post-thumbnail wp-post-image\" alt=\"rideau acoustique rouge pour s\u00e9parer les salles de r\u00e9union\" \/>                                <\/div> \r\n                                <div class=\"portfolio-caption-content\">\r\n                                    <a class=\"portfolio-content-link\" href=\"https:\/\/www.gerriets-acoustics.com\/fr\/portfolio\/haefele-gmbh-co-kg\/\" target=\"_self\"><\/a>\r\n                                    <div class=\"portfolio-content\">\r\n                                        <div class=\"portfolio-content-details\">\r\n                                            <a class=\"portfolio-content-link\" href=\"https:\/\/www.gerriets-acoustics.com\/fr\/portfolio\/haefele-gmbh-co-kg\/\" target=\"_self\">\r\n                                                <div class=\"portfolio-content-inner\" >\r\n                                                    <h5 class=\"portfolio-title\">H\u00e4fele GmbH &amp; Co. KG <br> Nagold \/ Allemagne<\/h5><ul class=\"portfolio-category list-inline\"><li>Bureaux<\/li><li>Rideau acoustique OFFICE<\/li><li>Syst\u00e8me de rails TRUMPF 95 OFFICE<\/li><\/ul>                                                <\/div>\r\n                                            <\/a>\r\n                                                                                   <\/div>\r\n                                    <\/div>\r\n                                <\/div>\r\n                            <\/div>\r\n                                                    <\/div><div id=\"portfolio-post-2518\" class=\"portfolio-column portfolio-post portfolio-hover-style-5 all buerowelten schallvorhang-office schienensystem-trumpf-95  width1x height1x col-xs-12 col-sm-6 col-md-4 animate\"  data-animation=\"fadeInUp\" data-animation-offset=\"90%\" style=\"margin: 15px 0; padding: 0 15px; -webkit-animation-duration: 0.8s; -webkit-animation-delay: 0.4s; animation-duration: 0.8s; animation-delay: 0.4s;\">\r\n                            <div class=\"portfolio-content-container\" >\r\n                                <div class=\"portfolio-thumbnail\">\r\n                                    <img loading=\"lazy\" decoding=\"async\" width=\"532\" height=\"532\" src=\"https:\/\/www.gerriets-acoustics.com\/wp-content\/uploads\/2017\/10\/gw-2016-kreissparkasse-tuttlingen-small.jpg\" class=\"attachment-post-thumbnail size-post-thumbnail wp-post-image\" alt=\"Ilot de r\u00e9union avec rideau acoustique\" \/>                                <\/div> \r\n                                <div class=\"portfolio-caption-content\">\r\n                                    <a class=\"portfolio-content-link\" href=\"https:\/\/www.gerriets-acoustics.com\/fr\/portfolio\/sparkassenforum\/\" target=\"_self\"><\/a>\r\n                                    <div class=\"portfolio-content\">\r\n                                        <div class=\"portfolio-content-details\">\r\n                                            <a class=\"portfolio-content-link\" href=\"https:\/\/www.gerriets-acoustics.com\/fr\/portfolio\/sparkassenforum\/\" target=\"_self\">\r\n                                                <div class=\"portfolio-content-inner\" >\r\n                                                    <h5 class=\"portfolio-title\">Caisse d\u2019\u00e9pargne de Tuttlingen <br> Tuttlingen \/ Allemagne<\/h5><ul class=\"portfolio-category list-inline\"><li>Bureaux<\/li><li>Rideau acoustique OFFICE<\/li><li>Syst\u00e8me de rails TRUMPF 95 OFFICE<\/li><\/ul>                                                <\/div>\r\n                                            <\/a>\r\n                                                                                   <\/div>\r\n                                    <\/div>\r\n                                <\/div>\r\n                            <\/div>\r\n                                                    <\/div><div id=\"portfolio-post-2515\" class=\"portfolio-column portfolio-post portfolio-hover-style-5 all buerowelten schallvorhang-office schienensystem-studio-office  width1x height1x col-xs-12 col-sm-6 col-md-4 animate\"  data-animation=\"fadeInUp\" data-animation-offset=\"90%\" style=\"margin: 15px 0; padding: 0 15px; -webkit-animation-duration: 0.8s; -webkit-animation-delay: 0.8s; animation-duration: 0.8s; animation-delay: 0.8s;\">\r\n                            <div class=\"portfolio-content-container\" >\r\n                                <div class=\"portfolio-thumbnail\">\r\n                                    <img loading=\"lazy\" decoding=\"async\" width=\"532\" height=\"532\" src=\"https:\/\/www.gerriets-acoustics.com\/wp-content\/uploads\/2017\/10\/2013-hallwangen-officevorhang-small.jpg\" class=\"attachment-post-thumbnail size-post-thumbnail wp-post-image\" alt=\"\u00eelot de r\u00e9union acoustiquement isol\u00e9 dans un bureau paysager\" \/>                                <\/div> \r\n                                <div class=\"portfolio-caption-content\">\r\n                                    <a class=\"portfolio-content-link\" href=\"https:\/\/www.gerriets-acoustics.com\/fr\/portfolio\/schmelzle-partner\/\" target=\"_self\"><\/a>\r\n                                    <div class=\"portfolio-content\">\r\n                                        <div class=\"portfolio-content-details\">\r\n                                            <a class=\"portfolio-content-link\" href=\"https:\/\/www.gerriets-acoustics.com\/fr\/portfolio\/schmelzle-partner\/\" target=\"_self\">\r\n                                                <div class=\"portfolio-content-inner\" >\r\n                                                    <h5 class=\"portfolio-title\">Schmelzle &amp; Partner <br> Hallwangen \/ Allemagne<\/h5><ul class=\"portfolio-category list-inline\"><li>Bureaux<\/li><li>Rideau acoustique OFFICE<\/li><li>Syst\u00e8me de rails STUDIO OFFICE<\/li><\/ul>                                                <\/div>\r\n                                            <\/a>\r\n                                                                                   <\/div>\r\n                                    <\/div>\r\n                                <\/div>\r\n                            <\/div>\r\n                                                    <\/div><div id=\"portfolio-post-2505\" class=\"portfolio-column portfolio-post portfolio-hover-style-5 all bildung-und-lehre design-und-schmuckvorhaenge schallvorhang-office  width1x height1x col-xs-12 col-sm-6 col-md-4 animate\"  data-animation=\"fadeInUp\" data-animation-offset=\"90%\" style=\"margin: 15px 0; padding: 0 15px; -webkit-animation-duration: 0.8s; -webkit-animation-delay: 1.2s; animation-duration: 0.8s; animation-delay: 1.2s;\">\r\n                            <div class=\"portfolio-content-container\" >\r\n                                <div class=\"portfolio-thumbnail\">\r\n                                    <img loading=\"lazy\" decoding=\"async\" width=\"532\" height=\"532\" src=\"https:\/\/www.gerriets-acoustics.com\/wp-content\/uploads\/2017\/10\/2010-bibliothek-muenster-small-1.jpg\" class=\"attachment-post-thumbnail size-post-thumbnail wp-post-image\" alt=\"Vue ext\u00e9rieure de la fa\u00e7ade d&#039;une biblioth\u00e8que moderne \u00e0 l&#039;architecture ouverte\" \/>                                <\/div> \r\n                                <div class=\"portfolio-caption-content\">\r\n                                    <a class=\"portfolio-content-link\" href=\"https:\/\/www.gerriets-acoustics.com\/fr\/portfolio\/bibliothek-fuer-architektur-kunst-design-fachhochschule-muenster\/\" target=\"_self\"><\/a>\r\n                                    <div class=\"portfolio-content\">\r\n                                        <div class=\"portfolio-content-details\">\r\n                                            <a class=\"portfolio-content-link\" href=\"https:\/\/www.gerriets-acoustics.com\/fr\/portfolio\/bibliothek-fuer-architektur-kunst-design-fachhochschule-muenster\/\" target=\"_self\">\r\n                                                <div class=\"portfolio-content-inner\" >\r\n                                                    <h5 class=\"portfolio-title\">Biblioth\u00e8que pour l'architecture, l'art &amp; le design \/ Universit\u00e9 des sciences appliqu\u00e9es de M\u00fcnster <br> M\u00fcnster \/ Allemagne<\/h5><ul class=\"portfolio-category list-inline\"><li>\u00c9ducation &amp; enseignement<\/li><li>Rideaux design et d\u00e9coratifs<\/li><li>Rideau acoustique OFFICE<\/li><\/ul>                                                <\/div>\r\n                                            <\/a>\r\n                                                                                   <\/div>\r\n                                    <\/div>\r\n                                <\/div>\r\n                            <\/div>\r\n                                                    <\/div><div id=\"portfolio-post-2500\" class=\"portfolio-column portfolio-post portfolio-hover-style-5 all buerowelten schallvorhang-office  width1x height1x col-xs-12 col-sm-6 col-md-4 animate\"  data-animation=\"fadeInUp\" data-animation-offset=\"90%\" style=\"margin: 15px 0; padding: 0 15px; -webkit-animation-duration: 0.8s; -webkit-animation-delay: 0.4s; animation-duration: 0.8s; animation-delay: 0.4s;\">\r\n                            <div class=\"portfolio-content-container\" >\r\n                                <div class=\"portfolio-thumbnail\">\r\n                                    <img loading=\"lazy\" decoding=\"async\" width=\"532\" height=\"532\" src=\"https:\/\/www.gerriets-acoustics.com\/wp-content\/uploads\/2017\/10\/gw-streit-sikla-office-small.jpg\" class=\"attachment-post-thumbnail size-post-thumbnail wp-post-image\" alt=\"Salle de r\u00e9union avec solution d&#039;insonorisation variable\" \/>                                <\/div> \r\n                                <div class=\"portfolio-caption-content\">\r\n                                    <a class=\"portfolio-content-link\" href=\"https:\/\/www.gerriets-acoustics.com\/fr\/portfolio\/sikla-gmbh\/\" target=\"_self\"><\/a>\r\n                                    <div class=\"portfolio-content\">\r\n                                        <div class=\"portfolio-content-details\">\r\n                                            <a class=\"portfolio-content-link\" href=\"https:\/\/www.gerriets-acoustics.com\/fr\/portfolio\/sikla-gmbh\/\" target=\"_self\">\r\n                                                <div class=\"portfolio-content-inner\" >\r\n                                                    <h5 class=\"portfolio-title\">Sikla GmbH <br> Villingen-Schwenningen \/ Allemagne<\/h5><ul class=\"portfolio-category list-inline\"><li>Bureaux<\/li><li>Rideau acoustique OFFICE<\/li><\/ul>                                                <\/div>\r\n                                            <\/a>\r\n                                                                                   <\/div>\r\n                                    <\/div>\r\n                                <\/div>\r\n                            <\/div>\r\n                                                    <\/div><div id=\"portfolio-post-2495\" class=\"portfolio-column portfolio-post portfolio-hover-style-5 all buerowelten schallvorhang-office schienensystem-trumpf-95  width1x height1x col-xs-12 col-sm-6 col-md-4 animate\"  data-animation=\"fadeInUp\" data-animation-offset=\"90%\" style=\"margin: 15px 0; padding: 0 15px; -webkit-animation-duration: 0.8s; -webkit-animation-delay: 0.8s; animation-duration: 0.8s; animation-delay: 0.8s;\">\r\n                            <div class=\"portfolio-content-container\" >\r\n                                <div class=\"portfolio-thumbnail\">\r\n                                    <img loading=\"lazy\" decoding=\"async\" width=\"532\" height=\"532\" src=\"https:\/\/www.gerriets-acoustics.com\/wp-content\/uploads\/2017\/10\/gw-2015-vitra-IT-office-small-2.jpg\" class=\"attachment-post-thumbnail size-post-thumbnail wp-post-image\" alt=\"Salle de r\u00e9union avec rideau acoustique entrouvert\" \/>                                <\/div> \r\n                                <div class=\"portfolio-caption-content\">\r\n                                    <a class=\"portfolio-content-link\" href=\"https:\/\/www.gerriets-acoustics.com\/fr\/portfolio\/vitra-services-gmbh\/\" target=\"_self\"><\/a>\r\n                                    <div class=\"portfolio-content\">\r\n                                        <div class=\"portfolio-content-details\">\r\n                                            <a class=\"portfolio-content-link\" href=\"https:\/\/www.gerriets-acoustics.com\/fr\/portfolio\/vitra-services-gmbh\/\" target=\"_self\">\r\n                                                <div class=\"portfolio-content-inner\" >\r\n                                                    <h5 class=\"portfolio-title\">Vitra Services GmbH <br> Weil am Rhein \/ Allemagne<\/h5><ul class=\"portfolio-category list-inline\"><li>Bureaux<\/li><li>Rideau acoustique OFFICE<\/li><li>Syst\u00e8me de rails TRUMPF 95 OFFICE<\/li><\/ul>                                                <\/div>\r\n                                            <\/a>\r\n                                                                                   <\/div>\r\n                                    <\/div>\r\n                                <\/div>\r\n                            <\/div>\r\n                                                    <\/div><div id=\"portfolio-post-2485\" class=\"portfolio-column portfolio-post portfolio-hover-style-5 all buerowelten schallvorhang-office  width1x height1x col-xs-12 col-sm-6 col-md-4 animate\"  data-animation=\"fadeInUp\" data-animation-offset=\"90%\" style=\"margin: 15px 0; padding: 0 15px; -webkit-animation-duration: 0.8s; -webkit-animation-delay: 1.2s; animation-duration: 0.8s; animation-delay: 1.2s;\">\r\n                            <div class=\"portfolio-content-container\" >\r\n                                <div class=\"portfolio-thumbnail\">\r\n                                    <img loading=\"lazy\" decoding=\"async\" width=\"532\" height=\"532\" src=\"https:\/\/www.gerriets-acoustics.com\/wp-content\/uploads\/2017\/10\/gw-bad-urach-eissmann-office-small.jpg\" class=\"attachment-post-thumbnail size-post-thumbnail wp-post-image\" alt=\"Ilot de r\u00e9union avec chaises color\u00e9es et rideau antibruit\" \/>                                <\/div> \r\n                                <div class=\"portfolio-caption-content\">\r\n                                    <a class=\"portfolio-content-link\" href=\"https:\/\/www.gerriets-acoustics.com\/fr\/portfolio\/english-eissmann-automotive-deutschland-gmbh\/\" target=\"_self\"><\/a>\r\n                                    <div class=\"portfolio-content\">\r\n                                        <div class=\"portfolio-content-details\">\r\n                                            <a class=\"portfolio-content-link\" href=\"https:\/\/www.gerriets-acoustics.com\/fr\/portfolio\/english-eissmann-automotive-deutschland-gmbh\/\" target=\"_self\">\r\n                                                <div class=\"portfolio-content-inner\" >\r\n                                                    <h5 class=\"portfolio-title\">Eissmann Automotive Deutschland GmbH <br> Bad Urach \/ Allemagne<\/h5><ul class=\"portfolio-category list-inline\"><li>Bureaux<\/li><li>Rideau acoustique OFFICE<\/li><\/ul>                                                <\/div>\r\n                                            <\/a>\r\n                                                                                   <\/div>\r\n                                    <\/div>\r\n                                <\/div>\r\n                            <\/div>\r\n                                                    <\/div><div id=\"portfolio-post-2466\" class=\"portfolio-column portfolio-post portfolio-hover-style-5 all buerowelten schallvorhang-office schienensystem-trumpf-95  width1x height1x col-xs-12 col-sm-6 col-md-4 animate\"  data-animation=\"fadeInUp\" data-animation-offset=\"90%\" style=\"margin: 15px 0; padding: 0 15px; -webkit-animation-duration: 0.8s; -webkit-animation-delay: 0.4s; animation-duration: 0.8s; animation-delay: 0.4s;\">\r\n                            <div class=\"portfolio-content-container\" >\r\n                                <div class=\"portfolio-thumbnail\">\r\n                                    <img loading=\"lazy\" decoding=\"async\" width=\"532\" height=\"532\" src=\"https:\/\/www.gerriets-acoustics.com\/wp-content\/uploads\/2017\/10\/2014-leoni-ag-kitzingen-small.jpg\" class=\"attachment-post-thumbnail size-post-thumbnail wp-post-image\" alt=\"\u00eelot de r\u00e9union flexible avec rideau sonore vert\" \/>                                <\/div> \r\n                                <div class=\"portfolio-caption-content\">\r\n                                    <a class=\"portfolio-content-link\" href=\"https:\/\/www.gerriets-acoustics.com\/fr\/portfolio\/leoni-ag\/\" target=\"_self\"><\/a>\r\n                                    <div class=\"portfolio-content\">\r\n                                        <div class=\"portfolio-content-details\">\r\n                                            <a class=\"portfolio-content-link\" href=\"https:\/\/www.gerriets-acoustics.com\/fr\/portfolio\/leoni-ag\/\" target=\"_self\">\r\n                                                <div class=\"portfolio-content-inner\" >\r\n                                                    <h5 class=\"portfolio-title\">Leoni AG <br> Kitzingen \/ Allemagne<\/h5><ul class=\"portfolio-category list-inline\"><li>Bureaux<\/li><li>Rideau acoustique OFFICE<\/li><li>Syst\u00e8me de rails TRUMPF 95 OFFICE<\/li><\/ul>                                                <\/div>\r\n                                            <\/a>\r\n                                                                                   <\/div>\r\n                                    <\/div>\r\n                                <\/div>\r\n                            <\/div>\r\n                                                    <\/div><div id=\"portfolio-post-2465\" class=\"portfolio-column portfolio-post portfolio-hover-style-5 all buerowelten schallvorhang-office schienensystem-trumpf-95  width1x height1x col-xs-12 col-sm-6 col-md-4 animate\"  data-animation=\"fadeInUp\" data-animation-offset=\"90%\" style=\"margin: 15px 0; padding: 0 15px; -webkit-animation-duration: 0.8s; -webkit-animation-delay: 0.8s; animation-duration: 0.8s; animation-delay: 0.8s;\">\r\n                            <div class=\"portfolio-content-container\" >\r\n                                <div class=\"portfolio-thumbnail\">\r\n                                    <img loading=\"lazy\" decoding=\"async\" width=\"532\" height=\"532\" src=\"https:\/\/www.gerriets-acoustics.com\/wp-content\/uploads\/2017\/10\/2012-kabelwerk-brugg-officevorhang-small-1.jpg\" class=\"attachment-post-thumbnail size-post-thumbnail wp-post-image\" alt=\"Rang\u00e9es de si\u00e8ges avec rideaux acoustiques\" \/>                                <\/div> \r\n                                <div class=\"portfolio-caption-content\">\r\n                                    <a class=\"portfolio-content-link\" href=\"https:\/\/www.gerriets-acoustics.com\/fr\/portfolio\/kabelwerke-brugg-ag\/\" target=\"_self\"><\/a>\r\n                                    <div class=\"portfolio-content\">\r\n                                        <div class=\"portfolio-content-details\">\r\n                                            <a class=\"portfolio-content-link\" href=\"https:\/\/www.gerriets-acoustics.com\/fr\/portfolio\/kabelwerke-brugg-ag\/\" target=\"_self\">\r\n                                                <div class=\"portfolio-content-inner\" >\r\n                                                    <h5 class=\"portfolio-title\">C\u00e2blerie Brugg AG <br> Brugg \/ Suisse<\/h5><ul class=\"portfolio-category list-inline\"><li>Bureaux<\/li><li>Rideau acoustique OFFICE<\/li><li>Syst\u00e8me de rails TRUMPF 95 OFFICE<\/li><\/ul>                                                <\/div>\r\n                                            <\/a>\r\n                                                                                   <\/div>\r\n                                    <\/div>\r\n                                <\/div>\r\n                            <\/div>\r\n                                                    <\/div><div id=\"portfolio-post-2464\" class=\"portfolio-column portfolio-post portfolio-hover-style-5 all buerowelten schallvorhang-office  width1x height1x col-xs-12 col-sm-6 col-md-4 animate\"  data-animation=\"fadeInUp\" data-animation-offset=\"90%\" style=\"margin: 15px 0; padding: 0 15px; -webkit-animation-duration: 0.8s; -webkit-animation-delay: 1.2s; animation-duration: 0.8s; animation-delay: 1.2s;\">\r\n                            <div class=\"portfolio-content-container\" >\r\n                                <div class=\"portfolio-thumbnail\">\r\n                                    <img loading=\"lazy\" decoding=\"async\" width=\"532\" height=\"532\" src=\"https:\/\/www.gerriets-acoustics.com\/wp-content\/uploads\/2017\/10\/gw-2014-oberkirch-haus-der-ing-office-small.jpg\" class=\"attachment-post-thumbnail size-post-thumbnail wp-post-image\" alt=\"optimisation acoustique gr\u00e2ce \u00e0 des rideaux acoustiques dans les bureaux\" \/>                                <\/div> \r\n                                <div class=\"portfolio-caption-content\">\r\n                                    <a class=\"portfolio-content-link\" href=\"https:\/\/www.gerriets-acoustics.com\/fr\/portfolio\/mueller-huber-architekturbuero\/\" target=\"_self\"><\/a>\r\n                                    <div class=\"portfolio-content\">\r\n                                        <div class=\"portfolio-content-details\">\r\n                                            <a class=\"portfolio-content-link\" href=\"https:\/\/www.gerriets-acoustics.com\/fr\/portfolio\/mueller-huber-architekturbuero\/\" target=\"_self\">\r\n                                                <div class=\"portfolio-content-inner\" >\r\n                                                    <h5 class=\"portfolio-title\">M\u00fcller + Huber Bureau d'architecture <br> Oberkirch \/ Allemagne<\/h5><ul class=\"portfolio-category list-inline\"><li>Bureaux<\/li><li>Rideau acoustique OFFICE<\/li><\/ul>                                                <\/div>\r\n                                            <\/a>\r\n                                                                                   <\/div>\r\n                                    <\/div>\r\n                                <\/div>\r\n                            <\/div>\r\n                                                    <\/div><div id=\"portfolio-post-2463\" class=\"portfolio-column portfolio-post portfolio-hover-style-5 all buerowelten schallvorhang-office  width1x height1x col-xs-12 col-sm-6 col-md-4 animate\"  data-animation=\"fadeInUp\" data-animation-offset=\"90%\" style=\"margin: 15px 0; padding: 0 15px; -webkit-animation-duration: 0.8s; -webkit-animation-delay: 0.4s; animation-duration: 0.8s; animation-delay: 0.4s;\">\r\n                            <div class=\"portfolio-content-container\" >\r\n                                <div class=\"portfolio-thumbnail\">\r\n                                    <img loading=\"lazy\" decoding=\"async\" width=\"532\" height=\"532\" src=\"https:\/\/www.gerriets-acoustics.com\/wp-content\/uploads\/2017\/10\/gw-2016-weil-endress-hauser-office-small.jpg\" class=\"attachment-post-thumbnail size-post-thumbnail wp-post-image\" alt=\"s\u00e9paration acoustique d&#039;une zone de repos\" \/>                                <\/div> \r\n                                <div class=\"portfolio-caption-content\">\r\n                                    <a class=\"portfolio-content-link\" href=\"https:\/\/www.gerriets-acoustics.com\/fr\/portfolio\/endresshauser-messtechnik\/\" target=\"_self\"><\/a>\r\n                                    <div class=\"portfolio-content\">\r\n                                        <div class=\"portfolio-content-details\">\r\n                                            <a class=\"portfolio-content-link\" href=\"https:\/\/www.gerriets-acoustics.com\/fr\/portfolio\/endresshauser-messtechnik\/\" target=\"_self\">\r\n                                                <div class=\"portfolio-content-inner\" >\r\n                                                    <h5 class=\"portfolio-title\">Endress + Hauser Technique de mesure <br> Weil am Rhein \/ Allemagne<\/h5><ul class=\"portfolio-category list-inline\"><li>Bureaux<\/li><li>Rideau acoustique OFFICE<\/li><\/ul>                                                <\/div>\r\n                                            <\/a>\r\n                                                                                   <\/div>\r\n                                    <\/div>\r\n                                <\/div>\r\n                            <\/div>\r\n                                                    <\/div>                        <div class=\"grid-sizer col-xs-12 col-sm-6 col-md-4\"><\/div>\r\n                                    <\/div>\r\n                            <\/div>\r\n        <\/div><!-- #main -->\r\n    <\/div><!-- #primary --> \r\n<\/div><\/div><\/div><\/div><\/div><\/div>\n<\/section>","protected":false},"excerpt":{"rendered":"&nbsp; &nbsp; &nbsp; &nbsp; &nbsp; &nbsp; Projektdaten Optische und akustische Abtrennung von Besprechungsinseln Fertigung und Installation von zwei 7-lagigen Schallvorh\u00e4ngen OFFICE in Wave-Optik; Vorh\u00e4nge k\u00f6nnen in speziell angefertigte Schrankwand verschoben werden und verschwinden somit vollst\u00e4ndig aus dem Blickfeld Au\u00dfenlage aus dem schallabsorbierenden Objektstoff SATIN CS; in der Farbe Mausgrau Aufh\u00e4ngung an wei\u00dfen, gebogenen TRUMPF 95 [...]","protected":false},"author":1,"featured_media":0,"parent":0,"menu_order":12,"comment_status":"closed","ping_status":"closed","template":"","meta":{"footnotes":""},"class_list":["post-35","page","type-page","status-publish","hentry"],"aioseo_notices":[],"_links":{"self":[{"href":"https:\/\/www.gerriets-acoustics.com\/fr\/wp-json\/wp\/v2\/pages\/35","targetHints":{"allow":["GET"]}}],"collection":[{"href":"https:\/\/www.gerriets-acoustics.com\/fr\/wp-json\/wp\/v2\/pages"}],"about":[{"href":"https:\/\/www.gerriets-acoustics.com\/fr\/wp-json\/wp\/v2\/types\/page"}],"author":[{"embeddable":true,"href":"https:\/\/www.gerriets-acoustics.com\/fr\/wp-json\/wp\/v2\/users\/1"}],"replies":[{"embeddable":true,"href":"https:\/\/www.gerriets-acoustics.com\/fr\/wp-json\/wp\/v2\/comments?post=35"}],"version-history":[{"count":0,"href":"https:\/\/www.gerriets-acoustics.com\/fr\/wp-json\/wp\/v2\/pages\/35\/revisions"}],"wp:attachment":[{"href":"https:\/\/www.gerriets-acoustics.com\/fr\/wp-json\/wp\/v2\/media?parent=35"}],"curies":[{"name":"wp","href":"https:\/\/api.w.org\/{rel}","templated":true}]}}