{"id":2505,"date":"2017-10-10T17:22:39","date_gmt":"2017-10-10T15:22:39","guid":{"rendered":"http:\/\/gerriets.webproofed.de\/?post_type=portfolio&#038;p=2505"},"modified":"2022-06-08T13:30:29","modified_gmt":"2022-06-08T11:30:29","slug":"bibliothek-fuer-architektur-kunst-design-fachhochschule-muenster","status":"publish","type":"portfolio","link":"https:\/\/www.gerriets-acoustics.com\/pl\/portfolio\/bibliothek-fuer-architektur-kunst-design-fachhochschule-muenster\/","title":{"rendered":"Biblioteka Architektury, Sztuki i Projektowania \/ Uniwersytet Nauk Stosowanych w M\u00fcnster <br> M\u00fcnster \/ Niemcy"},"content":{"rendered":"<section class=\"wpb-content-wrapper\"><section class=\"vc_section agni-section\"><div id=\"agni-row-31081\" class=\"section-row\" ><div class=\"section-row-bg-container section-row-bg-container-agni-row-31081\"><div class=\"section-row-bg section-row-bg-color\"  ><\/div><\/div><div class=\"container\"><div class=\"vc_row vc_row_fluid\"><div id=\"agni-column-56557\" class=\"wpb_column agni_column_container agni_column vc_column_container vc_col-sm-12\"><div class=\"agni_column-inner vc_column-inner text-left\"  ><div class=\"section-column-bg-container section-column-bg-container-agni-column-56557\" ><div class=\"section-column-bg section-column-bg-color\"  ><\/div><\/div><div class=\"wpb_wrapper\">\t\t<section class=\"tm-slider slider  default-tdt\" id=\"tdt-slider-35\" data-mobiles=\"1\" data-tabs=\"1\" data-slick='{\"arrows\": true, \"autoplaySpeed\": 8000, \"speed\": 500, \"dots\": false, \"autoplay\": true, \"slidesToShow\": 1, \"slidesToScroll\": 1, \"fade\": false}'>\r\n\t\t    \t\t<div class=\"carousel-caption\" style=\"background: none\">\r\n\t\t  <div>\r\n\t\t  \t\t\t\t\t\t\t\t<a>\r\n\t\t\t\t\t\t\t\t\t  \t<img decoding=\"async\" src=\"https:\/\/www.gerriets-acoustics.com\/wp-content\/uploads\/2017\/10\/2010-bibliothek-muenster-1.jpg\" alt=\"\" class=\"ultimate-slide-img\" style=\"max-width: 100%;width: 1000px;height:;border-radius: 0;margin-bottom: 15px\">\r\n\t\t\t\t\r\n\t\t\t\t<\/a>\r\n\t\t  \t<span class=\"content-section\" style=\"text-align: center;top: 0%\">\r\n\t\t\t  \t<h2 class=\"tdt-slider-heading\" style=\"font-size: 22px;color:;font-weight: normal;line-height: 1\">\r\n\t\t\t  \t\t\t\t\t  \t<\/h2>\r\n\t\t\t  \t\t\t\t  \t\r\n\t\t\t  \t<br>\r\n\r\n\t\t\t  \t\t\t\t  \t<p>&nbsp;<\/p>\r\n\t\t  \t<\/span>\r\n\t\t  <\/div>\r\n\t\t<\/div>\r\n\t\t\t\t<div class=\"carousel-caption\" style=\"background: none\">\r\n\t\t  <div>\r\n\t\t  \t\t\t\t\t\t\t\t<a>\r\n\t\t\t\t\t\t\t\t\t  \t<img decoding=\"async\" src=\"https:\/\/www.gerriets-acoustics.com\/wp-content\/uploads\/2017\/10\/2010-bibliothek-muenster-2.jpg\" alt=\"\" class=\"ultimate-slide-img\" style=\"max-width: 100%;width: 1000px;height:;border-radius: 0;margin-bottom: 15px\">\r\n\t\t\t\t\r\n\t\t\t\t<\/a>\r\n\t\t  \t<span class=\"content-section\" style=\"text-align: center;top: 0%\">\r\n\t\t\t  \t<h2 class=\"tdt-slider-heading\" style=\"font-size: 22px;color:;font-weight: normal;line-height: 1\">\r\n\t\t\t  \t\t\t\t\t  \t<\/h2>\r\n\t\t\t  \t\t\t\t  \t\r\n\t\t\t  \t<br>\r\n\r\n\t\t\t  \t\t\t\t  \t<p>&nbsp;<\/p>\r\n\t\t  \t<\/span>\r\n\t\t  <\/div>\r\n\t\t<\/div>\r\n\t\t\t\t<div class=\"carousel-caption\" style=\"background: none\">\r\n\t\t  <div>\r\n\t\t  \t\t\t\t\t\t\t\t<a>\r\n\t\t\t\t\t\t\t\t\t  \t<img decoding=\"async\" src=\"https:\/\/www.gerriets-acoustics.com\/wp-content\/uploads\/2017\/10\/2010-bibliothek-muenster-3.jpg\" alt=\"\" class=\"ultimate-slide-img\" style=\"max-width: 100%;width: 1000px;height:;border-radius: 0;margin-bottom: 15px\">\r\n\t\t\t\t\r\n\t\t\t\t<\/a>\r\n\t\t  \t<span class=\"content-section\" style=\"text-align: center;top: 0%\">\r\n\t\t\t  \t<h2 class=\"tdt-slider-heading\" style=\"font-size: 22px;color:;font-weight: normal;line-height: 1\">\r\n\t\t\t  \t\t\t\t\t  \t<\/h2>\r\n\t\t\t  \t\t\t\t  \t\r\n\t\t\t  \t<br>\r\n\r\n\t\t\t  \t\t\t\t  \t<p>&nbsp;<\/p>\r\n\t\t  \t<\/span>\r\n\t\t  <\/div>\r\n\t\t<\/div>\r\n\t\t\t\t<\/section>\r\n\r\n\t\t<style>\r\n\t\t\t#tdt-slider-35 .slick-slide {\r\n\t\t\t\tpadding: 0 0px !important;\r\n\t\t\t}\r\n\t\t\t\t\t\t\t\t\t\t#tdt-slider-35 .slick-next:before, #tdt-slider-35 .slick-prev:before {\r\n\t\t\t\t\tcolor: #000000 !important;\r\n\t\t\t\t\tbackground:  !important;\r\n\t\t\t\t\tfont-size: 20px !important;\r\n\t\t\t\t}\r\n\t\t\t\t\t\t\t\t<\/style>\r\n\t\t<\/div><\/div><\/div><\/div><\/div><\/div><div id=\"agni-row-87872\" class=\"section-row\" ><div class=\"section-row-bg-container section-row-bg-container-agni-row-87872\"><div class=\"section-row-bg section-row-bg-color\"  ><\/div><\/div><div class=\"container\"><div class=\"vc_row vc_row_fluid\"><div id=\"agni-column-71770\" class=\"wpb_column agni_column_container agni_column vc_column_container vc_col-sm-10\"><div class=\"agni_column-inner vc_column-inner text-left\"  ><div class=\"section-column-bg-container section-column-bg-container-agni-column-71770\" ><div class=\"section-column-bg section-column-bg-color\"  ><\/div><\/div><div class=\"wpb_wrapper\">\n\t<div id=\"\" class=\"agni_text_column agni-text-block\"  >\n\t\t<p style=\"padding-left: 30px;\"><strong>Dane projektowe<\/strong><\/p>\n<ul>\n<li>Optyczna i akustyczna separacja przestrzeni seminaryjnej w bibliotece architektury, sztuki i designu<\/li>\n<li>Produkcja i monta\u017c 5-warstwowej kurtyny d\u017awi\u0119kowej BIURO w optyce falowej<\/li>\n<li>Warstwy zewn\u0119trzne z bia\u0142ego SATIN CS; nadruk wed\u0142ug wymaga\u0144 klienta<\/li>\n<li>Zawieszenie na owalnie wygi\u0119tej szynie wir\u00f3wkowej TRUMPF 95<\/li>\n<\/ul>\n<p style=\"padding-left: 30px;\"><strong>Generalny wykonawca<\/strong><br \/>\nW. Averbeck GmbH<\/p>\n<p style=\"padding-left: 30px;\"><strong>Architekt<\/strong><br \/>\nKonsorcjum projektowe Zauberscho(e)n z M\u00fcnster i B\u00fchler &amp; B\u00fchler Architekten<\/p>\n<p style=\"padding-left: 30px;\"><strong>Klient ko\u0144cowy<br \/>\n<\/strong>Uniwersytet Nauk Stosowanych w M\u00fcnster<strong><br \/>\n<\/strong><\/p>\n<p style=\"padding-left: 30px;\"><strong>Lokalizacja<br \/>\n<\/strong>M\u00fcnster \/ Niemcy<\/p>\n\n\t<\/div>\n<div class=\"agni_empty_space vc_empty_space\"  style=\"height: 30px\" data-height = \"30px\" data-height-tab = \"30px\" data-height-mobile = \"30px\"><span class=\"vc_empty_space_inner\"><\/span><\/div>\n<\/div><\/div><\/div><div id=\"agni-column-99575\" class=\"wpb_column agni_column_container agni_column vc_column_container vc_col-sm-2\"><div class=\"agni_column-inner vc_column-inner text-left\"  ><div class=\"section-column-bg-container section-column-bg-container-agni-column-99575\" ><div class=\"section-column-bg section-column-bg-color\"  ><\/div><\/div><div class=\"wpb_wrapper\"><\/div><\/div><\/div><\/div><\/div><\/div><\/section>\n<\/section>","protected":false},"excerpt":{"rendered":"&nbsp; &nbsp; &nbsp; Projektdaten Optische und akustische Abtrennung eines Seminarbereiches in der Bibliothek f\u00fcr Architektur, Kunst und Design Fertigung und Installation eines 5-lagigen Schallvorhang OFFICE in Wave-Optik Au\u00dfenlagen aus wei\u00dfem SATIN CS; nach Kundenwunsch bedruckt Aufh\u00e4ngung an einer oval gebogenen TRUMPF 95-Schleuderschiene Generalunternehmer W. Averbeck GmbH Architekt Planungsgemeinschaft Zauberscho(e)n aus M\u00fcnster und B\u00fchler &amp; B\u00fchler [...]","protected":false},"featured_media":8867,"menu_order":0,"comment_status":"closed","ping_status":"closed","template":"","class_list":["post-2505","portfolio","type-portfolio","status-publish","has-post-thumbnail","hentry","types-bildung-und-lehre","types-design-und-schmuckvorhaenge","types-schallvorhang-office"],"aioseo_notices":[],"_links":{"self":[{"href":"https:\/\/www.gerriets-acoustics.com\/pl\/wp-json\/wp\/v2\/portfolio\/2505","targetHints":{"allow":["GET"]}}],"collection":[{"href":"https:\/\/www.gerriets-acoustics.com\/pl\/wp-json\/wp\/v2\/portfolio"}],"about":[{"href":"https:\/\/www.gerriets-acoustics.com\/pl\/wp-json\/wp\/v2\/types\/portfolio"}],"replies":[{"embeddable":true,"href":"https:\/\/www.gerriets-acoustics.com\/pl\/wp-json\/wp\/v2\/comments?post=2505"}],"wp:featuredmedia":[{"embeddable":true,"href":"https:\/\/www.gerriets-acoustics.com\/pl\/wp-json\/wp\/v2\/media\/8867"}],"wp:attachment":[{"href":"https:\/\/www.gerriets-acoustics.com\/pl\/wp-json\/wp\/v2\/media?parent=2505"}],"curies":[{"name":"wp","href":"https:\/\/api.w.org\/{rel}","templated":true}]}}