{"id":2580,"date":"2017-10-11T11:14:03","date_gmt":"2017-10-11T09:14:03","guid":{"rendered":"http:\/\/gerriets.webproofed.de\/?post_type=portfolio&#038;p=2580"},"modified":"2022-06-08T12:08:11","modified_gmt":"2022-06-08T10:08:11","slug":"holzmarkt-1","status":"publish","type":"portfolio","link":"https:\/\/www.gerriets-acoustics.com\/pl\/portfolio\/holzmarkt-1\/","title":{"rendered":"Rynek drewna 1<br> Kolonia \/ Niemcy"},"content":{"rendered":"<section class=\"wpb-content-wrapper\"><section class=\"vc_section agni-section\"><div id=\"agni-row-29351\" class=\"section-row\" ><div class=\"section-row-bg-container section-row-bg-container-agni-row-29351\"><div class=\"section-row-bg section-row-bg-color\"  ><\/div><\/div><div class=\"container\"><div class=\"vc_row vc_row_fluid\"><div id=\"agni-column-81547\" class=\"wpb_column agni_column_container agni_column vc_column_container vc_col-sm-12\"><div class=\"agni_column-inner vc_column-inner text-left\"  ><div class=\"section-column-bg-container section-column-bg-container-agni-column-81547\" ><div class=\"section-column-bg section-column-bg-color\"  ><\/div><\/div><div class=\"wpb_wrapper\">\t\t<section class=\"tm-slider slider  default-tdt\" id=\"tdt-slider-39\" data-mobiles=\"1\" data-tabs=\"1\" data-slick='{\"arrows\": true, \"autoplaySpeed\": 8000, \"speed\": 500, \"dots\": false, \"autoplay\": true, \"slidesToShow\": 1, \"slidesToScroll\": 1, \"fade\": false}'>\r\n\t\t    \t\t<div class=\"carousel-caption\" style=\"background: none\">\r\n\t\t  <div>\r\n\t\t  \t\t\t\t\t\t\t\t<a>\r\n\t\t\t\t\t\t\t\t\t  \t<img decoding=\"async\" src=\"https:\/\/www.gerriets-acoustics.com\/wp-content\/uploads\/2017\/10\/gw-2016-koeln-holzmarkt1-1.jpg\" alt=\"\" class=\"ultimate-slide-img\" style=\"max-width: 100%;width: 1000px;height:;border-radius: 0;margin-bottom: 15px\">\r\n\t\t\t\t\r\n\t\t\t\t<\/a>\r\n\t\t  \t<span class=\"content-section\" style=\"text-align: center;top: 0%\">\r\n\t\t\t  \t<h2 class=\"tdt-slider-heading\" style=\"font-size: 22px;color:;font-weight: normal;line-height: 1\">\r\n\t\t\t  \t\t\t\t\t  \t<\/h2>\r\n\t\t\t  \t\t\t\t  \t\r\n\t\t\t  \t<br>\r\n\r\n\t\t\t  \t\t\t\t  \t<p>&nbsp;<\/p>\r\n\t\t  \t<\/span>\r\n\t\t  <\/div>\r\n\t\t<\/div>\r\n\t\t\t\t<div class=\"carousel-caption\" style=\"background: none\">\r\n\t\t  <div>\r\n\t\t  \t\t\t\t\t\t\t\t<a>\r\n\t\t\t\t\t\t\t\t\t  \t<img decoding=\"async\" src=\"https:\/\/www.gerriets-acoustics.com\/wp-content\/uploads\/2017\/10\/gw-2016-koeln-holzmarkt1-2.jpg\" alt=\"\" class=\"ultimate-slide-img\" style=\"max-width: 100%;width: 1000px;height:;border-radius: 0;margin-bottom: 15px\">\r\n\t\t\t\t\r\n\t\t\t\t<\/a>\r\n\t\t  \t<span class=\"content-section\" style=\"text-align: center;top: 0%\">\r\n\t\t\t  \t<h2 class=\"tdt-slider-heading\" style=\"font-size: 22px;color:;font-weight: normal;line-height: 1\">\r\n\t\t\t  \t\t\t\t\t  \t<\/h2>\r\n\t\t\t  \t\t\t\t  \t\r\n\t\t\t  \t<br>\r\n\r\n\t\t\t  \t\t\t\t  \t<p>&nbsp;<\/p>\r\n\t\t  \t<\/span>\r\n\t\t  <\/div>\r\n\t\t<\/div>\r\n\t\t\t\t<div class=\"carousel-caption\" style=\"background: none\">\r\n\t\t  <div>\r\n\t\t  \t\t\t\t\t\t\t\t<a>\r\n\t\t\t\t\t\t\t\t\t  \t<img decoding=\"async\" src=\"https:\/\/www.gerriets-acoustics.com\/wp-content\/uploads\/2017\/10\/gw-2016-koeln-holzmarkt1-3.jpg\" alt=\"\" class=\"ultimate-slide-img\" style=\"max-width: 100%;width: 1000px;height:;border-radius: 0;margin-bottom: 15px\">\r\n\t\t\t\t\r\n\t\t\t\t<\/a>\r\n\t\t  \t<span class=\"content-section\" style=\"text-align: center;top: 0%\">\r\n\t\t\t  \t<h2 class=\"tdt-slider-heading\" style=\"font-size: 22px;color:;font-weight: normal;line-height: 1\">\r\n\t\t\t  \t\t\t\t\t  \t<\/h2>\r\n\t\t\t  \t\t\t\t  \t\r\n\t\t\t  \t<br>\r\n\r\n\t\t\t  \t\t\t\t  \t<p>&nbsp;<\/p>\r\n\t\t  \t<\/span>\r\n\t\t  <\/div>\r\n\t\t<\/div>\r\n\t\t\t\t<\/section>\r\n\r\n\t\t<style>\r\n\t\t\t#tdt-slider-39 .slick-slide {\r\n\t\t\t\tpadding: 0 0px !important;\r\n\t\t\t}\r\n\t\t\t\t\t\t\t\t\t\t#tdt-slider-39 .slick-next:before, #tdt-slider-39 .slick-prev:before {\r\n\t\t\t\t\tcolor: #000000 !important;\r\n\t\t\t\t\tbackground:  !important;\r\n\t\t\t\t\tfont-size: 20px !important;\r\n\t\t\t\t}\r\n\t\t\t\t\t\t\t\t<\/style>\r\n\t\t<\/div><\/div><\/div><\/div><\/div><\/div><div id=\"agni-row-19891\" class=\"section-row\" ><div class=\"section-row-bg-container section-row-bg-container-agni-row-19891\"><div class=\"section-row-bg section-row-bg-color\"  ><\/div><\/div><div class=\"container\"><div class=\"vc_row vc_row_fluid\"><div id=\"agni-column-30516\" class=\"wpb_column agni_column_container agni_column vc_column_container vc_col-sm-10\"><div class=\"agni_column-inner vc_column-inner text-left\"  ><div class=\"section-column-bg-container section-column-bg-container-agni-column-30516\" ><div class=\"section-column-bg section-column-bg-color\"  ><\/div><\/div><div class=\"wpb_wrapper\">\n\t<div id=\"\" class=\"agni_text_column agni-text-block\"  >\n\t\t<p style=\"padding-left: 30px;\"><strong>Dane projektowe<\/strong><\/p>\n<ul>\n<li>Zas\u0142ony do foyer nowego budynku biurowego, kt\u00f3re s\u0142u\u017c\u0105 jako element wystroju, a jednocze\u015bnie tworz\u0105 akustycznie zoptymalizowan\u0105 i nowoczesn\u0105 atmosfer\u0119<\/li>\n<li>Wykonanie i monta\u017c dw\u00f3ch system\u00f3w zas\u0142onowych z ABSORBER LIGHT, w kolorze antracytowym.<\/li>\n<li>Zawieszenie na dw\u00f3ch zmotoryzowanych systemach szynowych ELEGANCE<\/li>\n<\/ul>\n<p style=\"padding-left: 30px;\"><strong>Klient ko\u0144cowy<\/strong><br \/>\nMathes GmbH<\/p>\n<p style=\"padding-left: 30px;\"><strong>Lokalizacja<br \/>\n<\/strong>Kolonia \/ Niemcy<\/p>\n\n\t<\/div>\n<div class=\"agni_empty_space vc_empty_space\"  style=\"height: 30px\" data-height = \"30px\" data-height-tab = \"30px\" data-height-mobile = \"30px\"><span class=\"vc_empty_space_inner\"><\/span><\/div>\n<\/div><\/div><\/div><div id=\"agni-column-16725\" class=\"wpb_column agni_column_container agni_column vc_column_container vc_col-sm-2\"><div class=\"agni_column-inner vc_column-inner text-left\"  ><div class=\"section-column-bg-container section-column-bg-container-agni-column-16725\" ><div class=\"section-column-bg section-column-bg-color\"  ><\/div><\/div><div class=\"wpb_wrapper\"><\/div><\/div><\/div><\/div><\/div><\/div><\/section>\n<\/section>","protected":false},"excerpt":{"rendered":"&nbsp; &nbsp; &nbsp; Szczeg\u00f3\u0142y projektu: Zas\u0142ony do foyer nowego budynku biurowego, stanowi\u0105ce element wystroju, a jednocze\u015bnie tworz\u0105ce zoptymalizowan\u0105 akustycznie i nowoczesn\u0105 atmosfer\u0119. Wykonanie i monta\u017c dw\u00f3ch system\u00f3w zas\u0142on z ABSORBER LIGHT w kolorze antracytowym. Zawieszenie na dw\u00f3ch zautomatyzowanych szynach ELEGANCE. Klient ko\u0144cowy: Mathes GmbH. Lokalizacja: Kolonia, Niemcy","protected":false},"featured_media":8788,"menu_order":0,"comment_status":"closed","ping_status":"closed","template":"","class_list":["post-2580","portfolio","type-portfolio","status-publish","has-post-thumbnail","hentry","types-buerowelten","types-lichtdurchlaessige-stoffe","types-oeffentlicher-aum","types-schienensystem-elegance"],"aioseo_notices":[],"_links":{"self":[{"href":"https:\/\/www.gerriets-acoustics.com\/pl\/wp-json\/wp\/v2\/portfolio\/2580","targetHints":{"allow":["GET"]}}],"collection":[{"href":"https:\/\/www.gerriets-acoustics.com\/pl\/wp-json\/wp\/v2\/portfolio"}],"about":[{"href":"https:\/\/www.gerriets-acoustics.com\/pl\/wp-json\/wp\/v2\/types\/portfolio"}],"replies":[{"embeddable":true,"href":"https:\/\/www.gerriets-acoustics.com\/pl\/wp-json\/wp\/v2\/comments?post=2580"}],"wp:featuredmedia":[{"embeddable":true,"href":"https:\/\/www.gerriets-acoustics.com\/pl\/wp-json\/wp\/v2\/media\/8788"}],"wp:attachment":[{"href":"https:\/\/www.gerriets-acoustics.com\/pl\/wp-json\/wp\/v2\/media?parent=2580"}],"curies":[{"name":"wp","href":"https:\/\/api.w.org\/{rel}","templated":true}]}}