{"id":9552,"date":"2022-11-25T12:05:27","date_gmt":"2022-11-25T11:05:27","guid":{"rendered":"https:\/\/www.gerriets-acoustics.com\/?post_type=portfolio&#038;p=9552"},"modified":"2022-11-25T12:31:42","modified_gmt":"2022-11-25T11:31:42","slug":"studio-hans-stuttgart-schallvorhang-office","status":"publish","type":"portfolio","link":"https:\/\/www.gerriets-acoustics.com\/pl\/portfolio\/studio-hans-stuttgart-soundcurtain-office\/","title":{"rendered":"Studio HANS<br> Stuttgart \/ Niemcy"},"content":{"rendered":"<section class=\"wpb-content-wrapper\"><section class=\"vc_section agni-section\"><div id=\"agni-row-73761\" class=\"section-row\" ><div class=\"section-row-bg-container section-row-bg-container-agni-row-73761\"><div class=\"section-row-bg section-row-bg-color\"  ><\/div><\/div><div class=\"container\"><div class=\"vc_row vc_row_fluid\"><div id=\"agni-column-86901\" class=\"wpb_column agni_column_container agni_column vc_column_container vc_col-sm-12\"><div class=\"agni_column-inner vc_column-inner text-left\"  ><div class=\"section-column-bg-container section-column-bg-container-agni-column-86901\" ><div class=\"section-column-bg section-column-bg-color\"  ><\/div><\/div><div class=\"wpb_wrapper\">\t\t<section class=\"tm-slider slider  default-tdt\" id=\"tdt-slider-423\" data-mobiles=\"1\" data-tabs=\"1\" data-slick='{\"arrows\": true, \"autoplaySpeed\": 8000, \"speed\": 500, \"dots\": false, \"autoplay\": true, \"slidesToShow\": 1, \"slidesToScroll\": 1, \"fade\": false}'>\r\n\t\t    \t\t<div class=\"carousel-caption\" style=\"background: none\">\r\n\t\t  <div>\r\n\t\t  \t\t\t\t\t\t\t\t<a>\r\n\t\t\t\t\t\t\t\t\t  \t<img decoding=\"async\" src=\"https:\/\/www.gerriets-acoustics.com\/wp-content\/uploads\/2022\/11\/2022-Stuttgart-Studio-Hans-SVO-1.jpg\" alt=\"\" class=\"ultimate-slide-img\" style=\"max-width: 100%;width: 1000px;height:;border-radius: 0;margin-bottom: 15px\">\r\n\t\t\t\t\r\n\t\t\t\t<\/a>\r\n\t\t  \t<span class=\"content-section\" style=\"text-align: center;top: 0%\">\r\n\t\t\t  \t<h2 class=\"tdt-slider-heading\" style=\"font-size: 22px;color:;font-weight: normal;line-height: 1\">\r\n\t\t\t  \t\t\t\t\t  \t<\/h2>\r\n\t\t\t  \t\t\t\t  \t\r\n\t\t\t  \t<br>\r\n\r\n\t\t\t  \t\t\t\t  \t<p>&nbsp;<\/p>\r\n\t\t  \t<\/span>\r\n\t\t  <\/div>\r\n\t\t<\/div>\r\n\t\t\t\t<div class=\"carousel-caption\" style=\"background: none\">\r\n\t\t  <div>\r\n\t\t  \t\t\t\t\t\t\t\t<a>\r\n\t\t\t\t\t\t\t\t\t  \t<img decoding=\"async\" src=\"https:\/\/www.gerriets-acoustics.com\/wp-content\/uploads\/2022\/11\/2022-Stuttgart-Studio-Hans-SVO-3.jpg\" alt=\"\" class=\"ultimate-slide-img\" style=\"max-width: 100%;width: 1000px;height:;border-radius: 0;margin-bottom: 15px\">\r\n\t\t\t\t\r\n\t\t\t\t<\/a>\r\n\t\t  \t<span class=\"content-section\" style=\"text-align: center;top: 0%\">\r\n\t\t\t  \t<h2 class=\"tdt-slider-heading\" style=\"font-size: 22px;color:;font-weight: normal;line-height: 1\">\r\n\t\t\t  \t\t\t\t\t  \t<\/h2>\r\n\t\t\t  \t\t\t\t  \t\r\n\t\t\t  \t<br>\r\n\r\n\t\t\t  \t\t\t\t  \t<p>&nbsp;<\/p>\r\n\t\t  \t<\/span>\r\n\t\t  <\/div>\r\n\t\t<\/div>\r\n\t\t\t\t<div class=\"carousel-caption\" style=\"background: none\">\r\n\t\t  <div>\r\n\t\t  \t\t\t\t\t\t\t\t<a>\r\n\t\t\t\t\t\t\t\t\t  \t<img decoding=\"async\" src=\"https:\/\/www.gerriets-acoustics.com\/wp-content\/uploads\/2022\/11\/2022-Stuttgart-Studio-Hans-SVO-5.jpg\" alt=\"\" class=\"ultimate-slide-img\" style=\"max-width: 100%;width: 1000px;height:;border-radius: 0;margin-bottom: 15px\">\r\n\t\t\t\t\r\n\t\t\t\t<\/a>\r\n\t\t  \t<span class=\"content-section\" style=\"text-align: center;top: 0%\">\r\n\t\t\t  \t<h2 class=\"tdt-slider-heading\" style=\"font-size: 22px;color:;font-weight: normal;line-height: 1\">\r\n\t\t\t  \t\t\t\t\t  \t<\/h2>\r\n\t\t\t  \t\t\t\t  \t\r\n\t\t\t  \t<br>\r\n\r\n\t\t\t  \t\t\t\t  \t<p>&nbsp;<\/p>\r\n\t\t  \t<\/span>\r\n\t\t  <\/div>\r\n\t\t<\/div>\r\n\t\t\t\t<div class=\"carousel-caption\" style=\"background: none\">\r\n\t\t  <div>\r\n\t\t  \t\t\t\t\t\t\t\t<a>\r\n\t\t\t\t\t\t\t\t\t  \t<img decoding=\"async\" src=\"https:\/\/www.gerriets-acoustics.com\/wp-content\/uploads\/2022\/11\/2022-Stuttgart-Studio-Hans-SVO-6.jpg\" alt=\"\" class=\"ultimate-slide-img\" style=\"max-width: 100%;width: 1000px;height:;border-radius: 0;margin-bottom: 15px\">\r\n\t\t\t\t\r\n\t\t\t\t<\/a>\r\n\t\t  \t<span class=\"content-section\" style=\"text-align: center;top: 0%\">\r\n\t\t\t  \t<h2 class=\"tdt-slider-heading\" style=\"font-size: 22px;color:;font-weight: normal;line-height: 1\">\r\n\t\t\t  \t\t\t\t\t  \t<\/h2>\r\n\t\t\t  \t\t\t\t  \t\r\n\t\t\t  \t<br>\r\n\r\n\t\t\t  \t\t\t\t  \t<p>&nbsp;<\/p>\r\n\t\t  \t<\/span>\r\n\t\t  <\/div>\r\n\t\t<\/div>\r\n\t\t\t\t<\/section>\r\n\r\n\t\t<style>\r\n\t\t\t#tdt-slider-423 .slick-slide {\r\n\t\t\t\tpadding: 0 0px !important;\r\n\t\t\t}\r\n\t\t\t\t\t\t\t\t\t\t#tdt-slider-423 .slick-next:before, #tdt-slider-423 .slick-prev:before {\r\n\t\t\t\t\tcolor: #000000 !important;\r\n\t\t\t\t\tbackground:  !important;\r\n\t\t\t\t\tfont-size: 20px !important;\r\n\t\t\t\t}\r\n\t\t\t\t\t\t\t\t<\/style>\r\n\t\t<\/div><\/div><\/div><\/div><\/div><\/div><div id=\"agni-row-15028\" class=\"section-row\" ><div class=\"section-row-bg-container section-row-bg-container-agni-row-15028\"><div class=\"section-row-bg section-row-bg-color\"  ><\/div><\/div><div class=\"container\"><div class=\"vc_row vc_row_fluid\"><div id=\"agni-column-94907\" class=\"wpb_column agni_column_container agni_column vc_column_container vc_col-sm-10\"><div class=\"agni_column-inner vc_column-inner text-left\"  ><div class=\"section-column-bg-container section-column-bg-container-agni-column-94907\" ><div class=\"section-column-bg section-column-bg-color\"  ><\/div><\/div><div class=\"wpb_wrapper\">\n\t<div id=\"\" class=\"agni_text_column agni-text-block\"  >\n\t\t<p>Kreatywny kolektyw ze Stuttgartu projektuje nowe i zr\u00f3wnowa\u017cone przestrzenie do pracy, w kt\u00f3rych praca jest przyjemno\u015bci\u0105. Zesp\u00f3\u0142 wsp\u00f3\u0142pracuje z architektami i projektantami wn\u0119trz w zakresie koncepcji pomieszcze\u0144, doradztwa meblowego, rozwi\u0105za\u0144 akustycznych, koncepcji materia\u0142owych i kolorystycznych itp.<\/p>\n<p>&nbsp;<\/p>\n<p><strong>Dane projektowe<\/strong><\/p>\n<ul>\n<li>Kurtyna akustyczna OFFICE 5- i 7-warstwowa, warstwy zewn\u0119trzne wykonane z niestandardowego materia\u0142u tekstylnego<\/li>\n<li>Kurtyna akustyczna OFFICE ELEGANCE 2 i 3-warstwowa, warstwy zewn\u0119trzne wykonane z niestandardowego materia\u0142u tekstylnego<\/li>\n<\/ul>\n<div>\n<p><strong>Klient<br \/>\n<\/strong><\/p>\n<p>Studio HANS. storeS GmbH<\/p>\n<p><strong>Lokalizacja<br \/>\n<\/strong>Stuttgart \/ Niemcy<\/p>\n<\/div>\n\n\t<\/div>\n<div class=\"agni_empty_space vc_empty_space\"  style=\"height: 30px\" data-height = \"30px\" data-height-tab = \"30px\" data-height-mobile = \"30px\"><span class=\"vc_empty_space_inner\"><\/span><\/div>\n<\/div><\/div><\/div><div id=\"agni-column-75381\" class=\"wpb_column agni_column_container agni_column vc_column_container vc_col-sm-2\"><div class=\"agni_column-inner vc_column-inner text-left\"  ><div class=\"section-column-bg-container section-column-bg-container-agni-column-75381\" ><div class=\"section-column-bg section-column-bg-color\"  ><\/div><\/div><div class=\"wpb_wrapper\"><\/div><\/div><\/div><\/div><\/div><\/div><\/section>\n<\/section>","protected":false},"excerpt":{"rendered":"&nbsp; &nbsp; &nbsp; &nbsp; Das kreative Raumkollektiv in Stuttgart gestaltet neue und zukunftsf\u00e4hige Arbeitsr\u00e4ume, in denen Arbeiten Spa\u00df macht. Das Team \u00fcbernimmt die Zusammenarbeit mit Architekten und Innarchitekten f\u00fcr Raumkonzepte, M\u00f6belberatung, Akustikl\u00f6sungen, Material- und Farbkonzepte, u.a. &nbsp; Projektdaten Schallvorhang OFFICE 5- und 7-lagig,\u00a0Au\u00dfenlagen aus einem kundenspezifischen Textil Schallvorhang OFFICE ELEGANCE\u00a0 2- und 3-lagig,\u00a0Au\u00dfenlagen aus einem [...]","protected":false},"featured_media":9553,"menu_order":0,"comment_status":"closed","ping_status":"closed","template":"","class_list":["post-9552","portfolio","type-portfolio","status-publish","has-post-thumbnail","hentry","types-buerowelten","types-schallvorhang-office","types-schallvorhang-office-elegance","types-schienensystem-elegance","types-schienensystem-trumpf-95"],"aioseo_notices":[],"_links":{"self":[{"href":"https:\/\/www.gerriets-acoustics.com\/pl\/wp-json\/wp\/v2\/portfolio\/9552","targetHints":{"allow":["GET"]}}],"collection":[{"href":"https:\/\/www.gerriets-acoustics.com\/pl\/wp-json\/wp\/v2\/portfolio"}],"about":[{"href":"https:\/\/www.gerriets-acoustics.com\/pl\/wp-json\/wp\/v2\/types\/portfolio"}],"replies":[{"embeddable":true,"href":"https:\/\/www.gerriets-acoustics.com\/pl\/wp-json\/wp\/v2\/comments?post=9552"}],"wp:featuredmedia":[{"embeddable":true,"href":"https:\/\/www.gerriets-acoustics.com\/pl\/wp-json\/wp\/v2\/media\/9553"}],"wp:attachment":[{"href":"https:\/\/www.gerriets-acoustics.com\/pl\/wp-json\/wp\/v2\/media?parent=9552"}],"curies":[{"name":"wp","href":"https:\/\/api.w.org\/{rel}","templated":true}]}}